{"id":3236,"date":"2024-10-07T16:36:24","date_gmt":"2024-10-07T14:36:24","guid":{"rendered":"http:\/\/downgalicia.org.136-144-253-96.136-144-253-96.visualpublinet.com\/barreiras-e-accesibilidade-do-material-adaptacion-vs-accesibilidade\/"},"modified":"2025-05-05T15:03:58","modified_gmt":"2025-05-05T13:03:58","slug":"barreras-y-accesibilidad-del-material-adaptacion-vs-accesibilidad","status":"publish","type":"page","link":"https:\/\/downgalicia.org\/es\/punto-virtual-educacion\/creacion-de-materiales-accesibles\/barreras-y-accesibilidad-del-material-adaptacion-vs-accesibilidad\/","title":{"rendered":"Barreras y accesibilidad del material: adaptaci\u00f3n vs accesibilidad"},"content":{"rendered":"\t\t<div data-elementor-type=\"wp-page\" data-elementor-id=\"3236\" class=\"elementor elementor-3236 elementor-1799\" data-elementor-post-type=\"page\">\n\t\t\t\t<div class=\"elementor-element elementor-element-e32ccc1 e-con-full e-flex e-con e-parent\" data-id=\"e32ccc1\" data-element_type=\"container\">\n\t\t\t\t<div class=\"elementor-element elementor-element-4874d84 elementor-widget elementor-widget-text-editor\" data-id=\"4874d84\" data-element_type=\"widget\" data-widget_type=\"text-editor.default\">\n\t\t\t\t<div class=\"elementor-widget-container\">\n\t\t\t\t\t\t\t\t\t<p>Frases como \u201cNecesito materiales adaptados para este ni\u00f1o\u201d, \u201cHay que adaptarle el tema\u201d, \u201cP\u00eddele a la PT que le haga actividades adaptadas\u201d son recurrentes en los centros educativos.<\/p><p>Aunque no es una definici\u00f3n consensuada ni acad\u00e9mica, en la pr\u00e1ctica docente se considera adaptaci\u00f3n de material cuando se hace referencia a la <b>creaci\u00f3n de recursos did\u00e1cticos espec\u00edficos adaptados a las caracter\u00edsticas individuales de un ni\u00f1o o ni\u00f1a concretos.<\/b> As\u00ed, se consideran materiales adaptados aquellos recursos con pictogramas o subt\u00edtulos, elementos manipulativos, apoyos visuales, o bien aquellos recursos que no coinciden con el \u201cnivel acad\u00e9mico\u201d en el que el ni\u00f1o o ni\u00f1a est\u00e1 escolarizado. Estos materiales, en demasiadas ocasiones, no est\u00e1n relacionados con los contenidos, recursos o incluso din\u00e1micas del resto de compa\u00f1eros y compa\u00f1eras presentes en el aula. De este modo, no es extra\u00f1o encontrar alumnado de quinto o sexto de primaria realizando tareas de infantil en el aula ordinaria, totalmente ajeno al desarrollo de la clase.<\/p><p>Si nos atenemos a la definici\u00f3n de inclusi\u00f3n educativa que parte de las premisas de <b>presencia, participaci\u00f3n y progreso<\/b>, se trata de una realidad que vulnera por completo el derecho de participaci\u00f3n de los ni\u00f1os y ni\u00f1as en la din\u00e1mica del aula. De esta manera, los materiales did\u00e1cticos se convierten en barreras tanto f\u00edsicas (con el predominio absoluto de la lectoescritura impresa) como sociales (impiden la participaci\u00f3n), cognitivas (pensados para una \u00fanica forma \u201cmedia\u201d de percibir y comprender la realidad) y comunicativas (una vez m\u00e1s el sistema de lectoescritura impresa).<\/p><p>Es fundamental cambiar la perspectiva individualista, etiquetadora y segregadora que aportan los materiales espec\u00edficos <b>adaptados<\/b>, hacia una visi\u00f3n inclusiva, creando y empleando materiales <b>accesibles<\/b> y disponibles para todo el alumnado, de modo que ninguna persona sea excluida.<\/p><p>As\u00ed, los materiales con apoyos visuales van a facilitar la atenci\u00f3n y comprensi\u00f3n de todas y todos. Lo mismo ocurrir\u00e1 con la utilizaci\u00f3n de material audiovisual subtitulado o con la secuenciaci\u00f3n de pasos en las actividades formuladas. <b>Todo el alumnado se ver\u00e1 favorecido por la presencia de opciones alternativas<\/b> que permitan la toma de decisiones y la personalizaci\u00f3n de la experiencia de aprendizaje. En este sentido, el <a href=\"\/es\/punto-virtual-educacion\/creacion-de-materiales-accesibles\/diseno-universal-para-el-aprendizaje\/\">Dise\u00f1o Universal para el Aprendizaje<\/a>, a trav\u00e9s de sus puntos de verificaci\u00f3n, ofrece un marco \u00fanico para la programaci\u00f3n y elaboraci\u00f3n de unidades y materiales did\u00e1cticos accesibles para todo el alumnado.<\/p>\t\t\t\t\t\t\t\t<\/div>\n\t\t\t\t<\/div>\n\t\t\t\t<\/div>\n\t\t<div class=\"elementor-element elementor-element-6a0a222 e-con-full e-flex e-con e-parent\" data-id=\"6a0a222\" data-element_type=\"container\">\n\t\t\t\t<div class=\"elementor-element elementor-element-b839220 elementor-widget elementor-widget-heading\" data-id=\"b839220\" data-element_type=\"widget\" data-widget_type=\"heading.default\">\n\t\t\t\t<div class=\"elementor-widget-container\">\n\t\t\t\t\t<p class=\"elementor-heading-title elementor-size-default\"><strong>M\u00e1s informaci\u00f3n<\/strong><\/p>\t\t\t\t<\/div>\n\t\t\t\t<\/div>\n\t\t\t\t<div class=\"elementor-element elementor-element-a36f3ba elementor-icon-list--layout-traditional elementor-list-item-link-full_width elementor-widget elementor-widget-icon-list\" data-id=\"a36f3ba\" data-element_type=\"widget\" data-widget_type=\"icon-list.default\">\n\t\t\t\t<div class=\"elementor-widget-container\">\n\t\t\t\t\t\t\t<ul class=\"elementor-icon-list-items\">\n\t\t\t\t\t\t\t<li class=\"elementor-icon-list-item\">\n\t\t\t\t\t\t\t\t\t\t\t<a href=\"https:\/\/cedec.intef.es\/12-recomendaciones-para-elaborar-materiales-accesibles-e-inclusivos\/\" target=\"_blank\">\n\n\t\t\t\t\t\t\t\t\t\t\t\t<span class=\"elementor-icon-list-icon\">\n\t\t\t\t\t\t\t<svg aria-hidden=\"true\" class=\"e-font-icon-svg e-fas-cloud-download-alt\" viewBox=\"0 0 640 512\" xmlns=\"http:\/\/www.w3.org\/2000\/svg\"><path d=\"M537.6 226.6c4.1-10.7 6.4-22.4 6.4-34.6 0-53-43-96-96-96-19.7 0-38.1 6-53.3 16.2C367 64.2 315.3 32 256 32c-88.4 0-160 71.6-160 160 0 2.7.1 5.4.2 8.1C40.2 219.8 0 273.2 0 336c0 79.5 64.5 144 144 144h368c70.7 0 128-57.3 128-128 0-61.9-44-113.6-102.4-125.4zm-132.9 88.7L299.3 420.7c-6.2 6.2-16.4 6.2-22.6 0L171.3 315.3c-10.1-10.1-2.9-27.3 11.3-27.3H248V176c0-8.8 7.2-16 16-16h48c8.8 0 16 7.2 16 16v112h65.4c14.2 0 21.4 17.2 11.3 27.3z\"><\/path><\/svg>\t\t\t\t\t\t<\/span>\n\t\t\t\t\t\t\t\t\t\t<span class=\"elementor-icon-list-text\">12 recomendaciones para elaborar materiales accesibles e inclusivos<\/span>\n\t\t\t\t\t\t\t\t\t\t\t<\/a>\n\t\t\t\t\t\t\t\t\t<\/li>\n\t\t\t\t\t\t\t\t<li class=\"elementor-icon-list-item\">\n\t\t\t\t\t\t\t\t\t\t\t<a href=\"https:\/\/cedec.intef.es\/recursos-accesibles-para-todos-recomedaciones-de-lectura-facil\/\" target=\"_blank\">\n\n\t\t\t\t\t\t\t\t\t\t\t\t<span class=\"elementor-icon-list-icon\">\n\t\t\t\t\t\t\t<svg aria-hidden=\"true\" class=\"e-font-icon-svg e-fas-cloud-download-alt\" viewBox=\"0 0 640 512\" xmlns=\"http:\/\/www.w3.org\/2000\/svg\"><path d=\"M537.6 226.6c4.1-10.7 6.4-22.4 6.4-34.6 0-53-43-96-96-96-19.7 0-38.1 6-53.3 16.2C367 64.2 315.3 32 256 32c-88.4 0-160 71.6-160 160 0 2.7.1 5.4.2 8.1C40.2 219.8 0 273.2 0 336c0 79.5 64.5 144 144 144h368c70.7 0 128-57.3 128-128 0-61.9-44-113.6-102.4-125.4zm-132.9 88.7L299.3 420.7c-6.2 6.2-16.4 6.2-22.6 0L171.3 315.3c-10.1-10.1-2.9-27.3 11.3-27.3H248V176c0-8.8 7.2-16 16-16h48c8.8 0 16 7.2 16 16v112h65.4c14.2 0 21.4 17.2 11.3 27.3z\"><\/path><\/svg>\t\t\t\t\t\t<\/span>\n\t\t\t\t\t\t\t\t\t\t<span class=\"elementor-icon-list-text\">Recursos accesibles para todos: recomendaciones de lectura f\u00e1cil.<\/span>\n\t\t\t\t\t\t\t\t\t\t\t<\/a>\n\t\t\t\t\t\t\t\t\t<\/li>\n\t\t\t\t\t\t\t\t<li class=\"elementor-icon-list-item\">\n\t\t\t\t\t\t\t\t\t\t\t<a href=\"https:\/\/enmarchaconlastic.educarex.es\/224-emtic\/atencion-a-la-diversidad\/3235-checklist-dua\" target=\"_blank\">\n\n\t\t\t\t\t\t\t\t\t\t\t\t<span class=\"elementor-icon-list-icon\">\n\t\t\t\t\t\t\t<svg aria-hidden=\"true\" class=\"e-font-icon-svg e-fas-cloud-download-alt\" viewBox=\"0 0 640 512\" xmlns=\"http:\/\/www.w3.org\/2000\/svg\"><path d=\"M537.6 226.6c4.1-10.7 6.4-22.4 6.4-34.6 0-53-43-96-96-96-19.7 0-38.1 6-53.3 16.2C367 64.2 315.3 32 256 32c-88.4 0-160 71.6-160 160 0 2.7.1 5.4.2 8.1C40.2 219.8 0 273.2 0 336c0 79.5 64.5 144 144 144h368c70.7 0 128-57.3 128-128 0-61.9-44-113.6-102.4-125.4zm-132.9 88.7L299.3 420.7c-6.2 6.2-16.4 6.2-22.6 0L171.3 315.3c-10.1-10.1-2.9-27.3 11.3-27.3H248V176c0-8.8 7.2-16 16-16h48c8.8 0 16 7.2 16 16v112h65.4c14.2 0 21.4 17.2 11.3 27.3z\"><\/path><\/svg>\t\t\t\t\t\t<\/span>\n\t\t\t\t\t\t\t\t\t\t<span class=\"elementor-icon-list-text\"> Checklist DUA: dualiza tus recursos educativos digitales <\/span>\n\t\t\t\t\t\t\t\t\t\t\t<\/a>\n\t\t\t\t\t\t\t\t\t<\/li>\n\t\t\t\t\t\t\t\t<li class=\"elementor-icon-list-item\">\n\t\t\t\t\t\t\t\t\t\t\t<a href=\"https:\/\/emtic.educarex.es\/224-emtic\/atencion-a-la-diversidad\/3079-crea-con-diseno-universal-para-el-aprendizaje\" target=\"_blank\">\n\n\t\t\t\t\t\t\t\t\t\t\t\t<span class=\"elementor-icon-list-icon\">\n\t\t\t\t\t\t\t<svg aria-hidden=\"true\" class=\"e-font-icon-svg e-fas-cloud-download-alt\" viewBox=\"0 0 640 512\" xmlns=\"http:\/\/www.w3.org\/2000\/svg\"><path d=\"M537.6 226.6c4.1-10.7 6.4-22.4 6.4-34.6 0-53-43-96-96-96-19.7 0-38.1 6-53.3 16.2C367 64.2 315.3 32 256 32c-88.4 0-160 71.6-160 160 0 2.7.1 5.4.2 8.1C40.2 219.8 0 273.2 0 336c0 79.5 64.5 144 144 144h368c70.7 0 128-57.3 128-128 0-61.9-44-113.6-102.4-125.4zm-132.9 88.7L299.3 420.7c-6.2 6.2-16.4 6.2-22.6 0L171.3 315.3c-10.1-10.1-2.9-27.3 11.3-27.3H248V176c0-8.8 7.2-16 16-16h48c8.8 0 16 7.2 16 16v112h65.4c14.2 0 21.4 17.2 11.3 27.3z\"><\/path><\/svg>\t\t\t\t\t\t<\/span>\n\t\t\t\t\t\t\t\t\t\t<span class=\"elementor-icon-list-text\"> CREA con Dise\u00f1o Universal para el Aprendizaje <\/span>\n\t\t\t\t\t\t\t\t\t\t\t<\/a>\n\t\t\t\t\t\t\t\t\t<\/li>\n\t\t\t\t\t\t<\/ul>\n\t\t\t\t\t\t<\/div>\n\t\t\t\t<\/div>\n\t\t\t\t<\/div>\n\t\t\t\t<\/div>\n\t\t","protected":false},"excerpt":{"rendered":"<p>Frases como \u201cNecesito materiales adaptados para este ni\u00f1o\u201d, \u201cHay que adaptarle el tema\u201d, \u201cP\u00eddele a la PT que le haga actividades adaptadas\u201d son recurrentes en los centros educativos. Aunque no [&hellip;]<\/p>\n","protected":false},"author":1,"featured_media":0,"parent":3241,"menu_order":0,"comment_status":"closed","ping_status":"closed","template":"elementor_theme","meta":{"_acf_changed":false,"give_campaign_id":0,"footnotes":""},"class_list":["post-3236","page","type-page","status-publish","hentry"],"acf":[],"yoast_head":"<!-- This site is optimized with the Yoast SEO plugin v25.3.1 - https:\/\/yoast.com\/wordpress\/plugins\/seo\/ -->\n<title>Barreras y accesibilidad del material: adaptaci\u00f3n vs accesibilidad &#8226; Federaci\u00f3n Down Galicia<\/title>\n<meta name=\"robots\" content=\"index, follow, max-snippet:-1, max-image-preview:large, max-video-preview:-1\" \/>\n<link rel=\"canonical\" href=\"https:\/\/downgalicia.org\/es\/punto-virtual-educacion\/creacion-de-materiales-accesibles\/barreras-y-accesibilidad-del-material-adaptacion-vs-accesibilidad\/\" \/>\n<meta property=\"og:locale\" content=\"es_ES\" \/>\n<meta property=\"og:type\" content=\"article\" \/>\n<meta property=\"og:title\" content=\"Barreras y accesibilidad del material: adaptaci\u00f3n vs accesibilidad &#8226; Federaci\u00f3n Down Galicia\" \/>\n<meta property=\"og:description\" content=\"Frases como \u201cNecesito materiales adaptados para este ni\u00f1o\u201d, \u201cHay que adaptarle el tema\u201d, \u201cP\u00eddele a la PT que le haga actividades adaptadas\u201d son recurrentes en los centros educativos. Aunque no [&hellip;]\" \/>\n<meta property=\"og:url\" content=\"https:\/\/downgalicia.org\/es\/punto-virtual-educacion\/creacion-de-materiales-accesibles\/barreras-y-accesibilidad-del-material-adaptacion-vs-accesibilidad\/\" \/>\n<meta property=\"og:site_name\" content=\"Federaci\u00f3n Down Galicia\" \/>\n<meta property=\"article:modified_time\" content=\"2025-05-05T13:03:58+00:00\" \/>\n<meta name=\"twitter:card\" content=\"summary_large_image\" \/>\n<meta name=\"twitter:label1\" content=\"Tiempo de lectura\" \/>\n\t<meta name=\"twitter:data1\" content=\"2 minutos\" \/>\n<script type=\"application\/ld+json\" class=\"yoast-schema-graph\">{\"@context\":\"https:\/\/schema.org\",\"@graph\":[{\"@type\":\"WebPage\",\"@id\":\"https:\/\/downgalicia.org\/es\/punto-virtual-educacion\/creacion-de-materiales-accesibles\/barreras-y-accesibilidad-del-material-adaptacion-vs-accesibilidad\/\",\"url\":\"https:\/\/downgalicia.org\/es\/punto-virtual-educacion\/creacion-de-materiales-accesibles\/barreras-y-accesibilidad-del-material-adaptacion-vs-accesibilidad\/\",\"name\":\"Barreras y accesibilidad del material: adaptaci\u00f3n vs accesibilidad &#8226; Federaci\u00f3n Down Galicia\",\"isPartOf\":{\"@id\":\"https:\/\/downgalicia.org\/es\/#website\"},\"datePublished\":\"2024-10-07T14:36:24+00:00\",\"dateModified\":\"2025-05-05T13:03:58+00:00\",\"breadcrumb\":{\"@id\":\"https:\/\/downgalicia.org\/es\/punto-virtual-educacion\/creacion-de-materiales-accesibles\/barreras-y-accesibilidad-del-material-adaptacion-vs-accesibilidad\/#breadcrumb\"},\"inLanguage\":\"es\",\"potentialAction\":[{\"@type\":\"ReadAction\",\"target\":[\"https:\/\/downgalicia.org\/es\/punto-virtual-educacion\/creacion-de-materiales-accesibles\/barreras-y-accesibilidad-del-material-adaptacion-vs-accesibilidad\/\"]}]},{\"@type\":\"BreadcrumbList\",\"@id\":\"https:\/\/downgalicia.org\/es\/punto-virtual-educacion\/creacion-de-materiales-accesibles\/barreras-y-accesibilidad-del-material-adaptacion-vs-accesibilidad\/#breadcrumb\",\"itemListElement\":[{\"@type\":\"ListItem\",\"position\":1,\"name\":\"Portada\",\"item\":\"https:\/\/downgalicia.org\/es\/\"},{\"@type\":\"ListItem\",\"position\":2,\"name\":\"Punto Virtual de Educaci\u00f3n\",\"item\":\"https:\/\/downgalicia.org\/es\/punto-virtual-educacion\/\"},{\"@type\":\"ListItem\",\"position\":3,\"name\":\"Creaci\u00f3n de materiales accesibles\",\"item\":\"https:\/\/downgalicia.org\/es\/punto-virtual-educacion\/creacion-de-materiais-accesibles\/\"},{\"@type\":\"ListItem\",\"position\":4,\"name\":\"Barreras y accesibilidad del material: adaptaci\u00f3n vs accesibilidad\"}]},{\"@type\":\"WebSite\",\"@id\":\"https:\/\/downgalicia.org\/es\/#website\",\"url\":\"https:\/\/downgalicia.org\/es\/\",\"name\":\"Federaci\u00f3n Down Galicia\",\"description\":\"Apoio a persoas con S\u00edndrome de Down\",\"publisher\":{\"@id\":\"https:\/\/downgalicia.org\/es\/#organization\"},\"potentialAction\":[{\"@type\":\"SearchAction\",\"target\":{\"@type\":\"EntryPoint\",\"urlTemplate\":\"https:\/\/downgalicia.org\/es\/?s={search_term_string}\"},\"query-input\":{\"@type\":\"PropertyValueSpecification\",\"valueRequired\":true,\"valueName\":\"search_term_string\"}}],\"inLanguage\":\"es\"},{\"@type\":\"Organization\",\"@id\":\"https:\/\/downgalicia.org\/es\/#organization\",\"name\":\"Federaci\u00f3n Down Galicia\",\"url\":\"https:\/\/downgalicia.org\/es\/\",\"logo\":{\"@type\":\"ImageObject\",\"inLanguage\":\"es\",\"@id\":\"https:\/\/downgalicia.org\/es\/#\/schema\/logo\/image\/\",\"url\":\"https:\/\/downgalicia.org\/wp-content\/uploads\/2024\/07\/logo-sindrome-down-color.svg\",\"contentUrl\":\"https:\/\/downgalicia.org\/wp-content\/uploads\/2024\/07\/logo-sindrome-down-color.svg\",\"width\":271,\"height\":88,\"caption\":\"Federaci\u00f3n Down Galicia\"},\"image\":{\"@id\":\"https:\/\/downgalicia.org\/es\/#\/schema\/logo\/image\/\"}}]}<\/script>\n<!-- \/ Yoast SEO plugin. -->","yoast_head_json":{"title":"Barreras y accesibilidad del material: adaptaci\u00f3n vs accesibilidad &#8226; Federaci\u00f3n Down Galicia","robots":{"index":"index","follow":"follow","max-snippet":"max-snippet:-1","max-image-preview":"max-image-preview:large","max-video-preview":"max-video-preview:-1"},"canonical":"https:\/\/downgalicia.org\/es\/punto-virtual-educacion\/creacion-de-materiales-accesibles\/barreras-y-accesibilidad-del-material-adaptacion-vs-accesibilidad\/","og_locale":"es_ES","og_type":"article","og_title":"Barreras y accesibilidad del material: adaptaci\u00f3n vs accesibilidad &#8226; Federaci\u00f3n Down Galicia","og_description":"Frases como \u201cNecesito materiales adaptados para este ni\u00f1o\u201d, \u201cHay que adaptarle el tema\u201d, \u201cP\u00eddele a la PT que le haga actividades adaptadas\u201d son recurrentes en los centros educativos. Aunque no [&hellip;]","og_url":"https:\/\/downgalicia.org\/es\/punto-virtual-educacion\/creacion-de-materiales-accesibles\/barreras-y-accesibilidad-del-material-adaptacion-vs-accesibilidad\/","og_site_name":"Federaci\u00f3n Down Galicia","article_modified_time":"2025-05-05T13:03:58+00:00","twitter_card":"summary_large_image","twitter_misc":{"Tiempo de lectura":"2 minutos"},"schema":{"@context":"https:\/\/schema.org","@graph":[{"@type":"WebPage","@id":"https:\/\/downgalicia.org\/es\/punto-virtual-educacion\/creacion-de-materiales-accesibles\/barreras-y-accesibilidad-del-material-adaptacion-vs-accesibilidad\/","url":"https:\/\/downgalicia.org\/es\/punto-virtual-educacion\/creacion-de-materiales-accesibles\/barreras-y-accesibilidad-del-material-adaptacion-vs-accesibilidad\/","name":"Barreras y accesibilidad del material: adaptaci\u00f3n vs accesibilidad &#8226; Federaci\u00f3n Down Galicia","isPartOf":{"@id":"https:\/\/downgalicia.org\/es\/#website"},"datePublished":"2024-10-07T14:36:24+00:00","dateModified":"2025-05-05T13:03:58+00:00","breadcrumb":{"@id":"https:\/\/downgalicia.org\/es\/punto-virtual-educacion\/creacion-de-materiales-accesibles\/barreras-y-accesibilidad-del-material-adaptacion-vs-accesibilidad\/#breadcrumb"},"inLanguage":"es","potentialAction":[{"@type":"ReadAction","target":["https:\/\/downgalicia.org\/es\/punto-virtual-educacion\/creacion-de-materiales-accesibles\/barreras-y-accesibilidad-del-material-adaptacion-vs-accesibilidad\/"]}]},{"@type":"BreadcrumbList","@id":"https:\/\/downgalicia.org\/es\/punto-virtual-educacion\/creacion-de-materiales-accesibles\/barreras-y-accesibilidad-del-material-adaptacion-vs-accesibilidad\/#breadcrumb","itemListElement":[{"@type":"ListItem","position":1,"name":"Portada","item":"https:\/\/downgalicia.org\/es\/"},{"@type":"ListItem","position":2,"name":"Punto Virtual de Educaci\u00f3n","item":"https:\/\/downgalicia.org\/es\/punto-virtual-educacion\/"},{"@type":"ListItem","position":3,"name":"Creaci\u00f3n de materiales accesibles","item":"https:\/\/downgalicia.org\/es\/punto-virtual-educacion\/creacion-de-materiais-accesibles\/"},{"@type":"ListItem","position":4,"name":"Barreras y accesibilidad del material: adaptaci\u00f3n vs accesibilidad"}]},{"@type":"WebSite","@id":"https:\/\/downgalicia.org\/es\/#website","url":"https:\/\/downgalicia.org\/es\/","name":"Federaci\u00f3n Down Galicia","description":"Apoio a persoas con S\u00edndrome de Down","publisher":{"@id":"https:\/\/downgalicia.org\/es\/#organization"},"potentialAction":[{"@type":"SearchAction","target":{"@type":"EntryPoint","urlTemplate":"https:\/\/downgalicia.org\/es\/?s={search_term_string}"},"query-input":{"@type":"PropertyValueSpecification","valueRequired":true,"valueName":"search_term_string"}}],"inLanguage":"es"},{"@type":"Organization","@id":"https:\/\/downgalicia.org\/es\/#organization","name":"Federaci\u00f3n Down Galicia","url":"https:\/\/downgalicia.org\/es\/","logo":{"@type":"ImageObject","inLanguage":"es","@id":"https:\/\/downgalicia.org\/es\/#\/schema\/logo\/image\/","url":"https:\/\/downgalicia.org\/wp-content\/uploads\/2024\/07\/logo-sindrome-down-color.svg","contentUrl":"https:\/\/downgalicia.org\/wp-content\/uploads\/2024\/07\/logo-sindrome-down-color.svg","width":271,"height":88,"caption":"Federaci\u00f3n Down Galicia"},"image":{"@id":"https:\/\/downgalicia.org\/es\/#\/schema\/logo\/image\/"}}]}},"campaignId":"","_links":{"self":[{"href":"https:\/\/downgalicia.org\/es\/wp-json\/wp\/v2\/pages\/3236","targetHints":{"allow":["GET"]}}],"collection":[{"href":"https:\/\/downgalicia.org\/es\/wp-json\/wp\/v2\/pages"}],"about":[{"href":"https:\/\/downgalicia.org\/es\/wp-json\/wp\/v2\/types\/page"}],"author":[{"embeddable":true,"href":"https:\/\/downgalicia.org\/es\/wp-json\/wp\/v2\/users\/1"}],"replies":[{"embeddable":true,"href":"https:\/\/downgalicia.org\/es\/wp-json\/wp\/v2\/comments?post=3236"}],"version-history":[{"count":7,"href":"https:\/\/downgalicia.org\/es\/wp-json\/wp\/v2\/pages\/3236\/revisions"}],"predecessor-version":[{"id":3747,"href":"https:\/\/downgalicia.org\/es\/wp-json\/wp\/v2\/pages\/3236\/revisions\/3747"}],"up":[{"embeddable":true,"href":"https:\/\/downgalicia.org\/es\/wp-json\/wp\/v2\/pages\/3241"}],"wp:attachment":[{"href":"https:\/\/downgalicia.org\/es\/wp-json\/wp\/v2\/media?parent=3236"}],"curies":[{"name":"wp","href":"https:\/\/api.w.org\/{rel}","templated":true}]}}