{"id":3238,"date":"2024-10-07T12:52:50","date_gmt":"2024-10-07T10:52:50","guid":{"rendered":"http:\/\/downgalicia.org.136-144-253-96.136-144-253-96.visualpublinet.com\/accesibilidade-barreiras\/"},"modified":"2025-05-05T14:59:29","modified_gmt":"2025-05-05T12:59:29","slug":"accesibilidad-barreras","status":"publish","type":"page","link":"https:\/\/downgalicia.org\/es\/punto-virtual-educacion\/servicio-de-inclusion-educativa-down-galicia\/accesibilidad-barreras\/","title":{"rendered":"Accesibilidad: Barreras"},"content":{"rendered":"\t\t<div data-elementor-type=\"wp-page\" data-elementor-id=\"3238\" class=\"elementor elementor-3238 elementor-1679\" data-elementor-post-type=\"page\">\n\t\t\t\t<div class=\"elementor-element elementor-element-1e3548b e-con-full e-flex e-con e-parent\" data-id=\"1e3548b\" data-element_type=\"container\">\n\t\t\t\t<div class=\"elementor-element elementor-element-493d255 elementor-widget elementor-widget-text-editor\" data-id=\"493d255\" data-element_type=\"widget\" data-widget_type=\"text-editor.default\">\n\t\t\t\t<div class=\"elementor-widget-container\">\n\t\t\t\t\t\t\t\t\t<p>Un proyecto educativo comprometido con la inclusi\u00f3n debe <b>identificar todas las posibles barreras que impiden y\/o dificultan la accesibilidad y participaci\u00f3n<\/b> de todo el alumnado en el proceso educativo.<\/p><p>Seg\u00fan el <a href=\"\/wp-content\/uploads\/2025\/05\/Protocolo-de-Educacion.pdf\">Protocolo para la atenci\u00f3n educativa del alumnado con s\u00edndrome de Down y\/o discapacidad intelectual<\/a>, podemos identificar los siguientes tipos de barreras:<\/p>\t\t\t\t\t\t\t\t<\/div>\n\t\t\t\t<\/div>\n\t\t\t\t<div class=\"elementor-element elementor-element-8d40bb9 elementor-icon-list--layout-traditional elementor-list-item-link-full_width elementor-widget elementor-widget-icon-list\" data-id=\"8d40bb9\" data-element_type=\"widget\" data-widget_type=\"icon-list.default\">\n\t\t\t\t<div class=\"elementor-widget-container\">\n\t\t\t\t\t\t\t<ul class=\"elementor-icon-list-items\">\n\t\t\t\t\t\t\t<li class=\"elementor-icon-list-item\">\n\t\t\t\t\t\t\t\t\t\t\t<span class=\"elementor-icon-list-icon\">\n\t\t\t\t\t\t\t<svg aria-hidden=\"true\" class=\"e-font-icon-svg e-fas-times-circle\" viewBox=\"0 0 512 512\" xmlns=\"http:\/\/www.w3.org\/2000\/svg\"><path d=\"M256 8C119 8 8 119 8 256s111 248 248 248 248-111 248-248S393 8 256 8zm121.6 313.1c4.7 4.7 4.7 12.3 0 17L338 377.6c-4.7 4.7-12.3 4.7-17 0L256 312l-65.1 65.6c-4.7 4.7-12.3 4.7-17 0L134.4 338c-4.7-4.7-4.7-12.3 0-17l65.6-65-65.6-65.1c-4.7-4.7-4.7-12.3 0-17l39.6-39.6c4.7-4.7 12.3-4.7 17 0l65 65.7 65.1-65.6c4.7-4.7 12.3-4.7 17 0l39.6 39.6c4.7 4.7 4.7 12.3 0 17L312 256l65.6 65.1z\"><\/path><\/svg>\t\t\t\t\t\t<\/span>\n\t\t\t\t\t\t\t\t\t\t<span class=\"elementor-icon-list-text\"><strong>Barreras sociales:<\/strong> Obst\u00e1culos mentales y actitudinales que condicionan la vida de una persona, haci\u00e9ndola sentir m\u00e1s o menos capaz y m\u00e1s o menos incluida.<\/span>\n\t\t\t\t\t\t\t\t\t<\/li>\n\t\t\t\t\t\t\t\t<li class=\"elementor-icon-list-item\">\n\t\t\t\t\t\t\t\t\t\t\t<span class=\"elementor-icon-list-icon\">\n\t\t\t\t\t\t\t<svg aria-hidden=\"true\" class=\"e-font-icon-svg e-fas-times-circle\" viewBox=\"0 0 512 512\" xmlns=\"http:\/\/www.w3.org\/2000\/svg\"><path d=\"M256 8C119 8 8 119 8 256s111 248 248 248 248-111 248-248S393 8 256 8zm121.6 313.1c4.7 4.7 4.7 12.3 0 17L338 377.6c-4.7 4.7-12.3 4.7-17 0L256 312l-65.1 65.6c-4.7 4.7-12.3 4.7-17 0L134.4 338c-4.7-4.7-4.7-12.3 0-17l65.6-65-65.6-65.1c-4.7-4.7-4.7-12.3 0-17l39.6-39.6c4.7-4.7 12.3-4.7 17 0l65 65.7 65.1-65.6c4.7-4.7 12.3-4.7 17 0l39.6 39.6c4.7 4.7 4.7 12.3 0 17L312 256l65.6 65.1z\"><\/path><\/svg>\t\t\t\t\t\t<\/span>\n\t\t\t\t\t\t\t\t\t\t<span class=\"elementor-icon-list-text\"><strong>Barreras f\u00edsicas:<\/strong>Obst\u00e1culos en el entorno que impiden o bloquean la movilidad o el acceso.<\/span>\n\t\t\t\t\t\t\t\t\t<\/li>\n\t\t\t\t\t\t\t\t<li class=\"elementor-icon-list-item\">\n\t\t\t\t\t\t\t\t\t\t\t<span class=\"elementor-icon-list-icon\">\n\t\t\t\t\t\t\t<svg aria-hidden=\"true\" class=\"e-font-icon-svg e-fas-times-circle\" viewBox=\"0 0 512 512\" xmlns=\"http:\/\/www.w3.org\/2000\/svg\"><path d=\"M256 8C119 8 8 119 8 256s111 248 248 248 248-111 248-248S393 8 256 8zm121.6 313.1c4.7 4.7 4.7 12.3 0 17L338 377.6c-4.7 4.7-12.3 4.7-17 0L256 312l-65.1 65.6c-4.7 4.7-12.3 4.7-17 0L134.4 338c-4.7-4.7-4.7-12.3 0-17l65.6-65-65.6-65.1c-4.7-4.7-4.7-12.3 0-17l39.6-39.6c4.7-4.7 12.3-4.7 17 0l65 65.7 65.1-65.6c4.7-4.7 12.3-4.7 17 0l39.6 39.6c4.7 4.7 4.7 12.3 0 17L312 256l65.6 65.1z\"><\/path><\/svg>\t\t\t\t\t\t<\/span>\n\t\t\t\t\t\t\t\t\t\t<span class=\"elementor-icon-list-text\"><strong>Barreras sensoriales:<\/strong>Relacionadas con la percepci\u00f3n sensorial, es decir, con la forma en la que percibimos la informaci\u00f3n a trav\u00e9s de los sentidos.<\/span>\n\t\t\t\t\t\t\t\t\t<\/li>\n\t\t\t\t\t\t\t\t<li class=\"elementor-icon-list-item\">\n\t\t\t\t\t\t\t\t\t\t\t<span class=\"elementor-icon-list-icon\">\n\t\t\t\t\t\t\t<svg aria-hidden=\"true\" class=\"e-font-icon-svg e-fas-times-circle\" viewBox=\"0 0 512 512\" xmlns=\"http:\/\/www.w3.org\/2000\/svg\"><path d=\"M256 8C119 8 8 119 8 256s111 248 248 248 248-111 248-248S393 8 256 8zm121.6 313.1c4.7 4.7 4.7 12.3 0 17L338 377.6c-4.7 4.7-12.3 4.7-17 0L256 312l-65.1 65.6c-4.7 4.7-12.3 4.7-17 0L134.4 338c-4.7-4.7-4.7-12.3 0-17l65.6-65-65.6-65.1c-4.7-4.7-4.7-12.3 0-17l39.6-39.6c4.7-4.7 12.3-4.7 17 0l65 65.7 65.1-65.6c4.7-4.7 12.3-4.7 17 0l39.6 39.6c4.7 4.7 4.7 12.3 0 17L312 256l65.6 65.1z\"><\/path><\/svg>\t\t\t\t\t\t<\/span>\n\t\t\t\t\t\t\t\t\t\t<span class=\"elementor-icon-list-text\"><strong>Barreras cognitivas<\/strong>: Relacionadas con los procesos mentales implicados en la resoluci\u00f3n de tareas y actividades cognitivas.<\/span>\n\t\t\t\t\t\t\t\t\t<\/li>\n\t\t\t\t\t\t\t\t<li class=\"elementor-icon-list-item\">\n\t\t\t\t\t\t\t\t\t\t\t<span class=\"elementor-icon-list-icon\">\n\t\t\t\t\t\t\t<svg aria-hidden=\"true\" class=\"e-font-icon-svg e-fas-times-circle\" viewBox=\"0 0 512 512\" xmlns=\"http:\/\/www.w3.org\/2000\/svg\"><path d=\"M256 8C119 8 8 119 8 256s111 248 248 248 248-111 248-248S393 8 256 8zm121.6 313.1c4.7 4.7 4.7 12.3 0 17L338 377.6c-4.7 4.7-12.3 4.7-17 0L256 312l-65.1 65.6c-4.7 4.7-12.3 4.7-17 0L134.4 338c-4.7-4.7-4.7-12.3 0-17l65.6-65-65.6-65.1c-4.7-4.7-4.7-12.3 0-17l39.6-39.6c4.7-4.7 12.3-4.7 17 0l65 65.7 65.1-65.6c4.7-4.7 12.3-4.7 17 0l39.6 39.6c4.7 4.7 4.7 12.3 0 17L312 256l65.6 65.1z\"><\/path><\/svg>\t\t\t\t\t\t<\/span>\n\t\t\t\t\t\t\t\t\t\t<span class=\"elementor-icon-list-text\"><strong>Barreras estructurales:<\/strong> Relacionadas con obst\u00e1culos en la articulaci\u00f3n entre el modelo educativo, los procedimientos institucionales, la falta de medios de comunicaci\u00f3n, la falta de coordinaci\u00f3n entre departamentos y tutor\u00edas, la concesi\u00f3n de becas y apoyos, la inclusi\u00f3n en actividades culturales, deportivas y\/o cient\u00edficas, los horarios escolares y los servicios de atenci\u00f3n. Asimismo, las barreras estructurales recogidas en el Protocolo para la atenci\u00f3n educativa del alumnado con s\u00edndrome de Down y\/o discapacidad intelectual de la Xunta de Galicia, referidas a situaciones de aprendizaje en un entorno desordenado, impredecible, inestable, sin organizaci\u00f3n del trabajo, etc., podr\u00edan incluirse entre las barreras f\u00edsicas, sensoriales y\/o cognitivas, seg\u00fan cada caso.<\/span>\n\t\t\t\t\t\t\t\t\t<\/li>\n\t\t\t\t\t\t\t\t<li class=\"elementor-icon-list-item\">\n\t\t\t\t\t\t\t\t\t\t\t<span class=\"elementor-icon-list-icon\">\n\t\t\t\t\t\t\t<svg aria-hidden=\"true\" class=\"e-font-icon-svg e-fas-times-circle\" viewBox=\"0 0 512 512\" xmlns=\"http:\/\/www.w3.org\/2000\/svg\"><path d=\"M256 8C119 8 8 119 8 256s111 248 248 248 248-111 248-248S393 8 256 8zm121.6 313.1c4.7 4.7 4.7 12.3 0 17L338 377.6c-4.7 4.7-12.3 4.7-17 0L256 312l-65.1 65.6c-4.7 4.7-12.3 4.7-17 0L134.4 338c-4.7-4.7-4.7-12.3 0-17l65.6-65-65.6-65.1c-4.7-4.7-4.7-12.3 0-17l39.6-39.6c4.7-4.7 12.3-4.7 17 0l65 65.7 65.1-65.6c4.7-4.7 12.3-4.7 17 0l39.6 39.6c4.7 4.7 4.7 12.3 0 17L312 256l65.6 65.1z\"><\/path><\/svg>\t\t\t\t\t\t<\/span>\n\t\t\t\t\t\t\t\t\t\t<span class=\"elementor-icon-list-text\"><strong>Barreras de comunicaci\u00f3n:<\/strong> Relacionadas con el hecho de proporcionar diversos canales de comunicaci\u00f3n, que permitan a los estudiantes expresarse y compartir sus aprendizajes utilizando estos medios.<\/span>\n\t\t\t\t\t\t\t\t\t<\/li>\n\t\t\t\t\t\t\t\t<li class=\"elementor-icon-list-item\">\n\t\t\t\t\t\t\t\t\t\t\t<span class=\"elementor-icon-list-icon\">\n\t\t\t\t\t\t\t<svg aria-hidden=\"true\" class=\"e-font-icon-svg e-fas-times-circle\" viewBox=\"0 0 512 512\" xmlns=\"http:\/\/www.w3.org\/2000\/svg\"><path d=\"M256 8C119 8 8 119 8 256s111 248 248 248 248-111 248-248S393 8 256 8zm121.6 313.1c4.7 4.7 4.7 12.3 0 17L338 377.6c-4.7 4.7-12.3 4.7-17 0L256 312l-65.1 65.6c-4.7 4.7-12.3 4.7-17 0L134.4 338c-4.7-4.7-4.7-12.3 0-17l65.6-65-65.6-65.1c-4.7-4.7-4.7-12.3 0-17l39.6-39.6c4.7-4.7 12.3-4.7 17 0l65 65.7 65.1-65.6c4.7-4.7 12.3-4.7 17 0l39.6 39.6c4.7 4.7 4.7 12.3 0 17L312 256l65.6 65.1z\"><\/path><\/svg>\t\t\t\t\t\t<\/span>\n\t\t\t\t\t\t\t\t\t\t<span class=\"elementor-icon-list-text\"><strong>Barreras curriculares:<\/strong> Relacionadas con la falta de flexibilidad y homogeneidad en las propuestas educativas, materiales, metodolog\u00edas, etc., condicionando la adquisici\u00f3n de aprendizajes y el tipo de interacciones y relaciones que se producen en el aula.<\/span>\n\t\t\t\t\t\t\t\t\t<\/li>\n\t\t\t\t\t\t<\/ul>\n\t\t\t\t\t\t<\/div>\n\t\t\t\t<\/div>\n\t\t\t\t<div class=\"elementor-element elementor-element-f65a4ec elementor-widget elementor-widget-image\" data-id=\"f65a4ec\" data-element_type=\"widget\" data-widget_type=\"image.default\">\n\t\t\t\t<div class=\"elementor-widget-container\">\n\t\t\t\t\t\t\t\t\t\t\t\t\t\t\t\t<a href=\"https:\/\/downgalicia.org\/wp-content\/uploads\/2025\/05\/Barreiras-Preguntas-frecuentes-Castelan.jpg\" data-elementor-open-lightbox=\"yes\" data-elementor-lightbox-title=\"Barreiras-Preguntas-frecuentes-Castelan\" data-e-action-hash=\"#elementor-action%3Aaction%3Dlightbox%26settings%3DeyJpZCI6MzU0MSwidXJsIjoiaHR0cHM6XC9cL2Rvd25nYWxpY2lhLm9yZ1wvd3AtY29udGVudFwvdXBsb2Fkc1wvMjAyNVwvMDVcL0JhcnJlaXJhcy1QcmVndW50YXMtZnJlY3VlbnRlcy1DYXN0ZWxhbi5qcGcifQ%3D%3D\">\n\t\t\t\t\t\t\t<img fetchpriority=\"high\" decoding=\"async\" width=\"800\" height=\"566\" src=\"https:\/\/downgalicia.org\/wp-content\/uploads\/2025\/05\/Barreiras-Preguntas-frecuentes-Castelan-1024x724.jpg\" class=\"attachment-large size-large wp-image-3541\" alt=\"\" srcset=\"https:\/\/downgalicia.org\/wp-content\/uploads\/2025\/05\/Barreiras-Preguntas-frecuentes-Castelan-1024x724.jpg 1024w, https:\/\/downgalicia.org\/wp-content\/uploads\/2025\/05\/Barreiras-Preguntas-frecuentes-Castelan-300x212.jpg 300w, https:\/\/downgalicia.org\/wp-content\/uploads\/2025\/05\/Barreiras-Preguntas-frecuentes-Castelan-768x543.jpg 768w, https:\/\/downgalicia.org\/wp-content\/uploads\/2025\/05\/Barreiras-Preguntas-frecuentes-Castelan-1536x1087.jpg 1536w, https:\/\/downgalicia.org\/wp-content\/uploads\/2025\/05\/Barreiras-Preguntas-frecuentes-Castelan.jpg 1600w\" sizes=\"(max-width: 800px) 100vw, 800px\" \/>\t\t\t\t\t\t\t\t<\/a>\n\t\t\t\t\t\t\t\t\t\t\t\t\t\t\t<\/div>\n\t\t\t\t<\/div>\n\t\t\t\t<\/div>\n\t\t\t\t<\/div>\n\t\t","protected":false},"excerpt":{"rendered":"<p>Un proyecto educativo comprometido con la inclusi\u00f3n debe identificar todas las posibles barreras que impiden y\/o dificultan la accesibilidad y participaci\u00f3n de todo el alumnado en el proceso educativo. Seg\u00fan [&hellip;]<\/p>\n","protected":false},"author":1,"featured_media":0,"parent":3242,"menu_order":0,"comment_status":"closed","ping_status":"closed","template":"elementor_theme","meta":{"_acf_changed":false,"give_campaign_id":0,"footnotes":""},"class_list":["post-3238","page","type-page","status-publish","hentry"],"acf":[],"yoast_head":"<!-- This site is optimized with the Yoast SEO plugin v25.3.1 - https:\/\/yoast.com\/wordpress\/plugins\/seo\/ -->\n<title>Accesibilidad: Barreras &#8226; Federaci\u00f3n Down Galicia<\/title>\n<meta name=\"robots\" content=\"index, follow, max-snippet:-1, max-image-preview:large, max-video-preview:-1\" \/>\n<link rel=\"canonical\" href=\"https:\/\/downgalicia.org\/es\/punto-virtual-educacion\/servicio-de-inclusion-educativa-down-galicia\/accesibilidad-barreras\/\" \/>\n<meta property=\"og:locale\" content=\"es_ES\" \/>\n<meta property=\"og:type\" content=\"article\" \/>\n<meta property=\"og:title\" content=\"Accesibilidad: Barreras &#8226; Federaci\u00f3n Down Galicia\" \/>\n<meta property=\"og:description\" content=\"Un proyecto educativo comprometido con la inclusi\u00f3n debe identificar todas las posibles barreras que impiden y\/o dificultan la accesibilidad y participaci\u00f3n de todo el alumnado en el proceso educativo. Seg\u00fan [&hellip;]\" \/>\n<meta property=\"og:url\" content=\"https:\/\/downgalicia.org\/es\/punto-virtual-educacion\/servicio-de-inclusion-educativa-down-galicia\/accesibilidad-barreras\/\" \/>\n<meta property=\"og:site_name\" content=\"Federaci\u00f3n Down Galicia\" \/>\n<meta property=\"article:modified_time\" content=\"2025-05-05T12:59:29+00:00\" \/>\n<meta property=\"og:image\" content=\"https:\/\/downgalicia.org\/wp-content\/uploads\/2025\/05\/Barreiras-Preguntas-frecuentes-Castelan-1024x724.jpg\" \/>\n<meta name=\"twitter:card\" content=\"summary_large_image\" \/>\n<meta name=\"twitter:label1\" content=\"Tiempo de lectura\" \/>\n\t<meta name=\"twitter:data1\" content=\"2 minutos\" \/>\n<script type=\"application\/ld+json\" class=\"yoast-schema-graph\">{\"@context\":\"https:\/\/schema.org\",\"@graph\":[{\"@type\":\"WebPage\",\"@id\":\"https:\/\/downgalicia.org\/es\/punto-virtual-educacion\/servicio-de-inclusion-educativa-down-galicia\/accesibilidad-barreras\/\",\"url\":\"https:\/\/downgalicia.org\/es\/punto-virtual-educacion\/servicio-de-inclusion-educativa-down-galicia\/accesibilidad-barreras\/\",\"name\":\"Accesibilidad: Barreras &#8226; Federaci\u00f3n Down Galicia\",\"isPartOf\":{\"@id\":\"https:\/\/downgalicia.org\/es\/#website\"},\"primaryImageOfPage\":{\"@id\":\"https:\/\/downgalicia.org\/es\/punto-virtual-educacion\/servicio-de-inclusion-educativa-down-galicia\/accesibilidad-barreras\/#primaryimage\"},\"image\":{\"@id\":\"https:\/\/downgalicia.org\/es\/punto-virtual-educacion\/servicio-de-inclusion-educativa-down-galicia\/accesibilidad-barreras\/#primaryimage\"},\"thumbnailUrl\":\"https:\/\/downgalicia.org\/wp-content\/uploads\/2025\/05\/Barreiras-Preguntas-frecuentes-Castelan-1024x724.jpg\",\"datePublished\":\"2024-10-07T10:52:50+00:00\",\"dateModified\":\"2025-05-05T12:59:29+00:00\",\"breadcrumb\":{\"@id\":\"https:\/\/downgalicia.org\/es\/punto-virtual-educacion\/servicio-de-inclusion-educativa-down-galicia\/accesibilidad-barreras\/#breadcrumb\"},\"inLanguage\":\"es\",\"potentialAction\":[{\"@type\":\"ReadAction\",\"target\":[\"https:\/\/downgalicia.org\/es\/punto-virtual-educacion\/servicio-de-inclusion-educativa-down-galicia\/accesibilidad-barreras\/\"]}]},{\"@type\":\"ImageObject\",\"inLanguage\":\"es\",\"@id\":\"https:\/\/downgalicia.org\/es\/punto-virtual-educacion\/servicio-de-inclusion-educativa-down-galicia\/accesibilidad-barreras\/#primaryimage\",\"url\":\"https:\/\/downgalicia.org\/wp-content\/uploads\/2025\/05\/Barreiras-Preguntas-frecuentes-Castelan-1024x724.jpg\",\"contentUrl\":\"https:\/\/downgalicia.org\/wp-content\/uploads\/2025\/05\/Barreiras-Preguntas-frecuentes-Castelan-1024x724.jpg\"},{\"@type\":\"BreadcrumbList\",\"@id\":\"https:\/\/downgalicia.org\/es\/punto-virtual-educacion\/servicio-de-inclusion-educativa-down-galicia\/accesibilidad-barreras\/#breadcrumb\",\"itemListElement\":[{\"@type\":\"ListItem\",\"position\":1,\"name\":\"Portada\",\"item\":\"https:\/\/downgalicia.org\/es\/\"},{\"@type\":\"ListItem\",\"position\":2,\"name\":\"Punto Virtual de Educaci\u00f3n\",\"item\":\"https:\/\/downgalicia.org\/es\/punto-virtual-educacion\/\"},{\"@type\":\"ListItem\",\"position\":3,\"name\":\"Punto Virtual de Educaci\u00f3n\",\"item\":\"https:\/\/downgalicia.org\/es\/punto-virtual-educacion\/servizo-de-inclusion-educativa\/\"},{\"@type\":\"ListItem\",\"position\":4,\"name\":\"Accesibilidad: Barreras\"}]},{\"@type\":\"WebSite\",\"@id\":\"https:\/\/downgalicia.org\/es\/#website\",\"url\":\"https:\/\/downgalicia.org\/es\/\",\"name\":\"Federaci\u00f3n Down Galicia\",\"description\":\"Apoio a persoas con S\u00edndrome de Down\",\"publisher\":{\"@id\":\"https:\/\/downgalicia.org\/es\/#organization\"},\"potentialAction\":[{\"@type\":\"SearchAction\",\"target\":{\"@type\":\"EntryPoint\",\"urlTemplate\":\"https:\/\/downgalicia.org\/es\/?s={search_term_string}\"},\"query-input\":{\"@type\":\"PropertyValueSpecification\",\"valueRequired\":true,\"valueName\":\"search_term_string\"}}],\"inLanguage\":\"es\"},{\"@type\":\"Organization\",\"@id\":\"https:\/\/downgalicia.org\/es\/#organization\",\"name\":\"Federaci\u00f3n Down Galicia\",\"url\":\"https:\/\/downgalicia.org\/es\/\",\"logo\":{\"@type\":\"ImageObject\",\"inLanguage\":\"es\",\"@id\":\"https:\/\/downgalicia.org\/es\/#\/schema\/logo\/image\/\",\"url\":\"https:\/\/downgalicia.org\/wp-content\/uploads\/2024\/07\/logo-sindrome-down-color.svg\",\"contentUrl\":\"https:\/\/downgalicia.org\/wp-content\/uploads\/2024\/07\/logo-sindrome-down-color.svg\",\"width\":271,\"height\":88,\"caption\":\"Federaci\u00f3n Down Galicia\"},\"image\":{\"@id\":\"https:\/\/downgalicia.org\/es\/#\/schema\/logo\/image\/\"}}]}<\/script>\n<!-- \/ Yoast SEO plugin. -->","yoast_head_json":{"title":"Accesibilidad: Barreras &#8226; Federaci\u00f3n Down Galicia","robots":{"index":"index","follow":"follow","max-snippet":"max-snippet:-1","max-image-preview":"max-image-preview:large","max-video-preview":"max-video-preview:-1"},"canonical":"https:\/\/downgalicia.org\/es\/punto-virtual-educacion\/servicio-de-inclusion-educativa-down-galicia\/accesibilidad-barreras\/","og_locale":"es_ES","og_type":"article","og_title":"Accesibilidad: Barreras &#8226; Federaci\u00f3n Down Galicia","og_description":"Un proyecto educativo comprometido con la inclusi\u00f3n debe identificar todas las posibles barreras que impiden y\/o dificultan la accesibilidad y participaci\u00f3n de todo el alumnado en el proceso educativo. Seg\u00fan [&hellip;]","og_url":"https:\/\/downgalicia.org\/es\/punto-virtual-educacion\/servicio-de-inclusion-educativa-down-galicia\/accesibilidad-barreras\/","og_site_name":"Federaci\u00f3n Down Galicia","article_modified_time":"2025-05-05T12:59:29+00:00","og_image":[{"url":"https:\/\/downgalicia.org\/wp-content\/uploads\/2025\/05\/Barreiras-Preguntas-frecuentes-Castelan-1024x724.jpg","type":"","width":"","height":""}],"twitter_card":"summary_large_image","twitter_misc":{"Tiempo de lectura":"2 minutos"},"schema":{"@context":"https:\/\/schema.org","@graph":[{"@type":"WebPage","@id":"https:\/\/downgalicia.org\/es\/punto-virtual-educacion\/servicio-de-inclusion-educativa-down-galicia\/accesibilidad-barreras\/","url":"https:\/\/downgalicia.org\/es\/punto-virtual-educacion\/servicio-de-inclusion-educativa-down-galicia\/accesibilidad-barreras\/","name":"Accesibilidad: Barreras &#8226; Federaci\u00f3n Down Galicia","isPartOf":{"@id":"https:\/\/downgalicia.org\/es\/#website"},"primaryImageOfPage":{"@id":"https:\/\/downgalicia.org\/es\/punto-virtual-educacion\/servicio-de-inclusion-educativa-down-galicia\/accesibilidad-barreras\/#primaryimage"},"image":{"@id":"https:\/\/downgalicia.org\/es\/punto-virtual-educacion\/servicio-de-inclusion-educativa-down-galicia\/accesibilidad-barreras\/#primaryimage"},"thumbnailUrl":"https:\/\/downgalicia.org\/wp-content\/uploads\/2025\/05\/Barreiras-Preguntas-frecuentes-Castelan-1024x724.jpg","datePublished":"2024-10-07T10:52:50+00:00","dateModified":"2025-05-05T12:59:29+00:00","breadcrumb":{"@id":"https:\/\/downgalicia.org\/es\/punto-virtual-educacion\/servicio-de-inclusion-educativa-down-galicia\/accesibilidad-barreras\/#breadcrumb"},"inLanguage":"es","potentialAction":[{"@type":"ReadAction","target":["https:\/\/downgalicia.org\/es\/punto-virtual-educacion\/servicio-de-inclusion-educativa-down-galicia\/accesibilidad-barreras\/"]}]},{"@type":"ImageObject","inLanguage":"es","@id":"https:\/\/downgalicia.org\/es\/punto-virtual-educacion\/servicio-de-inclusion-educativa-down-galicia\/accesibilidad-barreras\/#primaryimage","url":"https:\/\/downgalicia.org\/wp-content\/uploads\/2025\/05\/Barreiras-Preguntas-frecuentes-Castelan-1024x724.jpg","contentUrl":"https:\/\/downgalicia.org\/wp-content\/uploads\/2025\/05\/Barreiras-Preguntas-frecuentes-Castelan-1024x724.jpg"},{"@type":"BreadcrumbList","@id":"https:\/\/downgalicia.org\/es\/punto-virtual-educacion\/servicio-de-inclusion-educativa-down-galicia\/accesibilidad-barreras\/#breadcrumb","itemListElement":[{"@type":"ListItem","position":1,"name":"Portada","item":"https:\/\/downgalicia.org\/es\/"},{"@type":"ListItem","position":2,"name":"Punto Virtual de Educaci\u00f3n","item":"https:\/\/downgalicia.org\/es\/punto-virtual-educacion\/"},{"@type":"ListItem","position":3,"name":"Punto Virtual de Educaci\u00f3n","item":"https:\/\/downgalicia.org\/es\/punto-virtual-educacion\/servizo-de-inclusion-educativa\/"},{"@type":"ListItem","position":4,"name":"Accesibilidad: Barreras"}]},{"@type":"WebSite","@id":"https:\/\/downgalicia.org\/es\/#website","url":"https:\/\/downgalicia.org\/es\/","name":"Federaci\u00f3n Down Galicia","description":"Apoio a persoas con S\u00edndrome de Down","publisher":{"@id":"https:\/\/downgalicia.org\/es\/#organization"},"potentialAction":[{"@type":"SearchAction","target":{"@type":"EntryPoint","urlTemplate":"https:\/\/downgalicia.org\/es\/?s={search_term_string}"},"query-input":{"@type":"PropertyValueSpecification","valueRequired":true,"valueName":"search_term_string"}}],"inLanguage":"es"},{"@type":"Organization","@id":"https:\/\/downgalicia.org\/es\/#organization","name":"Federaci\u00f3n Down Galicia","url":"https:\/\/downgalicia.org\/es\/","logo":{"@type":"ImageObject","inLanguage":"es","@id":"https:\/\/downgalicia.org\/es\/#\/schema\/logo\/image\/","url":"https:\/\/downgalicia.org\/wp-content\/uploads\/2024\/07\/logo-sindrome-down-color.svg","contentUrl":"https:\/\/downgalicia.org\/wp-content\/uploads\/2024\/07\/logo-sindrome-down-color.svg","width":271,"height":88,"caption":"Federaci\u00f3n Down Galicia"},"image":{"@id":"https:\/\/downgalicia.org\/es\/#\/schema\/logo\/image\/"}}]}},"campaignId":"","_links":{"self":[{"href":"https:\/\/downgalicia.org\/es\/wp-json\/wp\/v2\/pages\/3238","targetHints":{"allow":["GET"]}}],"collection":[{"href":"https:\/\/downgalicia.org\/es\/wp-json\/wp\/v2\/pages"}],"about":[{"href":"https:\/\/downgalicia.org\/es\/wp-json\/wp\/v2\/types\/page"}],"author":[{"embeddable":true,"href":"https:\/\/downgalicia.org\/es\/wp-json\/wp\/v2\/users\/1"}],"replies":[{"embeddable":true,"href":"https:\/\/downgalicia.org\/es\/wp-json\/wp\/v2\/comments?post=3238"}],"version-history":[{"count":7,"href":"https:\/\/downgalicia.org\/es\/wp-json\/wp\/v2\/pages\/3238\/revisions"}],"predecessor-version":[{"id":3741,"href":"https:\/\/downgalicia.org\/es\/wp-json\/wp\/v2\/pages\/3238\/revisions\/3741"}],"up":[{"embeddable":true,"href":"https:\/\/downgalicia.org\/es\/wp-json\/wp\/v2\/pages\/3242"}],"wp:attachment":[{"href":"https:\/\/downgalicia.org\/es\/wp-json\/wp\/v2\/media?parent=3238"}],"curies":[{"name":"wp","href":"https:\/\/api.w.org\/{rel}","templated":true}]}}