{"id":3240,"date":"2024-10-07T10:06:35","date_gmt":"2024-10-07T08:06:35","guid":{"rendered":"http:\/\/downgalicia.org.136-144-253-96.136-144-253-96.visualpublinet.com\/bibliografia-e-documentacion-de-referencia\/"},"modified":"2026-03-05T13:33:02","modified_gmt":"2026-03-05T12:33:02","slug":"bibliografia-y-documentacion-de-referencia","status":"publish","type":"page","link":"https:\/\/downgalicia.org\/es\/punto-virtual-educacion\/bibliografia-y-documentacion-de-referencia\/","title":{"rendered":"Bibliograf\u00eda y documentaci\u00f3n de referencia"},"content":{"rendered":"\t\t<div data-elementor-type=\"wp-page\" data-elementor-id=\"3240\" class=\"elementor elementor-3240 elementor-1534\" data-elementor-post-type=\"page\">\n\t\t\t\t<div class=\"elementor-element elementor-element-c9fcf0c e-con-full e-flex e-con e-parent\" data-id=\"c9fcf0c\" data-element_type=\"container\">\n\t\t\t\t<div class=\"elementor-element elementor-element-8ac85ea elementor-widget elementor-widget-heading\" data-id=\"8ac85ea\" data-element_type=\"widget\" data-widget_type=\"heading.default\">\n\t\t\t\t<div class=\"elementor-widget-container\">\n\t\t\t\t\t<p class=\"elementor-heading-title elementor-size-default\"><strong>Documentaci\u00f3n principal:<\/strong><\/p>\t\t\t\t<\/div>\n\t\t\t\t<\/div>\n\t\t\t\t<div class=\"elementor-element elementor-element-4450249 elementor-widget elementor-widget-n-accordion\" data-id=\"4450249\" data-element_type=\"widget\" data-settings=\"{&quot;default_state&quot;:&quot;all_collapsed&quot;,&quot;max_items_expended&quot;:&quot;multiple&quot;,&quot;n_accordion_animation_duration&quot;:{&quot;unit&quot;:&quot;ms&quot;,&quot;size&quot;:400,&quot;sizes&quot;:[]}}\" data-widget_type=\"nested-accordion.default\">\n\t\t\t\t<div class=\"elementor-widget-container\">\n\t\t\t\t\t\t\t<div class=\"e-n-accordion\" aria-label=\"Accordion. Open links with Enter or Space, close with Escape, and navigate with Arrow Keys\">\n\t\t\t\t\t\t<details id=\"e-n-accordion-item-7160\" class=\"e-n-accordion-item\" >\n\t\t\t\t<summary class=\"e-n-accordion-item-title\" data-accordion-index=\"1\" tabindex=\"0\" aria-expanded=\"false\" aria-controls=\"e-n-accordion-item-7160\" >\n\t\t\t\t\t<span class='e-n-accordion-item-title-header'><div class=\"e-n-accordion-item-title-text\"> Recursos editados por entidades Down <\/div><\/span>\n\t\t\t\t\t\t\t<span class='e-n-accordion-item-title-icon'>\n\t\t\t<span class='e-opened' ><svg aria-hidden=\"true\" class=\"e-font-icon-svg e-fas-arrow-up\" viewBox=\"0 0 448 512\" xmlns=\"http:\/\/www.w3.org\/2000\/svg\"><path d=\"M34.9 289.5l-22.2-22.2c-9.4-9.4-9.4-24.6 0-33.9L207 39c9.4-9.4 24.6-9.4 33.9 0l194.3 194.3c9.4 9.4 9.4 24.6 0 33.9L413 289.4c-9.5 9.5-25 9.3-34.3-.4L264 168.6V456c0 13.3-10.7 24-24 24h-32c-13.3 0-24-10.7-24-24V168.6L69.2 289.1c-9.3 9.8-24.8 10-34.3.4z\"><\/path><\/svg><\/span>\n\t\t\t<span class='e-closed'><svg aria-hidden=\"true\" class=\"e-font-icon-svg e-fas-arrow-down\" viewBox=\"0 0 448 512\" xmlns=\"http:\/\/www.w3.org\/2000\/svg\"><path d=\"M413.1 222.5l22.2 22.2c9.4 9.4 9.4 24.6 0 33.9L241 473c-9.4 9.4-24.6 9.4-33.9 0L12.7 278.6c-9.4-9.4-9.4-24.6 0-33.9l22.2-22.2c9.5-9.5 25-9.3 34.3.4L184 343.4V56c0-13.3 10.7-24 24-24h32c13.3 0 24 10.7 24 24v287.4l114.8-120.5c9.3-9.8 24.8-10 34.3-.4z\"><\/path><\/svg><\/span>\n\t\t<\/span>\n\n\t\t\t\t\t\t<\/summary>\n\t\t\t\t<div role=\"region\" aria-labelledby=\"e-n-accordion-item-7160\" class=\"elementor-element elementor-element-8df2f79 e-con-full e-flex e-con e-child\" data-id=\"8df2f79\" data-element_type=\"container\">\n\t\t<div role=\"region\" aria-labelledby=\"e-n-accordion-item-7160\" class=\"elementor-element elementor-element-01ef683 e-flex e-con-boxed e-con e-child\" data-id=\"01ef683\" data-element_type=\"container\">\n\t\t\t\t\t<div class=\"e-con-inner\">\n\t\t\t\t<div class=\"elementor-element elementor-element-a7f4d41 elementor-icon-list--layout-traditional elementor-list-item-link-full_width elementor-widget elementor-widget-icon-list\" data-id=\"a7f4d41\" data-element_type=\"widget\" data-widget_type=\"icon-list.default\">\n\t\t\t\t<div class=\"elementor-widget-container\">\n\t\t\t\t\t\t\t<ul class=\"elementor-icon-list-items\">\n\t\t\t\t\t\t\t<li class=\"elementor-icon-list-item\">\n\t\t\t\t\t\t\t\t\t\t\t<a href=\"https:\/\/youtu.be\/wov5BIVmlXw\" target=\"_blank\">\n\n\t\t\t\t\t\t\t\t\t\t\t\t<span class=\"elementor-icon-list-icon\">\n\t\t\t\t\t\t\t<svg aria-hidden=\"true\" class=\"e-font-icon-svg e-fas-cloud-download-alt\" viewBox=\"0 0 640 512\" xmlns=\"http:\/\/www.w3.org\/2000\/svg\"><path d=\"M537.6 226.6c4.1-10.7 6.4-22.4 6.4-34.6 0-53-43-96-96-96-19.7 0-38.1 6-53.3 16.2C367 64.2 315.3 32 256 32c-88.4 0-160 71.6-160 160 0 2.7.1 5.4.2 8.1C40.2 219.8 0 273.2 0 336c0 79.5 64.5 144 144 144h368c70.7 0 128-57.3 128-128 0-61.9-44-113.6-102.4-125.4zm-132.9 88.7L299.3 420.7c-6.2 6.2-16.4 6.2-22.6 0L171.3 315.3c-10.1-10.1-2.9-27.3 11.3-27.3H248V176c0-8.8 7.2-16 16-16h48c8.8 0 16 7.2 16 16v112h65.4c14.2 0 21.4 17.2 11.3 27.3z\"><\/path><\/svg>\t\t\t\t\t\t<\/span>\n\t\t\t\t\t\t\t\t\t\t<span class=\"elementor-icon-list-text\">V\u00eddeo divulgativo \u201cS\u00edndrome de Down \u2013 Gu\u00eda r\u00e1pida\u201d<\/span>\n\t\t\t\t\t\t\t\t\t\t\t<\/a>\n\t\t\t\t\t\t\t\t\t<\/li>\n\t\t\t\t\t\t\t\t<li class=\"elementor-icon-list-item\">\n\t\t\t\t\t\t\t\t\t\t\t<a href=\"https:\/\/youtu.be\/-4w1-POffSU\" target=\"_blank\">\n\n\t\t\t\t\t\t\t\t\t\t\t\t<span class=\"elementor-icon-list-icon\">\n\t\t\t\t\t\t\t<svg aria-hidden=\"true\" class=\"e-font-icon-svg e-fas-cloud-download-alt\" viewBox=\"0 0 640 512\" xmlns=\"http:\/\/www.w3.org\/2000\/svg\"><path d=\"M537.6 226.6c4.1-10.7 6.4-22.4 6.4-34.6 0-53-43-96-96-96-19.7 0-38.1 6-53.3 16.2C367 64.2 315.3 32 256 32c-88.4 0-160 71.6-160 160 0 2.7.1 5.4.2 8.1C40.2 219.8 0 273.2 0 336c0 79.5 64.5 144 144 144h368c70.7 0 128-57.3 128-128 0-61.9-44-113.6-102.4-125.4zm-132.9 88.7L299.3 420.7c-6.2 6.2-16.4 6.2-22.6 0L171.3 315.3c-10.1-10.1-2.9-27.3 11.3-27.3H248V176c0-8.8 7.2-16 16-16h48c8.8 0 16 7.2 16 16v112h65.4c14.2 0 21.4 17.2 11.3 27.3z\"><\/path><\/svg>\t\t\t\t\t\t<\/span>\n\t\t\t\t\t\t\t\t\t\t<span class=\"elementor-icon-list-text\">Cromocuento \u2013 S\u00edndrome de Down explicado para ni\u00f1os y ni\u00f1as<\/span>\n\t\t\t\t\t\t\t\t\t\t\t<\/a>\n\t\t\t\t\t\t\t\t\t<\/li>\n\t\t\t\t\t\t\t\t<li class=\"elementor-icon-list-item\">\n\t\t\t\t\t\t\t\t\t\t\t<a href=\"\/wp-content\/uploads\/2024\/10\/Guia-Lectura-Facil_Edicion-2023_gl.pdf\" target=\"_blank\">\n\n\t\t\t\t\t\t\t\t\t\t\t\t<span class=\"elementor-icon-list-icon\">\n\t\t\t\t\t\t\t<svg aria-hidden=\"true\" class=\"e-font-icon-svg e-fas-cloud-download-alt\" viewBox=\"0 0 640 512\" xmlns=\"http:\/\/www.w3.org\/2000\/svg\"><path d=\"M537.6 226.6c4.1-10.7 6.4-22.4 6.4-34.6 0-53-43-96-96-96-19.7 0-38.1 6-53.3 16.2C367 64.2 315.3 32 256 32c-88.4 0-160 71.6-160 160 0 2.7.1 5.4.2 8.1C40.2 219.8 0 273.2 0 336c0 79.5 64.5 144 144 144h368c70.7 0 128-57.3 128-128 0-61.9-44-113.6-102.4-125.4zm-132.9 88.7L299.3 420.7c-6.2 6.2-16.4 6.2-22.6 0L171.3 315.3c-10.1-10.1-2.9-27.3 11.3-27.3H248V176c0-8.8 7.2-16 16-16h48c8.8 0 16 7.2 16 16v112h65.4c14.2 0 21.4 17.2 11.3 27.3z\"><\/path><\/svg>\t\t\t\t\t\t<\/span>\n\t\t\t\t\t\t\t\t\t\t<span class=\"elementor-icon-list-text\">Gu\u00eda de lectura f\u00e1cil: normas y recomendaciones<\/span>\n\t\t\t\t\t\t\t\t\t\t\t<\/a>\n\t\t\t\t\t\t\t\t\t<\/li>\n\t\t\t\t\t\t\t\t<li class=\"elementor-icon-list-item\">\n\t\t\t\t\t\t\t\t\t\t\t<a href=\"http:\/\/www.sindromedown.net\/wp-content\/uploads\/2014\/09\/129L_lectura.pdf\" target=\"_blank\">\n\n\t\t\t\t\t\t\t\t\t\t\t\t<span class=\"elementor-icon-list-icon\">\n\t\t\t\t\t\t\t<svg aria-hidden=\"true\" class=\"e-font-icon-svg e-fas-cloud-download-alt\" viewBox=\"0 0 640 512\" xmlns=\"http:\/\/www.w3.org\/2000\/svg\"><path d=\"M537.6 226.6c4.1-10.7 6.4-22.4 6.4-34.6 0-53-43-96-96-96-19.7 0-38.1 6-53.3 16.2C367 64.2 315.3 32 256 32c-88.4 0-160 71.6-160 160 0 2.7.1 5.4.2 8.1C40.2 219.8 0 273.2 0 336c0 79.5 64.5 144 144 144h368c70.7 0 128-57.3 128-128 0-61.9-44-113.6-102.4-125.4zm-132.9 88.7L299.3 420.7c-6.2 6.2-16.4 6.2-22.6 0L171.3 315.3c-10.1-10.1-2.9-27.3 11.3-27.3H248V176c0-8.8 7.2-16 16-16h48c8.8 0 16 7.2 16 16v112h65.4c14.2 0 21.4 17.2 11.3 27.3z\"><\/path><\/svg>\t\t\t\t\t\t<\/span>\n\t\t\t\t\t\t\t\t\t\t<span class=\"elementor-icon-list-text\">Lectura f\u00e1cil: Puerta de acceso a la informaci\u00f3n, el conocimiento y la cultura<\/span>\n\t\t\t\t\t\t\t\t\t\t\t<\/a>\n\t\t\t\t\t\t\t\t\t<\/li>\n\t\t\t\t\t\t\t\t<li class=\"elementor-icon-list-item\">\n\t\t\t\t\t\t\t\t\t\t\t<a href=\"\/wp-content\/uploads\/2024\/10\/Guia-de-estilo-Down-Galicia.pdf\" target=\"_blank\">\n\n\t\t\t\t\t\t\t\t\t\t\t\t<span class=\"elementor-icon-list-icon\">\n\t\t\t\t\t\t\t<svg aria-hidden=\"true\" class=\"e-font-icon-svg e-fas-cloud-download-alt\" viewBox=\"0 0 640 512\" xmlns=\"http:\/\/www.w3.org\/2000\/svg\"><path d=\"M537.6 226.6c4.1-10.7 6.4-22.4 6.4-34.6 0-53-43-96-96-96-19.7 0-38.1 6-53.3 16.2C367 64.2 315.3 32 256 32c-88.4 0-160 71.6-160 160 0 2.7.1 5.4.2 8.1C40.2 219.8 0 273.2 0 336c0 79.5 64.5 144 144 144h368c70.7 0 128-57.3 128-128 0-61.9-44-113.6-102.4-125.4zm-132.9 88.7L299.3 420.7c-6.2 6.2-16.4 6.2-22.6 0L171.3 315.3c-10.1-10.1-2.9-27.3 11.3-27.3H248V176c0-8.8 7.2-16 16-16h48c8.8 0 16 7.2 16 16v112h65.4c14.2 0 21.4 17.2 11.3 27.3z\"><\/path><\/svg>\t\t\t\t\t\t<\/span>\n\t\t\t\t\t\t\t\t\t\t<span class=\"elementor-icon-list-text\">Gu\u00eda de estilo sobre el s\u00edndrome de Down<\/span>\n\t\t\t\t\t\t\t\t\t\t\t<\/a>\n\t\t\t\t\t\t\t\t\t<\/li>\n\t\t\t\t\t\t\t\t<li class=\"elementor-icon-list-item\">\n\t\t\t\t\t\t\t\t\t\t\t<a href=\"http:\/\/www.sindromedown.net\/wp-content\/uploads\/2015\/04\/Orientaciones-para-el-apoyo-a-la-inclusion-educativa.pdf\" target=\"_blank\">\n\n\t\t\t\t\t\t\t\t\t\t\t\t<span class=\"elementor-icon-list-icon\">\n\t\t\t\t\t\t\t<svg aria-hidden=\"true\" class=\"e-font-icon-svg e-fas-cloud-download-alt\" viewBox=\"0 0 640 512\" xmlns=\"http:\/\/www.w3.org\/2000\/svg\"><path d=\"M537.6 226.6c4.1-10.7 6.4-22.4 6.4-34.6 0-53-43-96-96-96-19.7 0-38.1 6-53.3 16.2C367 64.2 315.3 32 256 32c-88.4 0-160 71.6-160 160 0 2.7.1 5.4.2 8.1C40.2 219.8 0 273.2 0 336c0 79.5 64.5 144 144 144h368c70.7 0 128-57.3 128-128 0-61.9-44-113.6-102.4-125.4zm-132.9 88.7L299.3 420.7c-6.2 6.2-16.4 6.2-22.6 0L171.3 315.3c-10.1-10.1-2.9-27.3 11.3-27.3H248V176c0-8.8 7.2-16 16-16h48c8.8 0 16 7.2 16 16v112h65.4c14.2 0 21.4 17.2 11.3 27.3z\"><\/path><\/svg>\t\t\t\t\t\t<\/span>\n\t\t\t\t\t\t\t\t\t\t<span class=\"elementor-icon-list-text\">Orientaciones para el apoyo a la inclusi\u00f3n educativa<\/span>\n\t\t\t\t\t\t\t\t\t\t\t<\/a>\n\t\t\t\t\t\t\t\t\t<\/li>\n\t\t\t\t\t\t\t\t<li class=\"elementor-icon-list-item\">\n\t\t\t\t\t\t\t\t\t\t\t<a href=\"http:\/\/www.sindromedown.net\/wp-content\/uploads\/2017\/01\/Claves-de-apoyo-a-ni--os-con-s--ndrome-de-Down-en-el-aula-de-educacion-infantil-1.pdf\" target=\"_blank\">\n\n\t\t\t\t\t\t\t\t\t\t\t\t<span class=\"elementor-icon-list-icon\">\n\t\t\t\t\t\t\t<svg aria-hidden=\"true\" class=\"e-font-icon-svg e-fas-cloud-download-alt\" viewBox=\"0 0 640 512\" xmlns=\"http:\/\/www.w3.org\/2000\/svg\"><path d=\"M537.6 226.6c4.1-10.7 6.4-22.4 6.4-34.6 0-53-43-96-96-96-19.7 0-38.1 6-53.3 16.2C367 64.2 315.3 32 256 32c-88.4 0-160 71.6-160 160 0 2.7.1 5.4.2 8.1C40.2 219.8 0 273.2 0 336c0 79.5 64.5 144 144 144h368c70.7 0 128-57.3 128-128 0-61.9-44-113.6-102.4-125.4zm-132.9 88.7L299.3 420.7c-6.2 6.2-16.4 6.2-22.6 0L171.3 315.3c-10.1-10.1-2.9-27.3 11.3-27.3H248V176c0-8.8 7.2-16 16-16h48c8.8 0 16 7.2 16 16v112h65.4c14.2 0 21.4 17.2 11.3 27.3z\"><\/path><\/svg>\t\t\t\t\t\t<\/span>\n\t\t\t\t\t\t\t\t\t\t<span class=\"elementor-icon-list-text\">Claves de apoyo a ni\u00f1os con s\u00edndrome de Down en el aula de educaci\u00f3n infantil<\/span>\n\t\t\t\t\t\t\t\t\t\t\t<\/a>\n\t\t\t\t\t\t\t\t\t<\/li>\n\t\t\t\t\t\t\t\t<li class=\"elementor-icon-list-item\">\n\t\t\t\t\t\t\t\t\t\t\t<a href=\"https:\/\/creamosinclusion.com\/educacion-inclusiva\/\" target=\"_blank\">\n\n\t\t\t\t\t\t\t\t\t\t\t\t<span class=\"elementor-icon-list-icon\">\n\t\t\t\t\t\t\t<svg aria-hidden=\"true\" class=\"e-font-icon-svg e-fas-cloud-download-alt\" viewBox=\"0 0 640 512\" xmlns=\"http:\/\/www.w3.org\/2000\/svg\"><path d=\"M537.6 226.6c4.1-10.7 6.4-22.4 6.4-34.6 0-53-43-96-96-96-19.7 0-38.1 6-53.3 16.2C367 64.2 315.3 32 256 32c-88.4 0-160 71.6-160 160 0 2.7.1 5.4.2 8.1C40.2 219.8 0 273.2 0 336c0 79.5 64.5 144 144 144h368c70.7 0 128-57.3 128-128 0-61.9-44-113.6-102.4-125.4zm-132.9 88.7L299.3 420.7c-6.2 6.2-16.4 6.2-22.6 0L171.3 315.3c-10.1-10.1-2.9-27.3 11.3-27.3H248V176c0-8.8 7.2-16 16-16h48c8.8 0 16 7.2 16 16v112h65.4c14.2 0 21.4 17.2 11.3 27.3z\"><\/path><\/svg>\t\t\t\t\t\t<\/span>\n\t\t\t\t\t\t\t\t\t\t<span class=\"elementor-icon-list-text\">Proyecto \u201cCreamos Inclusi\u00f3n\u201d<\/span>\n\t\t\t\t\t\t\t\t\t\t\t<\/a>\n\t\t\t\t\t\t\t\t\t<\/li>\n\t\t\t\t\t\t<\/ul>\n\t\t\t\t\t\t<\/div>\n\t\t\t\t<\/div>\n\t\t\t\t\t<\/div>\n\t\t\t\t<\/div>\n\t\t\t\t<\/div>\n\t\t\t\t\t<\/details>\n\t\t\t\t\t\t<details id=\"e-n-accordion-item-7161\" class=\"e-n-accordion-item\" >\n\t\t\t\t<summary class=\"e-n-accordion-item-title\" data-accordion-index=\"2\" tabindex=\"-1\" aria-expanded=\"false\" aria-controls=\"e-n-accordion-item-7161\" >\n\t\t\t\t\t<span class='e-n-accordion-item-title-header'><div class=\"e-n-accordion-item-title-text\"> Recursos editados por outros axentes <\/div><\/span>\n\t\t\t\t\t\t\t<span class='e-n-accordion-item-title-icon'>\n\t\t\t<span class='e-opened' ><svg aria-hidden=\"true\" class=\"e-font-icon-svg e-fas-arrow-up\" viewBox=\"0 0 448 512\" xmlns=\"http:\/\/www.w3.org\/2000\/svg\"><path d=\"M34.9 289.5l-22.2-22.2c-9.4-9.4-9.4-24.6 0-33.9L207 39c9.4-9.4 24.6-9.4 33.9 0l194.3 194.3c9.4 9.4 9.4 24.6 0 33.9L413 289.4c-9.5 9.5-25 9.3-34.3-.4L264 168.6V456c0 13.3-10.7 24-24 24h-32c-13.3 0-24-10.7-24-24V168.6L69.2 289.1c-9.3 9.8-24.8 10-34.3.4z\"><\/path><\/svg><\/span>\n\t\t\t<span class='e-closed'><svg aria-hidden=\"true\" class=\"e-font-icon-svg e-fas-arrow-down\" viewBox=\"0 0 448 512\" xmlns=\"http:\/\/www.w3.org\/2000\/svg\"><path d=\"M413.1 222.5l22.2 22.2c9.4 9.4 9.4 24.6 0 33.9L241 473c-9.4 9.4-24.6 9.4-33.9 0L12.7 278.6c-9.4-9.4-9.4-24.6 0-33.9l22.2-22.2c9.5-9.5 25-9.3 34.3.4L184 343.4V56c0-13.3 10.7-24 24-24h32c13.3 0 24 10.7 24 24v287.4l114.8-120.5c9.3-9.8 24.8-10 34.3-.4z\"><\/path><\/svg><\/span>\n\t\t<\/span>\n\n\t\t\t\t\t\t<\/summary>\n\t\t\t\t<div role=\"region\" aria-labelledby=\"e-n-accordion-item-7161\" class=\"elementor-element elementor-element-f6df674 e-con-full e-flex e-con e-child\" data-id=\"f6df674\" data-element_type=\"container\">\n\t\t<div role=\"region\" aria-labelledby=\"e-n-accordion-item-7161\" class=\"elementor-element elementor-element-cb24811 e-flex e-con-boxed e-con e-child\" data-id=\"cb24811\" data-element_type=\"container\">\n\t\t\t\t\t<div class=\"e-con-inner\">\n\t\t\t\t<div class=\"elementor-element elementor-element-3b097a1 elementor-icon-list--layout-traditional elementor-list-item-link-full_width elementor-widget elementor-widget-icon-list\" data-id=\"3b097a1\" data-element_type=\"widget\" data-widget_type=\"icon-list.default\">\n\t\t\t\t<div class=\"elementor-widget-container\">\n\t\t\t\t\t\t\t<ul class=\"elementor-icon-list-items\">\n\t\t\t\t\t\t\t<li class=\"elementor-icon-list-item\">\n\t\t\t\t\t\t\t\t\t\t\t<a href=\"\/wp-content\/uploads\/2024\/10\/protocolo_down_galicia_definitivo.pdf\" target=\"_blank\">\n\n\t\t\t\t\t\t\t\t\t\t\t\t<span class=\"elementor-icon-list-icon\">\n\t\t\t\t\t\t\t<svg aria-hidden=\"true\" class=\"e-font-icon-svg e-fas-cloud-download-alt\" viewBox=\"0 0 640 512\" xmlns=\"http:\/\/www.w3.org\/2000\/svg\"><path d=\"M537.6 226.6c4.1-10.7 6.4-22.4 6.4-34.6 0-53-43-96-96-96-19.7 0-38.1 6-53.3 16.2C367 64.2 315.3 32 256 32c-88.4 0-160 71.6-160 160 0 2.7.1 5.4.2 8.1C40.2 219.8 0 273.2 0 336c0 79.5 64.5 144 144 144h368c70.7 0 128-57.3 128-128 0-61.9-44-113.6-102.4-125.4zm-132.9 88.7L299.3 420.7c-6.2 6.2-16.4 6.2-22.6 0L171.3 315.3c-10.1-10.1-2.9-27.3 11.3-27.3H248V176c0-8.8 7.2-16 16-16h48c8.8 0 16 7.2 16 16v112h65.4c14.2 0 21.4 17.2 11.3 27.3z\"><\/path><\/svg>\t\t\t\t\t\t<\/span>\n\t\t\t\t\t\t\t\t\t\t<span class=\"elementor-icon-list-text\">Protocolo para la atenci\u00f3n educativa del alumnado con s\u00edndrome de Down y\/o discapacidad intelectual<\/span>\n\t\t\t\t\t\t\t\t\t\t\t<\/a>\n\t\t\t\t\t\t\t\t\t<\/li>\n\t\t\t\t\t\t\t\t<li class=\"elementor-icon-list-item\">\n\t\t\t\t\t\t\t\t\t\t\t<a href=\"\/wp-content\/uploads\/2024\/10\/Guia-para-la-Educacion-Inclusiva.pdf\" target=\"_blank\">\n\n\t\t\t\t\t\t\t\t\t\t\t\t<span class=\"elementor-icon-list-icon\">\n\t\t\t\t\t\t\t<svg aria-hidden=\"true\" class=\"e-font-icon-svg e-fas-cloud-download-alt\" viewBox=\"0 0 640 512\" xmlns=\"http:\/\/www.w3.org\/2000\/svg\"><path d=\"M537.6 226.6c4.1-10.7 6.4-22.4 6.4-34.6 0-53-43-96-96-96-19.7 0-38.1 6-53.3 16.2C367 64.2 315.3 32 256 32c-88.4 0-160 71.6-160 160 0 2.7.1 5.4.2 8.1C40.2 219.8 0 273.2 0 336c0 79.5 64.5 144 144 144h368c70.7 0 128-57.3 128-128 0-61.9-44-113.6-102.4-125.4zm-132.9 88.7L299.3 420.7c-6.2 6.2-16.4 6.2-22.6 0L171.3 315.3c-10.1-10.1-2.9-27.3 11.3-27.3H248V176c0-8.8 7.2-16 16-16h48c8.8 0 16 7.2 16 16v112h65.4c14.2 0 21.4 17.2 11.3 27.3z\"><\/path><\/svg>\t\t\t\t\t\t<\/span>\n\t\t\t\t\t\t\t\t\t\t<span class=\"elementor-icon-list-text\">Gu\u00eda para la educaci\u00f3n inclusiva<\/span>\n\t\t\t\t\t\t\t\t\t\t\t<\/a>\n\t\t\t\t\t\t\t\t\t<\/li>\n\t\t\t\t\t\t\t\t<li class=\"elementor-icon-list-item\">\n\t\t\t\t\t\t\t\t\t\t\t<a href=\"https:\/\/www.casadellibro.com\/libro-diseno-universal-para-el-aprendizaje-educacion-para-todos-y-practicas-de-ensenanza-inclusivas\/9788471128317\/4852705\" target=\"_blank\">\n\n\t\t\t\t\t\t\t\t\t\t\t\t<span class=\"elementor-icon-list-icon\">\n\t\t\t\t\t\t\t<svg aria-hidden=\"true\" class=\"e-font-icon-svg e-fas-cloud-download-alt\" viewBox=\"0 0 640 512\" xmlns=\"http:\/\/www.w3.org\/2000\/svg\"><path d=\"M537.6 226.6c4.1-10.7 6.4-22.4 6.4-34.6 0-53-43-96-96-96-19.7 0-38.1 6-53.3 16.2C367 64.2 315.3 32 256 32c-88.4 0-160 71.6-160 160 0 2.7.1 5.4.2 8.1C40.2 219.8 0 273.2 0 336c0 79.5 64.5 144 144 144h368c70.7 0 128-57.3 128-128 0-61.9-44-113.6-102.4-125.4zm-132.9 88.7L299.3 420.7c-6.2 6.2-16.4 6.2-22.6 0L171.3 315.3c-10.1-10.1-2.9-27.3 11.3-27.3H248V176c0-8.8 7.2-16 16-16h48c8.8 0 16 7.2 16 16v112h65.4c14.2 0 21.4 17.2 11.3 27.3z\"><\/path><\/svg>\t\t\t\t\t\t<\/span>\n\t\t\t\t\t\t\t\t\t\t<span class=\"elementor-icon-list-text\">Dise\u00f1o Universal para el Aprendizaje. Educaci\u00f3n para todos y pr\u00e1cticas de ense\u00f1anza inclusivas. Carmen Alba Pastor (2016)<\/span>\n\t\t\t\t\t\t\t\t\t\t\t<\/a>\n\t\t\t\t\t\t\t\t\t<\/li>\n\t\t\t\t\t\t<\/ul>\n\t\t\t\t\t\t<\/div>\n\t\t\t\t<\/div>\n\t\t\t\t\t<\/div>\n\t\t\t\t<\/div>\n\t\t\t\t<\/div>\n\t\t\t\t\t<\/details>\n\t\t\t\t\t<\/div>\n\t\t\t\t\t\t<\/div>\n\t\t\t\t<\/div>\n\t\t\t\t<\/div>\n\t\t<div class=\"elementor-element elementor-element-5aad69f e-con-full e-flex e-con e-parent\" data-id=\"5aad69f\" data-element_type=\"container\">\n\t\t\t\t<div class=\"elementor-element elementor-element-20aba77 elementor-widget elementor-widget-heading\" data-id=\"20aba77\" data-element_type=\"widget\" data-widget_type=\"heading.default\">\n\t\t\t\t<div class=\"elementor-widget-container\">\n\t\t\t\t\t<p class=\"elementor-heading-title elementor-size-default\"><strong>Documentaci\u00f3n complementaria:<\/strong><\/p>\t\t\t\t<\/div>\n\t\t\t\t<\/div>\n\t\t\t\t<div class=\"elementor-element elementor-element-d0bc34d elementor-widget elementor-widget-n-accordion\" data-id=\"d0bc34d\" data-element_type=\"widget\" data-settings=\"{&quot;default_state&quot;:&quot;all_collapsed&quot;,&quot;max_items_expended&quot;:&quot;multiple&quot;,&quot;n_accordion_animation_duration&quot;:{&quot;unit&quot;:&quot;ms&quot;,&quot;size&quot;:400,&quot;sizes&quot;:[]}}\" data-widget_type=\"nested-accordion.default\">\n\t\t\t\t<div class=\"elementor-widget-container\">\n\t\t\t\t\t\t\t<div class=\"e-n-accordion\" aria-label=\"Accordion. Open links with Enter or Space, close with Escape, and navigate with Arrow Keys\">\n\t\t\t\t\t\t<details id=\"e-n-accordion-item-2180\" class=\"e-n-accordion-item\" >\n\t\t\t\t<summary class=\"e-n-accordion-item-title\" data-accordion-index=\"1\" tabindex=\"0\" aria-expanded=\"false\" aria-controls=\"e-n-accordion-item-2180\" >\n\t\t\t\t\t<span class='e-n-accordion-item-title-header'><div class=\"e-n-accordion-item-title-text\"> Recursos editados por entidades Down <\/div><\/span>\n\t\t\t\t\t\t\t<span class='e-n-accordion-item-title-icon'>\n\t\t\t<span class='e-opened' ><svg aria-hidden=\"true\" class=\"e-font-icon-svg e-fas-arrow-up\" viewBox=\"0 0 448 512\" xmlns=\"http:\/\/www.w3.org\/2000\/svg\"><path d=\"M34.9 289.5l-22.2-22.2c-9.4-9.4-9.4-24.6 0-33.9L207 39c9.4-9.4 24.6-9.4 33.9 0l194.3 194.3c9.4 9.4 9.4 24.6 0 33.9L413 289.4c-9.5 9.5-25 9.3-34.3-.4L264 168.6V456c0 13.3-10.7 24-24 24h-32c-13.3 0-24-10.7-24-24V168.6L69.2 289.1c-9.3 9.8-24.8 10-34.3.4z\"><\/path><\/svg><\/span>\n\t\t\t<span class='e-closed'><svg aria-hidden=\"true\" class=\"e-font-icon-svg e-fas-arrow-down\" viewBox=\"0 0 448 512\" xmlns=\"http:\/\/www.w3.org\/2000\/svg\"><path d=\"M413.1 222.5l22.2 22.2c9.4 9.4 9.4 24.6 0 33.9L241 473c-9.4 9.4-24.6 9.4-33.9 0L12.7 278.6c-9.4-9.4-9.4-24.6 0-33.9l22.2-22.2c9.5-9.5 25-9.3 34.3.4L184 343.4V56c0-13.3 10.7-24 24-24h32c13.3 0 24 10.7 24 24v287.4l114.8-120.5c9.3-9.8 24.8-10 34.3-.4z\"><\/path><\/svg><\/span>\n\t\t<\/span>\n\n\t\t\t\t\t\t<\/summary>\n\t\t\t\t<div role=\"region\" aria-labelledby=\"e-n-accordion-item-2180\" class=\"elementor-element elementor-element-71e1183 e-con-full e-flex e-con e-child\" data-id=\"71e1183\" data-element_type=\"container\">\n\t\t<div role=\"region\" aria-labelledby=\"e-n-accordion-item-2180\" class=\"elementor-element elementor-element-74ed929 e-flex e-con-boxed e-con e-child\" data-id=\"74ed929\" data-element_type=\"container\">\n\t\t\t\t\t<div class=\"e-con-inner\">\n\t\t\t\t<div class=\"elementor-element elementor-element-fecc03f elementor-icon-list--layout-traditional elementor-list-item-link-full_width elementor-widget elementor-widget-icon-list\" data-id=\"fecc03f\" data-element_type=\"widget\" data-widget_type=\"icon-list.default\">\n\t\t\t\t<div class=\"elementor-widget-container\">\n\t\t\t\t\t\t\t<ul class=\"elementor-icon-list-items\">\n\t\t\t\t\t\t\t<li class=\"elementor-icon-list-item\">\n\t\t\t\t\t\t\t\t\t\t\t<a href=\"https:\/\/downgalicia.org\/wp-content\/uploads\/2026\/02\/Guia-orientacion-2026_es.pdf\" target=\"_blank\">\n\n\t\t\t\t\t\t\t\t\t\t\t\t<span class=\"elementor-icon-list-icon\">\n\t\t\t\t\t\t\t<svg aria-hidden=\"true\" class=\"e-font-icon-svg e-fas-cloud-download-alt\" viewBox=\"0 0 640 512\" xmlns=\"http:\/\/www.w3.org\/2000\/svg\"><path d=\"M537.6 226.6c4.1-10.7 6.4-22.4 6.4-34.6 0-53-43-96-96-96-19.7 0-38.1 6-53.3 16.2C367 64.2 315.3 32 256 32c-88.4 0-160 71.6-160 160 0 2.7.1 5.4.2 8.1C40.2 219.8 0 273.2 0 336c0 79.5 64.5 144 144 144h368c70.7 0 128-57.3 128-128 0-61.9-44-113.6-102.4-125.4zm-132.9 88.7L299.3 420.7c-6.2 6.2-16.4 6.2-22.6 0L171.3 315.3c-10.1-10.1-2.9-27.3 11.3-27.3H248V176c0-8.8 7.2-16 16-16h48c8.8 0 16 7.2 16 16v112h65.4c14.2 0 21.4 17.2 11.3 27.3z\"><\/path><\/svg>\t\t\t\t\t\t<\/span>\n\t\t\t\t\t\t\t\t\t\t<span class=\"elementor-icon-list-text\">Gu\u00eda de orientaci\u00f3n acad\u00e9mica y profesional para personas con s\u00edndrome de Down y\/o discapacidad intelectual<\/span>\n\t\t\t\t\t\t\t\t\t\t\t<\/a>\n\t\t\t\t\t\t\t\t\t<\/li>\n\t\t\t\t\t\t\t\t<li class=\"elementor-icon-list-item\">\n\t\t\t\t\t\t\t\t\t\t\t<a href=\"http:\/\/www.sindromedown.net\/wp-content\/uploads\/2014\/09\/156L_buenas.pdf\" target=\"_blank\">\n\n\t\t\t\t\t\t\t\t\t\t\t\t<span class=\"elementor-icon-list-icon\">\n\t\t\t\t\t\t\t<svg aria-hidden=\"true\" class=\"e-font-icon-svg e-fas-cloud-download-alt\" viewBox=\"0 0 640 512\" xmlns=\"http:\/\/www.w3.org\/2000\/svg\"><path d=\"M537.6 226.6c4.1-10.7 6.4-22.4 6.4-34.6 0-53-43-96-96-96-19.7 0-38.1 6-53.3 16.2C367 64.2 315.3 32 256 32c-88.4 0-160 71.6-160 160 0 2.7.1 5.4.2 8.1C40.2 219.8 0 273.2 0 336c0 79.5 64.5 144 144 144h368c70.7 0 128-57.3 128-128 0-61.9-44-113.6-102.4-125.4zm-132.9 88.7L299.3 420.7c-6.2 6.2-16.4 6.2-22.6 0L171.3 315.3c-10.1-10.1-2.9-27.3 11.3-27.3H248V176c0-8.8 7.2-16 16-16h48c8.8 0 16 7.2 16 16v112h65.4c14.2 0 21.4 17.2 11.3 27.3z\"><\/path><\/svg>\t\t\t\t\t\t<\/span>\n\t\t\t\t\t\t\t\t\t\t<span class=\"elementor-icon-list-text\">Buenas pr\u00e1cticas en inclusi\u00f3n educativa: las adaptaciones curriculares<\/span>\n\t\t\t\t\t\t\t\t\t\t\t<\/a>\n\t\t\t\t\t\t\t\t\t<\/li>\n\t\t\t\t\t\t<\/ul>\n\t\t\t\t\t\t<\/div>\n\t\t\t\t<\/div>\n\t\t\t\t\t<\/div>\n\t\t\t\t<\/div>\n\t\t\t\t<\/div>\n\t\t\t\t\t<\/details>\n\t\t\t\t\t\t<details id=\"e-n-accordion-item-2181\" class=\"e-n-accordion-item\" >\n\t\t\t\t<summary class=\"e-n-accordion-item-title\" data-accordion-index=\"2\" tabindex=\"-1\" aria-expanded=\"false\" aria-controls=\"e-n-accordion-item-2181\" >\n\t\t\t\t\t<span class='e-n-accordion-item-title-header'><div class=\"e-n-accordion-item-title-text\"> Recursos editados por outros axentes <\/div><\/span>\n\t\t\t\t\t\t\t<span class='e-n-accordion-item-title-icon'>\n\t\t\t<span class='e-opened' ><svg aria-hidden=\"true\" class=\"e-font-icon-svg e-fas-arrow-up\" viewBox=\"0 0 448 512\" xmlns=\"http:\/\/www.w3.org\/2000\/svg\"><path d=\"M34.9 289.5l-22.2-22.2c-9.4-9.4-9.4-24.6 0-33.9L207 39c9.4-9.4 24.6-9.4 33.9 0l194.3 194.3c9.4 9.4 9.4 24.6 0 33.9L413 289.4c-9.5 9.5-25 9.3-34.3-.4L264 168.6V456c0 13.3-10.7 24-24 24h-32c-13.3 0-24-10.7-24-24V168.6L69.2 289.1c-9.3 9.8-24.8 10-34.3.4z\"><\/path><\/svg><\/span>\n\t\t\t<span class='e-closed'><svg aria-hidden=\"true\" class=\"e-font-icon-svg e-fas-arrow-down\" viewBox=\"0 0 448 512\" xmlns=\"http:\/\/www.w3.org\/2000\/svg\"><path d=\"M413.1 222.5l22.2 22.2c9.4 9.4 9.4 24.6 0 33.9L241 473c-9.4 9.4-24.6 9.4-33.9 0L12.7 278.6c-9.4-9.4-9.4-24.6 0-33.9l22.2-22.2c9.5-9.5 25-9.3 34.3.4L184 343.4V56c0-13.3 10.7-24 24-24h32c13.3 0 24 10.7 24 24v287.4l114.8-120.5c9.3-9.8 24.8-10 34.3-.4z\"><\/path><\/svg><\/span>\n\t\t<\/span>\n\n\t\t\t\t\t\t<\/summary>\n\t\t\t\t<div role=\"region\" aria-labelledby=\"e-n-accordion-item-2181\" class=\"elementor-element elementor-element-3e25278 e-con-full e-flex e-con e-child\" data-id=\"3e25278\" data-element_type=\"container\">\n\t\t<div role=\"region\" aria-labelledby=\"e-n-accordion-item-2181\" class=\"elementor-element elementor-element-4558f8c e-flex e-con-boxed e-con e-child\" data-id=\"4558f8c\" data-element_type=\"container\">\n\t\t\t\t\t<div class=\"e-con-inner\">\n\t\t\t\t<div class=\"elementor-element elementor-element-c9d6f73 elementor-icon-list--layout-traditional elementor-list-item-link-full_width elementor-widget elementor-widget-icon-list\" data-id=\"c9d6f73\" data-element_type=\"widget\" data-widget_type=\"icon-list.default\">\n\t\t\t\t<div class=\"elementor-widget-container\">\n\t\t\t\t\t\t\t<ul class=\"elementor-icon-list-items\">\n\t\t\t\t\t\t\t<li class=\"elementor-icon-list-item\">\n\t\t\t\t\t\t\t\t\t\t\t<span class=\"elementor-icon-list-icon\">\n\t\t\t\t\t\t\t<svg aria-hidden=\"true\" class=\"e-font-icon-svg e-fas-file\" viewBox=\"0 0 384 512\" xmlns=\"http:\/\/www.w3.org\/2000\/svg\"><path d=\"M224 136V0H24C10.7 0 0 10.7 0 24v464c0 13.3 10.7 24 24 24h336c13.3 0 24-10.7 24-24V160H248c-13.2 0-24-10.8-24-24zm160-14.1v6.1H256V0h6.1c6.4 0 12.5 2.5 17 7l97.9 98c4.5 4.5 7 10.6 7 16.9z\"><\/path><\/svg>\t\t\t\t\t\t<\/span>\n\t\t\t\t\t\t\t\t\t\t<span class=\"elementor-icon-list-text\">Arnaiz, Pilar (2003): \u201cEducaci\u00f3n inclusiva: una escuela para todos\u201d<\/span>\n\t\t\t\t\t\t\t\t\t<\/li>\n\t\t\t\t\t\t\t\t<li class=\"elementor-icon-list-item\">\n\t\t\t\t\t\t\t\t\t\t\t<span class=\"elementor-icon-list-icon\">\n\t\t\t\t\t\t\t<svg aria-hidden=\"true\" class=\"e-font-icon-svg e-fas-file\" viewBox=\"0 0 384 512\" xmlns=\"http:\/\/www.w3.org\/2000\/svg\"><path d=\"M224 136V0H24C10.7 0 0 10.7 0 24v464c0 13.3 10.7 24 24 24h336c13.3 0 24-10.7 24-24V160H248c-13.2 0-24-10.8-24-24zm160-14.1v6.1H256V0h6.1c6.4 0 12.5 2.5 17 7l97.9 98c4.5 4.5 7 10.6 7 16.9z\"><\/path><\/svg>\t\t\t\t\t\t<\/span>\n\t\t\t\t\t\t\t\t\t\t<span class=\"elementor-icon-list-text\">Eche\u00edta, Gerardo (2006): \u201cEducaci\u00f3n para la inclusi\u00f3n o educaci\u00f3n sin exclusiones\u201d. Madrid: Narcea.<\/span>\n\t\t\t\t\t\t\t\t\t<\/li>\n\t\t\t\t\t\t\t\t<li class=\"elementor-icon-list-item\">\n\t\t\t\t\t\t\t\t\t\t\t<span class=\"elementor-icon-list-icon\">\n\t\t\t\t\t\t\t<svg aria-hidden=\"true\" class=\"e-font-icon-svg e-fas-file\" viewBox=\"0 0 384 512\" xmlns=\"http:\/\/www.w3.org\/2000\/svg\"><path d=\"M224 136V0H24C10.7 0 0 10.7 0 24v464c0 13.3 10.7 24 24 24h336c13.3 0 24-10.7 24-24V160H248c-13.2 0-24-10.8-24-24zm160-14.1v6.1H256V0h6.1c6.4 0 12.5 2.5 17 7l97.9 98c4.5 4.5 7 10.6 7 16.9z\"><\/path><\/svg>\t\t\t\t\t\t<\/span>\n\t\t\t\t\t\t\t\t\t\t<span class=\"elementor-icon-list-text\">Pujol\u00e0s, Pere (2001): \u201cAtenci\u00f3n a la diversidad y aprendizaje cooperativo en la educaci\u00f3n obligatoria. M\u00e1laga: Aljibe.<\/span>\n\t\t\t\t\t\t\t\t\t<\/li>\n\t\t\t\t\t\t\t\t<li class=\"elementor-icon-list-item\">\n\t\t\t\t\t\t\t\t\t\t\t<a href=\"https:\/\/escuelaconcerebro.wordpress.com\/2016\/09\/26\/aulas-inclusivas-reflejo-de-la-neurodiversidad-cerebral\/\" target=\"_blank\">\n\n\t\t\t\t\t\t\t\t\t\t\t\t<span class=\"elementor-icon-list-icon\">\n\t\t\t\t\t\t\t<svg aria-hidden=\"true\" class=\"e-font-icon-svg e-fas-cloud-download-alt\" viewBox=\"0 0 640 512\" xmlns=\"http:\/\/www.w3.org\/2000\/svg\"><path d=\"M537.6 226.6c4.1-10.7 6.4-22.4 6.4-34.6 0-53-43-96-96-96-19.7 0-38.1 6-53.3 16.2C367 64.2 315.3 32 256 32c-88.4 0-160 71.6-160 160 0 2.7.1 5.4.2 8.1C40.2 219.8 0 273.2 0 336c0 79.5 64.5 144 144 144h368c70.7 0 128-57.3 128-128 0-61.9-44-113.6-102.4-125.4zm-132.9 88.7L299.3 420.7c-6.2 6.2-16.4 6.2-22.6 0L171.3 315.3c-10.1-10.1-2.9-27.3 11.3-27.3H248V176c0-8.8 7.2-16 16-16h48c8.8 0 16 7.2 16 16v112h65.4c14.2 0 21.4 17.2 11.3 27.3z\"><\/path><\/svg>\t\t\t\t\t\t<\/span>\n\t\t\t\t\t\t\t\t\t\t<span class=\"elementor-icon-list-text\">Mart\u00ednez, M.J. y Redondo, J.L. (2016) Aulas inclusivas, reflejo de la neurodiversidad cerebral<\/span>\n\t\t\t\t\t\t\t\t\t\t\t<\/a>\n\t\t\t\t\t\t\t\t\t<\/li>\n\t\t\t\t\t\t\t\t<li class=\"elementor-icon-list-item\">\n\t\t\t\t\t\t\t\t\t\t\t<a href=\"https:\/\/www.educadua.es\/doc\/dua\/dua_pautas_intro_cv.pdf\" target=\"_blank\">\n\n\t\t\t\t\t\t\t\t\t\t\t\t<span class=\"elementor-icon-list-icon\">\n\t\t\t\t\t\t\t<svg aria-hidden=\"true\" class=\"e-font-icon-svg e-fas-cloud-download-alt\" viewBox=\"0 0 640 512\" xmlns=\"http:\/\/www.w3.org\/2000\/svg\"><path d=\"M537.6 226.6c4.1-10.7 6.4-22.4 6.4-34.6 0-53-43-96-96-96-19.7 0-38.1 6-53.3 16.2C367 64.2 315.3 32 256 32c-88.4 0-160 71.6-160 160 0 2.7.1 5.4.2 8.1C40.2 219.8 0 273.2 0 336c0 79.5 64.5 144 144 144h368c70.7 0 128-57.3 128-128 0-61.9-44-113.6-102.4-125.4zm-132.9 88.7L299.3 420.7c-6.2 6.2-16.4 6.2-22.6 0L171.3 315.3c-10.1-10.1-2.9-27.3 11.3-27.3H248V176c0-8.8 7.2-16 16-16h48c8.8 0 16 7.2 16 16v112h65.4c14.2 0 21.4 17.2 11.3 27.3z\"><\/path><\/svg>\t\t\t\t\t\t<\/span>\n\t\t\t\t\t\t\t\t\t\t<span class=\"elementor-icon-list-text\">Pastor, C.A., S\u00e1nchez, J.M., y Zubillaga, A. (2014). Dise\u00f1o Universal para el aprendizaje (DUA). Pautas para su introducci\u00f3n en el curr\u00edculo.<\/span>\n\t\t\t\t\t\t\t\t\t\t\t<\/a>\n\t\t\t\t\t\t\t\t\t<\/li>\n\t\t\t\t\t\t\t\t<li class=\"elementor-icon-list-item\">\n\t\t\t\t\t\t\t\t\t\t\t<a href=\"https:\/\/redined.mecd.gob.es\/xmlui\/bitstream\/handle\/11162\/190783\/Alba.pdf?sequence=1&#038;isAllowed=y\" target=\"_blank\">\n\n\t\t\t\t\t\t\t\t\t\t\t\t<span class=\"elementor-icon-list-icon\">\n\t\t\t\t\t\t\t<svg aria-hidden=\"true\" class=\"e-font-icon-svg e-fas-cloud-download-alt\" viewBox=\"0 0 640 512\" xmlns=\"http:\/\/www.w3.org\/2000\/svg\"><path d=\"M537.6 226.6c4.1-10.7 6.4-22.4 6.4-34.6 0-53-43-96-96-96-19.7 0-38.1 6-53.3 16.2C367 64.2 315.3 32 256 32c-88.4 0-160 71.6-160 160 0 2.7.1 5.4.2 8.1C40.2 219.8 0 273.2 0 336c0 79.5 64.5 144 144 144h368c70.7 0 128-57.3 128-128 0-61.9-44-113.6-102.4-125.4zm-132.9 88.7L299.3 420.7c-6.2 6.2-16.4 6.2-22.6 0L171.3 315.3c-10.1-10.1-2.9-27.3 11.3-27.3H248V176c0-8.8 7.2-16 16-16h48c8.8 0 16 7.2 16 16v112h65.4c14.2 0 21.4 17.2 11.3 27.3z\"><\/path><\/svg>\t\t\t\t\t\t<\/span>\n\t\t\t\t\t\t\t\t\t\t<span class=\"elementor-icon-list-text\">Pastor, C.A.,(2017). Dise\u00f1o Universal para el aprendizaje. Un modelo te\u00f3rico pr\u00e1ctico para una educaci\u00f3n inclusiva de calidad.<\/span>\n\t\t\t\t\t\t\t\t\t\t\t<\/a>\n\t\t\t\t\t\t\t\t\t<\/li>\n\t\t\t\t\t\t\t\t<li class=\"elementor-icon-list-item\">\n\t\t\t\t\t\t\t\t\t\t\t<a href=\"http:\/\/www.educadua.es\/doc\/dua\/dua_pautas_esquema_resumen.pdf\" target=\"_blank\">\n\n\t\t\t\t\t\t\t\t\t\t\t\t<span class=\"elementor-icon-list-icon\">\n\t\t\t\t\t\t\t<svg aria-hidden=\"true\" class=\"e-font-icon-svg e-fas-cloud-download-alt\" viewBox=\"0 0 640 512\" xmlns=\"http:\/\/www.w3.org\/2000\/svg\"><path d=\"M537.6 226.6c4.1-10.7 6.4-22.4 6.4-34.6 0-53-43-96-96-96-19.7 0-38.1 6-53.3 16.2C367 64.2 315.3 32 256 32c-88.4 0-160 71.6-160 160 0 2.7.1 5.4.2 8.1C40.2 219.8 0 273.2 0 336c0 79.5 64.5 144 144 144h368c70.7 0 128-57.3 128-128 0-61.9-44-113.6-102.4-125.4zm-132.9 88.7L299.3 420.7c-6.2 6.2-16.4 6.2-22.6 0L171.3 315.3c-10.1-10.1-2.9-27.3 11.3-27.3H248V176c0-8.8 7.2-16 16-16h48c8.8 0 16 7.2 16 16v112h65.4c14.2 0 21.4 17.2 11.3 27.3z\"><\/path><\/svg>\t\t\t\t\t\t<\/span>\n\t\t\t\t\t\t\t\t\t\t<span class=\"elementor-icon-list-text\">Pautas DUA, esquema \u2013 resumen (CAST, 2018)<\/span>\n\t\t\t\t\t\t\t\t\t\t\t<\/a>\n\t\t\t\t\t\t\t\t\t<\/li>\n\t\t\t\t\t\t\t\t<li class=\"elementor-icon-list-item\">\n\t\t\t\t\t\t\t\t\t\t\t<a href=\"http:\/\/www.inclusioneducativa.org\/content\/documents\/Escuelas_Para_Todos.pdf\" target=\"_blank\">\n\n\t\t\t\t\t\t\t\t\t\t\t\t<span class=\"elementor-icon-list-icon\">\n\t\t\t\t\t\t\t<svg aria-hidden=\"true\" class=\"e-font-icon-svg e-fas-cloud-download-alt\" viewBox=\"0 0 640 512\" xmlns=\"http:\/\/www.w3.org\/2000\/svg\"><path d=\"M537.6 226.6c4.1-10.7 6.4-22.4 6.4-34.6 0-53-43-96-96-96-19.7 0-38.1 6-53.3 16.2C367 64.2 315.3 32 256 32c-88.4 0-160 71.6-160 160 0 2.7.1 5.4.2 8.1C40.2 219.8 0 273.2 0 336c0 79.5 64.5 144 144 144h368c70.7 0 128-57.3 128-128 0-61.9-44-113.6-102.4-125.4zm-132.9 88.7L299.3 420.7c-6.2 6.2-16.4 6.2-22.6 0L171.3 315.3c-10.1-10.1-2.9-27.3 11.3-27.3H248V176c0-8.8 7.2-16 16-16h48c8.8 0 16 7.2 16 16v112h65.4c14.2 0 21.4 17.2 11.3 27.3z\"><\/path><\/svg>\t\t\t\t\t\t<\/span>\n\t\t\t\t\t\t\t\t\t\t<span class=\"elementor-icon-list-text\">Arn\u00e1iz, P. (1996). Las escuelas son para todos. Siglo Cero, 27(2), pp.25-34<\/span>\n\t\t\t\t\t\t\t\t\t\t\t<\/a>\n\t\t\t\t\t\t\t\t\t<\/li>\n\t\t\t\t\t\t\t\t<li class=\"elementor-icon-list-item\">\n\t\t\t\t\t\t\t\t\t\t\t<a href=\"https:\/\/www.antonioamarquez.com\/la-rueda-del-dua-recursos-para-derribar\/\" target=\"_blank\">\n\n\t\t\t\t\t\t\t\t\t\t\t\t<span class=\"elementor-icon-list-icon\">\n\t\t\t\t\t\t\t<svg aria-hidden=\"true\" class=\"e-font-icon-svg e-fas-cloud-download-alt\" viewBox=\"0 0 640 512\" xmlns=\"http:\/\/www.w3.org\/2000\/svg\"><path d=\"M537.6 226.6c4.1-10.7 6.4-22.4 6.4-34.6 0-53-43-96-96-96-19.7 0-38.1 6-53.3 16.2C367 64.2 315.3 32 256 32c-88.4 0-160 71.6-160 160 0 2.7.1 5.4.2 8.1C40.2 219.8 0 273.2 0 336c0 79.5 64.5 144 144 144h368c70.7 0 128-57.3 128-128 0-61.9-44-113.6-102.4-125.4zm-132.9 88.7L299.3 420.7c-6.2 6.2-16.4 6.2-22.6 0L171.3 315.3c-10.1-10.1-2.9-27.3 11.3-27.3H248V176c0-8.8 7.2-16 16-16h48c8.8 0 16 7.2 16 16v112h65.4c14.2 0 21.4 17.2 11.3 27.3z\"><\/path><\/svg>\t\t\t\t\t\t<\/span>\n\t\t\t\t\t\t\t\t\t\t<span class=\"elementor-icon-list-text\">M\u00e1rquez, A. (2020). La Rueda del DUA 2020: Actualizaci\u00f3n de recursos para derribar barreras a la participaci\u00f3n \u2013 Si es por el maestro nunca aprendo<\/span>\n\t\t\t\t\t\t\t\t\t\t\t<\/a>\n\t\t\t\t\t\t\t\t\t<\/li>\n\t\t\t\t\t\t\t\t<li class=\"elementor-icon-list-item\">\n\t\t\t\t\t\t\t\t\t\t\t<a href=\"https:\/\/www.casadellibro.com\/libro-educacion-inclusiva-el-sueno-de-una-noche-de-verano\/9788417667719\/10013312\" target=\"_blank\">\n\n\t\t\t\t\t\t\t\t\t\t\t\t<span class=\"elementor-icon-list-icon\">\n\t\t\t\t\t\t\t<svg aria-hidden=\"true\" class=\"e-font-icon-svg e-fas-cloud-download-alt\" viewBox=\"0 0 640 512\" xmlns=\"http:\/\/www.w3.org\/2000\/svg\"><path d=\"M537.6 226.6c4.1-10.7 6.4-22.4 6.4-34.6 0-53-43-96-96-96-19.7 0-38.1 6-53.3 16.2C367 64.2 315.3 32 256 32c-88.4 0-160 71.6-160 160 0 2.7.1 5.4.2 8.1C40.2 219.8 0 273.2 0 336c0 79.5 64.5 144 144 144h368c70.7 0 128-57.3 128-128 0-61.9-44-113.6-102.4-125.4zm-132.9 88.7L299.3 420.7c-6.2 6.2-16.4 6.2-22.6 0L171.3 315.3c-10.1-10.1-2.9-27.3 11.3-27.3H248V176c0-8.8 7.2-16 16-16h48c8.8 0 16 7.2 16 16v112h65.4c14.2 0 21.4 17.2 11.3 27.3z\"><\/path><\/svg>\t\t\t\t\t\t<\/span>\n\t\t\t\t\t\t\t\t\t\t<span class=\"elementor-icon-list-text\">Educaci\u00f3n inclusiva. El sue\u00f1o de una noche de verano. Gerardo Eche\u00edta (2019)<\/span>\n\t\t\t\t\t\t\t\t\t\t\t<\/a>\n\t\t\t\t\t\t\t\t\t<\/li>\n\t\t\t\t\t\t\t\t<li class=\"elementor-icon-list-item\">\n\t\t\t\t\t\t\t\t\t\t\t<a href=\"https:\/\/octaedro.com\/libro\/hacia-la-inclusion-educativa-en-la-universidad-diseno-universal-para-el-aprendizaje-y-la-educacion-de-calidad\/\" target=\"_blank\">\n\n\t\t\t\t\t\t\t\t\t\t\t\t<span class=\"elementor-icon-list-icon\">\n\t\t\t\t\t\t\t<svg aria-hidden=\"true\" class=\"e-font-icon-svg e-fas-cloud-download-alt\" viewBox=\"0 0 640 512\" xmlns=\"http:\/\/www.w3.org\/2000\/svg\"><path d=\"M537.6 226.6c4.1-10.7 6.4-22.4 6.4-34.6 0-53-43-96-96-96-19.7 0-38.1 6-53.3 16.2C367 64.2 315.3 32 256 32c-88.4 0-160 71.6-160 160 0 2.7.1 5.4.2 8.1C40.2 219.8 0 273.2 0 336c0 79.5 64.5 144 144 144h368c70.7 0 128-57.3 128-128 0-61.9-44-113.6-102.4-125.4zm-132.9 88.7L299.3 420.7c-6.2 6.2-16.4 6.2-22.6 0L171.3 315.3c-10.1-10.1-2.9-27.3 11.3-27.3H248V176c0-8.8 7.2-16 16-16h48c8.8 0 16 7.2 16 16v112h65.4c14.2 0 21.4 17.2 11.3 27.3z\"><\/path><\/svg>\t\t\t\t\t\t<\/span>\n\t\t\t\t\t\t\t\t\t\t<span class=\"elementor-icon-list-text\">Hacia la inclusi\u00f3n educativa en la Universidad: dise\u00f1o universal para el aprendizaje y la educaci\u00f3n de calidad. Coral Elizondo Carmona (2020)<\/span>\n\t\t\t\t\t\t\t\t\t\t\t<\/a>\n\t\t\t\t\t\t\t\t\t<\/li>\n\t\t\t\t\t\t\t\t<li class=\"elementor-icon-list-item\">\n\t\t\t\t\t\t\t\t\t\t\t<a href=\"https:\/\/coralelizondo.wordpress.com\/2019\/01\/20\/docente-dua-como-es-su-mochila\/\" target=\"_blank\">\n\n\t\t\t\t\t\t\t\t\t\t\t\t<span class=\"elementor-icon-list-icon\">\n\t\t\t\t\t\t\t<svg aria-hidden=\"true\" class=\"e-font-icon-svg e-fas-cloud-download-alt\" viewBox=\"0 0 640 512\" xmlns=\"http:\/\/www.w3.org\/2000\/svg\"><path d=\"M537.6 226.6c4.1-10.7 6.4-22.4 6.4-34.6 0-53-43-96-96-96-19.7 0-38.1 6-53.3 16.2C367 64.2 315.3 32 256 32c-88.4 0-160 71.6-160 160 0 2.7.1 5.4.2 8.1C40.2 219.8 0 273.2 0 336c0 79.5 64.5 144 144 144h368c70.7 0 128-57.3 128-128 0-61.9-44-113.6-102.4-125.4zm-132.9 88.7L299.3 420.7c-6.2 6.2-16.4 6.2-22.6 0L171.3 315.3c-10.1-10.1-2.9-27.3 11.3-27.3H248V176c0-8.8 7.2-16 16-16h48c8.8 0 16 7.2 16 16v112h65.4c14.2 0 21.4 17.2 11.3 27.3z\"><\/path><\/svg>\t\t\t\t\t\t<\/span>\n\t\t\t\t\t\t\t\t\t\t<span class=\"elementor-icon-list-text\">Elizondo, C. (2019). Docente DUA, \u00bfc\u00f3mo es su mochila?<\/span>\n\t\t\t\t\t\t\t\t\t\t\t<\/a>\n\t\t\t\t\t\t\t\t\t<\/li>\n\t\t\t\t\t\t\t\t<li class=\"elementor-icon-list-item\">\n\t\t\t\t\t\t\t\t\t\t\t<a href=\"https:\/\/coralelizondo.wordpress.com\/2018\/11\/10\/la-etica-en-la-inclusion\/\" target=\"_blank\">\n\n\t\t\t\t\t\t\t\t\t\t\t\t<span class=\"elementor-icon-list-icon\">\n\t\t\t\t\t\t\t<svg aria-hidden=\"true\" class=\"e-font-icon-svg e-fas-cloud-download-alt\" viewBox=\"0 0 640 512\" xmlns=\"http:\/\/www.w3.org\/2000\/svg\"><path d=\"M537.6 226.6c4.1-10.7 6.4-22.4 6.4-34.6 0-53-43-96-96-96-19.7 0-38.1 6-53.3 16.2C367 64.2 315.3 32 256 32c-88.4 0-160 71.6-160 160 0 2.7.1 5.4.2 8.1C40.2 219.8 0 273.2 0 336c0 79.5 64.5 144 144 144h368c70.7 0 128-57.3 128-128 0-61.9-44-113.6-102.4-125.4zm-132.9 88.7L299.3 420.7c-6.2 6.2-16.4 6.2-22.6 0L171.3 315.3c-10.1-10.1-2.9-27.3 11.3-27.3H248V176c0-8.8 7.2-16 16-16h48c8.8 0 16 7.2 16 16v112h65.4c14.2 0 21.4 17.2 11.3 27.3z\"><\/path><\/svg>\t\t\t\t\t\t<\/span>\n\t\t\t\t\t\t\t\t\t\t<span class=\"elementor-icon-list-text\">Elizondo, C. (2018). La \u00e9tica en la inclusi\u00f3n<\/span>\n\t\t\t\t\t\t\t\t\t\t\t<\/a>\n\t\t\t\t\t\t\t\t\t<\/li>\n\t\t\t\t\t\t\t\t<li class=\"elementor-icon-list-item\">\n\t\t\t\t\t\t\t\t\t\t\t<a href=\"https:\/\/coralelizondo.wordpress.com\/2018\/09\/16\/aulas-dua-garantizar-una-educacion-inclusiva-es-posible\/\" target=\"_blank\">\n\n\t\t\t\t\t\t\t\t\t\t\t\t<span class=\"elementor-icon-list-icon\">\n\t\t\t\t\t\t\t<svg aria-hidden=\"true\" class=\"e-font-icon-svg e-fas-cloud-download-alt\" viewBox=\"0 0 640 512\" xmlns=\"http:\/\/www.w3.org\/2000\/svg\"><path d=\"M537.6 226.6c4.1-10.7 6.4-22.4 6.4-34.6 0-53-43-96-96-96-19.7 0-38.1 6-53.3 16.2C367 64.2 315.3 32 256 32c-88.4 0-160 71.6-160 160 0 2.7.1 5.4.2 8.1C40.2 219.8 0 273.2 0 336c0 79.5 64.5 144 144 144h368c70.7 0 128-57.3 128-128 0-61.9-44-113.6-102.4-125.4zm-132.9 88.7L299.3 420.7c-6.2 6.2-16.4 6.2-22.6 0L171.3 315.3c-10.1-10.1-2.9-27.3 11.3-27.3H248V176c0-8.8 7.2-16 16-16h48c8.8 0 16 7.2 16 16v112h65.4c14.2 0 21.4 17.2 11.3 27.3z\"><\/path><\/svg>\t\t\t\t\t\t<\/span>\n\t\t\t\t\t\t\t\t\t\t<span class=\"elementor-icon-list-text\">Elizondo, C. (2018). Aulas DUA. Garantizar una educaci\u00f3n inclusiva, es posible<\/span>\n\t\t\t\t\t\t\t\t\t\t\t<\/a>\n\t\t\t\t\t\t\t\t\t<\/li>\n\t\t\t\t\t\t\t\t<li class=\"elementor-icon-list-item\">\n\t\t\t\t\t\t\t\t\t\t\t<a href=\"https:\/\/www.antonioamarquez.com\/la-inclusion-educativa-analisis-de-una\/\" target=\"_blank\">\n\n\t\t\t\t\t\t\t\t\t\t\t\t<span class=\"elementor-icon-list-icon\">\n\t\t\t\t\t\t\t<svg aria-hidden=\"true\" class=\"e-font-icon-svg e-fas-cloud-download-alt\" viewBox=\"0 0 640 512\" xmlns=\"http:\/\/www.w3.org\/2000\/svg\"><path d=\"M537.6 226.6c4.1-10.7 6.4-22.4 6.4-34.6 0-53-43-96-96-96-19.7 0-38.1 6-53.3 16.2C367 64.2 315.3 32 256 32c-88.4 0-160 71.6-160 160 0 2.7.1 5.4.2 8.1C40.2 219.8 0 273.2 0 336c0 79.5 64.5 144 144 144h368c70.7 0 128-57.3 128-128 0-61.9-44-113.6-102.4-125.4zm-132.9 88.7L299.3 420.7c-6.2 6.2-16.4 6.2-22.6 0L171.3 315.3c-10.1-10.1-2.9-27.3 11.3-27.3H248V176c0-8.8 7.2-16 16-16h48c8.8 0 16 7.2 16 16v112h65.4c14.2 0 21.4 17.2 11.3 27.3z\"><\/path><\/svg>\t\t\t\t\t\t<\/span>\n\t\t\t\t\t\t\t\t\t\t<span class=\"elementor-icon-list-text\">M\u00e1rquez, A. (2015). \u201cLa inclusi\u00f3n educativa: An\u00e1lisis de una lucha\u201d<\/span>\n\t\t\t\t\t\t\t\t\t\t\t<\/a>\n\t\t\t\t\t\t\t\t\t<\/li>\n\t\t\t\t\t\t\t\t<li class=\"elementor-icon-list-item\">\n\t\t\t\t\t\t\t\t\t\t\t<span class=\"elementor-icon-list-icon\">\n\t\t\t\t\t\t\t<svg aria-hidden=\"true\" class=\"e-font-icon-svg e-fas-file\" viewBox=\"0 0 384 512\" xmlns=\"http:\/\/www.w3.org\/2000\/svg\"><path d=\"M224 136V0H24C10.7 0 0 10.7 0 24v464c0 13.3 10.7 24 24 24h336c13.3 0 24-10.7 24-24V160H248c-13.2 0-24-10.8-24-24zm160-14.1v6.1H256V0h6.1c6.4 0 12.5 2.5 17 7l97.9 98c4.5 4.5 7 10.6 7 16.9z\"><\/path><\/svg>\t\t\t\t\t\t<\/span>\n\t\t\t\t\t\t\t\t\t\t<span class=\"elementor-icon-list-text\">VV.AA. (2021). \u201cInclusi\u00f3n: acciones en primera persona. Indicadores y modelos para centros inclusivos. Manual pr\u00e1ctico\u201d<\/span>\n\t\t\t\t\t\t\t\t\t<\/li>\n\t\t\t\t\t\t\t\t<li class=\"elementor-icon-list-item\">\n\t\t\t\t\t\t\t\t\t\t\t<span class=\"elementor-icon-list-icon\">\n\t\t\t\t\t\t\t<svg aria-hidden=\"true\" class=\"e-font-icon-svg e-fas-file\" viewBox=\"0 0 384 512\" xmlns=\"http:\/\/www.w3.org\/2000\/svg\"><path d=\"M224 136V0H24C10.7 0 0 10.7 0 24v464c0 13.3 10.7 24 24 24h336c13.3 0 24-10.7 24-24V160H248c-13.2 0-24-10.8-24-24zm160-14.1v6.1H256V0h6.1c6.4 0 12.5 2.5 17 7l97.9 98c4.5 4.5 7 10.6 7 16.9z\"><\/path><\/svg>\t\t\t\t\t\t<\/span>\n\t\t\t\t\t\t\t\t\t\t<span class=\"elementor-icon-list-text\">VV.AA. (2019). \u201cEducaci\u00f3n inclusiva y atenci\u00f3n a la diversidad desde la orientaci\u00f3n educativa\u201d<\/span>\n\t\t\t\t\t\t\t\t\t<\/li>\n\t\t\t\t\t\t\t\t<li class=\"elementor-icon-list-item\">\n\t\t\t\t\t\t\t\t\t\t\t<span class=\"elementor-icon-list-icon\">\n\t\t\t\t\t\t\t<svg aria-hidden=\"true\" class=\"e-font-icon-svg e-fas-file\" viewBox=\"0 0 384 512\" xmlns=\"http:\/\/www.w3.org\/2000\/svg\"><path d=\"M224 136V0H24C10.7 0 0 10.7 0 24v464c0 13.3 10.7 24 24 24h336c13.3 0 24-10.7 24-24V160H248c-13.2 0-24-10.8-24-24zm160-14.1v6.1H256V0h6.1c6.4 0 12.5 2.5 17 7l97.9 98c4.5 4.5 7 10.6 7 16.9z\"><\/path><\/svg>\t\t\t\t\t\t<\/span>\n\t\t\t\t\t\t\t\t\t\t<span class=\"elementor-icon-list-text\">Sabucedo, A. (2020). \u201cPr\u00f3xima Estaci\u00f3n: Aprendizaje\u201d<\/span>\n\t\t\t\t\t\t\t\t\t<\/li>\n\t\t\t\t\t\t<\/ul>\n\t\t\t\t\t\t<\/div>\n\t\t\t\t<\/div>\n\t\t\t\t\t<\/div>\n\t\t\t\t<\/div>\n\t\t\t\t<\/div>\n\t\t\t\t\t<\/details>\n\t\t\t\t\t<\/div>\n\t\t\t\t\t\t<\/div>\n\t\t\t\t<\/div>\n\t\t\t\t<\/div>\n\t\t<div class=\"elementor-element elementor-element-2fae9fb e-con-full e-flex e-con e-parent\" data-id=\"2fae9fb\" data-element_type=\"container\">\n\t\t\t\t<div class=\"elementor-element elementor-element-c62267b elementor-widget elementor-widget-heading\" data-id=\"c62267b\" data-element_type=\"widget\" data-widget_type=\"heading.default\">\n\t\t\t\t<div class=\"elementor-widget-container\">\n\t\t\t\t\t<p class=\"elementor-heading-title elementor-size-default\"><b>Bibliograf\u00eda sobre las distintas metodolog\u00edas:<\/b><\/p>\t\t\t\t<\/div>\n\t\t\t\t<\/div>\n\t\t\t\t<div class=\"elementor-element elementor-element-9600650 elementor-widget elementor-widget-n-accordion\" data-id=\"9600650\" data-element_type=\"widget\" data-settings=\"{&quot;default_state&quot;:&quot;all_collapsed&quot;,&quot;max_items_expended&quot;:&quot;multiple&quot;,&quot;n_accordion_animation_duration&quot;:{&quot;unit&quot;:&quot;ms&quot;,&quot;size&quot;:400,&quot;sizes&quot;:[]}}\" data-widget_type=\"nested-accordion.default\">\n\t\t\t\t<div class=\"elementor-widget-container\">\n\t\t\t\t\t\t\t<div class=\"e-n-accordion\" aria-label=\"Accordion. Open links with Enter or Space, close with Escape, and navigate with Arrow Keys\">\n\t\t\t\t\t\t<details id=\"e-n-accordion-item-1570\" class=\"e-n-accordion-item\" >\n\t\t\t\t<summary class=\"e-n-accordion-item-title\" data-accordion-index=\"1\" tabindex=\"0\" aria-expanded=\"false\" aria-controls=\"e-n-accordion-item-1570\" >\n\t\t\t\t\t<span class='e-n-accordion-item-title-header'><div class=\"e-n-accordion-item-title-text\"> Recursos editados por entidades Down <\/div><\/span>\n\t\t\t\t\t\t\t<span class='e-n-accordion-item-title-icon'>\n\t\t\t<span class='e-opened' ><svg aria-hidden=\"true\" class=\"e-font-icon-svg e-fas-arrow-up\" viewBox=\"0 0 448 512\" xmlns=\"http:\/\/www.w3.org\/2000\/svg\"><path d=\"M34.9 289.5l-22.2-22.2c-9.4-9.4-9.4-24.6 0-33.9L207 39c9.4-9.4 24.6-9.4 33.9 0l194.3 194.3c9.4 9.4 9.4 24.6 0 33.9L413 289.4c-9.5 9.5-25 9.3-34.3-.4L264 168.6V456c0 13.3-10.7 24-24 24h-32c-13.3 0-24-10.7-24-24V168.6L69.2 289.1c-9.3 9.8-24.8 10-34.3.4z\"><\/path><\/svg><\/span>\n\t\t\t<span class='e-closed'><svg aria-hidden=\"true\" class=\"e-font-icon-svg e-fas-arrow-down\" viewBox=\"0 0 448 512\" xmlns=\"http:\/\/www.w3.org\/2000\/svg\"><path d=\"M413.1 222.5l22.2 22.2c9.4 9.4 9.4 24.6 0 33.9L241 473c-9.4 9.4-24.6 9.4-33.9 0L12.7 278.6c-9.4-9.4-9.4-24.6 0-33.9l22.2-22.2c9.5-9.5 25-9.3 34.3.4L184 343.4V56c0-13.3 10.7-24 24-24h32c13.3 0 24 10.7 24 24v287.4l114.8-120.5c9.3-9.8 24.8-10 34.3-.4z\"><\/path><\/svg><\/span>\n\t\t<\/span>\n\n\t\t\t\t\t\t<\/summary>\n\t\t\t\t<div role=\"region\" aria-labelledby=\"e-n-accordion-item-1570\" class=\"elementor-element elementor-element-22282fa e-con-full e-flex e-con e-child\" data-id=\"22282fa\" data-element_type=\"container\">\n\t\t<div role=\"region\" aria-labelledby=\"e-n-accordion-item-1570\" class=\"elementor-element elementor-element-b7a4980 e-flex e-con-boxed e-con e-child\" data-id=\"b7a4980\" data-element_type=\"container\">\n\t\t\t\t\t<div class=\"e-con-inner\">\n\t\t\t\t<div class=\"elementor-element elementor-element-1ca3b31 elementor-icon-list--layout-traditional elementor-list-item-link-full_width elementor-widget elementor-widget-icon-list\" data-id=\"1ca3b31\" data-element_type=\"widget\" data-widget_type=\"icon-list.default\">\n\t\t\t\t<div class=\"elementor-widget-container\">\n\t\t\t\t\t\t\t<ul class=\"elementor-icon-list-items\">\n\t\t\t\t\t\t\t<li class=\"elementor-icon-list-item\">\n\t\t\t\t\t\t\t\t\t\t\t<a href=\"https:\/\/downgalicia.org\/es\/punto-virtual-educacion\/creacion-de-materiales-accesibles\/diseno-universal-para-el-aprendizaje\/\" target=\"_blank\">\n\n\t\t\t\t\t\t\t\t\t\t\t\t<span class=\"elementor-icon-list-icon\">\n\t\t\t\t\t\t\t<svg aria-hidden=\"true\" class=\"e-font-icon-svg e-fas-cloud-download-alt\" viewBox=\"0 0 640 512\" xmlns=\"http:\/\/www.w3.org\/2000\/svg\"><path d=\"M537.6 226.6c4.1-10.7 6.4-22.4 6.4-34.6 0-53-43-96-96-96-19.7 0-38.1 6-53.3 16.2C367 64.2 315.3 32 256 32c-88.4 0-160 71.6-160 160 0 2.7.1 5.4.2 8.1C40.2 219.8 0 273.2 0 336c0 79.5 64.5 144 144 144h368c70.7 0 128-57.3 128-128 0-61.9-44-113.6-102.4-125.4zm-132.9 88.7L299.3 420.7c-6.2 6.2-16.4 6.2-22.6 0L171.3 315.3c-10.1-10.1-2.9-27.3 11.3-27.3H248V176c0-8.8 7.2-16 16-16h48c8.8 0 16 7.2 16 16v112h65.4c14.2 0 21.4 17.2 11.3 27.3z\"><\/path><\/svg>\t\t\t\t\t\t<\/span>\n\t\t\t\t\t\t\t\t\t\t<span class=\"elementor-icon-list-text\">Dese\u00f1o Universal para a Aprendizaxe<\/span>\n\t\t\t\t\t\t\t\t\t\t\t<\/a>\n\t\t\t\t\t\t\t\t\t<\/li>\n\t\t\t\t\t\t\t\t<li class=\"elementor-icon-list-item\">\n\t\t\t\t\t\t\t\t\t\t\t<a href=\"https:\/\/downgalicia.org\/es\/punto-virtual-educacion\/creacion-de-materiales-accesibles\/metodologias-y-estrategias-relacionadas-con-la-accesibilidad\/aprendizaje-basado-en-proyectos\/\" target=\"_blank\">\n\n\t\t\t\t\t\t\t\t\t\t\t\t<span class=\"elementor-icon-list-icon\">\n\t\t\t\t\t\t\t<svg aria-hidden=\"true\" class=\"e-font-icon-svg e-fas-cloud-download-alt\" viewBox=\"0 0 640 512\" xmlns=\"http:\/\/www.w3.org\/2000\/svg\"><path d=\"M537.6 226.6c4.1-10.7 6.4-22.4 6.4-34.6 0-53-43-96-96-96-19.7 0-38.1 6-53.3 16.2C367 64.2 315.3 32 256 32c-88.4 0-160 71.6-160 160 0 2.7.1 5.4.2 8.1C40.2 219.8 0 273.2 0 336c0 79.5 64.5 144 144 144h368c70.7 0 128-57.3 128-128 0-61.9-44-113.6-102.4-125.4zm-132.9 88.7L299.3 420.7c-6.2 6.2-16.4 6.2-22.6 0L171.3 315.3c-10.1-10.1-2.9-27.3 11.3-27.3H248V176c0-8.8 7.2-16 16-16h48c8.8 0 16 7.2 16 16v112h65.4c14.2 0 21.4 17.2 11.3 27.3z\"><\/path><\/svg>\t\t\t\t\t\t<\/span>\n\t\t\t\t\t\t\t\t\t\t<span class=\"elementor-icon-list-text\">Aprendizaxe baseado en proxectos<\/span>\n\t\t\t\t\t\t\t\t\t\t\t<\/a>\n\t\t\t\t\t\t\t\t\t<\/li>\n\t\t\t\t\t\t\t\t<li class=\"elementor-icon-list-item\">\n\t\t\t\t\t\t\t\t\t\t\t<a href=\"https:\/\/downgalicia.org\/es\/punto-virtual-educacion\/creacion-de-materiales-accesibles\/metodologias-y-estrategias-relacionadas-con-la-accesibilidad\/aprendizaje-cooperativo\/\" target=\"_blank\">\n\n\t\t\t\t\t\t\t\t\t\t\t\t<span class=\"elementor-icon-list-icon\">\n\t\t\t\t\t\t\t<svg aria-hidden=\"true\" class=\"e-font-icon-svg e-fas-cloud-download-alt\" viewBox=\"0 0 640 512\" xmlns=\"http:\/\/www.w3.org\/2000\/svg\"><path d=\"M537.6 226.6c4.1-10.7 6.4-22.4 6.4-34.6 0-53-43-96-96-96-19.7 0-38.1 6-53.3 16.2C367 64.2 315.3 32 256 32c-88.4 0-160 71.6-160 160 0 2.7.1 5.4.2 8.1C40.2 219.8 0 273.2 0 336c0 79.5 64.5 144 144 144h368c70.7 0 128-57.3 128-128 0-61.9-44-113.6-102.4-125.4zm-132.9 88.7L299.3 420.7c-6.2 6.2-16.4 6.2-22.6 0L171.3 315.3c-10.1-10.1-2.9-27.3 11.3-27.3H248V176c0-8.8 7.2-16 16-16h48c8.8 0 16 7.2 16 16v112h65.4c14.2 0 21.4 17.2 11.3 27.3z\"><\/path><\/svg>\t\t\t\t\t\t<\/span>\n\t\t\t\t\t\t\t\t\t\t<span class=\"elementor-icon-list-text\">Aprendizaxe cooperativa<\/span>\n\t\t\t\t\t\t\t\t\t\t\t<\/a>\n\t\t\t\t\t\t\t\t\t<\/li>\n\t\t\t\t\t\t\t\t<li class=\"elementor-icon-list-item\">\n\t\t\t\t\t\t\t\t\t\t\t<a href=\"https:\/\/downgalicia.org\/es\/punto-virtual-educacion\/creacion-de-materiales-accesibles\/metodologias-y-estrategias-relacionadas-con-la-accesibilidad\/patios-dinamicos\/\" target=\"_blank\">\n\n\t\t\t\t\t\t\t\t\t\t\t\t<span class=\"elementor-icon-list-icon\">\n\t\t\t\t\t\t\t<svg aria-hidden=\"true\" class=\"e-font-icon-svg e-fas-cloud-download-alt\" viewBox=\"0 0 640 512\" xmlns=\"http:\/\/www.w3.org\/2000\/svg\"><path d=\"M537.6 226.6c4.1-10.7 6.4-22.4 6.4-34.6 0-53-43-96-96-96-19.7 0-38.1 6-53.3 16.2C367 64.2 315.3 32 256 32c-88.4 0-160 71.6-160 160 0 2.7.1 5.4.2 8.1C40.2 219.8 0 273.2 0 336c0 79.5 64.5 144 144 144h368c70.7 0 128-57.3 128-128 0-61.9-44-113.6-102.4-125.4zm-132.9 88.7L299.3 420.7c-6.2 6.2-16.4 6.2-22.6 0L171.3 315.3c-10.1-10.1-2.9-27.3 11.3-27.3H248V176c0-8.8 7.2-16 16-16h48c8.8 0 16 7.2 16 16v112h65.4c14.2 0 21.4 17.2 11.3 27.3z\"><\/path><\/svg>\t\t\t\t\t\t<\/span>\n\t\t\t\t\t\t\t\t\t\t<span class=\"elementor-icon-list-text\">Patios Din\u00e1micos<\/span>\n\t\t\t\t\t\t\t\t\t\t\t<\/a>\n\t\t\t\t\t\t\t\t\t<\/li>\n\t\t\t\t\t\t\t\t<li class=\"elementor-icon-list-item\">\n\t\t\t\t\t\t\t\t\t\t\t<a href=\"https:\/\/downgalicia.org\/es\/punto-virtual-educacion\/creacion-de-materiales-accesibles\/metodologias-y-estrategias-relacionadas-con-la-accesibilidad\/programacion-multinivel\/\" target=\"_blank\">\n\n\t\t\t\t\t\t\t\t\t\t\t\t<span class=\"elementor-icon-list-icon\">\n\t\t\t\t\t\t\t<svg aria-hidden=\"true\" class=\"e-font-icon-svg e-fas-cloud-download-alt\" viewBox=\"0 0 640 512\" xmlns=\"http:\/\/www.w3.org\/2000\/svg\"><path d=\"M537.6 226.6c4.1-10.7 6.4-22.4 6.4-34.6 0-53-43-96-96-96-19.7 0-38.1 6-53.3 16.2C367 64.2 315.3 32 256 32c-88.4 0-160 71.6-160 160 0 2.7.1 5.4.2 8.1C40.2 219.8 0 273.2 0 336c0 79.5 64.5 144 144 144h368c70.7 0 128-57.3 128-128 0-61.9-44-113.6-102.4-125.4zm-132.9 88.7L299.3 420.7c-6.2 6.2-16.4 6.2-22.6 0L171.3 315.3c-10.1-10.1-2.9-27.3 11.3-27.3H248V176c0-8.8 7.2-16 16-16h48c8.8 0 16 7.2 16 16v112h65.4c14.2 0 21.4 17.2 11.3 27.3z\"><\/path><\/svg>\t\t\t\t\t\t<\/span>\n\t\t\t\t\t\t\t\t\t\t<span class=\"elementor-icon-list-text\">Programaci\u00f3n multinivel<\/span>\n\t\t\t\t\t\t\t\t\t\t\t<\/a>\n\t\t\t\t\t\t\t\t\t<\/li>\n\t\t\t\t\t\t\t\t<li class=\"elementor-icon-list-item\">\n\t\t\t\t\t\t\t\t\t\t\t<a href=\"https:\/\/downgalicia.org\/es\/punto-virtual-educacion\/creacion-de-materiales-accesibles\/metodologias-y-estrategias-relacionadas-con-la-accesibilidad\/tics\/\" target=\"_blank\">\n\n\t\t\t\t\t\t\t\t\t\t\t\t<span class=\"elementor-icon-list-icon\">\n\t\t\t\t\t\t\t<svg aria-hidden=\"true\" class=\"e-font-icon-svg e-fas-cloud-download-alt\" viewBox=\"0 0 640 512\" xmlns=\"http:\/\/www.w3.org\/2000\/svg\"><path d=\"M537.6 226.6c4.1-10.7 6.4-22.4 6.4-34.6 0-53-43-96-96-96-19.7 0-38.1 6-53.3 16.2C367 64.2 315.3 32 256 32c-88.4 0-160 71.6-160 160 0 2.7.1 5.4.2 8.1C40.2 219.8 0 273.2 0 336c0 79.5 64.5 144 144 144h368c70.7 0 128-57.3 128-128 0-61.9-44-113.6-102.4-125.4zm-132.9 88.7L299.3 420.7c-6.2 6.2-16.4 6.2-22.6 0L171.3 315.3c-10.1-10.1-2.9-27.3 11.3-27.3H248V176c0-8.8 7.2-16 16-16h48c8.8 0 16 7.2 16 16v112h65.4c14.2 0 21.4 17.2 11.3 27.3z\"><\/path><\/svg>\t\t\t\t\t\t<\/span>\n\t\t\t\t\t\t\t\t\t\t<span class=\"elementor-icon-list-text\">TICs<\/span>\n\t\t\t\t\t\t\t\t\t\t\t<\/a>\n\t\t\t\t\t\t\t\t\t<\/li>\n\t\t\t\t\t\t<\/ul>\n\t\t\t\t\t\t<\/div>\n\t\t\t\t<\/div>\n\t\t\t\t\t<\/div>\n\t\t\t\t<\/div>\n\t\t\t\t<\/div>\n\t\t\t\t\t<\/details>\n\t\t\t\t\t<\/div>\n\t\t\t\t\t\t<\/div>\n\t\t\t\t<\/div>\n\t\t\t\t<\/div>\n\t\t<div class=\"elementor-element elementor-element-2d00218 e-con-full e-flex e-con e-parent\" data-id=\"2d00218\" data-element_type=\"container\">\n\t\t\t\t<div class=\"elementor-element elementor-element-fdd113b elementor-widget elementor-widget-heading\" data-id=\"fdd113b\" data-element_type=\"widget\" data-widget_type=\"heading.default\">\n\t\t\t\t<div class=\"elementor-widget-container\">\n\t\t\t\t\t<p class=\"elementor-heading-title elementor-size-default\"><b>Congreso de Educaci\u00f3n Down Galicia - Octubre 2025<\/b><\/p>\t\t\t\t<\/div>\n\t\t\t\t<\/div>\n\t\t\t\t<div class=\"elementor-element elementor-element-0c26b05 elementor-widget elementor-widget-n-accordion\" data-id=\"0c26b05\" data-element_type=\"widget\" data-settings=\"{&quot;default_state&quot;:&quot;all_collapsed&quot;,&quot;max_items_expended&quot;:&quot;multiple&quot;,&quot;n_accordion_animation_duration&quot;:{&quot;unit&quot;:&quot;ms&quot;,&quot;size&quot;:400,&quot;sizes&quot;:[]}}\" data-widget_type=\"nested-accordion.default\">\n\t\t\t\t<div class=\"elementor-widget-container\">\n\t\t\t\t\t\t\t<div class=\"e-n-accordion\" aria-label=\"Accordion. Open links with Enter or Space, close with Escape, and navigate with Arrow Keys\">\n\t\t\t\t\t\t<details id=\"e-n-accordion-item-1270\" class=\"e-n-accordion-item\" >\n\t\t\t\t<summary class=\"e-n-accordion-item-title\" data-accordion-index=\"1\" tabindex=\"0\" aria-expanded=\"false\" aria-controls=\"e-n-accordion-item-1270\" >\n\t\t\t\t\t<span class='e-n-accordion-item-title-header'><div class=\"e-n-accordion-item-title-text\"> Presentaciones <\/div><\/span>\n\t\t\t\t\t\t\t<span class='e-n-accordion-item-title-icon'>\n\t\t\t<span class='e-opened' ><svg aria-hidden=\"true\" class=\"e-font-icon-svg e-fas-arrow-up\" viewBox=\"0 0 448 512\" xmlns=\"http:\/\/www.w3.org\/2000\/svg\"><path d=\"M34.9 289.5l-22.2-22.2c-9.4-9.4-9.4-24.6 0-33.9L207 39c9.4-9.4 24.6-9.4 33.9 0l194.3 194.3c9.4 9.4 9.4 24.6 0 33.9L413 289.4c-9.5 9.5-25 9.3-34.3-.4L264 168.6V456c0 13.3-10.7 24-24 24h-32c-13.3 0-24-10.7-24-24V168.6L69.2 289.1c-9.3 9.8-24.8 10-34.3.4z\"><\/path><\/svg><\/span>\n\t\t\t<span class='e-closed'><svg aria-hidden=\"true\" class=\"e-font-icon-svg e-fas-arrow-down\" viewBox=\"0 0 448 512\" xmlns=\"http:\/\/www.w3.org\/2000\/svg\"><path d=\"M413.1 222.5l22.2 22.2c9.4 9.4 9.4 24.6 0 33.9L241 473c-9.4 9.4-24.6 9.4-33.9 0L12.7 278.6c-9.4-9.4-9.4-24.6 0-33.9l22.2-22.2c9.5-9.5 25-9.3 34.3.4L184 343.4V56c0-13.3 10.7-24 24-24h32c13.3 0 24 10.7 24 24v287.4l114.8-120.5c9.3-9.8 24.8-10 34.3-.4z\"><\/path><\/svg><\/span>\n\t\t<\/span>\n\n\t\t\t\t\t\t<\/summary>\n\t\t\t\t<div role=\"region\" aria-labelledby=\"e-n-accordion-item-1270\" class=\"elementor-element elementor-element-d932ac1 e-con-full e-flex e-con e-child\" data-id=\"d932ac1\" data-element_type=\"container\">\n\t\t<div role=\"region\" aria-labelledby=\"e-n-accordion-item-1270\" class=\"elementor-element elementor-element-7262e4a e-flex e-con-boxed e-con e-child\" data-id=\"7262e4a\" data-element_type=\"container\">\n\t\t\t\t\t<div class=\"e-con-inner\">\n\t\t\t\t<div class=\"elementor-element elementor-element-8e9661e elementor-icon-list--layout-traditional elementor-list-item-link-full_width elementor-widget elementor-widget-icon-list\" data-id=\"8e9661e\" data-element_type=\"widget\" data-widget_type=\"icon-list.default\">\n\t\t\t\t<div class=\"elementor-widget-container\">\n\t\t\t\t\t\t\t<ul class=\"elementor-icon-list-items\">\n\t\t\t\t\t\t\t<li class=\"elementor-icon-list-item\">\n\t\t\t\t\t\t\t\t\t\t\t<a href=\"https:\/\/downgalicia.org\/wp-content\/uploads\/2025\/11\/01_Presentacion-Nuria-Aparicio.pdf\" target=\"_blank\">\n\n\t\t\t\t\t\t\t\t\t\t\t\t<span class=\"elementor-icon-list-icon\">\n\t\t\t\t\t\t\t<svg aria-hidden=\"true\" class=\"e-font-icon-svg e-fas-cloud-download-alt\" viewBox=\"0 0 640 512\" xmlns=\"http:\/\/www.w3.org\/2000\/svg\"><path d=\"M537.6 226.6c4.1-10.7 6.4-22.4 6.4-34.6 0-53-43-96-96-96-19.7 0-38.1 6-53.3 16.2C367 64.2 315.3 32 256 32c-88.4 0-160 71.6-160 160 0 2.7.1 5.4.2 8.1C40.2 219.8 0 273.2 0 336c0 79.5 64.5 144 144 144h368c70.7 0 128-57.3 128-128 0-61.9-44-113.6-102.4-125.4zm-132.9 88.7L299.3 420.7c-6.2 6.2-16.4 6.2-22.6 0L171.3 315.3c-10.1-10.1-2.9-27.3 11.3-27.3H248V176c0-8.8 7.2-16 16-16h48c8.8 0 16 7.2 16 16v112h65.4c14.2 0 21.4 17.2 11.3 27.3z\"><\/path><\/svg>\t\t\t\t\t\t<\/span>\n\t\t\t\t\t\t\t\t\t\t<span class=\"elementor-icon-list-text\">Conferencia Nuria Aparicio: \"\u00bfCumple el sistema educativo espa\u00f1ol con la Convenci\u00f3n?\"<\/span>\n\t\t\t\t\t\t\t\t\t\t\t<\/a>\n\t\t\t\t\t\t\t\t\t<\/li>\n\t\t\t\t\t\t\t\t<li class=\"elementor-icon-list-item\">\n\t\t\t\t\t\t\t\t\t\t\t<a href=\"https:\/\/downgalicia.org\/wp-content\/uploads\/2025\/11\/03_Presentacion-Gerardo-Echeita.pdf\" target=\"_blank\">\n\n\t\t\t\t\t\t\t\t\t\t\t\t<span class=\"elementor-icon-list-icon\">\n\t\t\t\t\t\t\t<svg aria-hidden=\"true\" class=\"e-font-icon-svg e-fas-cloud-download-alt\" viewBox=\"0 0 640 512\" xmlns=\"http:\/\/www.w3.org\/2000\/svg\"><path d=\"M537.6 226.6c4.1-10.7 6.4-22.4 6.4-34.6 0-53-43-96-96-96-19.7 0-38.1 6-53.3 16.2C367 64.2 315.3 32 256 32c-88.4 0-160 71.6-160 160 0 2.7.1 5.4.2 8.1C40.2 219.8 0 273.2 0 336c0 79.5 64.5 144 144 144h368c70.7 0 128-57.3 128-128 0-61.9-44-113.6-102.4-125.4zm-132.9 88.7L299.3 420.7c-6.2 6.2-16.4 6.2-22.6 0L171.3 315.3c-10.1-10.1-2.9-27.3 11.3-27.3H248V176c0-8.8 7.2-16 16-16h48c8.8 0 16 7.2 16 16v112h65.4c14.2 0 21.4 17.2 11.3 27.3z\"><\/path><\/svg>\t\t\t\t\t\t<\/span>\n\t\t\t\t\t\t\t\t\t\t<span class=\"elementor-icon-list-text\">Conferencia Gerardo Echeita: \"Un marco de referencia para un dise\u00f1o universal para la participaci\u00f3n social\"<\/span>\n\t\t\t\t\t\t\t\t\t\t\t<\/a>\n\t\t\t\t\t\t\t\t\t<\/li>\n\t\t\t\t\t\t\t\t<li class=\"elementor-icon-list-item\">\n\t\t\t\t\t\t\t\t\t\t\t<a href=\"https:\/\/downgalicia.org\/wp-content\/uploads\/2025\/11\/04_Presentacion-Coral-Elizondo.pdf\" target=\"_blank\">\n\n\t\t\t\t\t\t\t\t\t\t\t\t<span class=\"elementor-icon-list-icon\">\n\t\t\t\t\t\t\t<svg aria-hidden=\"true\" class=\"e-font-icon-svg e-fas-cloud-download-alt\" viewBox=\"0 0 640 512\" xmlns=\"http:\/\/www.w3.org\/2000\/svg\"><path d=\"M537.6 226.6c4.1-10.7 6.4-22.4 6.4-34.6 0-53-43-96-96-96-19.7 0-38.1 6-53.3 16.2C367 64.2 315.3 32 256 32c-88.4 0-160 71.6-160 160 0 2.7.1 5.4.2 8.1C40.2 219.8 0 273.2 0 336c0 79.5 64.5 144 144 144h368c70.7 0 128-57.3 128-128 0-61.9-44-113.6-102.4-125.4zm-132.9 88.7L299.3 420.7c-6.2 6.2-16.4 6.2-22.6 0L171.3 315.3c-10.1-10.1-2.9-27.3 11.3-27.3H248V176c0-8.8 7.2-16 16-16h48c8.8 0 16 7.2 16 16v112h65.4c14.2 0 21.4 17.2 11.3 27.3z\"><\/path><\/svg>\t\t\t\t\t\t<\/span>\n\t\t\t\t\t\t\t\t\t\t<span class=\"elementor-icon-list-text\">Conferencia Coral Elizondo: \"Miradas que incluyen: DUA 3.0, \u00e9tica y neurodiversidad\"<\/span>\n\t\t\t\t\t\t\t\t\t\t\t<\/a>\n\t\t\t\t\t\t\t\t\t<\/li>\n\t\t\t\t\t\t\t\t<li class=\"elementor-icon-list-item\">\n\t\t\t\t\t\t\t\t\t\t\t<a href=\"https:\/\/downgalicia.org\/wp-content\/uploads\/2025\/11\/05_Presentacion-Antonio-Marquez.pdf\" target=\"_blank\">\n\n\t\t\t\t\t\t\t\t\t\t\t\t<span class=\"elementor-icon-list-icon\">\n\t\t\t\t\t\t\t<svg aria-hidden=\"true\" class=\"e-font-icon-svg e-fas-cloud-download-alt\" viewBox=\"0 0 640 512\" xmlns=\"http:\/\/www.w3.org\/2000\/svg\"><path d=\"M537.6 226.6c4.1-10.7 6.4-22.4 6.4-34.6 0-53-43-96-96-96-19.7 0-38.1 6-53.3 16.2C367 64.2 315.3 32 256 32c-88.4 0-160 71.6-160 160 0 2.7.1 5.4.2 8.1C40.2 219.8 0 273.2 0 336c0 79.5 64.5 144 144 144h368c70.7 0 128-57.3 128-128 0-61.9-44-113.6-102.4-125.4zm-132.9 88.7L299.3 420.7c-6.2 6.2-16.4 6.2-22.6 0L171.3 315.3c-10.1-10.1-2.9-27.3 11.3-27.3H248V176c0-8.8 7.2-16 16-16h48c8.8 0 16 7.2 16 16v112h65.4c14.2 0 21.4 17.2 11.3 27.3z\"><\/path><\/svg>\t\t\t\t\t\t<\/span>\n\t\t\t\t\t\t\t\t\t\t<span class=\"elementor-icon-list-text\">Conferencia Antonio M\u00e1rquez: \"Dise\u00f1o Universal para el Aprendizaje - DUA 3.0: Dise\u00f1o de actividades\"<\/span>\n\t\t\t\t\t\t\t\t\t\t\t<\/a>\n\t\t\t\t\t\t\t\t\t<\/li>\n\t\t\t\t\t\t\t\t<li class=\"elementor-icon-list-item\">\n\t\t\t\t\t\t\t\t\t\t\t<a href=\"https:\/\/downgalicia.org\/wp-content\/uploads\/2025\/11\/06_Presentacion-Laura-Alvarez.pdf\" target=\"_blank\">\n\n\t\t\t\t\t\t\t\t\t\t\t\t<span class=\"elementor-icon-list-icon\">\n\t\t\t\t\t\t\t<svg aria-hidden=\"true\" class=\"e-font-icon-svg e-fas-cloud-download-alt\" viewBox=\"0 0 640 512\" xmlns=\"http:\/\/www.w3.org\/2000\/svg\"><path d=\"M537.6 226.6c4.1-10.7 6.4-22.4 6.4-34.6 0-53-43-96-96-96-19.7 0-38.1 6-53.3 16.2C367 64.2 315.3 32 256 32c-88.4 0-160 71.6-160 160 0 2.7.1 5.4.2 8.1C40.2 219.8 0 273.2 0 336c0 79.5 64.5 144 144 144h368c70.7 0 128-57.3 128-128 0-61.9-44-113.6-102.4-125.4zm-132.9 88.7L299.3 420.7c-6.2 6.2-16.4 6.2-22.6 0L171.3 315.3c-10.1-10.1-2.9-27.3 11.3-27.3H248V176c0-8.8 7.2-16 16-16h48c8.8 0 16 7.2 16 16v112h65.4c14.2 0 21.4 17.2 11.3 27.3z\"><\/path><\/svg>\t\t\t\t\t\t<\/span>\n\t\t\t\t\t\t\t\t\t\t<span class=\"elementor-icon-list-text\">Mesa de experiencias \"La importancia de la perspectiva de centro\": IES de Quiroga (Quiroga)<\/span>\n\t\t\t\t\t\t\t\t\t\t\t<\/a>\n\t\t\t\t\t\t\t\t\t<\/li>\n\t\t\t\t\t\t\t\t<li class=\"elementor-icon-list-item\">\n\t\t\t\t\t\t\t\t\t\t\t<a href=\"https:\/\/cryptpad.fr\/presentation\/#\/2\/presentation\/view\/9sZj7HNYEhj5hjr4wGB5-BvIuuahWHdD7k7lw6tIOK8\/embed\/\" target=\"_blank\">\n\n\t\t\t\t\t\t\t\t\t\t\t\t<span class=\"elementor-icon-list-icon\">\n\t\t\t\t\t\t\t<svg aria-hidden=\"true\" class=\"e-font-icon-svg e-fas-cloud-download-alt\" viewBox=\"0 0 640 512\" xmlns=\"http:\/\/www.w3.org\/2000\/svg\"><path d=\"M537.6 226.6c4.1-10.7 6.4-22.4 6.4-34.6 0-53-43-96-96-96-19.7 0-38.1 6-53.3 16.2C367 64.2 315.3 32 256 32c-88.4 0-160 71.6-160 160 0 2.7.1 5.4.2 8.1C40.2 219.8 0 273.2 0 336c0 79.5 64.5 144 144 144h368c70.7 0 128-57.3 128-128 0-61.9-44-113.6-102.4-125.4zm-132.9 88.7L299.3 420.7c-6.2 6.2-16.4 6.2-22.6 0L171.3 315.3c-10.1-10.1-2.9-27.3 11.3-27.3H248V176c0-8.8 7.2-16 16-16h48c8.8 0 16 7.2 16 16v112h65.4c14.2 0 21.4 17.2 11.3 27.3z\"><\/path><\/svg>\t\t\t\t\t\t<\/span>\n\t\t\t\t\t\t\t\t\t\t<span class=\"elementor-icon-list-text\">Mesa de experiencias \"La importancia de la perspectiva de centro\": CEIP Nosa Sra. de Xuvencos (Bobor\u00e1s)<\/span>\n\t\t\t\t\t\t\t\t\t\t\t<\/a>\n\t\t\t\t\t\t\t\t\t<\/li>\n\t\t\t\t\t\t\t\t<li class=\"elementor-icon-list-item\">\n\t\t\t\t\t\t\t\t\t\t\t<a href=\"https:\/\/view.genially.com\/68bea1442bf070bbad3eb735\/interactive-content-presentacion-congreso-down-1025\" target=\"_blank\">\n\n\t\t\t\t\t\t\t\t\t\t\t\t<span class=\"elementor-icon-list-icon\">\n\t\t\t\t\t\t\t<svg aria-hidden=\"true\" class=\"e-font-icon-svg e-fas-cloud-download-alt\" viewBox=\"0 0 640 512\" xmlns=\"http:\/\/www.w3.org\/2000\/svg\"><path d=\"M537.6 226.6c4.1-10.7 6.4-22.4 6.4-34.6 0-53-43-96-96-96-19.7 0-38.1 6-53.3 16.2C367 64.2 315.3 32 256 32c-88.4 0-160 71.6-160 160 0 2.7.1 5.4.2 8.1C40.2 219.8 0 273.2 0 336c0 79.5 64.5 144 144 144h368c70.7 0 128-57.3 128-128 0-61.9-44-113.6-102.4-125.4zm-132.9 88.7L299.3 420.7c-6.2 6.2-16.4 6.2-22.6 0L171.3 315.3c-10.1-10.1-2.9-27.3 11.3-27.3H248V176c0-8.8 7.2-16 16-16h48c8.8 0 16 7.2 16 16v112h65.4c14.2 0 21.4 17.2 11.3 27.3z\"><\/path><\/svg>\t\t\t\t\t\t<\/span>\n\t\t\t\t\t\t\t\t\t\t<span class=\"elementor-icon-list-text\">Mesa de experiencias \"La inclusi\u00f3n como base en la educaci\u00f3n infantil y primaria\": CEIP Chano Pi\u00f1eiro (Gondomar)<\/span>\n\t\t\t\t\t\t\t\t\t\t\t<\/a>\n\t\t\t\t\t\t\t\t\t<\/li>\n\t\t\t\t\t\t\t\t<li class=\"elementor-icon-list-item\">\n\t\t\t\t\t\t\t\t\t\t\t<a href=\"https:\/\/downgalicia.org\/wp-content\/uploads\/2025\/11\/09_Presentacion-Rosa-Fiel.pdf\" target=\"_blank\">\n\n\t\t\t\t\t\t\t\t\t\t\t\t<span class=\"elementor-icon-list-icon\">\n\t\t\t\t\t\t\t<svg aria-hidden=\"true\" class=\"e-font-icon-svg e-fas-cloud-download-alt\" viewBox=\"0 0 640 512\" xmlns=\"http:\/\/www.w3.org\/2000\/svg\"><path d=\"M537.6 226.6c4.1-10.7 6.4-22.4 6.4-34.6 0-53-43-96-96-96-19.7 0-38.1 6-53.3 16.2C367 64.2 315.3 32 256 32c-88.4 0-160 71.6-160 160 0 2.7.1 5.4.2 8.1C40.2 219.8 0 273.2 0 336c0 79.5 64.5 144 144 144h368c70.7 0 128-57.3 128-128 0-61.9-44-113.6-102.4-125.4zm-132.9 88.7L299.3 420.7c-6.2 6.2-16.4 6.2-22.6 0L171.3 315.3c-10.1-10.1-2.9-27.3 11.3-27.3H248V176c0-8.8 7.2-16 16-16h48c8.8 0 16 7.2 16 16v112h65.4c14.2 0 21.4 17.2 11.3 27.3z\"><\/path><\/svg>\t\t\t\t\t\t<\/span>\n\t\t\t\t\t\t\t\t\t\t<span class=\"elementor-icon-list-text\">Mesa de experiencias \"La inclusi\u00f3n como base en la educaci\u00f3n infantil y primaria\": CEIP Antonio Magari\u00f1os (Cambados)<\/span>\n\t\t\t\t\t\t\t\t\t\t\t<\/a>\n\t\t\t\t\t\t\t\t\t<\/li>\n\t\t\t\t\t\t\t\t<li class=\"elementor-icon-list-item\">\n\t\t\t\t\t\t\t\t\t\t\t<a href=\"https:\/\/downgalicia.org\/wp-content\/uploads\/2025\/11\/10_Presentacion-Sabela-Seoane.pdf\" target=\"_blank\">\n\n\t\t\t\t\t\t\t\t\t\t\t\t<span class=\"elementor-icon-list-icon\">\n\t\t\t\t\t\t\t<svg aria-hidden=\"true\" class=\"e-font-icon-svg e-fas-cloud-download-alt\" viewBox=\"0 0 640 512\" xmlns=\"http:\/\/www.w3.org\/2000\/svg\"><path d=\"M537.6 226.6c4.1-10.7 6.4-22.4 6.4-34.6 0-53-43-96-96-96-19.7 0-38.1 6-53.3 16.2C367 64.2 315.3 32 256 32c-88.4 0-160 71.6-160 160 0 2.7.1 5.4.2 8.1C40.2 219.8 0 273.2 0 336c0 79.5 64.5 144 144 144h368c70.7 0 128-57.3 128-128 0-61.9-44-113.6-102.4-125.4zm-132.9 88.7L299.3 420.7c-6.2 6.2-16.4 6.2-22.6 0L171.3 315.3c-10.1-10.1-2.9-27.3 11.3-27.3H248V176c0-8.8 7.2-16 16-16h48c8.8 0 16 7.2 16 16v112h65.4c14.2 0 21.4 17.2 11.3 27.3z\"><\/path><\/svg>\t\t\t\t\t\t<\/span>\n\t\t\t\t\t\t\t\t\t\t<span class=\"elementor-icon-list-text\">Mesa de experiencias \"La inclusi\u00f3n como base en la educaci\u00f3n infantil y primaria\": CEIP P. Mestre Ramiro (Ponteareas)<\/span>\n\t\t\t\t\t\t\t\t\t\t\t<\/a>\n\t\t\t\t\t\t\t\t\t<\/li>\n\t\t\t\t\t\t\t\t<li class=\"elementor-icon-list-item\">\n\t\t\t\t\t\t\t\t\t\t\t<a href=\"https:\/\/downgalicia.org\/wp-content\/uploads\/2025\/11\/11_Presentacion-Ana-Parada.pdf\" target=\"_blank\">\n\n\t\t\t\t\t\t\t\t\t\t\t\t<span class=\"elementor-icon-list-icon\">\n\t\t\t\t\t\t\t<svg aria-hidden=\"true\" class=\"e-font-icon-svg e-fas-cloud-download-alt\" viewBox=\"0 0 640 512\" xmlns=\"http:\/\/www.w3.org\/2000\/svg\"><path d=\"M537.6 226.6c4.1-10.7 6.4-22.4 6.4-34.6 0-53-43-96-96-96-19.7 0-38.1 6-53.3 16.2C367 64.2 315.3 32 256 32c-88.4 0-160 71.6-160 160 0 2.7.1 5.4.2 8.1C40.2 219.8 0 273.2 0 336c0 79.5 64.5 144 144 144h368c70.7 0 128-57.3 128-128 0-61.9-44-113.6-102.4-125.4zm-132.9 88.7L299.3 420.7c-6.2 6.2-16.4 6.2-22.6 0L171.3 315.3c-10.1-10.1-2.9-27.3 11.3-27.3H248V176c0-8.8 7.2-16 16-16h48c8.8 0 16 7.2 16 16v112h65.4c14.2 0 21.4 17.2 11.3 27.3z\"><\/path><\/svg>\t\t\t\t\t\t<\/span>\n\t\t\t\t\t\t\t\t\t\t<span class=\"elementor-icon-list-text\">Mesa de experiencias \"Educaci\u00f3n secundaria: un reto pendente\": IES Ant\u00f3n Losada Di\u00e9guez (A Estrada)<\/span>\n\t\t\t\t\t\t\t\t\t\t\t<\/a>\n\t\t\t\t\t\t\t\t\t<\/li>\n\t\t\t\t\t\t\t\t<li class=\"elementor-icon-list-item\">\n\t\t\t\t\t\t\t\t\t\t\t<a href=\"https:\/\/downgalicia.org\/wp-content\/uploads\/2025\/11\/12_Presentacion-Asprona-Almansa.pdf\" target=\"_blank\">\n\n\t\t\t\t\t\t\t\t\t\t\t\t<span class=\"elementor-icon-list-icon\">\n\t\t\t\t\t\t\t<svg aria-hidden=\"true\" class=\"e-font-icon-svg e-fas-cloud-download-alt\" viewBox=\"0 0 640 512\" xmlns=\"http:\/\/www.w3.org\/2000\/svg\"><path d=\"M537.6 226.6c4.1-10.7 6.4-22.4 6.4-34.6 0-53-43-96-96-96-19.7 0-38.1 6-53.3 16.2C367 64.2 315.3 32 256 32c-88.4 0-160 71.6-160 160 0 2.7.1 5.4.2 8.1C40.2 219.8 0 273.2 0 336c0 79.5 64.5 144 144 144h368c70.7 0 128-57.3 128-128 0-61.9-44-113.6-102.4-125.4zm-132.9 88.7L299.3 420.7c-6.2 6.2-16.4 6.2-22.6 0L171.3 315.3c-10.1-10.1-2.9-27.3 11.3-27.3H248V176c0-8.8 7.2-16 16-16h48c8.8 0 16 7.2 16 16v112h65.4c14.2 0 21.4 17.2 11.3 27.3z\"><\/path><\/svg>\t\t\t\t\t\t<\/span>\n\t\t\t\t\t\t\t\t\t\t<span class=\"elementor-icon-list-text\">Mesa de experiencias \"Educaci\u00f3n secundaria: un reto pendente\": CEE Asprona (Almansa - Albacete)<\/span>\n\t\t\t\t\t\t\t\t\t\t\t<\/a>\n\t\t\t\t\t\t\t\t\t<\/li>\n\t\t\t\t\t\t<\/ul>\n\t\t\t\t\t\t<\/div>\n\t\t\t\t<\/div>\n\t\t\t\t\t<\/div>\n\t\t\t\t<\/div>\n\t\t\t\t<\/div>\n\t\t\t\t\t<\/details>\n\t\t\t\t\t<\/div>\n\t\t\t\t\t\t<\/div>\n\t\t\t\t<\/div>\n\t\t\t\t<div class=\"elementor-element elementor-element-d8a0fb6 elementor-widget elementor-widget-n-accordion\" data-id=\"d8a0fb6\" data-element_type=\"widget\" data-settings=\"{&quot;default_state&quot;:&quot;all_collapsed&quot;,&quot;max_items_expended&quot;:&quot;multiple&quot;,&quot;n_accordion_animation_duration&quot;:{&quot;unit&quot;:&quot;ms&quot;,&quot;size&quot;:400,&quot;sizes&quot;:[]}}\" data-widget_type=\"nested-accordion.default\">\n\t\t\t\t<div class=\"elementor-widget-container\">\n\t\t\t\t\t\t\t<div class=\"e-n-accordion\" aria-label=\"Accordion. Open links with Enter or Space, close with Escape, and navigate with Arrow Keys\">\n\t\t\t\t\t\t<details id=\"e-n-accordion-item-2270\" class=\"e-n-accordion-item\" >\n\t\t\t\t<summary class=\"e-n-accordion-item-title\" data-accordion-index=\"1\" tabindex=\"0\" aria-expanded=\"false\" aria-controls=\"e-n-accordion-item-2270\" >\n\t\t\t\t\t<span class='e-n-accordion-item-title-header'><div class=\"e-n-accordion-item-title-text\"> V\u00eddeos <\/div><\/span>\n\t\t\t\t\t\t\t<span class='e-n-accordion-item-title-icon'>\n\t\t\t<span class='e-opened' ><svg aria-hidden=\"true\" class=\"e-font-icon-svg e-fas-arrow-up\" viewBox=\"0 0 448 512\" xmlns=\"http:\/\/www.w3.org\/2000\/svg\"><path d=\"M34.9 289.5l-22.2-22.2c-9.4-9.4-9.4-24.6 0-33.9L207 39c9.4-9.4 24.6-9.4 33.9 0l194.3 194.3c9.4 9.4 9.4 24.6 0 33.9L413 289.4c-9.5 9.5-25 9.3-34.3-.4L264 168.6V456c0 13.3-10.7 24-24 24h-32c-13.3 0-24-10.7-24-24V168.6L69.2 289.1c-9.3 9.8-24.8 10-34.3.4z\"><\/path><\/svg><\/span>\n\t\t\t<span class='e-closed'><svg aria-hidden=\"true\" class=\"e-font-icon-svg e-fas-arrow-down\" viewBox=\"0 0 448 512\" xmlns=\"http:\/\/www.w3.org\/2000\/svg\"><path d=\"M413.1 222.5l22.2 22.2c9.4 9.4 9.4 24.6 0 33.9L241 473c-9.4 9.4-24.6 9.4-33.9 0L12.7 278.6c-9.4-9.4-9.4-24.6 0-33.9l22.2-22.2c9.5-9.5 25-9.3 34.3.4L184 343.4V56c0-13.3 10.7-24 24-24h32c13.3 0 24 10.7 24 24v287.4l114.8-120.5c9.3-9.8 24.8-10 34.3-.4z\"><\/path><\/svg><\/span>\n\t\t<\/span>\n\n\t\t\t\t\t\t<\/summary>\n\t\t\t\t<div role=\"region\" aria-labelledby=\"e-n-accordion-item-2270\" class=\"elementor-element elementor-element-a795595 e-con-full e-flex e-con e-child\" data-id=\"a795595\" data-element_type=\"container\">\n\t\t<div role=\"region\" aria-labelledby=\"e-n-accordion-item-2270\" class=\"elementor-element elementor-element-691f802 e-flex e-con-boxed e-con e-child\" data-id=\"691f802\" data-element_type=\"container\">\n\t\t\t\t\t<div class=\"e-con-inner\">\n\t\t\t\t<div class=\"elementor-element elementor-element-763d7b7 elementor-icon-list--layout-traditional elementor-list-item-link-full_width elementor-widget elementor-widget-icon-list\" data-id=\"763d7b7\" data-element_type=\"widget\" data-widget_type=\"icon-list.default\">\n\t\t\t\t<div class=\"elementor-widget-container\">\n\t\t\t\t\t\t\t<ul class=\"elementor-icon-list-items\">\n\t\t\t\t\t\t\t<li class=\"elementor-icon-list-item\">\n\t\t\t\t\t\t\t\t\t\t\t<a href=\"https:\/\/youtu.be\/-4Ts0rQavek?si=TNgrQPpsr1xhyjyx\" target=\"_blank\">\n\n\t\t\t\t\t\t\t\t\t\t\t\t<span class=\"elementor-icon-list-icon\">\n\t\t\t\t\t\t\t<svg aria-hidden=\"true\" class=\"e-font-icon-svg e-fas-cloud-download-alt\" viewBox=\"0 0 640 512\" xmlns=\"http:\/\/www.w3.org\/2000\/svg\"><path d=\"M537.6 226.6c4.1-10.7 6.4-22.4 6.4-34.6 0-53-43-96-96-96-19.7 0-38.1 6-53.3 16.2C367 64.2 315.3 32 256 32c-88.4 0-160 71.6-160 160 0 2.7.1 5.4.2 8.1C40.2 219.8 0 273.2 0 336c0 79.5 64.5 144 144 144h368c70.7 0 128-57.3 128-128 0-61.9-44-113.6-102.4-125.4zm-132.9 88.7L299.3 420.7c-6.2 6.2-16.4 6.2-22.6 0L171.3 315.3c-10.1-10.1-2.9-27.3 11.3-27.3H248V176c0-8.8 7.2-16 16-16h48c8.8 0 16 7.2 16 16v112h65.4c14.2 0 21.4 17.2 11.3 27.3z\"><\/path><\/svg>\t\t\t\t\t\t<\/span>\n\t\t\t\t\t\t\t\t\t\t<span class=\"elementor-icon-list-text\">Conferencia Nuria Aparicio: \"\u00bfCumple el sistema educativo espa\u00f1ol con la Convenci\u00f3n?<\/span>\n\t\t\t\t\t\t\t\t\t\t\t<\/a>\n\t\t\t\t\t\t\t\t\t<\/li>\n\t\t\t\t\t\t\t\t<li class=\"elementor-icon-list-item\">\n\t\t\t\t\t\t\t\t\t\t\t<a href=\"https:\/\/youtu.be\/0vSnwO-5-Uc?si=OHLrQwv1kBz2ddRB\" target=\"_blank\">\n\n\t\t\t\t\t\t\t\t\t\t\t\t<span class=\"elementor-icon-list-icon\">\n\t\t\t\t\t\t\t<svg aria-hidden=\"true\" class=\"e-font-icon-svg e-fas-cloud-download-alt\" viewBox=\"0 0 640 512\" xmlns=\"http:\/\/www.w3.org\/2000\/svg\"><path d=\"M537.6 226.6c4.1-10.7 6.4-22.4 6.4-34.6 0-53-43-96-96-96-19.7 0-38.1 6-53.3 16.2C367 64.2 315.3 32 256 32c-88.4 0-160 71.6-160 160 0 2.7.1 5.4.2 8.1C40.2 219.8 0 273.2 0 336c0 79.5 64.5 144 144 144h368c70.7 0 128-57.3 128-128 0-61.9-44-113.6-102.4-125.4zm-132.9 88.7L299.3 420.7c-6.2 6.2-16.4 6.2-22.6 0L171.3 315.3c-10.1-10.1-2.9-27.3 11.3-27.3H248V176c0-8.8 7.2-16 16-16h48c8.8 0 16 7.2 16 16v112h65.4c14.2 0 21.4 17.2 11.3 27.3z\"><\/path><\/svg>\t\t\t\t\t\t<\/span>\n\t\t\t\t\t\t\t\t\t\t<span class=\"elementor-icon-list-text\">Conferencia Juan R. Zapatero: \"El derecho fundamental a la educaci\u00f3n inclusiva. Evoluci\u00f3n de la jurisprudencia\"<\/span>\n\t\t\t\t\t\t\t\t\t\t\t<\/a>\n\t\t\t\t\t\t\t\t\t<\/li>\n\t\t\t\t\t\t\t\t<li class=\"elementor-icon-list-item\">\n\t\t\t\t\t\t\t\t\t\t\t<a href=\"https:\/\/youtu.be\/tf_1Oj4E7tQ?si=8tv6U7TI8rGiAZGk\" target=\"_blank\">\n\n\t\t\t\t\t\t\t\t\t\t\t\t<span class=\"elementor-icon-list-icon\">\n\t\t\t\t\t\t\t<svg aria-hidden=\"true\" class=\"e-font-icon-svg e-fas-cloud-download-alt\" viewBox=\"0 0 640 512\" xmlns=\"http:\/\/www.w3.org\/2000\/svg\"><path d=\"M537.6 226.6c4.1-10.7 6.4-22.4 6.4-34.6 0-53-43-96-96-96-19.7 0-38.1 6-53.3 16.2C367 64.2 315.3 32 256 32c-88.4 0-160 71.6-160 160 0 2.7.1 5.4.2 8.1C40.2 219.8 0 273.2 0 336c0 79.5 64.5 144 144 144h368c70.7 0 128-57.3 128-128 0-61.9-44-113.6-102.4-125.4zm-132.9 88.7L299.3 420.7c-6.2 6.2-16.4 6.2-22.6 0L171.3 315.3c-10.1-10.1-2.9-27.3 11.3-27.3H248V176c0-8.8 7.2-16 16-16h48c8.8 0 16 7.2 16 16v112h65.4c14.2 0 21.4 17.2 11.3 27.3z\"><\/path><\/svg>\t\t\t\t\t\t<\/span>\n\t\t\t\t\t\t\t\t\t\t<span class=\"elementor-icon-list-text\">Conferencia Gerardo Echeita: \"Un marco de referencia para un dise\u00f1o universal para la participaci\u00f3n social\"<\/span>\n\t\t\t\t\t\t\t\t\t\t\t<\/a>\n\t\t\t\t\t\t\t\t\t<\/li>\n\t\t\t\t\t\t\t\t<li class=\"elementor-icon-list-item\">\n\t\t\t\t\t\t\t\t\t\t\t<a href=\"https:\/\/youtu.be\/lfThayo7j_s?si=VEDl1oSHQVnvo6vK\" target=\"_blank\">\n\n\t\t\t\t\t\t\t\t\t\t\t\t<span class=\"elementor-icon-list-icon\">\n\t\t\t\t\t\t\t<svg aria-hidden=\"true\" class=\"e-font-icon-svg e-fas-cloud-download-alt\" viewBox=\"0 0 640 512\" xmlns=\"http:\/\/www.w3.org\/2000\/svg\"><path d=\"M537.6 226.6c4.1-10.7 6.4-22.4 6.4-34.6 0-53-43-96-96-96-19.7 0-38.1 6-53.3 16.2C367 64.2 315.3 32 256 32c-88.4 0-160 71.6-160 160 0 2.7.1 5.4.2 8.1C40.2 219.8 0 273.2 0 336c0 79.5 64.5 144 144 144h368c70.7 0 128-57.3 128-128 0-61.9-44-113.6-102.4-125.4zm-132.9 88.7L299.3 420.7c-6.2 6.2-16.4 6.2-22.6 0L171.3 315.3c-10.1-10.1-2.9-27.3 11.3-27.3H248V176c0-8.8 7.2-16 16-16h48c8.8 0 16 7.2 16 16v112h65.4c14.2 0 21.4 17.2 11.3 27.3z\"><\/path><\/svg>\t\t\t\t\t\t<\/span>\n\t\t\t\t\t\t\t\t\t\t<span class=\"elementor-icon-list-text\">Conferencia Coral Elizondo: \"Miradas que incluyen: DUA 3.0, \u00e9tica y neurodiversidad\"<\/span>\n\t\t\t\t\t\t\t\t\t\t\t<\/a>\n\t\t\t\t\t\t\t\t\t<\/li>\n\t\t\t\t\t\t\t\t<li class=\"elementor-icon-list-item\">\n\t\t\t\t\t\t\t\t\t\t\t<a href=\"https:\/\/youtu.be\/paJaYCn1jE8?si=ybsc1wVctp6LB1yX\" target=\"_blank\">\n\n\t\t\t\t\t\t\t\t\t\t\t\t<span class=\"elementor-icon-list-icon\">\n\t\t\t\t\t\t\t<svg aria-hidden=\"true\" class=\"e-font-icon-svg e-fas-cloud-download-alt\" viewBox=\"0 0 640 512\" xmlns=\"http:\/\/www.w3.org\/2000\/svg\"><path d=\"M537.6 226.6c4.1-10.7 6.4-22.4 6.4-34.6 0-53-43-96-96-96-19.7 0-38.1 6-53.3 16.2C367 64.2 315.3 32 256 32c-88.4 0-160 71.6-160 160 0 2.7.1 5.4.2 8.1C40.2 219.8 0 273.2 0 336c0 79.5 64.5 144 144 144h368c70.7 0 128-57.3 128-128 0-61.9-44-113.6-102.4-125.4zm-132.9 88.7L299.3 420.7c-6.2 6.2-16.4 6.2-22.6 0L171.3 315.3c-10.1-10.1-2.9-27.3 11.3-27.3H248V176c0-8.8 7.2-16 16-16h48c8.8 0 16 7.2 16 16v112h65.4c14.2 0 21.4 17.2 11.3 27.3z\"><\/path><\/svg>\t\t\t\t\t\t<\/span>\n\t\t\t\t\t\t\t\t\t\t<span class=\"elementor-icon-list-text\">Conferencia Antonio M\u00e1rquez: \"Dise\u00f1o Universal para el Aprendizaje - DUA 3.0: Dise\u00f1o de actividades\"<\/span>\n\t\t\t\t\t\t\t\t\t\t\t<\/a>\n\t\t\t\t\t\t\t\t\t<\/li>\n\t\t\t\t\t\t\t\t<li class=\"elementor-icon-list-item\">\n\t\t\t\t\t\t\t\t\t\t\t<a href=\"https:\/\/youtu.be\/B6uVSIUnMpw?si=KCCi9-kklFh2CaO9\" target=\"_blank\">\n\n\t\t\t\t\t\t\t\t\t\t\t\t<span class=\"elementor-icon-list-icon\">\n\t\t\t\t\t\t\t<svg aria-hidden=\"true\" class=\"e-font-icon-svg e-fas-cloud-download-alt\" viewBox=\"0 0 640 512\" xmlns=\"http:\/\/www.w3.org\/2000\/svg\"><path d=\"M537.6 226.6c4.1-10.7 6.4-22.4 6.4-34.6 0-53-43-96-96-96-19.7 0-38.1 6-53.3 16.2C367 64.2 315.3 32 256 32c-88.4 0-160 71.6-160 160 0 2.7.1 5.4.2 8.1C40.2 219.8 0 273.2 0 336c0 79.5 64.5 144 144 144h368c70.7 0 128-57.3 128-128 0-61.9-44-113.6-102.4-125.4zm-132.9 88.7L299.3 420.7c-6.2 6.2-16.4 6.2-22.6 0L171.3 315.3c-10.1-10.1-2.9-27.3 11.3-27.3H248V176c0-8.8 7.2-16 16-16h48c8.8 0 16 7.2 16 16v112h65.4c14.2 0 21.4 17.2 11.3 27.3z\"><\/path><\/svg>\t\t\t\t\t\t<\/span>\n\t\t\t\t\t\t\t\t\t\t<span class=\"elementor-icon-list-text\">Mesa redonda \"La realidad de la educaci\u00f3n inclusiva en Espa\u00f1a\"<\/span>\n\t\t\t\t\t\t\t\t\t\t\t<\/a>\n\t\t\t\t\t\t\t\t\t<\/li>\n\t\t\t\t\t\t\t\t<li class=\"elementor-icon-list-item\">\n\t\t\t\t\t\t\t\t\t\t\t<a href=\"https:\/\/youtu.be\/0rZLwh903Sw?si=NQeNaVandNZbmsHg\" target=\"_blank\">\n\n\t\t\t\t\t\t\t\t\t\t\t\t<span class=\"elementor-icon-list-icon\">\n\t\t\t\t\t\t\t<svg aria-hidden=\"true\" class=\"e-font-icon-svg e-fas-cloud-download-alt\" viewBox=\"0 0 640 512\" xmlns=\"http:\/\/www.w3.org\/2000\/svg\"><path d=\"M537.6 226.6c4.1-10.7 6.4-22.4 6.4-34.6 0-53-43-96-96-96-19.7 0-38.1 6-53.3 16.2C367 64.2 315.3 32 256 32c-88.4 0-160 71.6-160 160 0 2.7.1 5.4.2 8.1C40.2 219.8 0 273.2 0 336c0 79.5 64.5 144 144 144h368c70.7 0 128-57.3 128-128 0-61.9-44-113.6-102.4-125.4zm-132.9 88.7L299.3 420.7c-6.2 6.2-16.4 6.2-22.6 0L171.3 315.3c-10.1-10.1-2.9-27.3 11.3-27.3H248V176c0-8.8 7.2-16 16-16h48c8.8 0 16 7.2 16 16v112h65.4c14.2 0 21.4 17.2 11.3 27.3z\"><\/path><\/svg>\t\t\t\t\t\t<\/span>\n\t\t\t\t\t\t\t\t\t\t<span class=\"elementor-icon-list-text\">Mesa de experiencias \"Voces que transforman: Miradas compartidas hacia una educaci\u00f3n inclusiva\"<\/span>\n\t\t\t\t\t\t\t\t\t\t\t<\/a>\n\t\t\t\t\t\t\t\t\t<\/li>\n\t\t\t\t\t\t\t\t<li class=\"elementor-icon-list-item\">\n\t\t\t\t\t\t\t\t\t\t\t<a href=\"https:\/\/youtu.be\/9-AZCMUWOFw?si=kVKjDr51BzaSZROR\" target=\"_blank\">\n\n\t\t\t\t\t\t\t\t\t\t\t\t<span class=\"elementor-icon-list-icon\">\n\t\t\t\t\t\t\t<svg aria-hidden=\"true\" class=\"e-font-icon-svg e-fas-cloud-download-alt\" viewBox=\"0 0 640 512\" xmlns=\"http:\/\/www.w3.org\/2000\/svg\"><path d=\"M537.6 226.6c4.1-10.7 6.4-22.4 6.4-34.6 0-53-43-96-96-96-19.7 0-38.1 6-53.3 16.2C367 64.2 315.3 32 256 32c-88.4 0-160 71.6-160 160 0 2.7.1 5.4.2 8.1C40.2 219.8 0 273.2 0 336c0 79.5 64.5 144 144 144h368c70.7 0 128-57.3 128-128 0-61.9-44-113.6-102.4-125.4zm-132.9 88.7L299.3 420.7c-6.2 6.2-16.4 6.2-22.6 0L171.3 315.3c-10.1-10.1-2.9-27.3 11.3-27.3H248V176c0-8.8 7.2-16 16-16h48c8.8 0 16 7.2 16 16v112h65.4c14.2 0 21.4 17.2 11.3 27.3z\"><\/path><\/svg>\t\t\t\t\t\t<\/span>\n\t\t\t\t\t\t\t\t\t\t<span class=\"elementor-icon-list-text\">Mesa de experiencias \"La importancia de la perspectiva de centro\"<\/span>\n\t\t\t\t\t\t\t\t\t\t\t<\/a>\n\t\t\t\t\t\t\t\t\t<\/li>\n\t\t\t\t\t\t\t\t<li class=\"elementor-icon-list-item\">\n\t\t\t\t\t\t\t\t\t\t\t<a href=\"https:\/\/youtu.be\/ISd9qD6HZ5o?si=qOdQmBy_pzv3otL6\" target=\"_blank\">\n\n\t\t\t\t\t\t\t\t\t\t\t\t<span class=\"elementor-icon-list-icon\">\n\t\t\t\t\t\t\t<svg aria-hidden=\"true\" class=\"e-font-icon-svg e-fas-cloud-download-alt\" viewBox=\"0 0 640 512\" xmlns=\"http:\/\/www.w3.org\/2000\/svg\"><path d=\"M537.6 226.6c4.1-10.7 6.4-22.4 6.4-34.6 0-53-43-96-96-96-19.7 0-38.1 6-53.3 16.2C367 64.2 315.3 32 256 32c-88.4 0-160 71.6-160 160 0 2.7.1 5.4.2 8.1C40.2 219.8 0 273.2 0 336c0 79.5 64.5 144 144 144h368c70.7 0 128-57.3 128-128 0-61.9-44-113.6-102.4-125.4zm-132.9 88.7L299.3 420.7c-6.2 6.2-16.4 6.2-22.6 0L171.3 315.3c-10.1-10.1-2.9-27.3 11.3-27.3H248V176c0-8.8 7.2-16 16-16h48c8.8 0 16 7.2 16 16v112h65.4c14.2 0 21.4 17.2 11.3 27.3z\"><\/path><\/svg>\t\t\t\t\t\t<\/span>\n\t\t\t\t\t\t\t\t\t\t<span class=\"elementor-icon-list-text\">Mesa de experiencias \"La inclusi\u00f3n como base de la educaci\u00f3n infantil y primaria\"<\/span>\n\t\t\t\t\t\t\t\t\t\t\t<\/a>\n\t\t\t\t\t\t\t\t\t<\/li>\n\t\t\t\t\t\t\t\t<li class=\"elementor-icon-list-item\">\n\t\t\t\t\t\t\t\t\t\t\t<a href=\"https:\/\/youtu.be\/9pIIFbfkS6A?si=LC5go0FFlR8-rOzQ\" target=\"_blank\">\n\n\t\t\t\t\t\t\t\t\t\t\t\t<span class=\"elementor-icon-list-icon\">\n\t\t\t\t\t\t\t<svg aria-hidden=\"true\" class=\"e-font-icon-svg e-fas-cloud-download-alt\" viewBox=\"0 0 640 512\" xmlns=\"http:\/\/www.w3.org\/2000\/svg\"><path d=\"M537.6 226.6c4.1-10.7 6.4-22.4 6.4-34.6 0-53-43-96-96-96-19.7 0-38.1 6-53.3 16.2C367 64.2 315.3 32 256 32c-88.4 0-160 71.6-160 160 0 2.7.1 5.4.2 8.1C40.2 219.8 0 273.2 0 336c0 79.5 64.5 144 144 144h368c70.7 0 128-57.3 128-128 0-61.9-44-113.6-102.4-125.4zm-132.9 88.7L299.3 420.7c-6.2 6.2-16.4 6.2-22.6 0L171.3 315.3c-10.1-10.1-2.9-27.3 11.3-27.3H248V176c0-8.8 7.2-16 16-16h48c8.8 0 16 7.2 16 16v112h65.4c14.2 0 21.4 17.2 11.3 27.3z\"><\/path><\/svg>\t\t\t\t\t\t<\/span>\n\t\t\t\t\t\t\t\t\t\t<span class=\"elementor-icon-list-text\">Mesa de experiencias \"Educaci\u00f3n secundaria: un reto pendiente a nivel inclusi\u00f3n educativa\"<\/span>\n\t\t\t\t\t\t\t\t\t\t\t<\/a>\n\t\t\t\t\t\t\t\t\t<\/li>\n\t\t\t\t\t\t\t\t<li class=\"elementor-icon-list-item\">\n\t\t\t\t\t\t\t\t\t\t\t<a href=\"https:\/\/youtu.be\/l43GoxE9EyE?si=E5UFoOYrmaP5dsB7\" target=\"_blank\">\n\n\t\t\t\t\t\t\t\t\t\t\t\t<span class=\"elementor-icon-list-icon\">\n\t\t\t\t\t\t\t<svg aria-hidden=\"true\" class=\"e-font-icon-svg e-fas-cloud-download-alt\" viewBox=\"0 0 640 512\" xmlns=\"http:\/\/www.w3.org\/2000\/svg\"><path d=\"M537.6 226.6c4.1-10.7 6.4-22.4 6.4-34.6 0-53-43-96-96-96-19.7 0-38.1 6-53.3 16.2C367 64.2 315.3 32 256 32c-88.4 0-160 71.6-160 160 0 2.7.1 5.4.2 8.1C40.2 219.8 0 273.2 0 336c0 79.5 64.5 144 144 144h368c70.7 0 128-57.3 128-128 0-61.9-44-113.6-102.4-125.4zm-132.9 88.7L299.3 420.7c-6.2 6.2-16.4 6.2-22.6 0L171.3 315.3c-10.1-10.1-2.9-27.3 11.3-27.3H248V176c0-8.8 7.2-16 16-16h48c8.8 0 16 7.2 16 16v112h65.4c14.2 0 21.4 17.2 11.3 27.3z\"><\/path><\/svg>\t\t\t\t\t\t<\/span>\n\t\t\t\t\t\t\t\t\t\t<span class=\"elementor-icon-list-text\">Conclusiones del Congreso<\/span>\n\t\t\t\t\t\t\t\t\t\t\t<\/a>\n\t\t\t\t\t\t\t\t\t<\/li>\n\t\t\t\t\t\t<\/ul>\n\t\t\t\t\t\t<\/div>\n\t\t\t\t<\/div>\n\t\t\t\t\t<\/div>\n\t\t\t\t<\/div>\n\t\t\t\t<\/div>\n\t\t\t\t\t<\/details>\n\t\t\t\t\t<\/div>\n\t\t\t\t\t\t<\/div>\n\t\t\t\t<\/div>\n\t\t\t\t<\/div>\n\t\t\t\t<\/div>\n\t\t","protected":false},"excerpt":{"rendered":"<p>Documentaci\u00f3n principal: Recursos editados por entidades Down V\u00eddeo divulgativo \u201cS\u00edndrome de Down \u2013 Gu\u00eda r\u00e1pida\u201d Cromocuento \u2013 S\u00edndrome de Down explicado para ni\u00f1os y ni\u00f1as Gu\u00eda de lectura f\u00e1cil: normas [&hellip;]<\/p>\n","protected":false},"author":1,"featured_media":0,"parent":3243,"menu_order":0,"comment_status":"closed","ping_status":"closed","template":"elementor_theme","meta":{"_acf_changed":false,"give_campaign_id":0,"footnotes":""},"class_list":["post-3240","page","type-page","status-publish","hentry"],"acf":[],"yoast_head":"<!-- This site is optimized with the Yoast SEO plugin v25.3.1 - https:\/\/yoast.com\/wordpress\/plugins\/seo\/ -->\n<title>Bibliograf\u00eda y documentaci\u00f3n de referencia &#8226; Federaci\u00f3n Down Galicia<\/title>\n<meta name=\"robots\" content=\"index, follow, max-snippet:-1, max-image-preview:large, max-video-preview:-1\" \/>\n<link rel=\"canonical\" href=\"https:\/\/downgalicia.org\/es\/punto-virtual-educacion\/bibliografia-y-documentacion-de-referencia\/\" \/>\n<meta property=\"og:locale\" content=\"es_ES\" \/>\n<meta property=\"og:type\" content=\"article\" \/>\n<meta property=\"og:title\" content=\"Bibliograf\u00eda y documentaci\u00f3n de referencia &#8226; Federaci\u00f3n Down Galicia\" \/>\n<meta property=\"og:description\" content=\"Documentaci\u00f3n principal: Recursos editados por entidades Down V\u00eddeo divulgativo \u201cS\u00edndrome de Down \u2013 Gu\u00eda r\u00e1pida\u201d Cromocuento \u2013 S\u00edndrome de Down explicado para ni\u00f1os y ni\u00f1as Gu\u00eda de lectura f\u00e1cil: normas [&hellip;]\" \/>\n<meta property=\"og:url\" content=\"https:\/\/downgalicia.org\/es\/punto-virtual-educacion\/bibliografia-y-documentacion-de-referencia\/\" \/>\n<meta property=\"og:site_name\" content=\"Federaci\u00f3n Down Galicia\" \/>\n<meta property=\"article:modified_time\" content=\"2026-03-05T12:33:02+00:00\" \/>\n<meta name=\"twitter:card\" content=\"summary_large_image\" \/>\n<meta name=\"twitter:label1\" content=\"Tiempo de lectura\" \/>\n\t<meta name=\"twitter:data1\" content=\"7 minutos\" \/>\n<script type=\"application\/ld+json\" class=\"yoast-schema-graph\">{\"@context\":\"https:\/\/schema.org\",\"@graph\":[{\"@type\":\"WebPage\",\"@id\":\"https:\/\/downgalicia.org\/es\/punto-virtual-educacion\/bibliografia-y-documentacion-de-referencia\/\",\"url\":\"https:\/\/downgalicia.org\/es\/punto-virtual-educacion\/bibliografia-y-documentacion-de-referencia\/\",\"name\":\"Bibliograf\u00eda y documentaci\u00f3n de referencia &#8226; Federaci\u00f3n Down Galicia\",\"isPartOf\":{\"@id\":\"https:\/\/downgalicia.org\/es\/#website\"},\"datePublished\":\"2024-10-07T08:06:35+00:00\",\"dateModified\":\"2026-03-05T12:33:02+00:00\",\"breadcrumb\":{\"@id\":\"https:\/\/downgalicia.org\/es\/punto-virtual-educacion\/bibliografia-y-documentacion-de-referencia\/#breadcrumb\"},\"inLanguage\":\"es\",\"potentialAction\":[{\"@type\":\"ReadAction\",\"target\":[\"https:\/\/downgalicia.org\/es\/punto-virtual-educacion\/bibliografia-y-documentacion-de-referencia\/\"]}]},{\"@type\":\"BreadcrumbList\",\"@id\":\"https:\/\/downgalicia.org\/es\/punto-virtual-educacion\/bibliografia-y-documentacion-de-referencia\/#breadcrumb\",\"itemListElement\":[{\"@type\":\"ListItem\",\"position\":1,\"name\":\"Portada\",\"item\":\"https:\/\/downgalicia.org\/es\/\"},{\"@type\":\"ListItem\",\"position\":2,\"name\":\"Punto Virtual de Educaci\u00f3n\",\"item\":\"https:\/\/downgalicia.org\/es\/punto-virtual-educacion\/\"},{\"@type\":\"ListItem\",\"position\":3,\"name\":\"Bibliograf\u00eda y documentaci\u00f3n de referencia\"}]},{\"@type\":\"WebSite\",\"@id\":\"https:\/\/downgalicia.org\/es\/#website\",\"url\":\"https:\/\/downgalicia.org\/es\/\",\"name\":\"Federaci\u00f3n Down Galicia\",\"description\":\"Apoio a persoas con S\u00edndrome de Down\",\"publisher\":{\"@id\":\"https:\/\/downgalicia.org\/es\/#organization\"},\"potentialAction\":[{\"@type\":\"SearchAction\",\"target\":{\"@type\":\"EntryPoint\",\"urlTemplate\":\"https:\/\/downgalicia.org\/es\/?s={search_term_string}\"},\"query-input\":{\"@type\":\"PropertyValueSpecification\",\"valueRequired\":true,\"valueName\":\"search_term_string\"}}],\"inLanguage\":\"es\"},{\"@type\":\"Organization\",\"@id\":\"https:\/\/downgalicia.org\/es\/#organization\",\"name\":\"Federaci\u00f3n Down Galicia\",\"url\":\"https:\/\/downgalicia.org\/es\/\",\"logo\":{\"@type\":\"ImageObject\",\"inLanguage\":\"es\",\"@id\":\"https:\/\/downgalicia.org\/es\/#\/schema\/logo\/image\/\",\"url\":\"https:\/\/downgalicia.org\/wp-content\/uploads\/2024\/07\/logo-sindrome-down-color.svg\",\"contentUrl\":\"https:\/\/downgalicia.org\/wp-content\/uploads\/2024\/07\/logo-sindrome-down-color.svg\",\"width\":271,\"height\":88,\"caption\":\"Federaci\u00f3n Down Galicia\"},\"image\":{\"@id\":\"https:\/\/downgalicia.org\/es\/#\/schema\/logo\/image\/\"}}]}<\/script>\n<!-- \/ Yoast SEO plugin. -->","yoast_head_json":{"title":"Bibliograf\u00eda y documentaci\u00f3n de referencia &#8226; Federaci\u00f3n Down Galicia","robots":{"index":"index","follow":"follow","max-snippet":"max-snippet:-1","max-image-preview":"max-image-preview:large","max-video-preview":"max-video-preview:-1"},"canonical":"https:\/\/downgalicia.org\/es\/punto-virtual-educacion\/bibliografia-y-documentacion-de-referencia\/","og_locale":"es_ES","og_type":"article","og_title":"Bibliograf\u00eda y documentaci\u00f3n de referencia &#8226; Federaci\u00f3n Down Galicia","og_description":"Documentaci\u00f3n principal: Recursos editados por entidades Down V\u00eddeo divulgativo \u201cS\u00edndrome de Down \u2013 Gu\u00eda r\u00e1pida\u201d Cromocuento \u2013 S\u00edndrome de Down explicado para ni\u00f1os y ni\u00f1as Gu\u00eda de lectura f\u00e1cil: normas [&hellip;]","og_url":"https:\/\/downgalicia.org\/es\/punto-virtual-educacion\/bibliografia-y-documentacion-de-referencia\/","og_site_name":"Federaci\u00f3n Down Galicia","article_modified_time":"2026-03-05T12:33:02+00:00","twitter_card":"summary_large_image","twitter_misc":{"Tiempo de lectura":"7 minutos"},"schema":{"@context":"https:\/\/schema.org","@graph":[{"@type":"WebPage","@id":"https:\/\/downgalicia.org\/es\/punto-virtual-educacion\/bibliografia-y-documentacion-de-referencia\/","url":"https:\/\/downgalicia.org\/es\/punto-virtual-educacion\/bibliografia-y-documentacion-de-referencia\/","name":"Bibliograf\u00eda y documentaci\u00f3n de referencia &#8226; Federaci\u00f3n Down Galicia","isPartOf":{"@id":"https:\/\/downgalicia.org\/es\/#website"},"datePublished":"2024-10-07T08:06:35+00:00","dateModified":"2026-03-05T12:33:02+00:00","breadcrumb":{"@id":"https:\/\/downgalicia.org\/es\/punto-virtual-educacion\/bibliografia-y-documentacion-de-referencia\/#breadcrumb"},"inLanguage":"es","potentialAction":[{"@type":"ReadAction","target":["https:\/\/downgalicia.org\/es\/punto-virtual-educacion\/bibliografia-y-documentacion-de-referencia\/"]}]},{"@type":"BreadcrumbList","@id":"https:\/\/downgalicia.org\/es\/punto-virtual-educacion\/bibliografia-y-documentacion-de-referencia\/#breadcrumb","itemListElement":[{"@type":"ListItem","position":1,"name":"Portada","item":"https:\/\/downgalicia.org\/es\/"},{"@type":"ListItem","position":2,"name":"Punto Virtual de Educaci\u00f3n","item":"https:\/\/downgalicia.org\/es\/punto-virtual-educacion\/"},{"@type":"ListItem","position":3,"name":"Bibliograf\u00eda y documentaci\u00f3n de referencia"}]},{"@type":"WebSite","@id":"https:\/\/downgalicia.org\/es\/#website","url":"https:\/\/downgalicia.org\/es\/","name":"Federaci\u00f3n Down Galicia","description":"Apoio a persoas con S\u00edndrome de Down","publisher":{"@id":"https:\/\/downgalicia.org\/es\/#organization"},"potentialAction":[{"@type":"SearchAction","target":{"@type":"EntryPoint","urlTemplate":"https:\/\/downgalicia.org\/es\/?s={search_term_string}"},"query-input":{"@type":"PropertyValueSpecification","valueRequired":true,"valueName":"search_term_string"}}],"inLanguage":"es"},{"@type":"Organization","@id":"https:\/\/downgalicia.org\/es\/#organization","name":"Federaci\u00f3n Down Galicia","url":"https:\/\/downgalicia.org\/es\/","logo":{"@type":"ImageObject","inLanguage":"es","@id":"https:\/\/downgalicia.org\/es\/#\/schema\/logo\/image\/","url":"https:\/\/downgalicia.org\/wp-content\/uploads\/2024\/07\/logo-sindrome-down-color.svg","contentUrl":"https:\/\/downgalicia.org\/wp-content\/uploads\/2024\/07\/logo-sindrome-down-color.svg","width":271,"height":88,"caption":"Federaci\u00f3n Down Galicia"},"image":{"@id":"https:\/\/downgalicia.org\/es\/#\/schema\/logo\/image\/"}}]}},"campaignId":"","_links":{"self":[{"href":"https:\/\/downgalicia.org\/es\/wp-json\/wp\/v2\/pages\/3240","targetHints":{"allow":["GET"]}}],"collection":[{"href":"https:\/\/downgalicia.org\/es\/wp-json\/wp\/v2\/pages"}],"about":[{"href":"https:\/\/downgalicia.org\/es\/wp-json\/wp\/v2\/types\/page"}],"author":[{"embeddable":true,"href":"https:\/\/downgalicia.org\/es\/wp-json\/wp\/v2\/users\/1"}],"replies":[{"embeddable":true,"href":"https:\/\/downgalicia.org\/es\/wp-json\/wp\/v2\/comments?post=3240"}],"version-history":[{"count":13,"href":"https:\/\/downgalicia.org\/es\/wp-json\/wp\/v2\/pages\/3240\/revisions"}],"predecessor-version":[{"id":10894,"href":"https:\/\/downgalicia.org\/es\/wp-json\/wp\/v2\/pages\/3240\/revisions\/10894"}],"up":[{"embeddable":true,"href":"https:\/\/downgalicia.org\/es\/wp-json\/wp\/v2\/pages\/3243"}],"wp:attachment":[{"href":"https:\/\/downgalicia.org\/es\/wp-json\/wp\/v2\/media?parent=3240"}],"curies":[{"name":"wp","href":"https:\/\/api.w.org\/{rel}","templated":true}]}}