{"id":3247,"date":"2024-07-02T10:12:26","date_gmt":"2024-07-02T08:12:26","guid":{"rendered":"http:\/\/downgalicia.org.136-144-253-96.136-144-253-96.visualpublinet.com\/actuacions-subvencionadas-con-fondos-europeos\/"},"modified":"2025-07-15T10:53:49","modified_gmt":"2025-07-15T08:53:49","slug":"acciones-subvencionadas-con-fondos-europeos","status":"publish","type":"page","link":"https:\/\/downgalicia.org\/es\/acciones-subvencionadas-con-fondos-europeos\/","title":{"rendered":"Acciones subvencionadas con fondos europeos"},"content":{"rendered":"\t\t<div data-elementor-type=\"wp-page\" data-elementor-id=\"3247\" class=\"elementor elementor-3247 elementor-193\" data-elementor-post-type=\"page\">\n\t\t\t\t<div class=\"elementor-element elementor-element-d3d2f4a e-flex e-con-boxed e-con e-parent\" data-id=\"d3d2f4a\" data-element_type=\"container\">\n\t\t\t\t\t<div class=\"e-con-inner\">\n\t\t\t\t<div class=\"elementor-element elementor-element-8183964 elementor-widget elementor-widget-text-editor\" data-id=\"8183964\" data-element_type=\"widget\" data-widget_type=\"text-editor.default\">\n\t\t\t\t<div class=\"elementor-widget-container\">\n\t\t\t\t\t\t\t\t\t<p><strong>Convocatoria 2024 de ayudas del Fondo Social Europeo Plus (FSE+), publicada por CEPES en el marco del Programa de Empleo, Educaci\u00f3n, Formaci\u00f3n y Econom\u00eda Social (EFESO) para el per\u00edodo 2021-2027<\/strong><\/p><p>Esta entidad ha sido beneficiaria de la convocatoria de ayudas destinada a seleccionar operaciones que tengan como fin la inclusi\u00f3n laboral duradera de personas pertenecientes a grupos sociales vulnerables a trav\u00e9s de apoyos profesionales espec\u00edficos a su proceso formativo, de acceso y mantenimiento en el empleo, as\u00ed como el desarrollo de planes para el fortalecimiento o la consolidaci\u00f3n de las empresas y entidades de la Econom\u00eda Social que tienen por objeto social dicha inserci\u00f3n.<\/p><ul><li><strong>Proyecto:<\/strong> \u201cEmpleo con Apoyo: Talento profesional de personas con s\u00edndrome de Down y discapacidad intelectual\u201d<\/li><li><strong>Importe de la ayuda:<\/strong> 193.369,33 euros<\/li><li><strong>Descripci\u00f3n: <\/strong>Este proyecto para la inclusi\u00f3n sociolaboral de personas con s\u00edndrome de Down y otras discapacidades intelectuales en el mercado laboral ordinario se desarrollar\u00e1 a trav\u00e9s de la formaci\u00f3n y preparaci\u00f3n previa y complementaria al empleo, as\u00ed como mediante un proceso de apoyo y acompa\u00f1amiento en el puesto de trabajo, contribuyendo a mejorar el nivel de empleabilidad de las personas que forman parte de uno de los colectivos con mayor riesgo de exclusi\u00f3n laboral y social. Para ello, se aplicar\u00e1 la metodolog\u00eda del empleo con apoyo, entendida como un sistema estructurado y sistem\u00e1tico de entrenamiento en el puesto de trabajo, que permite a la persona con discapacidad adquirir las destrezas, habilidades y conocimientos que su puesto de trabajo requiere mediante la provisi\u00f3n de apoyos dentro y fuera del lugar de trabajo.<\/li><li><strong>Objetivo principal: <\/strong>El objetivo principal de estas ayudas es facilitar la inclusi\u00f3n sociolaboral de las personas con discapacidad intelectual, especialmente de las personas con s\u00edndrome de Down, en el mercado de trabajo ordinario garantizando, para ello, todos los apoyos que tanto la persona, la familia como el personal empleador necesitan.<\/li><li><strong>Objetivos espec\u00edficos:<\/strong><ul><li>Orientar y acompa\u00f1ar a personas usuarias y familias para acceder a un empleo y conseguir ofertas laborales ajustadas a su perfil personal y profesional.<\/li><li>Impulsar los niveles de empleabilidad de las personas usuarias a trav\u00e9s de la mejora y refuerzo de las competencias personales y profesionales.<\/li><li>Prestar apoyo, orientaci\u00f3n y asesoramiento a las personas usuarias, familias y empresas durante la fase de incorporaci\u00f3n y mantenimiento del puesto de trabajo de la persona con discapacidad.<\/li><\/ul><\/li><li><strong>Resultados: <\/strong>El resultado que se pretende alcanzar es mejorar la calidad de vida de los\/as usuarios\/as de manera muy positiva, ya que nuestra experiencia nos permite afirmar que experimentan un incremento en las cuotas de responsabilidad, autoestima, actividad y autonom\u00eda, factores fundamentales para poder llevar una vida lo m\u00e1s inclusiva posible. Asimismo, para la evaluaci\u00f3n de los resultados, se dispone de un cuadro de indicadores que se ir\u00e1 cumplimentando semestralmente.<\/li><\/ul><p>\u00a0<\/p><p><img fetchpriority=\"high\" decoding=\"async\" class=\"size-full wp-image-3508 aligncenter\" src=\"https:\/\/downgalicia.org\/wp-content\/uploads\/2025\/05\/cepes-union-europea.png\" alt=\"\" width=\"583\" height=\"93\" srcset=\"https:\/\/downgalicia.org\/wp-content\/uploads\/2025\/05\/cepes-union-europea.png 583w, https:\/\/downgalicia.org\/wp-content\/uploads\/2025\/05\/cepes-union-europea-300x48.png 300w\" sizes=\"(max-width: 583px) 100vw, 583px\" \/><\/p>\t\t\t\t\t\t\t\t<\/div>\n\t\t\t\t<\/div>\n\t\t\t\t<div class=\"elementor-element elementor-element-972e3da elementor-widget elementor-widget-text-editor\" data-id=\"972e3da\" data-element_type=\"widget\" data-widget_type=\"text-editor.default\">\n\t\t\t\t<div class=\"elementor-widget-container\">\n\t\t\t\t\t\t\t\t\t<p><strong>Convocatoria 2023 de ayudas a la digitalizaci\u00f3n Industria 4.0, susceptibles de ser cofinanciadas en el marco del Programa Galicia FEDER 2021-2027<\/strong><\/p><p>Esta entidad ha sido beneficiaria de la convocatoria de ayudas a la digitalizaci\u00f3n Industria 4.0, cofinanciada por la Uni\u00f3n Europea.<\/p><p>El objetivo principal de estas ayudas es el refuerzo del crecimiento sostenible y la competitividad de las pymes y la creaci\u00f3n de empleo en ellas, tambi\u00e9n mediante inversiones productivas.<\/p><p>El resultado que se pretende alcanzar es la puesta en marcha de proyectos de digitalizaci\u00f3n cuya finalidad sea la implantaci\u00f3n de soluciones para el soporte digital de procesos de una empresa o para proyectos de interconexi\u00f3n digital de procesos entre una empresa gallega y otras empresas o entre dos o m\u00e1s empresas gallegas.<\/p><p><img decoding=\"async\" class=\"aligncenter wp-image-9651 size-full\" src=\"https:\/\/downgalicia.org\/wp-content\/uploads\/2025\/07\/Cartel_publicidade_web_dixitalizacion-1.jpg\" alt=\"\" width=\"827\" height=\"585\" srcset=\"https:\/\/downgalicia.org\/wp-content\/uploads\/2025\/07\/Cartel_publicidade_web_dixitalizacion-1.jpg 827w, https:\/\/downgalicia.org\/wp-content\/uploads\/2025\/07\/Cartel_publicidade_web_dixitalizacion-1-300x212.jpg 300w, https:\/\/downgalicia.org\/wp-content\/uploads\/2025\/07\/Cartel_publicidade_web_dixitalizacion-1-768x543.jpg 768w\" sizes=\"(max-width: 827px) 100vw, 827px\" \/><\/p><ul><li><strong>Proyecto:<\/strong> \u201cBater\u00eda de tests digitales para la evaluaci\u00f3n del envejecimiento de personas con s\u00edndrome de Down y discapacidad intelectual\u201d<\/li><li><strong>Importe de la ayuda:<\/strong> 7.250 \u20ac<\/li><li><strong>Descripci\u00f3n:<\/strong> A trav\u00e9s de este proyecto pretendemos dise\u00f1ar una herramienta que facilite y agilice la atenci\u00f3n y diagn\u00f3stico de los procesos de envejecimiento de las personas con s\u00edndrome de Down y discapacidad intelectual, as\u00ed como de un posible deterioro cognitivo y de patolog\u00edas como el Alzheimer. Para ello, queremos desarrollar una bater\u00eda de tests digitales que cubra diferentes \u00e1mbitos de la memoria y capacidades cognitivas, espec\u00edficamente adaptada a las caracter\u00edsticas particulares del colectivo.<\/li><li><strong>Objetivos del proyecto:<\/strong><\/li><\/ul><ul><li><ul><li>Identificar y analizar las necesidades de adaptaci\u00f3n de una bater\u00eda de tests digitales para poder aplicarse a personas con s\u00edndrome de Down y discapacidad intelectual.<\/li><li>Dise\u00f1ar una bater\u00eda de tests digitales que se ajuste a las necesidades y caracter\u00edsticas de las personas con s\u00edndrome de Down y discapacidad intelectual, mediante un equipo interdisciplinar que combine el conocimiento del \u00e1mbito neuropsicol\u00f3gico, asistencial y tecnol\u00f3gico, teniendo como centro principal a las personas usuarias finales.<\/li><li>Desarrollar la bater\u00eda de tests dise\u00f1ados en el punto anterior utilizando como herramienta principal el motor Unity, garantizando la validez psicom\u00e9trica de los diferentes tests, tanto para ser utilizados como instrumento de prevenci\u00f3n como para cribado y detecci\u00f3n temprana.<\/li><li>Validar la bater\u00eda de tests digitales a trav\u00e9s de un estudio piloto que involucre a personas usuarias de la Federaci\u00f3n Down Galicia.<\/li><li>Dise\u00f1ar la estructura de una base de datos que permita el almacenamiento de la informaci\u00f3n resultado de la aplicaci\u00f3n de los tests.<\/li><li>Llevar a cabo un plan de difusi\u00f3n de los resultados del proyecto y de la bater\u00eda de tests digitales.<\/li><\/ul><\/li><\/ul><ul><li><strong>Resultados:<\/strong> Dise\u00f1o de una bater\u00eda de tests adaptada a la poblaci\u00f3n con s\u00edndrome de Down y discapacidad intelectual, compuesta por un total de 5 pruebas que eval\u00faan la memoria, la memoria procedimental, la memoria sem\u00e1ntica, las gnosis visuales y la atenci\u00f3n.<\/li><\/ul><div>\u00a0<\/div><p><img decoding=\"async\" class=\"aligncenter wp-image-9656\" src=\"https:\/\/downgalicia.org\/wp-content\/uploads\/2025\/07\/Faldon-IGAPE-2023-300x47.png\" alt=\"\" width=\"600\" height=\"94\" srcset=\"https:\/\/downgalicia.org\/wp-content\/uploads\/2025\/07\/Faldon-IGAPE-2023-300x47.png 300w, https:\/\/downgalicia.org\/wp-content\/uploads\/2025\/07\/Faldon-IGAPE-2023-768x121.png 768w, https:\/\/downgalicia.org\/wp-content\/uploads\/2025\/07\/Faldon-IGAPE-2023.png 961w\" sizes=\"(max-width: 600px) 100vw, 600px\" \/><\/p>\t\t\t\t\t\t\t\t<\/div>\n\t\t\t\t<\/div>\n\t\t\t\t<div class=\"elementor-element elementor-element-83fba43 elementor-widget elementor-widget-text-editor\" data-id=\"83fba43\" data-element_type=\"widget\" data-widget_type=\"text-editor.default\">\n\t\t\t\t<div class=\"elementor-widget-container\">\n\t\t\t\t\t\t\t\t\t<p><strong>Subvenciones destinadas a la adquisici\u00f3n de veh\u00edculos que faciliten la prestaci\u00f3n de servicios a personas dependientes o a personas con discapacidad por parte de entidades de iniciativa social de la Comunidad Aut\u00f3noma de Galicia, al amparo del Plan de Recuperaci\u00f3n, Transformaci\u00f3n y Resiliencia, financiado por la Uni\u00f3n Europea-NextGenerationEU conforme al Reglamento (UE) n\u00famero 2021\/241, de 12 de febrero de 2021, por el que se establece el Mecanismo de Recuperaci\u00f3n y Resiliencia, y se convocan para el a\u00f1o 2023 (c\u00f3digo de procedimiento BS631C).<\/strong><\/p><p><img loading=\"lazy\" decoding=\"async\" class=\"size-full wp-image-3504 aligncenter\" src=\"https:\/\/downgalicia.org\/wp-content\/uploads\/2025\/05\/Cartel-subvencion-vehiculos-1-768x544-1.jpg\" alt=\"\" width=\"768\" height=\"544\" srcset=\"https:\/\/downgalicia.org\/wp-content\/uploads\/2025\/05\/Cartel-subvencion-vehiculos-1-768x544-1.jpg 768w, https:\/\/downgalicia.org\/wp-content\/uploads\/2025\/05\/Cartel-subvencion-vehiculos-1-768x544-1-300x213.jpg 300w\" sizes=\"(max-width: 768px) 100vw, 768px\" \/><\/p><ul><li><strong>Importe de la ayuda:<\/strong> 58.257,73 \u20ac<\/li><li><strong>Objetivo general del proyecto:<\/strong> Adquisici\u00f3n en el a\u00f1o 2023 de veh\u00edculos de emisi\u00f3n cero, tipo eco o etiqueta C verde, en su caso, adaptados a personas con movilidad reducida, que faciliten la prestaci\u00f3n de servicios a personas dependientes o con discapacidad, en el \u00e1mbito de la Comunidad Aut\u00f3noma de Galicia.<\/li><\/ul><p>\u00a0<\/p><p><img loading=\"lazy\" decoding=\"async\" class=\"wp-image-3506 size-medium aligncenter\" src=\"https:\/\/downgalicia.org\/wp-content\/uploads\/2025\/05\/cpsx-positivo-768x123-1-300x48.png\" alt=\"\" width=\"300\" height=\"48\" srcset=\"https:\/\/downgalicia.org\/wp-content\/uploads\/2025\/05\/cpsx-positivo-768x123-1-300x48.png 300w, https:\/\/downgalicia.org\/wp-content\/uploads\/2025\/05\/cpsx-positivo-768x123-1.png 768w\" sizes=\"(max-width: 300px) 100vw, 300px\" \/><\/p><p><em>Financiado con cargo a los Fondos de la Uni\u00f3n Europea y el Plan de Recuperaci\u00f3n, Transformaci\u00f3n y Resiliencia<\/em><br \/><em>Esta actuaci\u00f3n ha sido apoyada por la Xunta de Galicia \u2013 Conseller\u00eda de Pol\u00edtica Social e Xuventude<\/em><\/p>\t\t\t\t\t\t\t\t<\/div>\n\t\t\t\t<\/div>\n\t\t\t\t\t<\/div>\n\t\t\t\t<\/div>\n\t\t\t\t<\/div>\n\t\t","protected":false},"excerpt":{"rendered":"<p>Convocatoria 2024 de ayudas del Fondo Social Europeo Plus (FSE+), publicada por CEPES en el marco del Programa de Empleo, Educaci\u00f3n, Formaci\u00f3n y Econom\u00eda Social (EFESO) para el per\u00edodo 2021-2027 [&hellip;]<\/p>\n","protected":false},"author":1,"featured_media":0,"parent":0,"menu_order":0,"comment_status":"closed","ping_status":"closed","template":"","meta":{"_acf_changed":false,"give_campaign_id":0,"footnotes":""},"class_list":["post-3247","page","type-page","status-publish","hentry"],"acf":[],"yoast_head":"<!-- This site is optimized with the Yoast SEO plugin v25.3.1 - https:\/\/yoast.com\/wordpress\/plugins\/seo\/ -->\n<title>Acciones subvencionadas con fondos europeos &#8226; Federaci\u00f3n Down Galicia<\/title>\n<meta name=\"robots\" content=\"noindex, follow\" \/>\n<meta property=\"og:locale\" content=\"es_ES\" \/>\n<meta property=\"og:type\" content=\"article\" \/>\n<meta property=\"og:title\" content=\"Acciones subvencionadas con fondos europeos &#8226; Federaci\u00f3n Down Galicia\" \/>\n<meta property=\"og:description\" content=\"Convocatoria 2024 de ayudas del Fondo Social Europeo Plus (FSE+), publicada por CEPES en el marco del Programa de Empleo, Educaci\u00f3n, Formaci\u00f3n y Econom\u00eda Social (EFESO) para el per\u00edodo 2021-2027 [&hellip;]\" \/>\n<meta property=\"og:url\" content=\"https:\/\/downgalicia.org\/es\/acciones-subvencionadas-con-fondos-europeos\/\" \/>\n<meta property=\"og:site_name\" content=\"Federaci\u00f3n Down Galicia\" \/>\n<meta property=\"article:modified_time\" content=\"2025-07-15T08:53:49+00:00\" \/>\n<meta property=\"og:image\" content=\"https:\/\/downgalicia.org\/wp-content\/uploads\/2025\/05\/cepes-union-europea.png\" \/>\n\t<meta property=\"og:image:width\" content=\"583\" \/>\n\t<meta property=\"og:image:height\" content=\"93\" \/>\n\t<meta property=\"og:image:type\" content=\"image\/png\" \/>\n<meta name=\"twitter:card\" content=\"summary_large_image\" \/>\n<meta name=\"twitter:label1\" content=\"Tiempo de lectura\" \/>\n\t<meta name=\"twitter:data1\" content=\"6 minutos\" \/>\n<script type=\"application\/ld+json\" class=\"yoast-schema-graph\">{\"@context\":\"https:\/\/schema.org\",\"@graph\":[{\"@type\":\"WebPage\",\"@id\":\"https:\/\/downgalicia.org\/es\/acciones-subvencionadas-con-fondos-europeos\/\",\"url\":\"https:\/\/downgalicia.org\/es\/acciones-subvencionadas-con-fondos-europeos\/\",\"name\":\"Acciones subvencionadas con fondos europeos &#8226; Federaci\u00f3n Down Galicia\",\"isPartOf\":{\"@id\":\"https:\/\/downgalicia.org\/es\/#website\"},\"primaryImageOfPage\":{\"@id\":\"https:\/\/downgalicia.org\/es\/acciones-subvencionadas-con-fondos-europeos\/#primaryimage\"},\"image\":{\"@id\":\"https:\/\/downgalicia.org\/es\/acciones-subvencionadas-con-fondos-europeos\/#primaryimage\"},\"thumbnailUrl\":\"https:\/\/downgalicia.org\/wp-content\/uploads\/2025\/05\/cepes-union-europea.png\",\"datePublished\":\"2024-07-02T08:12:26+00:00\",\"dateModified\":\"2025-07-15T08:53:49+00:00\",\"breadcrumb\":{\"@id\":\"https:\/\/downgalicia.org\/es\/acciones-subvencionadas-con-fondos-europeos\/#breadcrumb\"},\"inLanguage\":\"es\",\"potentialAction\":[{\"@type\":\"ReadAction\",\"target\":[\"https:\/\/downgalicia.org\/es\/acciones-subvencionadas-con-fondos-europeos\/\"]}]},{\"@type\":\"ImageObject\",\"inLanguage\":\"es\",\"@id\":\"https:\/\/downgalicia.org\/es\/acciones-subvencionadas-con-fondos-europeos\/#primaryimage\",\"url\":\"https:\/\/downgalicia.org\/wp-content\/uploads\/2025\/05\/cepes-union-europea.png\",\"contentUrl\":\"https:\/\/downgalicia.org\/wp-content\/uploads\/2025\/05\/cepes-union-europea.png\"},{\"@type\":\"BreadcrumbList\",\"@id\":\"https:\/\/downgalicia.org\/es\/acciones-subvencionadas-con-fondos-europeos\/#breadcrumb\",\"itemListElement\":[{\"@type\":\"ListItem\",\"position\":1,\"name\":\"Portada\",\"item\":\"https:\/\/downgalicia.org\/es\/\"},{\"@type\":\"ListItem\",\"position\":2,\"name\":\"Acciones subvencionadas con fondos europeos\"}]},{\"@type\":\"WebSite\",\"@id\":\"https:\/\/downgalicia.org\/es\/#website\",\"url\":\"https:\/\/downgalicia.org\/es\/\",\"name\":\"Federaci\u00f3n Down Galicia\",\"description\":\"Apoio a persoas con S\u00edndrome de Down\",\"publisher\":{\"@id\":\"https:\/\/downgalicia.org\/es\/#organization\"},\"potentialAction\":[{\"@type\":\"SearchAction\",\"target\":{\"@type\":\"EntryPoint\",\"urlTemplate\":\"https:\/\/downgalicia.org\/es\/?s={search_term_string}\"},\"query-input\":{\"@type\":\"PropertyValueSpecification\",\"valueRequired\":true,\"valueName\":\"search_term_string\"}}],\"inLanguage\":\"es\"},{\"@type\":\"Organization\",\"@id\":\"https:\/\/downgalicia.org\/es\/#organization\",\"name\":\"Federaci\u00f3n Down Galicia\",\"url\":\"https:\/\/downgalicia.org\/es\/\",\"logo\":{\"@type\":\"ImageObject\",\"inLanguage\":\"es\",\"@id\":\"https:\/\/downgalicia.org\/es\/#\/schema\/logo\/image\/\",\"url\":\"https:\/\/downgalicia.org\/wp-content\/uploads\/2024\/07\/logo-sindrome-down-color.svg\",\"contentUrl\":\"https:\/\/downgalicia.org\/wp-content\/uploads\/2024\/07\/logo-sindrome-down-color.svg\",\"width\":271,\"height\":88,\"caption\":\"Federaci\u00f3n Down Galicia\"},\"image\":{\"@id\":\"https:\/\/downgalicia.org\/es\/#\/schema\/logo\/image\/\"}}]}<\/script>\n<!-- \/ Yoast SEO plugin. -->","yoast_head_json":{"title":"Acciones subvencionadas con fondos europeos &#8226; Federaci\u00f3n Down Galicia","robots":{"index":"noindex","follow":"follow"},"og_locale":"es_ES","og_type":"article","og_title":"Acciones subvencionadas con fondos europeos &#8226; Federaci\u00f3n Down Galicia","og_description":"Convocatoria 2024 de ayudas del Fondo Social Europeo Plus (FSE+), publicada por CEPES en el marco del Programa de Empleo, Educaci\u00f3n, Formaci\u00f3n y Econom\u00eda Social (EFESO) para el per\u00edodo 2021-2027 [&hellip;]","og_url":"https:\/\/downgalicia.org\/es\/acciones-subvencionadas-con-fondos-europeos\/","og_site_name":"Federaci\u00f3n Down Galicia","article_modified_time":"2025-07-15T08:53:49+00:00","og_image":[{"width":583,"height":93,"url":"https:\/\/downgalicia.org\/wp-content\/uploads\/2025\/05\/cepes-union-europea.png","type":"image\/png"}],"twitter_card":"summary_large_image","twitter_misc":{"Tiempo de lectura":"6 minutos"},"schema":{"@context":"https:\/\/schema.org","@graph":[{"@type":"WebPage","@id":"https:\/\/downgalicia.org\/es\/acciones-subvencionadas-con-fondos-europeos\/","url":"https:\/\/downgalicia.org\/es\/acciones-subvencionadas-con-fondos-europeos\/","name":"Acciones subvencionadas con fondos europeos &#8226; Federaci\u00f3n Down Galicia","isPartOf":{"@id":"https:\/\/downgalicia.org\/es\/#website"},"primaryImageOfPage":{"@id":"https:\/\/downgalicia.org\/es\/acciones-subvencionadas-con-fondos-europeos\/#primaryimage"},"image":{"@id":"https:\/\/downgalicia.org\/es\/acciones-subvencionadas-con-fondos-europeos\/#primaryimage"},"thumbnailUrl":"https:\/\/downgalicia.org\/wp-content\/uploads\/2025\/05\/cepes-union-europea.png","datePublished":"2024-07-02T08:12:26+00:00","dateModified":"2025-07-15T08:53:49+00:00","breadcrumb":{"@id":"https:\/\/downgalicia.org\/es\/acciones-subvencionadas-con-fondos-europeos\/#breadcrumb"},"inLanguage":"es","potentialAction":[{"@type":"ReadAction","target":["https:\/\/downgalicia.org\/es\/acciones-subvencionadas-con-fondos-europeos\/"]}]},{"@type":"ImageObject","inLanguage":"es","@id":"https:\/\/downgalicia.org\/es\/acciones-subvencionadas-con-fondos-europeos\/#primaryimage","url":"https:\/\/downgalicia.org\/wp-content\/uploads\/2025\/05\/cepes-union-europea.png","contentUrl":"https:\/\/downgalicia.org\/wp-content\/uploads\/2025\/05\/cepes-union-europea.png"},{"@type":"BreadcrumbList","@id":"https:\/\/downgalicia.org\/es\/acciones-subvencionadas-con-fondos-europeos\/#breadcrumb","itemListElement":[{"@type":"ListItem","position":1,"name":"Portada","item":"https:\/\/downgalicia.org\/es\/"},{"@type":"ListItem","position":2,"name":"Acciones subvencionadas con fondos europeos"}]},{"@type":"WebSite","@id":"https:\/\/downgalicia.org\/es\/#website","url":"https:\/\/downgalicia.org\/es\/","name":"Federaci\u00f3n Down Galicia","description":"Apoio a persoas con S\u00edndrome de Down","publisher":{"@id":"https:\/\/downgalicia.org\/es\/#organization"},"potentialAction":[{"@type":"SearchAction","target":{"@type":"EntryPoint","urlTemplate":"https:\/\/downgalicia.org\/es\/?s={search_term_string}"},"query-input":{"@type":"PropertyValueSpecification","valueRequired":true,"valueName":"search_term_string"}}],"inLanguage":"es"},{"@type":"Organization","@id":"https:\/\/downgalicia.org\/es\/#organization","name":"Federaci\u00f3n Down Galicia","url":"https:\/\/downgalicia.org\/es\/","logo":{"@type":"ImageObject","inLanguage":"es","@id":"https:\/\/downgalicia.org\/es\/#\/schema\/logo\/image\/","url":"https:\/\/downgalicia.org\/wp-content\/uploads\/2024\/07\/logo-sindrome-down-color.svg","contentUrl":"https:\/\/downgalicia.org\/wp-content\/uploads\/2024\/07\/logo-sindrome-down-color.svg","width":271,"height":88,"caption":"Federaci\u00f3n Down Galicia"},"image":{"@id":"https:\/\/downgalicia.org\/es\/#\/schema\/logo\/image\/"}}]}},"campaignId":"","_links":{"self":[{"href":"https:\/\/downgalicia.org\/es\/wp-json\/wp\/v2\/pages\/3247","targetHints":{"allow":["GET"]}}],"collection":[{"href":"https:\/\/downgalicia.org\/es\/wp-json\/wp\/v2\/pages"}],"about":[{"href":"https:\/\/downgalicia.org\/es\/wp-json\/wp\/v2\/types\/page"}],"author":[{"embeddable":true,"href":"https:\/\/downgalicia.org\/es\/wp-json\/wp\/v2\/users\/1"}],"replies":[{"embeddable":true,"href":"https:\/\/downgalicia.org\/es\/wp-json\/wp\/v2\/comments?post=3247"}],"version-history":[{"count":13,"href":"https:\/\/downgalicia.org\/es\/wp-json\/wp\/v2\/pages\/3247\/revisions"}],"predecessor-version":[{"id":9664,"href":"https:\/\/downgalicia.org\/es\/wp-json\/wp\/v2\/pages\/3247\/revisions\/9664"}],"wp:attachment":[{"href":"https:\/\/downgalicia.org\/es\/wp-json\/wp\/v2\/media?parent=3247"}],"curies":[{"name":"wp","href":"https:\/\/api.w.org\/{rel}","templated":true}]}}