{"id":3256,"date":"2024-07-01T12:02:40","date_gmt":"2024-07-01T10:02:40","guid":{"rendered":"http:\/\/downgalicia.org.136-144-253-96.136-144-253-96.visualpublinet.com\/aviso-legal\/"},"modified":"2025-05-05T09:01:46","modified_gmt":"2025-05-05T07:01:46","slug":"aviso-legal","status":"publish","type":"page","link":"https:\/\/downgalicia.org\/es\/aviso-legal\/","title":{"rendered":"Aviso legal"},"content":{"rendered":"\t\t<div data-elementor-type=\"wp-page\" data-elementor-id=\"3256\" class=\"elementor elementor-3256 elementor-54\" data-elementor-post-type=\"page\">\n\t\t\t\t<div class=\"elementor-element elementor-element-853dec2 e-flex e-con-boxed e-con e-parent\" data-id=\"853dec2\" data-element_type=\"container\">\n\t\t\t\t\t<div class=\"e-con-inner\">\n\t\t\t\t<div class=\"elementor-element elementor-element-0ddfb62 elementor-widget elementor-widget-text-editor\" data-id=\"0ddfb62\" data-element_type=\"widget\" data-widget_type=\"text-editor.default\">\n\t\t\t\t<div class=\"elementor-widget-container\">\n\t\t\t\t\t\t\t\t\t<p><strong>LEY DE SERVICIOS DE LA SOCIEDAD DE LA INFORMACI\u00d3N Y COMERCIO ELECTR\u00d3NICO<\/strong><\/p>\n<p><strong>&nbsp;<\/strong>En cumplimiento de lo dispuesto en el art. 10 de la Ley 34\/2002, de 11 de julio, de Servicios de la Sociedad de la Informaci\u00f3n (L.S.S.I.), se da a conocer la siguiente Informaci\u00f3n General:<\/p>\n<p>Que el dominio www.downgalicia.org, en adelante SITIO WEB, est\u00e1 registrado a nombre de la FEDERACI\u00d3N DOWN GALICIA, con domicilio social en R\u00faa Alejandro Novo Gonz\u00e1lez, 1, 15706 \u2013 Santiago de Compostela (A Coru\u00f1a), provista de CIF G15665144.<\/p>\n<p><strong>&nbsp;<\/strong><strong>CONDICIONES DE USO<\/strong><\/p>\n<p><strong>&nbsp;<\/strong>I.- PERSONAS USUARIAS<\/p>\n<p>El acceso a y\/o uso del sitio web www.downgalicia.org atribuye a quien lo realiza la condici\u00f3n de persona usuaria, aceptando, desde ese mismo momento, plena y sin reserva alguna, las presentes condiciones generales, as\u00ed como las condiciones particulares que, en su caso, complementen, modifiquen o sustituyan las condiciones generales en relaci\u00f3n con determinados servicios y contenidos del sitio web.<\/p>\n<p>II.- USO DEL SITIO WEB, SUS SERVICIOS Y CONTENIDOS<\/p>\n<p>La persona usuaria se compromete a utilizar el sitio web y sus servicios y contenidos sin contravenir la legislaci\u00f3n vigente, la buena fe, los usos generalmente aceptados y el orden p\u00fablico.<\/p>\n<p>Asimismo, queda prohibido el uso del sitio web con fines il\u00edcitos o lesivos contra el\/la TITULAR o cualquier tercero, o que, de cualquier forma, puedan causar perjuicio o impedir el normal funcionamiento del sitio web.<\/p>\n<p>Respecto a los contenidos (informaciones, textos, gr\u00e1ficos, archivos de sonido y\/o imagen, fotograf\u00edas, dise\u00f1os, etc.), se proh\u00edbe:<\/p>\n<ul>\n<li>Su reproducci\u00f3n, distribuci\u00f3n o modificaci\u00f3n, a menos que se cuente con la autorizaci\u00f3n de sus leg\u00edtimos\/as titulares o est\u00e9 legalmente permitido.<\/li>\n<li>Cualquier vulneraci\u00f3n de los derechos del\/de la TITULAR o de sus leg\u00edtimos\/as titulares sobre los mismos.<\/li>\n<li>Su utilizaci\u00f3n para todo tipo de fines comerciales o publicitarios, distintos de los estrictamente permitidos.<\/li>\n<li>Cualquier intento de obtener los contenidos del sitio web por cualquier medio distinto de los que se pongan a disposici\u00f3n de las personas usuarias, as\u00ed como de los que habitualmente se empleen en la red, siempre que no causen perjuicio alguno al sitio web.<\/li>\n<\/ul>\n<p>III.- MODIFICACI\u00d3N UNILATERAL<\/p>\n<p>El\/la TITULAR podr\u00e1 modificar unilateralmente y sin previo aviso, siempre que lo considere oportuno, la estructura y dise\u00f1o del sitio web, as\u00ed como modificar o eliminar los servicios, los contenidos y las condiciones de acceso y\/o uso del sitio web.<\/p>\n<p>IV.- HIPERENLACES<\/p>\n<p>El establecimiento de cualquier \u201chiperenlace\u201d entre una p\u00e1gina web y el sitio web estar\u00e1 sujeto a las siguientes condiciones:<\/p>\n<ul>\n<li>No se permite la reproducci\u00f3n ni total ni parcial de ninguno de los servicios ni contenidos del sitio web.<\/li>\n<li>Salvo consentimiento previo y expreso, la p\u00e1gina web en la que se establezca el hiperenlace no contendr\u00e1 ninguna marca, nombre comercial, r\u00f3tulo de establecimiento, denominaci\u00f3n, logotipo, eslogan u otros signos distintivos pertenecientes al\/a la TITULAR.<\/li>\n<li>Bajo ninguna circunstancia, el\/la TITULAR ser\u00e1 responsable de los contenidos o servicios puestos a disposici\u00f3n del p\u00fablico en la p\u00e1gina web desde la que se realice el hiperenlace ni de las informaciones y manifestaciones incluidas en las mismas.<\/li>\n<\/ul>\n<p>1.- EXCLUSI\u00d3N DE GARANT\u00cdAS Y RESPONSABILIDAD<\/p>\n<p>El\/la TITULAR no otorga ninguna garant\u00eda ni se hace responsable, en ning\u00fan caso, de los da\u00f1os y perjuicios de cualquier naturaleza que pudieran tener origen en:<\/p>\n<ul>\n<li>La falta de disponibilidad, mantenimiento y efectivo funcionamiento del sitio web y\/o de sus servicios o contenidos.<\/li>\n<li>La falta de utilidad, adecuaci\u00f3n o validez del sitio web y\/o de sus servicios o contenidos para satisfacer necesidades, actividades o resultados concretos o expectativas de las personas usuarias.<\/li>\n<li>La existencia de virus, programas maliciosos o lesivos en los contenidos.<\/li>\n<li>La recepci\u00f3n, obtenci\u00f3n, almacenamiento, difusi\u00f3n o transmisi\u00f3n, por parte de las personas usuarias, de los contenidos.<\/li>\n<li>El uso il\u00edcito, negligente, fraudulento, contrario a las presentes Condiciones Generales, a la buena fe, a los usos generalmente aceptados o al orden p\u00fablico del sitio web, sus servicios o contenidos por parte de las personas usuarias.<\/li>\n<li>La falta de legalidad, calidad, fiabilidad, utilidad y disponibilidad de los servicios prestados por terceros\/as y puestos a disposici\u00f3n de las personas usuarias en el sitio web.<\/li>\n<li>El incumplimiento por parte de terceros de sus obligaciones o compromisos en relaci\u00f3n con los servicios prestados a las personas usuarias a trav\u00e9s del sitio web.<\/li>\n<\/ul>\n<p>2.- DURACI\u00d3N<\/p>\n<p>La duraci\u00f3n de la prestaci\u00f3n del servicio del sitio web y de los servicios es de car\u00e1cter indefinido. Sin perjuicio de lo anterior, el\/la TITULAR se reserva el derecho a interrumpir, suspender o terminar la prestaci\u00f3n del servicio del sitio web o de cualquiera de los servicios que lo integran, en los mismos t\u00e9rminos recogidos en la condici\u00f3n tercera.<\/p>\n<p>VII. LEGISLACI\u00d3N APLICABLE Y JURISDICCI\u00d3N<\/p>\n<p>Las presentes Condiciones Generales se regir\u00e1n por la legislaci\u00f3n espa\u00f1ola. FEDERACI\u00d3N DOWN GALICIA y la persona usuaria, con renuncia expresa a cualquier otro fuero que pudiera corresponderles, se someten a la Jurisdicci\u00f3n de los Juzgados y Tribunales del domicilio de la persona usuaria para cuantas cuestiones pudieran suscitarse o acciones ejercitarse derivadas de la prestaci\u00f3n del servicio del sitio web y de sus servicios y contenidos, y sobre la interpretaci\u00f3n, aplicaci\u00f3n, cumplimiento o incumplimiento de lo aqu\u00ed establecido.<\/p>\n<p>En el caso de que la persona usuaria tenga su domicilio fuera de Espa\u00f1a, FEDERACI\u00d3N DOWN GALICIA y la persona usuaria, con renuncia expresa a cualquier otro fuero que pudiera corresponderles, se someten a la Jurisdicci\u00f3n de los Juzgados y Tribunales de Santiago de Compostela.<\/p>\n\t\t\t\t\t\t\t\t<\/div>\n\t\t\t\t<\/div>\n\t\t\t\t\t<\/div>\n\t\t\t\t<\/div>\n\t\t\t\t<\/div>\n\t\t","protected":false},"excerpt":{"rendered":"<p>LEY DE SERVICIOS DE LA SOCIEDAD DE LA INFORMACI\u00d3N Y COMERCIO ELECTR\u00d3NICO &nbsp;En cumplimiento de lo dispuesto en el art. 10 de la Ley 34\/2002, de 11 de julio, de [&hellip;]<\/p>\n","protected":false},"author":1,"featured_media":0,"parent":0,"menu_order":0,"comment_status":"closed","ping_status":"closed","template":"","meta":{"_acf_changed":false,"give_campaign_id":0,"footnotes":""},"class_list":["post-3256","page","type-page","status-publish","hentry"],"acf":[],"yoast_head":"<!-- This site is optimized with the Yoast SEO plugin v25.3.1 - https:\/\/yoast.com\/wordpress\/plugins\/seo\/ -->\n<title>Aviso legal &#8226; Federaci\u00f3n Down Galicia<\/title>\n<meta name=\"robots\" content=\"noindex, follow\" \/>\n<meta property=\"og:locale\" content=\"es_ES\" \/>\n<meta property=\"og:type\" content=\"article\" \/>\n<meta property=\"og:title\" content=\"Aviso legal &#8226; Federaci\u00f3n Down Galicia\" \/>\n<meta property=\"og:description\" content=\"LEY DE SERVICIOS DE LA SOCIEDAD DE LA INFORMACI\u00d3N Y COMERCIO ELECTR\u00d3NICO &nbsp;En cumplimiento de lo dispuesto en el art. 10 de la Ley 34\/2002, de 11 de julio, de [&hellip;]\" \/>\n<meta property=\"og:url\" content=\"https:\/\/downgalicia.org\/es\/aviso-legal\/\" \/>\n<meta property=\"og:site_name\" content=\"Federaci\u00f3n Down Galicia\" \/>\n<meta property=\"article:modified_time\" content=\"2025-05-05T07:01:46+00:00\" \/>\n<meta name=\"twitter:card\" content=\"summary_large_image\" \/>\n<meta name=\"twitter:label1\" content=\"Tiempo de lectura\" \/>\n\t<meta name=\"twitter:data1\" content=\"5 minutos\" \/>\n<script type=\"application\/ld+json\" class=\"yoast-schema-graph\">{\"@context\":\"https:\/\/schema.org\",\"@graph\":[{\"@type\":\"WebPage\",\"@id\":\"https:\/\/downgalicia.org\/es\/aviso-legal\/\",\"url\":\"https:\/\/downgalicia.org\/es\/aviso-legal\/\",\"name\":\"Aviso legal &#8226; Federaci\u00f3n Down Galicia\",\"isPartOf\":{\"@id\":\"https:\/\/downgalicia.org\/es\/#website\"},\"datePublished\":\"2024-07-01T10:02:40+00:00\",\"dateModified\":\"2025-05-05T07:01:46+00:00\",\"breadcrumb\":{\"@id\":\"https:\/\/downgalicia.org\/es\/aviso-legal\/#breadcrumb\"},\"inLanguage\":\"es\",\"potentialAction\":[{\"@type\":\"ReadAction\",\"target\":[\"https:\/\/downgalicia.org\/es\/aviso-legal\/\"]}]},{\"@type\":\"BreadcrumbList\",\"@id\":\"https:\/\/downgalicia.org\/es\/aviso-legal\/#breadcrumb\",\"itemListElement\":[{\"@type\":\"ListItem\",\"position\":1,\"name\":\"Portada\",\"item\":\"https:\/\/downgalicia.org\/es\/\"},{\"@type\":\"ListItem\",\"position\":2,\"name\":\"Aviso legal\"}]},{\"@type\":\"WebSite\",\"@id\":\"https:\/\/downgalicia.org\/es\/#website\",\"url\":\"https:\/\/downgalicia.org\/es\/\",\"name\":\"Federaci\u00f3n Down Galicia\",\"description\":\"Apoio a persoas con S\u00edndrome de Down\",\"publisher\":{\"@id\":\"https:\/\/downgalicia.org\/es\/#organization\"},\"potentialAction\":[{\"@type\":\"SearchAction\",\"target\":{\"@type\":\"EntryPoint\",\"urlTemplate\":\"https:\/\/downgalicia.org\/es\/?s={search_term_string}\"},\"query-input\":{\"@type\":\"PropertyValueSpecification\",\"valueRequired\":true,\"valueName\":\"search_term_string\"}}],\"inLanguage\":\"es\"},{\"@type\":\"Organization\",\"@id\":\"https:\/\/downgalicia.org\/es\/#organization\",\"name\":\"Federaci\u00f3n Down Galicia\",\"url\":\"https:\/\/downgalicia.org\/es\/\",\"logo\":{\"@type\":\"ImageObject\",\"inLanguage\":\"es\",\"@id\":\"https:\/\/downgalicia.org\/es\/#\/schema\/logo\/image\/\",\"url\":\"https:\/\/downgalicia.org\/wp-content\/uploads\/2024\/07\/logo-sindrome-down-color.svg\",\"contentUrl\":\"https:\/\/downgalicia.org\/wp-content\/uploads\/2024\/07\/logo-sindrome-down-color.svg\",\"width\":271,\"height\":88,\"caption\":\"Federaci\u00f3n Down Galicia\"},\"image\":{\"@id\":\"https:\/\/downgalicia.org\/es\/#\/schema\/logo\/image\/\"}}]}<\/script>\n<!-- \/ Yoast SEO plugin. -->","yoast_head_json":{"title":"Aviso legal &#8226; Federaci\u00f3n Down Galicia","robots":{"index":"noindex","follow":"follow"},"og_locale":"es_ES","og_type":"article","og_title":"Aviso legal &#8226; Federaci\u00f3n Down Galicia","og_description":"LEY DE SERVICIOS DE LA SOCIEDAD DE LA INFORMACI\u00d3N Y COMERCIO ELECTR\u00d3NICO &nbsp;En cumplimiento de lo dispuesto en el art. 10 de la Ley 34\/2002, de 11 de julio, de [&hellip;]","og_url":"https:\/\/downgalicia.org\/es\/aviso-legal\/","og_site_name":"Federaci\u00f3n Down Galicia","article_modified_time":"2025-05-05T07:01:46+00:00","twitter_card":"summary_large_image","twitter_misc":{"Tiempo de lectura":"5 minutos"},"schema":{"@context":"https:\/\/schema.org","@graph":[{"@type":"WebPage","@id":"https:\/\/downgalicia.org\/es\/aviso-legal\/","url":"https:\/\/downgalicia.org\/es\/aviso-legal\/","name":"Aviso legal &#8226; Federaci\u00f3n Down Galicia","isPartOf":{"@id":"https:\/\/downgalicia.org\/es\/#website"},"datePublished":"2024-07-01T10:02:40+00:00","dateModified":"2025-05-05T07:01:46+00:00","breadcrumb":{"@id":"https:\/\/downgalicia.org\/es\/aviso-legal\/#breadcrumb"},"inLanguage":"es","potentialAction":[{"@type":"ReadAction","target":["https:\/\/downgalicia.org\/es\/aviso-legal\/"]}]},{"@type":"BreadcrumbList","@id":"https:\/\/downgalicia.org\/es\/aviso-legal\/#breadcrumb","itemListElement":[{"@type":"ListItem","position":1,"name":"Portada","item":"https:\/\/downgalicia.org\/es\/"},{"@type":"ListItem","position":2,"name":"Aviso legal"}]},{"@type":"WebSite","@id":"https:\/\/downgalicia.org\/es\/#website","url":"https:\/\/downgalicia.org\/es\/","name":"Federaci\u00f3n Down Galicia","description":"Apoio a persoas con S\u00edndrome de Down","publisher":{"@id":"https:\/\/downgalicia.org\/es\/#organization"},"potentialAction":[{"@type":"SearchAction","target":{"@type":"EntryPoint","urlTemplate":"https:\/\/downgalicia.org\/es\/?s={search_term_string}"},"query-input":{"@type":"PropertyValueSpecification","valueRequired":true,"valueName":"search_term_string"}}],"inLanguage":"es"},{"@type":"Organization","@id":"https:\/\/downgalicia.org\/es\/#organization","name":"Federaci\u00f3n Down Galicia","url":"https:\/\/downgalicia.org\/es\/","logo":{"@type":"ImageObject","inLanguage":"es","@id":"https:\/\/downgalicia.org\/es\/#\/schema\/logo\/image\/","url":"https:\/\/downgalicia.org\/wp-content\/uploads\/2024\/07\/logo-sindrome-down-color.svg","contentUrl":"https:\/\/downgalicia.org\/wp-content\/uploads\/2024\/07\/logo-sindrome-down-color.svg","width":271,"height":88,"caption":"Federaci\u00f3n Down Galicia"},"image":{"@id":"https:\/\/downgalicia.org\/es\/#\/schema\/logo\/image\/"}}]}},"campaignId":"","_links":{"self":[{"href":"https:\/\/downgalicia.org\/es\/wp-json\/wp\/v2\/pages\/3256","targetHints":{"allow":["GET"]}}],"collection":[{"href":"https:\/\/downgalicia.org\/es\/wp-json\/wp\/v2\/pages"}],"about":[{"href":"https:\/\/downgalicia.org\/es\/wp-json\/wp\/v2\/types\/page"}],"author":[{"embeddable":true,"href":"https:\/\/downgalicia.org\/es\/wp-json\/wp\/v2\/users\/1"}],"replies":[{"embeddable":true,"href":"https:\/\/downgalicia.org\/es\/wp-json\/wp\/v2\/comments?post=3256"}],"version-history":[{"count":3,"href":"https:\/\/downgalicia.org\/es\/wp-json\/wp\/v2\/pages\/3256\/revisions"}],"predecessor-version":[{"id":3491,"href":"https:\/\/downgalicia.org\/es\/wp-json\/wp\/v2\/pages\/3256\/revisions\/3491"}],"wp:attachment":[{"href":"https:\/\/downgalicia.org\/es\/wp-json\/wp\/v2\/media?parent=3256"}],"curies":[{"name":"wp","href":"https:\/\/api.w.org\/{rel}","templated":true}]}}