{"id":3259,"date":"2024-07-01T11:59:20","date_gmt":"2024-07-01T09:59:20","guid":{"rendered":"http:\/\/downgalicia.org.136-144-253-96.136-144-253-96.visualpublinet.com\/programas\/"},"modified":"2025-07-23T16:28:17","modified_gmt":"2025-07-23T14:28:17","slug":"programas","status":"publish","type":"page","link":"https:\/\/downgalicia.org\/es\/programas\/","title":{"rendered":"Programas de Down Galicia"},"content":{"rendered":"\t\t<div data-elementor-type=\"wp-page\" data-elementor-id=\"3259\" class=\"elementor elementor-3259 elementor-48\" data-elementor-post-type=\"page\">\n\t\t\t\t<div class=\"elementor-element elementor-element-5ea9a81 e-con-full e-flex e-con e-parent\" data-id=\"5ea9a81\" data-element_type=\"container\">\n\t\t\t\t<div class=\"elementor-element elementor-element-fe81bdf elementor-widget elementor-widget-template\" data-id=\"fe81bdf\" data-element_type=\"widget\" data-widget_type=\"template.default\">\n\t\t\t\t<div class=\"elementor-widget-container\">\n\t\t\t\t\t\t\t<div class=\"elementor-template\">\n\t\t\t\t\t<div data-elementor-type=\"section\" data-elementor-id=\"3274\" class=\"elementor elementor-3274 elementor-371\" data-elementor-post-type=\"elementor_library\">\n\t\t\t<div class=\"elementor-element elementor-element-5573fbc e-flex e-con-boxed e-con e-parent\" data-id=\"5573fbc\" data-element_type=\"container\" data-settings=\"{&quot;background_background&quot;:&quot;classic&quot;}\">\n\t\t\t\t\t<div class=\"e-con-inner\">\n\t\t\t\t<div class=\"elementor-element elementor-element-cf91f8f elementor-align-left elementor-hidden-mobile_extra elementor-hidden-mobile elementor-widget elementor-widget-breadcrumbs\" data-id=\"cf91f8f\" data-element_type=\"widget\" data-widget_type=\"breadcrumbs.default\">\n\t\t\t\t<div class=\"elementor-widget-container\">\n\t\t\t\t\t<p id=\"breadcrumbs\"><span><span><a href=\"https:\/\/downgalicia.org\/es\/\">Portada<\/a><\/span><\/span><\/p>\t\t\t\t<\/div>\n\t\t\t\t<\/div>\n\t\t\t\t\t<\/div>\n\t\t\t\t<\/div>\n\t\t\t\t<\/div>\n\t\t\t\t<\/div>\n\t\t\t\t\t\t<\/div>\n\t\t\t\t<\/div>\n\t\t\t\t<\/div>\n\t\t<div class=\"elementor-element elementor-element-afc4b1a e-grid e-con-boxed e-con e-parent\" data-id=\"afc4b1a\" data-element_type=\"container\">\n\t\t\t\t\t<div class=\"e-con-inner\">\n\t\t<div class=\"elementor-element elementor-element-260b70e e-con-full e-flex e-con e-child\" data-id=\"260b70e\" data-element_type=\"container\">\n\t\t\t\t<div class=\"elementor-element elementor-element-8e7152b elementor-position-top elementor-widget elementor-widget-image-box\" data-id=\"8e7152b\" data-element_type=\"widget\" data-widget_type=\"image-box.default\">\n\t\t\t\t<div class=\"elementor-widget-container\">\n\t\t\t\t\t<div class=\"elementor-image-box-wrapper\"><figure class=\"elementor-image-box-img\"><img fetchpriority=\"high\" decoding=\"async\" width=\"980\" height=\"650\" src=\"https:\/\/downgalicia.org\/wp-content\/uploads\/2024\/07\/programa-sindrome-down-galicia-atencion-tempera-2.jpg\" class=\"attachment-full size-full wp-image-943\" alt=\"atencion tempera\" srcset=\"https:\/\/downgalicia.org\/wp-content\/uploads\/2024\/07\/programa-sindrome-down-galicia-atencion-tempera-2.jpg 980w, https:\/\/downgalicia.org\/wp-content\/uploads\/2024\/07\/programa-sindrome-down-galicia-atencion-tempera-2-300x199.jpg 300w, https:\/\/downgalicia.org\/wp-content\/uploads\/2024\/07\/programa-sindrome-down-galicia-atencion-tempera-2-768x509.jpg 768w\" sizes=\"(max-width: 980px) 100vw, 980px\" \/><\/figure><div class=\"elementor-image-box-content\"><h3 class=\"elementor-image-box-title\">Atenci\u00f3n temprana<\/h3><\/div><\/div>\t\t\t\t<\/div>\n\t\t\t\t<\/div>\n\t\t\t\t<div class=\"elementor-element elementor-element-d3c7f16 elementor-align-center elementor-widget elementor-widget-button\" data-id=\"d3c7f16\" data-element_type=\"widget\" data-widget_type=\"button.default\">\n\t\t\t\t<div class=\"elementor-widget-container\">\n\t\t\t\t\t\t\t\t\t<div class=\"elementor-button-wrapper\">\n\t\t\t\t\t<a class=\"elementor-button elementor-button-link elementor-size-sm\" href=\"https:\/\/downgalicia.org\/es\/programas\/atencion-temprana-sindrome-de-down\/\">\n\t\t\t\t\t\t<span class=\"elementor-button-content-wrapper\">\n\t\t\t\t\t\t\t\t\t<span class=\"elementor-button-text\">M\u00e1s info<\/span>\n\t\t\t\t\t<\/span>\n\t\t\t\t\t<\/a>\n\t\t\t\t<\/div>\n\t\t\t\t\t\t\t\t<\/div>\n\t\t\t\t<\/div>\n\t\t\t\t<\/div>\n\t\t<div class=\"elementor-element elementor-element-ab09e6f e-con-full e-flex e-con e-child\" data-id=\"ab09e6f\" data-element_type=\"container\">\n\t\t\t\t<div class=\"elementor-element elementor-element-b246444 elementor-position-top elementor-widget elementor-widget-image-box\" data-id=\"b246444\" data-element_type=\"widget\" data-widget_type=\"image-box.default\">\n\t\t\t\t<div class=\"elementor-widget-container\">\n\t\t\t\t\t<div class=\"elementor-image-box-wrapper\"><figure class=\"elementor-image-box-img\"><img decoding=\"async\" width=\"980\" height=\"650\" src=\"https:\/\/downgalicia.org\/wp-content\/uploads\/2024\/07\/programa-sindrome-down-galicia-inclusion-educativa.jpg\" class=\"attachment-full size-full wp-image-874\" alt=\"Actividades de inclusi\u00f3n e integraci\u00f3n social\" srcset=\"https:\/\/downgalicia.org\/wp-content\/uploads\/2024\/07\/programa-sindrome-down-galicia-inclusion-educativa.jpg 980w, https:\/\/downgalicia.org\/wp-content\/uploads\/2024\/07\/programa-sindrome-down-galicia-inclusion-educativa-300x199.jpg 300w, https:\/\/downgalicia.org\/wp-content\/uploads\/2024\/07\/programa-sindrome-down-galicia-inclusion-educativa-768x509.jpg 768w\" sizes=\"(max-width: 980px) 100vw, 980px\" \/><\/figure><div class=\"elementor-image-box-content\"><h3 class=\"elementor-image-box-title\">Inclusi\u00f3n educativa<\/h3><\/div><\/div>\t\t\t\t<\/div>\n\t\t\t\t<\/div>\n\t\t\t\t<div class=\"elementor-element elementor-element-719670a elementor-align-center elementor-widget elementor-widget-button\" data-id=\"719670a\" data-element_type=\"widget\" data-widget_type=\"button.default\">\n\t\t\t\t<div class=\"elementor-widget-container\">\n\t\t\t\t\t\t\t\t\t<div class=\"elementor-button-wrapper\">\n\t\t\t\t\t<a class=\"elementor-button elementor-button-link elementor-size-sm\" href=\"https:\/\/downgalicia.org\/es\/programas\/inclusion-educativa-sindrome-de-down\/\">\n\t\t\t\t\t\t<span class=\"elementor-button-content-wrapper\">\n\t\t\t\t\t\t\t\t\t<span class=\"elementor-button-text\">M\u00e1s info<\/span>\n\t\t\t\t\t<\/span>\n\t\t\t\t\t<\/a>\n\t\t\t\t<\/div>\n\t\t\t\t\t\t\t\t<\/div>\n\t\t\t\t<\/div>\n\t\t\t\t<\/div>\n\t\t<div class=\"elementor-element elementor-element-1159acb e-con-full e-flex e-con e-child\" data-id=\"1159acb\" data-element_type=\"container\">\n\t\t\t\t<div class=\"elementor-element elementor-element-4c0d9e4 elementor-position-top elementor-widget elementor-widget-image-box\" data-id=\"4c0d9e4\" data-element_type=\"widget\" data-widget_type=\"image-box.default\">\n\t\t\t\t<div class=\"elementor-widget-container\">\n\t\t\t\t\t<div class=\"elementor-image-box-wrapper\"><figure class=\"elementor-image-box-img\"><img decoding=\"async\" width=\"980\" height=\"650\" src=\"https:\/\/downgalicia.org\/wp-content\/uploads\/2024\/07\/programa-sindrome-down-galicia-formacion-emprego.jpg\" class=\"attachment-full size-full wp-image-872\" alt=\"Formaci\u00f3n e emprego\" srcset=\"https:\/\/downgalicia.org\/wp-content\/uploads\/2024\/07\/programa-sindrome-down-galicia-formacion-emprego.jpg 980w, https:\/\/downgalicia.org\/wp-content\/uploads\/2024\/07\/programa-sindrome-down-galicia-formacion-emprego-300x199.jpg 300w, https:\/\/downgalicia.org\/wp-content\/uploads\/2024\/07\/programa-sindrome-down-galicia-formacion-emprego-768x509.jpg 768w\" sizes=\"(max-width: 980px) 100vw, 980px\" \/><\/figure><div class=\"elementor-image-box-content\"><h3 class=\"elementor-image-box-title\">Formaci\u00f3n y empleo<\/h3><\/div><\/div>\t\t\t\t<\/div>\n\t\t\t\t<\/div>\n\t\t\t\t<div class=\"elementor-element elementor-element-988948a elementor-align-center elementor-widget elementor-widget-button\" data-id=\"988948a\" data-element_type=\"widget\" data-widget_type=\"button.default\">\n\t\t\t\t<div class=\"elementor-widget-container\">\n\t\t\t\t\t\t\t\t\t<div class=\"elementor-button-wrapper\">\n\t\t\t\t\t<a class=\"elementor-button elementor-button-link elementor-size-sm\" href=\"https:\/\/downgalicia.org\/es\/programas\/empleo-con-apoyo-sindrome-de-down\/\">\n\t\t\t\t\t\t<span class=\"elementor-button-content-wrapper\">\n\t\t\t\t\t\t\t\t\t<span class=\"elementor-button-text\">M\u00e1s info<\/span>\n\t\t\t\t\t<\/span>\n\t\t\t\t\t<\/a>\n\t\t\t\t<\/div>\n\t\t\t\t\t\t\t\t<\/div>\n\t\t\t\t<\/div>\n\t\t\t\t<\/div>\n\t\t<div class=\"elementor-element elementor-element-3218dad e-con-full e-flex e-con e-child\" data-id=\"3218dad\" data-element_type=\"container\">\n\t\t\t\t<div class=\"elementor-element elementor-element-b8f19ff elementor-position-top elementor-widget elementor-widget-image-box\" data-id=\"b8f19ff\" data-element_type=\"widget\" data-widget_type=\"image-box.default\">\n\t\t\t\t<div class=\"elementor-widget-container\">\n\t\t\t\t\t<div class=\"elementor-image-box-wrapper\"><figure class=\"elementor-image-box-img\"><img loading=\"lazy\" decoding=\"async\" width=\"980\" height=\"650\" src=\"https:\/\/downgalicia.org\/wp-content\/uploads\/2024\/07\/programa-sindrome-down-galicia-orientacion-laboral.jpg\" class=\"attachment-full size-full wp-image-875\" alt=\"Orientacion laboral\" srcset=\"https:\/\/downgalicia.org\/wp-content\/uploads\/2024\/07\/programa-sindrome-down-galicia-orientacion-laboral.jpg 980w, https:\/\/downgalicia.org\/wp-content\/uploads\/2024\/07\/programa-sindrome-down-galicia-orientacion-laboral-300x199.jpg 300w, https:\/\/downgalicia.org\/wp-content\/uploads\/2024\/07\/programa-sindrome-down-galicia-orientacion-laboral-768x509.jpg 768w\" sizes=\"(max-width: 980px) 100vw, 980px\" \/><\/figure><div class=\"elementor-image-box-content\"><h3 class=\"elementor-image-box-title\">Orientaci\u00f3n laboral<\/h3><\/div><\/div>\t\t\t\t<\/div>\n\t\t\t\t<\/div>\n\t\t\t\t<div class=\"elementor-element elementor-element-8f57fba elementor-align-center elementor-widget elementor-widget-button\" data-id=\"8f57fba\" data-element_type=\"widget\" data-widget_type=\"button.default\">\n\t\t\t\t<div class=\"elementor-widget-container\">\n\t\t\t\t\t\t\t\t\t<div class=\"elementor-button-wrapper\">\n\t\t\t\t\t<a class=\"elementor-button elementor-button-link elementor-size-sm\" href=\"https:\/\/downgalicia.org\/es\/programas\/inclusion-laboral-sindrome-de-down\/\">\n\t\t\t\t\t\t<span class=\"elementor-button-content-wrapper\">\n\t\t\t\t\t\t\t\t\t<span class=\"elementor-button-text\">M\u00e1s info<\/span>\n\t\t\t\t\t<\/span>\n\t\t\t\t\t<\/a>\n\t\t\t\t<\/div>\n\t\t\t\t\t\t\t\t<\/div>\n\t\t\t\t<\/div>\n\t\t\t\t<\/div>\n\t\t<div class=\"elementor-element elementor-element-8eeed82 e-con-full e-flex e-con e-child\" data-id=\"8eeed82\" data-element_type=\"container\">\n\t\t\t\t<div class=\"elementor-element elementor-element-f6a1bc6 elementor-position-top elementor-widget elementor-widget-image-box\" data-id=\"f6a1bc6\" data-element_type=\"widget\" data-widget_type=\"image-box.default\">\n\t\t\t\t<div class=\"elementor-widget-container\">\n\t\t\t\t\t<div class=\"elementor-image-box-wrapper\"><figure class=\"elementor-image-box-img\"><img loading=\"lazy\" decoding=\"async\" width=\"980\" height=\"650\" src=\"https:\/\/downgalicia.org\/wp-content\/uploads\/2024\/07\/programa-sindrome-down-galicia-vida-adulta.jpg\" class=\"attachment-full size-full wp-image-876\" alt=\"Programas para a independencia en s\u00edndrome de Down\" srcset=\"https:\/\/downgalicia.org\/wp-content\/uploads\/2024\/07\/programa-sindrome-down-galicia-vida-adulta.jpg 980w, https:\/\/downgalicia.org\/wp-content\/uploads\/2024\/07\/programa-sindrome-down-galicia-vida-adulta-300x199.jpg 300w, https:\/\/downgalicia.org\/wp-content\/uploads\/2024\/07\/programa-sindrome-down-galicia-vida-adulta-768x509.jpg 768w\" sizes=\"(max-width: 980px) 100vw, 980px\" \/><\/figure><div class=\"elementor-image-box-content\"><h3 class=\"elementor-image-box-title\">Vida adulta e independiente<\/h3><\/div><\/div>\t\t\t\t<\/div>\n\t\t\t\t<\/div>\n\t\t\t\t<div class=\"elementor-element elementor-element-7410375 elementor-align-center elementor-widget elementor-widget-button\" data-id=\"7410375\" data-element_type=\"widget\" data-widget_type=\"button.default\">\n\t\t\t\t<div class=\"elementor-widget-container\">\n\t\t\t\t\t\t\t\t\t<div class=\"elementor-button-wrapper\">\n\t\t\t\t\t<a class=\"elementor-button elementor-button-link elementor-size-sm\" href=\"https:\/\/downgalicia.org\/es\/programas\/sindrome-de-down-en-adultos\/\">\n\t\t\t\t\t\t<span class=\"elementor-button-content-wrapper\">\n\t\t\t\t\t\t\t\t\t<span class=\"elementor-button-text\">M\u00e1s info<\/span>\n\t\t\t\t\t<\/span>\n\t\t\t\t\t<\/a>\n\t\t\t\t<\/div>\n\t\t\t\t\t\t\t\t<\/div>\n\t\t\t\t<\/div>\n\t\t\t\t<\/div>\n\t\t<div class=\"elementor-element elementor-element-044d9ff e-con-full e-flex e-con e-child\" data-id=\"044d9ff\" data-element_type=\"container\">\n\t\t\t\t<div class=\"elementor-element elementor-element-4fecc60 elementor-position-top elementor-widget elementor-widget-image-box\" data-id=\"4fecc60\" data-element_type=\"widget\" data-widget_type=\"image-box.default\">\n\t\t\t\t<div class=\"elementor-widget-container\">\n\t\t\t\t\t<div class=\"elementor-image-box-wrapper\"><figure class=\"elementor-image-box-img\"><img loading=\"lazy\" decoding=\"async\" width=\"980\" height=\"650\" src=\"https:\/\/downgalicia.org\/wp-content\/uploads\/2024\/07\/programa-sindrome-down-galicia-envellecemento-activo.jpg\" class=\"attachment-full size-full wp-image-873\" alt=\"Autonom\u00eda en persoas con s\u00edndrome de Down\" srcset=\"https:\/\/downgalicia.org\/wp-content\/uploads\/2024\/07\/programa-sindrome-down-galicia-envellecemento-activo.jpg 980w, https:\/\/downgalicia.org\/wp-content\/uploads\/2024\/07\/programa-sindrome-down-galicia-envellecemento-activo-300x199.jpg 300w, https:\/\/downgalicia.org\/wp-content\/uploads\/2024\/07\/programa-sindrome-down-galicia-envellecemento-activo-768x509.jpg 768w\" sizes=\"(max-width: 980px) 100vw, 980px\" \/><\/figure><div class=\"elementor-image-box-content\"><h3 class=\"elementor-image-box-title\">Envejecimiento activo<\/h3><\/div><\/div>\t\t\t\t<\/div>\n\t\t\t\t<\/div>\n\t\t\t\t<div class=\"elementor-element elementor-element-f481b14 elementor-align-center elementor-widget elementor-widget-button\" data-id=\"f481b14\" data-element_type=\"widget\" data-widget_type=\"button.default\">\n\t\t\t\t<div class=\"elementor-widget-container\">\n\t\t\t\t\t\t\t\t\t<div class=\"elementor-button-wrapper\">\n\t\t\t\t\t<a class=\"elementor-button elementor-button-link elementor-size-sm\" href=\"https:\/\/downgalicia.org\/es\/programas\/envejecimiento-sindrome-de-down\/\">\n\t\t\t\t\t\t<span class=\"elementor-button-content-wrapper\">\n\t\t\t\t\t\t\t\t\t<span class=\"elementor-button-text\">M\u00e1s info<\/span>\n\t\t\t\t\t<\/span>\n\t\t\t\t\t<\/a>\n\t\t\t\t<\/div>\n\t\t\t\t\t\t\t\t<\/div>\n\t\t\t\t<\/div>\n\t\t\t\t<\/div>\n\t\t<div class=\"elementor-element elementor-element-e24ffbb e-con-full e-flex e-con e-child\" data-id=\"e24ffbb\" data-element_type=\"container\">\n\t\t\t\t<div class=\"elementor-element elementor-element-05e2a5b elementor-position-top elementor-widget elementor-widget-image-box\" data-id=\"05e2a5b\" data-element_type=\"widget\" data-widget_type=\"image-box.default\">\n\t\t\t\t<div class=\"elementor-widget-container\">\n\t\t\t\t\t<div class=\"elementor-image-box-wrapper\"><figure class=\"elementor-image-box-img\"><img loading=\"lazy\" decoding=\"async\" width=\"980\" height=\"650\" src=\"https:\/\/downgalicia.org\/wp-content\/uploads\/2024\/07\/programa-sindrome-down-galicia-atencion-complementaria.jpg\" class=\"attachment-full size-full wp-image-871\" alt=\"Atencion transversal\" srcset=\"https:\/\/downgalicia.org\/wp-content\/uploads\/2024\/07\/programa-sindrome-down-galicia-atencion-complementaria.jpg 980w, https:\/\/downgalicia.org\/wp-content\/uploads\/2024\/07\/programa-sindrome-down-galicia-atencion-complementaria-300x199.jpg 300w, https:\/\/downgalicia.org\/wp-content\/uploads\/2024\/07\/programa-sindrome-down-galicia-atencion-complementaria-768x509.jpg 768w\" sizes=\"(max-width: 980px) 100vw, 980px\" \/><\/figure><div class=\"elementor-image-box-content\"><h3 class=\"elementor-image-box-title\">Atenci\u00f3n complementaria y transversal<\/h3><\/div><\/div>\t\t\t\t<\/div>\n\t\t\t\t<\/div>\n\t\t\t\t<div class=\"elementor-element elementor-element-7f3a89f elementor-align-center elementor-widget elementor-widget-button\" data-id=\"7f3a89f\" data-element_type=\"widget\" data-widget_type=\"button.default\">\n\t\t\t\t<div class=\"elementor-widget-container\">\n\t\t\t\t\t\t\t\t\t<div class=\"elementor-button-wrapper\">\n\t\t\t\t\t<a class=\"elementor-button elementor-button-link elementor-size-sm\" href=\"https:\/\/downgalicia.org\/es\/programas\/actividades-para-sindrome-de-down\/\">\n\t\t\t\t\t\t<span class=\"elementor-button-content-wrapper\">\n\t\t\t\t\t\t\t\t\t<span class=\"elementor-button-text\">M\u00e1s info<\/span>\n\t\t\t\t\t<\/span>\n\t\t\t\t\t<\/a>\n\t\t\t\t<\/div>\n\t\t\t\t\t\t\t\t<\/div>\n\t\t\t\t<\/div>\n\t\t\t\t<\/div>\n\t\t\t\t\t<\/div>\n\t\t\t\t<\/div>\n\t\t\t\t<\/div>\n\t\t","protected":false},"excerpt":{"rendered":"<p>Atenci\u00f3n temprana M\u00e1s info Inclusi\u00f3n educativa M\u00e1s info Formaci\u00f3n y empleo M\u00e1s info Orientaci\u00f3n laboral M\u00e1s info Vida adulta e independiente M\u00e1s info Envejecimiento activo M\u00e1s info Atenci\u00f3n complementaria y [&hellip;]<\/p>\n","protected":false},"author":1,"featured_media":0,"parent":0,"menu_order":0,"comment_status":"closed","ping_status":"closed","template":"","meta":{"_acf_changed":false,"give_campaign_id":0,"footnotes":""},"class_list":["post-3259","page","type-page","status-publish","hentry"],"acf":[],"yoast_head":"<!-- This site is optimized with the Yoast SEO plugin v25.3.1 - https:\/\/yoast.com\/wordpress\/plugins\/seo\/ -->\n<title>Actividades S\u00edndrome de Down &#8226; Programas Disponibles<\/title>\n<meta name=\"description\" content=\"Descubre los programas y actividades para favorecer la autonom\u00eda e inclusi\u00f3n social de las personas con s\u00edndrome de Down. Consulta los programas de Down Galicia.\" \/>\n<meta name=\"robots\" content=\"index, follow, max-snippet:-1, max-image-preview:large, max-video-preview:-1\" \/>\n<link rel=\"canonical\" href=\"https:\/\/downgalicia.org\/es\/programas\/\" \/>\n<meta property=\"og:locale\" content=\"es_ES\" \/>\n<meta property=\"og:type\" content=\"article\" \/>\n<meta property=\"og:title\" content=\"Actividades S\u00edndrome de Down &#8226; Programas Disponibles\" \/>\n<meta property=\"og:description\" content=\"Descubre los programas y actividades para favorecer la autonom\u00eda e inclusi\u00f3n social de las personas con s\u00edndrome de Down. Consulta los programas de Down Galicia.\" \/>\n<meta property=\"og:url\" content=\"https:\/\/downgalicia.org\/es\/programas\/\" \/>\n<meta property=\"og:site_name\" content=\"Federaci\u00f3n Down Galicia\" \/>\n<meta property=\"article:modified_time\" content=\"2025-07-23T14:28:17+00:00\" \/>\n<meta property=\"og:image\" content=\"https:\/\/downgalicia.org\/wp-content\/uploads\/2024\/07\/programa-sindrome-down-galicia-atencion-tempera-2.jpg\" \/>\n<meta name=\"twitter:card\" content=\"summary_large_image\" \/>\n<meta name=\"twitter:label1\" content=\"Tiempo de lectura\" \/>\n\t<meta name=\"twitter:data1\" content=\"2 minutos\" \/>\n<script type=\"application\/ld+json\" class=\"yoast-schema-graph\">{\"@context\":\"https:\/\/schema.org\",\"@graph\":[{\"@type\":\"WebPage\",\"@id\":\"https:\/\/downgalicia.org\/es\/programas\/\",\"url\":\"https:\/\/downgalicia.org\/es\/programas\/\",\"name\":\"Actividades S\u00edndrome de Down &#8226; Programas Disponibles\",\"isPartOf\":{\"@id\":\"https:\/\/downgalicia.org\/es\/#website\"},\"primaryImageOfPage\":{\"@id\":\"https:\/\/downgalicia.org\/es\/programas\/#primaryimage\"},\"image\":{\"@id\":\"https:\/\/downgalicia.org\/es\/programas\/#primaryimage\"},\"thumbnailUrl\":\"https:\/\/downgalicia.org\/wp-content\/uploads\/2024\/07\/programa-sindrome-down-galicia-atencion-tempera-2.jpg\",\"datePublished\":\"2024-07-01T09:59:20+00:00\",\"dateModified\":\"2025-07-23T14:28:17+00:00\",\"description\":\"Descubre los programas y actividades para favorecer la autonom\u00eda e inclusi\u00f3n social de las personas con s\u00edndrome de Down. Consulta los programas de Down Galicia.\",\"breadcrumb\":{\"@id\":\"https:\/\/downgalicia.org\/es\/programas\/#breadcrumb\"},\"inLanguage\":\"es\",\"potentialAction\":[{\"@type\":\"ReadAction\",\"target\":[\"https:\/\/downgalicia.org\/es\/programas\/\"]}]},{\"@type\":\"ImageObject\",\"inLanguage\":\"es\",\"@id\":\"https:\/\/downgalicia.org\/es\/programas\/#primaryimage\",\"url\":\"https:\/\/downgalicia.org\/wp-content\/uploads\/2024\/07\/programa-sindrome-down-galicia-atencion-tempera-2.jpg\",\"contentUrl\":\"https:\/\/downgalicia.org\/wp-content\/uploads\/2024\/07\/programa-sindrome-down-galicia-atencion-tempera-2.jpg\"},{\"@type\":\"BreadcrumbList\",\"@id\":\"https:\/\/downgalicia.org\/es\/programas\/#breadcrumb\",\"itemListElement\":[{\"@type\":\"ListItem\",\"position\":1,\"name\":\"Portada\",\"item\":\"https:\/\/downgalicia.org\/es\/\"},{\"@type\":\"ListItem\",\"position\":2,\"name\":\"Programas de Down Galicia\"}]},{\"@type\":\"WebSite\",\"@id\":\"https:\/\/downgalicia.org\/es\/#website\",\"url\":\"https:\/\/downgalicia.org\/es\/\",\"name\":\"Federaci\u00f3n Down Galicia\",\"description\":\"Apoio a persoas con S\u00edndrome de Down\",\"publisher\":{\"@id\":\"https:\/\/downgalicia.org\/es\/#organization\"},\"potentialAction\":[{\"@type\":\"SearchAction\",\"target\":{\"@type\":\"EntryPoint\",\"urlTemplate\":\"https:\/\/downgalicia.org\/es\/?s={search_term_string}\"},\"query-input\":{\"@type\":\"PropertyValueSpecification\",\"valueRequired\":true,\"valueName\":\"search_term_string\"}}],\"inLanguage\":\"es\"},{\"@type\":\"Organization\",\"@id\":\"https:\/\/downgalicia.org\/es\/#organization\",\"name\":\"Federaci\u00f3n Down Galicia\",\"url\":\"https:\/\/downgalicia.org\/es\/\",\"logo\":{\"@type\":\"ImageObject\",\"inLanguage\":\"es\",\"@id\":\"https:\/\/downgalicia.org\/es\/#\/schema\/logo\/image\/\",\"url\":\"https:\/\/downgalicia.org\/wp-content\/uploads\/2024\/07\/logo-sindrome-down-color.svg\",\"contentUrl\":\"https:\/\/downgalicia.org\/wp-content\/uploads\/2024\/07\/logo-sindrome-down-color.svg\",\"width\":271,\"height\":88,\"caption\":\"Federaci\u00f3n Down Galicia\"},\"image\":{\"@id\":\"https:\/\/downgalicia.org\/es\/#\/schema\/logo\/image\/\"}}]}<\/script>\n<!-- \/ Yoast SEO plugin. -->","yoast_head_json":{"title":"Actividades S\u00edndrome de Down &#8226; Programas Disponibles","description":"Descubre los programas y actividades para favorecer la autonom\u00eda e inclusi\u00f3n social de las personas con s\u00edndrome de Down. Consulta los programas de Down Galicia.","robots":{"index":"index","follow":"follow","max-snippet":"max-snippet:-1","max-image-preview":"max-image-preview:large","max-video-preview":"max-video-preview:-1"},"canonical":"https:\/\/downgalicia.org\/es\/programas\/","og_locale":"es_ES","og_type":"article","og_title":"Actividades S\u00edndrome de Down &#8226; Programas Disponibles","og_description":"Descubre los programas y actividades para favorecer la autonom\u00eda e inclusi\u00f3n social de las personas con s\u00edndrome de Down. Consulta los programas de Down Galicia.","og_url":"https:\/\/downgalicia.org\/es\/programas\/","og_site_name":"Federaci\u00f3n Down Galicia","article_modified_time":"2025-07-23T14:28:17+00:00","og_image":[{"url":"https:\/\/downgalicia.org\/wp-content\/uploads\/2024\/07\/programa-sindrome-down-galicia-atencion-tempera-2.jpg","type":"","width":"","height":""}],"twitter_card":"summary_large_image","twitter_misc":{"Tiempo de lectura":"2 minutos"},"schema":{"@context":"https:\/\/schema.org","@graph":[{"@type":"WebPage","@id":"https:\/\/downgalicia.org\/es\/programas\/","url":"https:\/\/downgalicia.org\/es\/programas\/","name":"Actividades S\u00edndrome de Down &#8226; Programas Disponibles","isPartOf":{"@id":"https:\/\/downgalicia.org\/es\/#website"},"primaryImageOfPage":{"@id":"https:\/\/downgalicia.org\/es\/programas\/#primaryimage"},"image":{"@id":"https:\/\/downgalicia.org\/es\/programas\/#primaryimage"},"thumbnailUrl":"https:\/\/downgalicia.org\/wp-content\/uploads\/2024\/07\/programa-sindrome-down-galicia-atencion-tempera-2.jpg","datePublished":"2024-07-01T09:59:20+00:00","dateModified":"2025-07-23T14:28:17+00:00","description":"Descubre los programas y actividades para favorecer la autonom\u00eda e inclusi\u00f3n social de las personas con s\u00edndrome de Down. Consulta los programas de Down Galicia.","breadcrumb":{"@id":"https:\/\/downgalicia.org\/es\/programas\/#breadcrumb"},"inLanguage":"es","potentialAction":[{"@type":"ReadAction","target":["https:\/\/downgalicia.org\/es\/programas\/"]}]},{"@type":"ImageObject","inLanguage":"es","@id":"https:\/\/downgalicia.org\/es\/programas\/#primaryimage","url":"https:\/\/downgalicia.org\/wp-content\/uploads\/2024\/07\/programa-sindrome-down-galicia-atencion-tempera-2.jpg","contentUrl":"https:\/\/downgalicia.org\/wp-content\/uploads\/2024\/07\/programa-sindrome-down-galicia-atencion-tempera-2.jpg"},{"@type":"BreadcrumbList","@id":"https:\/\/downgalicia.org\/es\/programas\/#breadcrumb","itemListElement":[{"@type":"ListItem","position":1,"name":"Portada","item":"https:\/\/downgalicia.org\/es\/"},{"@type":"ListItem","position":2,"name":"Programas de Down Galicia"}]},{"@type":"WebSite","@id":"https:\/\/downgalicia.org\/es\/#website","url":"https:\/\/downgalicia.org\/es\/","name":"Federaci\u00f3n Down Galicia","description":"Apoio a persoas con S\u00edndrome de Down","publisher":{"@id":"https:\/\/downgalicia.org\/es\/#organization"},"potentialAction":[{"@type":"SearchAction","target":{"@type":"EntryPoint","urlTemplate":"https:\/\/downgalicia.org\/es\/?s={search_term_string}"},"query-input":{"@type":"PropertyValueSpecification","valueRequired":true,"valueName":"search_term_string"}}],"inLanguage":"es"},{"@type":"Organization","@id":"https:\/\/downgalicia.org\/es\/#organization","name":"Federaci\u00f3n Down Galicia","url":"https:\/\/downgalicia.org\/es\/","logo":{"@type":"ImageObject","inLanguage":"es","@id":"https:\/\/downgalicia.org\/es\/#\/schema\/logo\/image\/","url":"https:\/\/downgalicia.org\/wp-content\/uploads\/2024\/07\/logo-sindrome-down-color.svg","contentUrl":"https:\/\/downgalicia.org\/wp-content\/uploads\/2024\/07\/logo-sindrome-down-color.svg","width":271,"height":88,"caption":"Federaci\u00f3n Down Galicia"},"image":{"@id":"https:\/\/downgalicia.org\/es\/#\/schema\/logo\/image\/"}}]}},"campaignId":"","_links":{"self":[{"href":"https:\/\/downgalicia.org\/es\/wp-json\/wp\/v2\/pages\/3259","targetHints":{"allow":["GET"]}}],"collection":[{"href":"https:\/\/downgalicia.org\/es\/wp-json\/wp\/v2\/pages"}],"about":[{"href":"https:\/\/downgalicia.org\/es\/wp-json\/wp\/v2\/types\/page"}],"author":[{"embeddable":true,"href":"https:\/\/downgalicia.org\/es\/wp-json\/wp\/v2\/users\/1"}],"replies":[{"embeddable":true,"href":"https:\/\/downgalicia.org\/es\/wp-json\/wp\/v2\/comments?post=3259"}],"version-history":[{"count":5,"href":"https:\/\/downgalicia.org\/es\/wp-json\/wp\/v2\/pages\/3259\/revisions"}],"predecessor-version":[{"id":9999,"href":"https:\/\/downgalicia.org\/es\/wp-json\/wp\/v2\/pages\/3259\/revisions\/9999"}],"wp:attachment":[{"href":"https:\/\/downgalicia.org\/es\/wp-json\/wp\/v2\/media?parent=3259"}],"curies":[{"name":"wp","href":"https:\/\/api.w.org\/{rel}","templated":true}]}}