{"id":3263,"date":"2024-07-01T11:58:12","date_gmt":"2024-07-01T09:58:12","guid":{"rendered":"http:\/\/downgalicia.org.136-144-253-96.136-144-253-96.visualpublinet.com\/sindrome-de-down-obxectivos-desenvolvemento-sostible\/"},"modified":"2025-07-23T14:54:27","modified_gmt":"2025-07-23T12:54:27","slug":"sindrome-de-down-objetivos-desarrollo-sostenible","status":"publish","type":"page","link":"https:\/\/downgalicia.org\/es\/sindrome-de-down-objetivos-desarrollo-sostenible\/","title":{"rendered":"Los Objetivos Desarrollo Sostenible y el s\u00edndrome de Down"},"content":{"rendered":"\t\t<div data-elementor-type=\"wp-page\" data-elementor-id=\"3263\" class=\"elementor elementor-3263 elementor-38\" data-elementor-post-type=\"page\">\n\t\t\t\t<div class=\"elementor-element elementor-element-39c6a90 e-con-full e-flex e-con e-parent\" data-id=\"39c6a90\" data-element_type=\"container\">\n\t\t\t\t<div class=\"elementor-element elementor-element-b157a1f elementor-widget elementor-widget-template\" data-id=\"b157a1f\" data-element_type=\"widget\" data-widget_type=\"template.default\">\n\t\t\t\t<div class=\"elementor-widget-container\">\n\t\t\t\t\t\t\t<div class=\"elementor-template\">\n\t\t\t\t\t<div data-elementor-type=\"section\" data-elementor-id=\"3274\" class=\"elementor elementor-3274 elementor-371\" data-elementor-post-type=\"elementor_library\">\n\t\t\t<div class=\"elementor-element elementor-element-5573fbc e-flex e-con-boxed e-con e-parent\" data-id=\"5573fbc\" data-element_type=\"container\" data-settings=\"{&quot;background_background&quot;:&quot;classic&quot;}\">\n\t\t\t\t\t<div class=\"e-con-inner\">\n\t\t\t\t<div class=\"elementor-element elementor-element-cf91f8f elementor-align-left elementor-hidden-mobile_extra elementor-hidden-mobile elementor-widget elementor-widget-breadcrumbs\" data-id=\"cf91f8f\" data-element_type=\"widget\" data-widget_type=\"breadcrumbs.default\">\n\t\t\t\t<div class=\"elementor-widget-container\">\n\t\t\t\t\t<p id=\"breadcrumbs\"><span><span><a href=\"https:\/\/downgalicia.org\/es\/\">Portada<\/a><\/span><\/span><\/p>\t\t\t\t<\/div>\n\t\t\t\t<\/div>\n\t\t\t\t\t<\/div>\n\t\t\t\t<\/div>\n\t\t\t\t<\/div>\n\t\t\t\t<\/div>\n\t\t\t\t\t\t<\/div>\n\t\t\t\t<\/div>\n\t\t\t\t<\/div>\n\t\t<div class=\"elementor-element elementor-element-33bf2bb e-flex e-con-boxed e-con e-parent\" data-id=\"33bf2bb\" data-element_type=\"container\">\n\t\t\t\t\t<div class=\"e-con-inner\">\n\t\t<div class=\"elementor-element elementor-element-ac29b4a e-flex e-con-boxed e-con e-child\" data-id=\"ac29b4a\" data-element_type=\"container\">\n\t\t\t\t\t<div class=\"e-con-inner\">\n\t\t\t\t<div class=\"elementor-element elementor-element-40fc6fb elementor-widget elementor-widget-image\" data-id=\"40fc6fb\" data-element_type=\"widget\" data-widget_type=\"image.default\">\n\t\t\t\t<div class=\"elementor-widget-container\">\n\t\t\t\t\t\t\t\t\t\t\t\t\t\t\t<img fetchpriority=\"high\" decoding=\"async\" width=\"768\" height=\"373\" src=\"https:\/\/downgalicia.org\/wp-content\/uploads\/2024\/07\/ods_cadro-768x373-1.jpg\" class=\"attachment-large size-large wp-image-2793\" alt=\"sindrome de down objetivos\" srcset=\"https:\/\/downgalicia.org\/wp-content\/uploads\/2024\/07\/ods_cadro-768x373-1.jpg 768w, https:\/\/downgalicia.org\/wp-content\/uploads\/2024\/07\/ods_cadro-768x373-1-300x146.jpg 300w\" sizes=\"(max-width: 768px) 100vw, 768px\" \/>\t\t\t\t\t\t\t\t\t\t\t\t\t\t\t<\/div>\n\t\t\t\t<\/div>\n\t\t\t\t\t<\/div>\n\t\t\t\t<\/div>\n\t\t<div class=\"elementor-element elementor-element-c28d4f4 e-flex e-con-boxed e-con e-child\" data-id=\"c28d4f4\" data-element_type=\"container\">\n\t\t\t\t\t<div class=\"e-con-inner\">\n\t\t\t\t<div class=\"elementor-element elementor-element-299e3fd elementor-widget elementor-widget-heading\" data-id=\"299e3fd\" data-element_type=\"widget\" data-widget_type=\"heading.default\">\n\t\t\t\t<div class=\"elementor-widget-container\">\n\t\t\t\t\t<h2 class=\"elementor-heading-title elementor-size-default\">Objetivos de Desarrollo Sostenible<\/h2>\t\t\t\t<\/div>\n\t\t\t\t<\/div>\n\t\t\t\t<div class=\"elementor-element elementor-element-0a885b7 elementor-widget elementor-widget-text-editor\" data-id=\"0a885b7\" data-element_type=\"widget\" data-widget_type=\"text-editor.default\">\n\t\t\t\t<div class=\"elementor-widget-container\">\n\t\t\t\t\t\t\t\t\tLa ONU aprob\u00f3 en 2015 la <a href=\"https:\/\/www.un.org\/sustainabledevelopment\/es\/development-agenda\/\" target=\"_blank\" rel=\"noopener\">Agenda 2030 para el Desarrollo Sostenible<\/a> y, con ella, los Objetivos de Desarrollo Sostenible (ODS). Es un llamamiento mundial para adoptar medidas que acaben con los grandes problemas del mundo: desde la desigualdad hasta el medio ambiente, pasando por la salud o el trabajo digno, entre otros.\n\t\t\t\t\t\t\t\t<\/div>\n\t\t\t\t<\/div>\n\t\t\t\t\t<\/div>\n\t\t\t\t<\/div>\n\t\t\t\t\t<\/div>\n\t\t\t\t<\/div>\n\t\t<div class=\"elementor-element elementor-element-9faa76e e-flex e-con-boxed e-con e-parent\" data-id=\"9faa76e\" data-element_type=\"container\">\n\t\t\t\t\t<div class=\"e-con-inner\">\n\t\t<div class=\"elementor-element elementor-element-0fa5e43 e-con-full e-flex e-con e-child\" data-id=\"0fa5e43\" data-element_type=\"container\">\n\t\t\t\t<div class=\"elementor-element elementor-element-b86f837 elementor-widget elementor-widget-heading\" data-id=\"b86f837\" data-element_type=\"widget\" data-widget_type=\"heading.default\">\n\t\t\t\t<div class=\"elementor-widget-container\">\n\t\t\t\t\t<h3 class=\"elementor-heading-title elementor-size-default\">El papel de las ONG en la Agenda 2030<\/h3>\t\t\t\t<\/div>\n\t\t\t\t<\/div>\n\t\t\t\t<div class=\"elementor-element elementor-element-8a45c66 elementor-widget elementor-widget-text-editor\" data-id=\"8a45c66\" data-element_type=\"widget\" data-widget_type=\"text-editor.default\">\n\t\t\t\t<div class=\"elementor-widget-container\">\n\t\t\t\t\t\t\t\t\t<p>Para alcanzar dichos objetivos, la participaci\u00f3n de las organizaciones de la sociedad civil es fundamental.<\/p><p>Las ONG tienen un papel protagonista, ya que son uno de los principales motores sociales que, junto con la pol\u00edtica, pueden contribuir a lograr las metas.<br \/>La funci\u00f3n de las ONG se basa en el desarrollo de proyectos y programas que, por ejemplo, reduzcan las desigualdades o apoyen a colectivos vulnerables.<\/p>\t\t\t\t\t\t\t\t<\/div>\n\t\t\t\t<\/div>\n\t\t\t\t<div class=\"elementor-element elementor-element-696ad34 elementor-widget elementor-widget-heading\" data-id=\"696ad34\" data-element_type=\"widget\" data-widget_type=\"heading.default\">\n\t\t\t\t<div class=\"elementor-widget-container\">\n\t\t\t\t\t<h3 class=\"elementor-heading-title elementor-size-default\">\u00bfC\u00f3mo contribuimos a los objetivos?<\/h3>\t\t\t\t<\/div>\n\t\t\t\t<\/div>\n\t\t\t\t<div class=\"elementor-element elementor-element-6794b2f elementor-widget elementor-widget-text-editor\" data-id=\"6794b2f\" data-element_type=\"widget\" data-widget_type=\"text-editor.default\">\n\t\t\t\t<div class=\"elementor-widget-container\">\n\t\t\t\t\t\t\t\t\t<p>Down Galicia contribuye a los ODS de forma planificada. Primero, identificando sobre qu\u00e9 objetivos tiene capacidad de influencia y, a continuaci\u00f3n, desarrollando acciones y programas que contribuyan a alcanzarlos.<\/p><p>As\u00ed, para maximizar su aportaci\u00f3n a los ODS, fue necesario definir las prioridades del Movimiento Down, midiendo sus impactos reales y potenciales.<br \/>Adem\u00e1s, fue fundamental integrar el marco de la Agenda 2030 en su trabajo diario.<\/p>\t\t\t\t\t\t\t\t<\/div>\n\t\t\t\t<\/div>\n\t\t\t\t<\/div>\n\t\t<div class=\"elementor-element elementor-element-2e1eaa0 e-con-full e-flex e-con e-child\" data-id=\"2e1eaa0\" data-element_type=\"container\">\n\t\t\t\t<div class=\"elementor-element elementor-element-759f6b0 elementor-widget elementor-widget-heading\" data-id=\"759f6b0\" data-element_type=\"widget\" data-widget_type=\"heading.default\">\n\t\t\t\t<div class=\"elementor-widget-container\">\n\t\t\t\t\t<h3 class=\"elementor-heading-title elementor-size-default\">\u00bfQu\u00e9 objetivos apoyamos?<\/h3>\t\t\t\t<\/div>\n\t\t\t\t<\/div>\n\t\t\t\t<div class=\"elementor-element elementor-element-063c8c0 elementor-widget elementor-widget-text-editor\" data-id=\"063c8c0\" data-element_type=\"widget\" data-widget_type=\"text-editor.default\">\n\t\t\t\t<div class=\"elementor-widget-container\">\n\t\t\t\t\t\t\t\t\tLa Federaci\u00f3n y sus entidades colaboran en 7 de los 17 objetivos:\t\t\t\t\t\t\t\t<\/div>\n\t\t\t\t<\/div>\n\t\t\t\t<div class=\"elementor-element elementor-element-3ff144a elementor-widget elementor-widget-n-accordion\" data-id=\"3ff144a\" data-element_type=\"widget\" data-settings=\"{&quot;default_state&quot;:&quot;all_collapsed&quot;,&quot;max_items_expended&quot;:&quot;one&quot;,&quot;n_accordion_animation_duration&quot;:{&quot;unit&quot;:&quot;ms&quot;,&quot;size&quot;:400,&quot;sizes&quot;:[]}}\" data-widget_type=\"nested-accordion.default\">\n\t\t\t\t<div class=\"elementor-widget-container\">\n\t\t\t\t\t\t\t<div class=\"e-n-accordion\" aria-label=\"Accordion. Open links with Enter or Space, close with Escape, and navigate with Arrow Keys\">\n\t\t\t\t\t\t<details id=\"e-n-accordion-item-6700\" class=\"e-n-accordion-item\" >\n\t\t\t\t<summary class=\"e-n-accordion-item-title\" data-accordion-index=\"1\" tabindex=\"0\" aria-expanded=\"false\" aria-controls=\"e-n-accordion-item-6700\" >\n\t\t\t\t\t<span class='e-n-accordion-item-title-header'><div class=\"e-n-accordion-item-title-text\"> Objetivo 3: Salud y bienestar <\/div><\/span>\n\t\t\t\t\t\t\t<span class='e-n-accordion-item-title-icon'>\n\t\t\t<span class='e-opened' ><svg aria-hidden=\"true\" class=\"e-font-icon-svg e-fas-arrow-up\" viewBox=\"0 0 448 512\" xmlns=\"http:\/\/www.w3.org\/2000\/svg\"><path d=\"M34.9 289.5l-22.2-22.2c-9.4-9.4-9.4-24.6 0-33.9L207 39c9.4-9.4 24.6-9.4 33.9 0l194.3 194.3c9.4 9.4 9.4 24.6 0 33.9L413 289.4c-9.5 9.5-25 9.3-34.3-.4L264 168.6V456c0 13.3-10.7 24-24 24h-32c-13.3 0-24-10.7-24-24V168.6L69.2 289.1c-9.3 9.8-24.8 10-34.3.4z\"><\/path><\/svg><\/span>\n\t\t\t<span class='e-closed'><svg aria-hidden=\"true\" class=\"e-font-icon-svg e-fas-arrow-down\" viewBox=\"0 0 448 512\" xmlns=\"http:\/\/www.w3.org\/2000\/svg\"><path d=\"M413.1 222.5l22.2 22.2c9.4 9.4 9.4 24.6 0 33.9L241 473c-9.4 9.4-24.6 9.4-33.9 0L12.7 278.6c-9.4-9.4-9.4-24.6 0-33.9l22.2-22.2c9.5-9.5 25-9.3 34.3.4L184 343.4V56c0-13.3 10.7-24 24-24h32c13.3 0 24 10.7 24 24v287.4l114.8-120.5c9.3-9.8 24.8-10 34.3-.4z\"><\/path><\/svg><\/span>\n\t\t<\/span>\n\n\t\t\t\t\t\t<\/summary>\n\t\t\t\t<div role=\"region\" aria-labelledby=\"e-n-accordion-item-6700\" class=\"elementor-element elementor-element-30eb4d6 e-con-full e-flex e-con e-child\" data-id=\"30eb4d6\" data-element_type=\"container\">\n\t\t<div role=\"region\" aria-labelledby=\"e-n-accordion-item-6700\" class=\"elementor-element elementor-element-3e9560e e-flex e-con-boxed e-con e-child\" data-id=\"3e9560e\" data-element_type=\"container\">\n\t\t\t\t\t<div class=\"e-con-inner\">\n\t\t\t\t<div class=\"elementor-element elementor-element-d9f6e47 elementor-widget elementor-widget-text-editor\" data-id=\"d9f6e47\" data-element_type=\"widget\" data-widget_type=\"text-editor.default\">\n\t\t\t\t<div class=\"elementor-widget-container\">\n\t\t\t\t\t\t\t\t\tGarantizar una vida saludable y promover el bienestar de todos en todas las edades\t\t\t\t\t\t\t\t<\/div>\n\t\t\t\t<\/div>\n\t\t\t\t\t<\/div>\n\t\t\t\t<\/div>\n\t\t\t\t<\/div>\n\t\t\t\t\t<\/details>\n\t\t\t\t\t\t<details id=\"e-n-accordion-item-6701\" class=\"e-n-accordion-item\" >\n\t\t\t\t<summary class=\"e-n-accordion-item-title\" data-accordion-index=\"2\" tabindex=\"-1\" aria-expanded=\"false\" aria-controls=\"e-n-accordion-item-6701\" >\n\t\t\t\t\t<span class='e-n-accordion-item-title-header'><div class=\"e-n-accordion-item-title-text\"> Objetivo 4: Educaci\u00f3n de calidad <\/div><\/span>\n\t\t\t\t\t\t\t<span class='e-n-accordion-item-title-icon'>\n\t\t\t<span class='e-opened' ><svg aria-hidden=\"true\" class=\"e-font-icon-svg e-fas-arrow-up\" viewBox=\"0 0 448 512\" xmlns=\"http:\/\/www.w3.org\/2000\/svg\"><path d=\"M34.9 289.5l-22.2-22.2c-9.4-9.4-9.4-24.6 0-33.9L207 39c9.4-9.4 24.6-9.4 33.9 0l194.3 194.3c9.4 9.4 9.4 24.6 0 33.9L413 289.4c-9.5 9.5-25 9.3-34.3-.4L264 168.6V456c0 13.3-10.7 24-24 24h-32c-13.3 0-24-10.7-24-24V168.6L69.2 289.1c-9.3 9.8-24.8 10-34.3.4z\"><\/path><\/svg><\/span>\n\t\t\t<span class='e-closed'><svg aria-hidden=\"true\" class=\"e-font-icon-svg e-fas-arrow-down\" viewBox=\"0 0 448 512\" xmlns=\"http:\/\/www.w3.org\/2000\/svg\"><path d=\"M413.1 222.5l22.2 22.2c9.4 9.4 9.4 24.6 0 33.9L241 473c-9.4 9.4-24.6 9.4-33.9 0L12.7 278.6c-9.4-9.4-9.4-24.6 0-33.9l22.2-22.2c9.5-9.5 25-9.3 34.3.4L184 343.4V56c0-13.3 10.7-24 24-24h32c13.3 0 24 10.7 24 24v287.4l114.8-120.5c9.3-9.8 24.8-10 34.3-.4z\"><\/path><\/svg><\/span>\n\t\t<\/span>\n\n\t\t\t\t\t\t<\/summary>\n\t\t\t\t<div role=\"region\" aria-labelledby=\"e-n-accordion-item-6701\" class=\"elementor-element elementor-element-111237f e-con-full e-flex e-con e-child\" data-id=\"111237f\" data-element_type=\"container\">\n\t\t<div role=\"region\" aria-labelledby=\"e-n-accordion-item-6701\" class=\"elementor-element elementor-element-f7fe33f e-flex e-con-boxed e-con e-child\" data-id=\"f7fe33f\" data-element_type=\"container\">\n\t\t\t\t\t<div class=\"e-con-inner\">\n\t\t\t\t<div class=\"elementor-element elementor-element-e6840eb elementor-widget elementor-widget-text-editor\" data-id=\"e6840eb\" data-element_type=\"widget\" data-widget_type=\"text-editor.default\">\n\t\t\t\t<div class=\"elementor-widget-container\">\n\t\t\t\t\t\t\t\t\t<p>Garantizar una educaci\u00f3n inclusiva, equitativa y de calidad y promover oportunidades de aprendizaje permanente para todos<\/p>\t\t\t\t\t\t\t\t<\/div>\n\t\t\t\t<\/div>\n\t\t\t\t\t<\/div>\n\t\t\t\t<\/div>\n\t\t\t\t<\/div>\n\t\t\t\t\t<\/details>\n\t\t\t\t\t\t<details id=\"e-n-accordion-item-6702\" class=\"e-n-accordion-item\" >\n\t\t\t\t<summary class=\"e-n-accordion-item-title\" data-accordion-index=\"3\" tabindex=\"-1\" aria-expanded=\"false\" aria-controls=\"e-n-accordion-item-6702\" >\n\t\t\t\t\t<span class='e-n-accordion-item-title-header'><div class=\"e-n-accordion-item-title-text\"> Objetivo 5: Igualdad de g\u00e9nero <\/div><\/span>\n\t\t\t\t\t\t\t<span class='e-n-accordion-item-title-icon'>\n\t\t\t<span class='e-opened' ><svg aria-hidden=\"true\" class=\"e-font-icon-svg e-fas-arrow-up\" viewBox=\"0 0 448 512\" xmlns=\"http:\/\/www.w3.org\/2000\/svg\"><path d=\"M34.9 289.5l-22.2-22.2c-9.4-9.4-9.4-24.6 0-33.9L207 39c9.4-9.4 24.6-9.4 33.9 0l194.3 194.3c9.4 9.4 9.4 24.6 0 33.9L413 289.4c-9.5 9.5-25 9.3-34.3-.4L264 168.6V456c0 13.3-10.7 24-24 24h-32c-13.3 0-24-10.7-24-24V168.6L69.2 289.1c-9.3 9.8-24.8 10-34.3.4z\"><\/path><\/svg><\/span>\n\t\t\t<span class='e-closed'><svg aria-hidden=\"true\" class=\"e-font-icon-svg e-fas-arrow-down\" viewBox=\"0 0 448 512\" xmlns=\"http:\/\/www.w3.org\/2000\/svg\"><path d=\"M413.1 222.5l22.2 22.2c9.4 9.4 9.4 24.6 0 33.9L241 473c-9.4 9.4-24.6 9.4-33.9 0L12.7 278.6c-9.4-9.4-9.4-24.6 0-33.9l22.2-22.2c9.5-9.5 25-9.3 34.3.4L184 343.4V56c0-13.3 10.7-24 24-24h32c13.3 0 24 10.7 24 24v287.4l114.8-120.5c9.3-9.8 24.8-10 34.3-.4z\"><\/path><\/svg><\/span>\n\t\t<\/span>\n\n\t\t\t\t\t\t<\/summary>\n\t\t\t\t<div role=\"region\" aria-labelledby=\"e-n-accordion-item-6702\" class=\"elementor-element elementor-element-e4d5c3f e-con-full e-flex e-con e-child\" data-id=\"e4d5c3f\" data-element_type=\"container\">\n\t\t<div role=\"region\" aria-labelledby=\"e-n-accordion-item-6702\" class=\"elementor-element elementor-element-5c0e0c2 e-flex e-con-boxed e-con e-child\" data-id=\"5c0e0c2\" data-element_type=\"container\">\n\t\t\t\t\t<div class=\"e-con-inner\">\n\t\t\t\t<div class=\"elementor-element elementor-element-77a156f elementor-widget elementor-widget-text-editor\" data-id=\"77a156f\" data-element_type=\"widget\" data-widget_type=\"text-editor.default\">\n\t\t\t\t<div class=\"elementor-widget-container\">\n\t\t\t\t\t\t\t\t\t<p>Lograr la igualdad de g\u00e9nero y empoderar a todas las mujeres y ni\u00f1as<\/p>\t\t\t\t\t\t\t\t<\/div>\n\t\t\t\t<\/div>\n\t\t\t\t\t<\/div>\n\t\t\t\t<\/div>\n\t\t\t\t<\/div>\n\t\t\t\t\t<\/details>\n\t\t\t\t\t\t<details id=\"e-n-accordion-item-6703\" class=\"e-n-accordion-item\" >\n\t\t\t\t<summary class=\"e-n-accordion-item-title\" data-accordion-index=\"4\" tabindex=\"-1\" aria-expanded=\"false\" aria-controls=\"e-n-accordion-item-6703\" >\n\t\t\t\t\t<span class='e-n-accordion-item-title-header'><div class=\"e-n-accordion-item-title-text\"> Objetivo 10: Reducci\u00f3n de las desigualdades <\/div><\/span>\n\t\t\t\t\t\t\t<span class='e-n-accordion-item-title-icon'>\n\t\t\t<span class='e-opened' ><svg aria-hidden=\"true\" class=\"e-font-icon-svg e-fas-arrow-up\" viewBox=\"0 0 448 512\" xmlns=\"http:\/\/www.w3.org\/2000\/svg\"><path d=\"M34.9 289.5l-22.2-22.2c-9.4-9.4-9.4-24.6 0-33.9L207 39c9.4-9.4 24.6-9.4 33.9 0l194.3 194.3c9.4 9.4 9.4 24.6 0 33.9L413 289.4c-9.5 9.5-25 9.3-34.3-.4L264 168.6V456c0 13.3-10.7 24-24 24h-32c-13.3 0-24-10.7-24-24V168.6L69.2 289.1c-9.3 9.8-24.8 10-34.3.4z\"><\/path><\/svg><\/span>\n\t\t\t<span class='e-closed'><svg aria-hidden=\"true\" class=\"e-font-icon-svg e-fas-arrow-down\" viewBox=\"0 0 448 512\" xmlns=\"http:\/\/www.w3.org\/2000\/svg\"><path d=\"M413.1 222.5l22.2 22.2c9.4 9.4 9.4 24.6 0 33.9L241 473c-9.4 9.4-24.6 9.4-33.9 0L12.7 278.6c-9.4-9.4-9.4-24.6 0-33.9l22.2-22.2c9.5-9.5 25-9.3 34.3.4L184 343.4V56c0-13.3 10.7-24 24-24h32c13.3 0 24 10.7 24 24v287.4l114.8-120.5c9.3-9.8 24.8-10 34.3-.4z\"><\/path><\/svg><\/span>\n\t\t<\/span>\n\n\t\t\t\t\t\t<\/summary>\n\t\t\t\t<div role=\"region\" aria-labelledby=\"e-n-accordion-item-6703\" class=\"elementor-element elementor-element-f540834 e-con-full e-flex e-con e-child\" data-id=\"f540834\" data-element_type=\"container\">\n\t\t<div role=\"region\" aria-labelledby=\"e-n-accordion-item-6703\" class=\"elementor-element elementor-element-fdf5f0f e-flex e-con-boxed e-con e-child\" data-id=\"fdf5f0f\" data-element_type=\"container\">\n\t\t\t\t\t<div class=\"e-con-inner\">\n\t\t\t\t<div class=\"elementor-element elementor-element-6d8057d elementor-widget elementor-widget-text-editor\" data-id=\"6d8057d\" data-element_type=\"widget\" data-widget_type=\"text-editor.default\">\n\t\t\t\t<div class=\"elementor-widget-container\">\n\t\t\t\t\t\t\t\t\t<p>Reducir la desigualdad dentro y entre los pa\u00edses<\/p>\t\t\t\t\t\t\t\t<\/div>\n\t\t\t\t<\/div>\n\t\t\t\t\t<\/div>\n\t\t\t\t<\/div>\n\t\t\t\t<\/div>\n\t\t\t\t\t<\/details>\n\t\t\t\t\t\t<details id=\"e-n-accordion-item-6704\" class=\"e-n-accordion-item\" >\n\t\t\t\t<summary class=\"e-n-accordion-item-title\" data-accordion-index=\"5\" tabindex=\"-1\" aria-expanded=\"false\" aria-controls=\"e-n-accordion-item-6704\" >\n\t\t\t\t\t<span class='e-n-accordion-item-title-header'><div class=\"e-n-accordion-item-title-text\"> Objetivo 16: Paz, justicia e instituciones s\u00f3lidas <\/div><\/span>\n\t\t\t\t\t\t\t<span class='e-n-accordion-item-title-icon'>\n\t\t\t<span class='e-opened' ><svg aria-hidden=\"true\" class=\"e-font-icon-svg e-fas-arrow-up\" viewBox=\"0 0 448 512\" xmlns=\"http:\/\/www.w3.org\/2000\/svg\"><path d=\"M34.9 289.5l-22.2-22.2c-9.4-9.4-9.4-24.6 0-33.9L207 39c9.4-9.4 24.6-9.4 33.9 0l194.3 194.3c9.4 9.4 9.4 24.6 0 33.9L413 289.4c-9.5 9.5-25 9.3-34.3-.4L264 168.6V456c0 13.3-10.7 24-24 24h-32c-13.3 0-24-10.7-24-24V168.6L69.2 289.1c-9.3 9.8-24.8 10-34.3.4z\"><\/path><\/svg><\/span>\n\t\t\t<span class='e-closed'><svg aria-hidden=\"true\" class=\"e-font-icon-svg e-fas-arrow-down\" viewBox=\"0 0 448 512\" xmlns=\"http:\/\/www.w3.org\/2000\/svg\"><path d=\"M413.1 222.5l22.2 22.2c9.4 9.4 9.4 24.6 0 33.9L241 473c-9.4 9.4-24.6 9.4-33.9 0L12.7 278.6c-9.4-9.4-9.4-24.6 0-33.9l22.2-22.2c9.5-9.5 25-9.3 34.3.4L184 343.4V56c0-13.3 10.7-24 24-24h32c13.3 0 24 10.7 24 24v287.4l114.8-120.5c9.3-9.8 24.8-10 34.3-.4z\"><\/path><\/svg><\/span>\n\t\t<\/span>\n\n\t\t\t\t\t\t<\/summary>\n\t\t\t\t<div role=\"region\" aria-labelledby=\"e-n-accordion-item-6704\" class=\"elementor-element elementor-element-edb8002 e-con-full e-flex e-con e-child\" data-id=\"edb8002\" data-element_type=\"container\">\n\t\t<div role=\"region\" aria-labelledby=\"e-n-accordion-item-6704\" class=\"elementor-element elementor-element-704b356 e-flex e-con-boxed e-con e-child\" data-id=\"704b356\" data-element_type=\"container\">\n\t\t\t\t\t<div class=\"e-con-inner\">\n\t\t\t\t<div class=\"elementor-element elementor-element-8fd9409 elementor-widget elementor-widget-text-editor\" data-id=\"8fd9409\" data-element_type=\"widget\" data-widget_type=\"text-editor.default\">\n\t\t\t\t<div class=\"elementor-widget-container\">\n\t\t\t\t\t\t\t\t\t<p>Promover sociedades pac\u00edficas e inclusivas, el acceso a la justicia para todos y construir instituciones eficaces, inclusivas y responsables.<\/p>\t\t\t\t\t\t\t\t<\/div>\n\t\t\t\t<\/div>\n\t\t\t\t\t<\/div>\n\t\t\t\t<\/div>\n\t\t\t\t<\/div>\n\t\t\t\t\t<\/details>\n\t\t\t\t\t\t<details id=\"e-n-accordion-item-6705\" class=\"e-n-accordion-item\" >\n\t\t\t\t<summary class=\"e-n-accordion-item-title\" data-accordion-index=\"6\" tabindex=\"-1\" aria-expanded=\"false\" aria-controls=\"e-n-accordion-item-6705\" >\n\t\t\t\t\t<span class='e-n-accordion-item-title-header'><div class=\"e-n-accordion-item-title-text\"> Objetivo 17: Alianzas para alcanzar los objetivos <\/div><\/span>\n\t\t\t\t\t\t\t<span class='e-n-accordion-item-title-icon'>\n\t\t\t<span class='e-opened' ><svg aria-hidden=\"true\" class=\"e-font-icon-svg e-fas-arrow-up\" viewBox=\"0 0 448 512\" xmlns=\"http:\/\/www.w3.org\/2000\/svg\"><path d=\"M34.9 289.5l-22.2-22.2c-9.4-9.4-9.4-24.6 0-33.9L207 39c9.4-9.4 24.6-9.4 33.9 0l194.3 194.3c9.4 9.4 9.4 24.6 0 33.9L413 289.4c-9.5 9.5-25 9.3-34.3-.4L264 168.6V456c0 13.3-10.7 24-24 24h-32c-13.3 0-24-10.7-24-24V168.6L69.2 289.1c-9.3 9.8-24.8 10-34.3.4z\"><\/path><\/svg><\/span>\n\t\t\t<span class='e-closed'><svg aria-hidden=\"true\" class=\"e-font-icon-svg e-fas-arrow-down\" viewBox=\"0 0 448 512\" xmlns=\"http:\/\/www.w3.org\/2000\/svg\"><path d=\"M413.1 222.5l22.2 22.2c9.4 9.4 9.4 24.6 0 33.9L241 473c-9.4 9.4-24.6 9.4-33.9 0L12.7 278.6c-9.4-9.4-9.4-24.6 0-33.9l22.2-22.2c9.5-9.5 25-9.3 34.3.4L184 343.4V56c0-13.3 10.7-24 24-24h32c13.3 0 24 10.7 24 24v287.4l114.8-120.5c9.3-9.8 24.8-10 34.3-.4z\"><\/path><\/svg><\/span>\n\t\t<\/span>\n\n\t\t\t\t\t\t<\/summary>\n\t\t\t\t<div role=\"region\" aria-labelledby=\"e-n-accordion-item-6705\" class=\"elementor-element elementor-element-89b1b94 e-con-full e-flex e-con e-child\" data-id=\"89b1b94\" data-element_type=\"container\">\n\t\t<div role=\"region\" aria-labelledby=\"e-n-accordion-item-6705\" class=\"elementor-element elementor-element-c8377da e-flex e-con-boxed e-con e-child\" data-id=\"c8377da\" data-element_type=\"container\">\n\t\t\t\t\t<div class=\"e-con-inner\">\n\t\t\t\t<div class=\"elementor-element elementor-element-ab0fbcc elementor-widget elementor-widget-text-editor\" data-id=\"ab0fbcc\" data-element_type=\"widget\" data-widget_type=\"text-editor.default\">\n\t\t\t\t<div class=\"elementor-widget-container\">\n\t\t\t\t\t\t\t\t\t<p>Fortalecer los medios de implementaci\u00f3n y revitalizar la Alianza Mundial para el Desarrollo Sostenible<\/p>\t\t\t\t\t\t\t\t<\/div>\n\t\t\t\t<\/div>\n\t\t\t\t\t<\/div>\n\t\t\t\t<\/div>\n\t\t\t\t<\/div>\n\t\t\t\t\t<\/details>\n\t\t\t\t\t<\/div>\n\t\t\t\t\t\t<\/div>\n\t\t\t\t<\/div>\n\t\t\t\t<\/div>\n\t\t\t\t\t<\/div>\n\t\t\t\t<\/div>\n\t\t<div class=\"elementor-element elementor-element-6869549 e-flex e-con-boxed e-con e-parent\" data-id=\"6869549\" data-element_type=\"container\">\n\t\t\t\t\t<div class=\"e-con-inner\">\n\t\t\t\t<div class=\"elementor-element elementor-element-3bd9591 elementor-widget elementor-widget-heading\" data-id=\"3bd9591\" data-element_type=\"widget\" data-widget_type=\"heading.default\">\n\t\t\t\t<div class=\"elementor-widget-container\">\n\t\t\t\t\t<h3 class=\"elementor-heading-title elementor-size-default\">\u00bfQu\u00e9 aportamos a los objetivos?<\/h3>\t\t\t\t<\/div>\n\t\t\t\t<\/div>\n\t\t<div class=\"elementor-element elementor-element-bfaa032 e-con-full e-grid e-con e-child\" data-id=\"bfaa032\" data-element_type=\"container\">\n\t\t<div class=\"elementor-element elementor-element-e31f17d e-con-full e-flex e-con e-child\" data-id=\"e31f17d\" data-element_type=\"container\" data-settings=\"{&quot;background_background&quot;:&quot;classic&quot;}\">\n\t\t\t\t<div class=\"elementor-element elementor-element-6351cc1 elementor-widget elementor-widget-heading\" data-id=\"6351cc1\" data-element_type=\"widget\" data-widget_type=\"heading.default\">\n\t\t\t\t<div class=\"elementor-widget-container\">\n\t\t\t\t\t<h4 class=\"elementor-heading-title elementor-size-default\">Contribuci\u00f3n espec\u00edfica<\/h4>\t\t\t\t<\/div>\n\t\t\t\t<\/div>\n\t\t<div class=\"elementor-element elementor-element-62409bc e-con-full e-grid e-con e-child\" data-id=\"62409bc\" data-element_type=\"container\">\n\t\t<div class=\"elementor-element elementor-element-b723f17 e-con-full e-flex e-con e-child\" data-id=\"b723f17\" data-element_type=\"container\">\n\t\t\t\t<div class=\"elementor-element elementor-element-490747b elementor-position-top elementor-widget elementor-widget-image-box\" data-id=\"490747b\" data-element_type=\"widget\" data-widget_type=\"image-box.default\">\n\t\t\t\t<div class=\"elementor-widget-container\">\n\t\t\t\t\t<div class=\"elementor-image-box-wrapper\"><figure class=\"elementor-image-box-img\"><img decoding=\"async\" width=\"1500\" height=\"1500\" src=\"https:\/\/downgalicia.org\/wp-content\/uploads\/2024\/07\/S-WEB-Goal-03.png\" class=\"attachment-full size-full wp-image-586\" alt=\"Salud y bienestar\" srcset=\"https:\/\/downgalicia.org\/wp-content\/uploads\/2024\/07\/S-WEB-Goal-03.png 1500w, https:\/\/downgalicia.org\/wp-content\/uploads\/2024\/07\/S-WEB-Goal-03-300x300.png 300w, https:\/\/downgalicia.org\/wp-content\/uploads\/2024\/07\/S-WEB-Goal-03-1024x1024.png 1024w, https:\/\/downgalicia.org\/wp-content\/uploads\/2024\/07\/S-WEB-Goal-03-150x150.png 150w, https:\/\/downgalicia.org\/wp-content\/uploads\/2024\/07\/S-WEB-Goal-03-768x768.png 768w\" sizes=\"(max-width: 1500px) 100vw, 1500px\" \/><\/figure><div class=\"elementor-image-box-content\"><p class=\"elementor-image-box-description\">Atenci\u00f3n temprana<br>\nVida adulta e independiente<br>\n\u00c1rea complementaria<br>\n\u00c1rea transversal\n<\/p><\/div><\/div>\t\t\t\t<\/div>\n\t\t\t\t<\/div>\n\t\t\t\t<\/div>\n\t\t<div class=\"elementor-element elementor-element-2571dbb e-con-full e-flex e-con e-child\" data-id=\"2571dbb\" data-element_type=\"container\">\n\t\t\t\t<div class=\"elementor-element elementor-element-83c5ace elementor-position-top elementor-widget elementor-widget-image-box\" data-id=\"83c5ace\" data-element_type=\"widget\" data-widget_type=\"image-box.default\">\n\t\t\t\t<div class=\"elementor-widget-container\">\n\t\t\t\t\t<div class=\"elementor-image-box-wrapper\"><figure class=\"elementor-image-box-img\"><img decoding=\"async\" width=\"1500\" height=\"1500\" src=\"https:\/\/downgalicia.org\/wp-content\/uploads\/2024\/07\/S-WEB-Goal-04.png\" class=\"attachment-full size-full wp-image-587\" alt=\"Educaci\u00f3n de calidad\" srcset=\"https:\/\/downgalicia.org\/wp-content\/uploads\/2024\/07\/S-WEB-Goal-04.png 1500w, https:\/\/downgalicia.org\/wp-content\/uploads\/2024\/07\/S-WEB-Goal-04-300x300.png 300w, https:\/\/downgalicia.org\/wp-content\/uploads\/2024\/07\/S-WEB-Goal-04-1024x1024.png 1024w, https:\/\/downgalicia.org\/wp-content\/uploads\/2024\/07\/S-WEB-Goal-04-150x150.png 150w, https:\/\/downgalicia.org\/wp-content\/uploads\/2024\/07\/S-WEB-Goal-04-768x768.png 768w\" sizes=\"(max-width: 1500px) 100vw, 1500px\" \/><\/figure><div class=\"elementor-image-box-content\"><p class=\"elementor-image-box-description\">Inclusi\u00f3n educativa<br>\nFormaci\u00f3n y empleo<\/p><\/div><\/div>\t\t\t\t<\/div>\n\t\t\t\t<\/div>\n\t\t\t\t<\/div>\n\t\t<div class=\"elementor-element elementor-element-ab707c9 e-con-full e-flex e-con e-child\" data-id=\"ab707c9\" data-element_type=\"container\">\n\t\t\t\t<div class=\"elementor-element elementor-element-73424a9 elementor-position-top elementor-widget elementor-widget-image-box\" data-id=\"73424a9\" data-element_type=\"widget\" data-widget_type=\"image-box.default\">\n\t\t\t\t<div class=\"elementor-widget-container\">\n\t\t\t\t\t<div class=\"elementor-image-box-wrapper\"><figure class=\"elementor-image-box-img\"><img loading=\"lazy\" decoding=\"async\" width=\"1500\" height=\"1500\" src=\"https:\/\/downgalicia.org\/wp-content\/uploads\/2024\/07\/S-WEB-Goal-08.png\" class=\"attachment-full size-full wp-image-589\" alt=\"Trabajo decente y crecimiento econ\u00f3mico\" srcset=\"https:\/\/downgalicia.org\/wp-content\/uploads\/2024\/07\/S-WEB-Goal-08.png 1500w, https:\/\/downgalicia.org\/wp-content\/uploads\/2024\/07\/S-WEB-Goal-08-300x300.png 300w, https:\/\/downgalicia.org\/wp-content\/uploads\/2024\/07\/S-WEB-Goal-08-1024x1024.png 1024w, https:\/\/downgalicia.org\/wp-content\/uploads\/2024\/07\/S-WEB-Goal-08-150x150.png 150w, https:\/\/downgalicia.org\/wp-content\/uploads\/2024\/07\/S-WEB-Goal-08-768x768.png 768w\" sizes=\"(max-width: 1500px) 100vw, 1500px\" \/><\/figure><div class=\"elementor-image-box-content\"><p class=\"elementor-image-box-description\">Formaci\u00f3n y empleo<\/p><\/div><\/div>\t\t\t\t<\/div>\n\t\t\t\t<\/div>\n\t\t\t\t<\/div>\n\t\t\t\t<\/div>\n\t\t\t\t<\/div>\n\t\t<div class=\"elementor-element elementor-element-73c867c e-con-full e-flex e-con e-child\" data-id=\"73c867c\" data-element_type=\"container\" data-settings=\"{&quot;background_background&quot;:&quot;classic&quot;}\">\n\t\t\t\t<div class=\"elementor-element elementor-element-7c4d116 elementor-widget elementor-widget-heading\" data-id=\"7c4d116\" data-element_type=\"widget\" data-widget_type=\"heading.default\">\n\t\t\t\t<div class=\"elementor-widget-container\">\n\t\t\t\t\t<h4 class=\"elementor-heading-title elementor-size-default\">Contribuci\u00f3n global<\/h4>\t\t\t\t<\/div>\n\t\t\t\t<\/div>\n\t\t<div class=\"elementor-element elementor-element-1c86f86 e-con-full e-grid e-con e-child\" data-id=\"1c86f86\" data-element_type=\"container\">\n\t\t<div class=\"elementor-element elementor-element-e30abb6 e-con-full e-flex e-con e-child\" data-id=\"e30abb6\" data-element_type=\"container\">\n\t\t\t\t<div class=\"elementor-element elementor-element-fb779a1 elementor-position-top elementor-widget elementor-widget-image-box\" data-id=\"fb779a1\" data-element_type=\"widget\" data-widget_type=\"image-box.default\">\n\t\t\t\t<div class=\"elementor-widget-container\">\n\t\t\t\t\t<div class=\"elementor-image-box-wrapper\"><figure class=\"elementor-image-box-img\"><img loading=\"lazy\" decoding=\"async\" width=\"1500\" height=\"1500\" src=\"https:\/\/downgalicia.org\/wp-content\/uploads\/2024\/07\/S-WEB-Goal-05.png\" class=\"attachment-full size-full wp-image-588\" alt=\"Igualdad de x\u00e9nero\" srcset=\"https:\/\/downgalicia.org\/wp-content\/uploads\/2024\/07\/S-WEB-Goal-05.png 1500w, https:\/\/downgalicia.org\/wp-content\/uploads\/2024\/07\/S-WEB-Goal-05-300x300.png 300w, https:\/\/downgalicia.org\/wp-content\/uploads\/2024\/07\/S-WEB-Goal-05-1024x1024.png 1024w, https:\/\/downgalicia.org\/wp-content\/uploads\/2024\/07\/S-WEB-Goal-05-150x150.png 150w, https:\/\/downgalicia.org\/wp-content\/uploads\/2024\/07\/S-WEB-Goal-05-768x768.png 768w\" sizes=\"(max-width: 1500px) 100vw, 1500px\" \/><\/figure><div class=\"elementor-image-box-content\"><p class=\"elementor-image-box-description\">Todas las \u00e1reas de atenci\u00f3n<\/p><\/div><\/div>\t\t\t\t<\/div>\n\t\t\t\t<\/div>\n\t\t\t\t<\/div>\n\t\t<div class=\"elementor-element elementor-element-b691129 e-con-full e-flex e-con e-child\" data-id=\"b691129\" data-element_type=\"container\">\n\t\t\t\t<div class=\"elementor-element elementor-element-80f8233 elementor-position-top elementor-widget elementor-widget-image-box\" data-id=\"80f8233\" data-element_type=\"widget\" data-widget_type=\"image-box.default\">\n\t\t\t\t<div class=\"elementor-widget-container\">\n\t\t\t\t\t<div class=\"elementor-image-box-wrapper\"><figure class=\"elementor-image-box-img\"><img loading=\"lazy\" decoding=\"async\" width=\"1500\" height=\"1500\" src=\"https:\/\/downgalicia.org\/wp-content\/uploads\/2024\/07\/S-WEB-Goal-16.png\" class=\"attachment-full size-full wp-image-591\" alt=\"Paz, justicia e instituciones s\u00f3lidas\" srcset=\"https:\/\/downgalicia.org\/wp-content\/uploads\/2024\/07\/S-WEB-Goal-16.png 1500w, https:\/\/downgalicia.org\/wp-content\/uploads\/2024\/07\/S-WEB-Goal-16-300x300.png 300w, https:\/\/downgalicia.org\/wp-content\/uploads\/2024\/07\/S-WEB-Goal-16-1024x1024.png 1024w, https:\/\/downgalicia.org\/wp-content\/uploads\/2024\/07\/S-WEB-Goal-16-150x150.png 150w, https:\/\/downgalicia.org\/wp-content\/uploads\/2024\/07\/S-WEB-Goal-16-768x768.png 768w\" sizes=\"(max-width: 1500px) 100vw, 1500px\" \/><\/figure><div class=\"elementor-image-box-content\"><p class=\"elementor-image-box-description\">Todas las \u00e1reas de atenci\u00f3n<\/p><\/div><\/div>\t\t\t\t<\/div>\n\t\t\t\t<\/div>\n\t\t\t\t<\/div>\n\t\t<div class=\"elementor-element elementor-element-5e61fe8 e-con-full e-flex e-con e-child\" data-id=\"5e61fe8\" data-element_type=\"container\">\n\t\t\t\t<div class=\"elementor-element elementor-element-94a8dfa elementor-position-top elementor-widget elementor-widget-image-box\" data-id=\"94a8dfa\" data-element_type=\"widget\" data-widget_type=\"image-box.default\">\n\t\t\t\t<div class=\"elementor-widget-container\">\n\t\t\t\t\t<div class=\"elementor-image-box-wrapper\"><figure class=\"elementor-image-box-img\"><img loading=\"lazy\" decoding=\"async\" width=\"1500\" height=\"1500\" src=\"https:\/\/downgalicia.org\/wp-content\/uploads\/2024\/07\/S-WEB-Goal-10.png\" class=\"attachment-full size-full wp-image-590\" alt=\"Reducci\u00f3n de las desigualdades\" srcset=\"https:\/\/downgalicia.org\/wp-content\/uploads\/2024\/07\/S-WEB-Goal-10.png 1500w, https:\/\/downgalicia.org\/wp-content\/uploads\/2024\/07\/S-WEB-Goal-10-300x300.png 300w, https:\/\/downgalicia.org\/wp-content\/uploads\/2024\/07\/S-WEB-Goal-10-1024x1024.png 1024w, https:\/\/downgalicia.org\/wp-content\/uploads\/2024\/07\/S-WEB-Goal-10-150x150.png 150w, https:\/\/downgalicia.org\/wp-content\/uploads\/2024\/07\/S-WEB-Goal-10-768x768.png 768w\" sizes=\"(max-width: 1500px) 100vw, 1500px\" \/><\/figure><div class=\"elementor-image-box-content\"><p class=\"elementor-image-box-description\">Todas las \u00e1reas de atenci\u00f3n<\/p><\/div><\/div>\t\t\t\t<\/div>\n\t\t\t\t<\/div>\n\t\t\t\t<\/div>\n\t\t<div class=\"elementor-element elementor-element-f3de6e5 e-con-full e-flex e-con e-child\" data-id=\"f3de6e5\" data-element_type=\"container\">\n\t\t\t\t<div class=\"elementor-element elementor-element-301f39e elementor-position-top elementor-widget elementor-widget-image-box\" data-id=\"301f39e\" data-element_type=\"widget\" data-widget_type=\"image-box.default\">\n\t\t\t\t<div class=\"elementor-widget-container\">\n\t\t\t\t\t<div class=\"elementor-image-box-wrapper\"><figure class=\"elementor-image-box-img\"><img loading=\"lazy\" decoding=\"async\" width=\"1500\" height=\"1500\" src=\"https:\/\/downgalicia.org\/wp-content\/uploads\/2024\/07\/S-WEB-Goal-17.png\" class=\"attachment-full size-full wp-image-592\" alt=\"Alianzas para lograr los objetivos\" srcset=\"https:\/\/downgalicia.org\/wp-content\/uploads\/2024\/07\/S-WEB-Goal-17.png 1500w, https:\/\/downgalicia.org\/wp-content\/uploads\/2024\/07\/S-WEB-Goal-17-300x300.png 300w, https:\/\/downgalicia.org\/wp-content\/uploads\/2024\/07\/S-WEB-Goal-17-1024x1024.png 1024w, https:\/\/downgalicia.org\/wp-content\/uploads\/2024\/07\/S-WEB-Goal-17-150x150.png 150w, https:\/\/downgalicia.org\/wp-content\/uploads\/2024\/07\/S-WEB-Goal-17-768x768.png 768w\" sizes=\"(max-width: 1500px) 100vw, 1500px\" \/><\/figure><div class=\"elementor-image-box-content\"><p class=\"elementor-image-box-description\">Todas las \u00e1reas de atenci\u00f3n<\/p><\/div><\/div>\t\t\t\t<\/div>\n\t\t\t\t<\/div>\n\t\t\t\t<\/div>\n\t\t\t\t<\/div>\n\t\t\t\t<\/div>\n\t\t\t\t<\/div>\n\t\t\t\t<div class=\"elementor-element elementor-element-b759db8 elementor-align-center elementor-widget elementor-widget-button\" data-id=\"b759db8\" data-element_type=\"widget\" data-widget_type=\"button.default\">\n\t\t\t\t<div class=\"elementor-widget-container\">\n\t\t\t\t\t\t\t\t\t<div class=\"elementor-button-wrapper\">\n\t\t\t\t\t<a class=\"elementor-button elementor-button-link elementor-size-sm\" href=\"\/wp-content\/uploads\/2025\/05\/Diptico-ODS-Web-Castelan.pdf\" target=\"_blank\">\n\t\t\t\t\t\t<span class=\"elementor-button-content-wrapper\">\n\t\t\t\t\t\t\t\t\t<span class=\"elementor-button-text\">Vea el folleto informativo aqu\u00ed<\/span>\n\t\t\t\t\t<\/span>\n\t\t\t\t\t<\/a>\n\t\t\t\t<\/div>\n\t\t\t\t\t\t\t\t<\/div>\n\t\t\t\t<\/div>\n\t\t\t\t\t<\/div>\n\t\t\t\t<\/div>\n\t\t\t\t<\/div>\n\t\t","protected":false},"excerpt":{"rendered":"<p>Objetivos de Desarrollo Sostenible La ONU aprob\u00f3 en 2015 la Agenda 2030 para el Desarrollo Sostenible y, con ella, los Objetivos de Desarrollo Sostenible (ODS). Es un llamamiento mundial para [&hellip;]<\/p>\n","protected":false},"author":1,"featured_media":0,"parent":0,"menu_order":0,"comment_status":"closed","ping_status":"closed","template":"","meta":{"_acf_changed":false,"give_campaign_id":0,"footnotes":""},"class_list":["post-3263","page","type-page","status-publish","hentry"],"acf":[],"yoast_head":"<!-- This site is optimized with the Yoast SEO plugin v25.3.1 - https:\/\/yoast.com\/wordpress\/plugins\/seo\/ -->\n<title>S\u00edndrome de Down Objetivos Desarollo Sostenible &#8226; Down Galicia<\/title>\n<meta name=\"description\" content=\"Descubre el s\u00edndrome de Down y los Objetivos de Desarollo Sostenible que apoya Down Galicia. Te contamos c\u00f3mo contribu\u00edmos y que objetivos compartimos.\" \/>\n<meta name=\"robots\" content=\"index, follow, max-snippet:-1, max-image-preview:large, max-video-preview:-1\" \/>\n<link rel=\"canonical\" href=\"https:\/\/downgalicia.org\/es\/sindrome-de-down-objetivos-desarrollo-sostenible\/\" \/>\n<meta property=\"og:locale\" content=\"es_ES\" \/>\n<meta property=\"og:type\" content=\"article\" \/>\n<meta property=\"og:title\" content=\"S\u00edndrome de Down Objetivos Desarollo Sostenible &#8226; Down Galicia\" \/>\n<meta property=\"og:description\" content=\"Descubre el s\u00edndrome de Down y los Objetivos de Desarollo Sostenible que apoya Down Galicia. Te contamos c\u00f3mo contribu\u00edmos y que objetivos compartimos.\" \/>\n<meta property=\"og:url\" content=\"https:\/\/downgalicia.org\/es\/sindrome-de-down-objetivos-desarrollo-sostenible\/\" \/>\n<meta property=\"og:site_name\" content=\"Federaci\u00f3n Down Galicia\" \/>\n<meta property=\"article:modified_time\" content=\"2025-07-23T12:54:27+00:00\" \/>\n<meta property=\"og:image\" content=\"https:\/\/downgalicia.org\/wp-content\/uploads\/2024\/07\/ods_cadro-768x373-1.jpg\" \/>\n\t<meta property=\"og:image:width\" content=\"768\" \/>\n\t<meta property=\"og:image:height\" content=\"373\" \/>\n\t<meta property=\"og:image:type\" content=\"image\/jpeg\" \/>\n<meta name=\"twitter:card\" content=\"summary_large_image\" \/>\n<meta name=\"twitter:label1\" content=\"Tiempo de lectura\" \/>\n\t<meta name=\"twitter:data1\" content=\"4 minutos\" \/>\n<script type=\"application\/ld+json\" class=\"yoast-schema-graph\">{\"@context\":\"https:\/\/schema.org\",\"@graph\":[{\"@type\":\"WebPage\",\"@id\":\"https:\/\/downgalicia.org\/es\/sindrome-de-down-objetivos-desarrollo-sostenible\/\",\"url\":\"https:\/\/downgalicia.org\/es\/sindrome-de-down-objetivos-desarrollo-sostenible\/\",\"name\":\"S\u00edndrome de Down Objetivos Desarollo Sostenible &#8226; Down Galicia\",\"isPartOf\":{\"@id\":\"https:\/\/downgalicia.org\/es\/#website\"},\"primaryImageOfPage\":{\"@id\":\"https:\/\/downgalicia.org\/es\/sindrome-de-down-objetivos-desarrollo-sostenible\/#primaryimage\"},\"image\":{\"@id\":\"https:\/\/downgalicia.org\/es\/sindrome-de-down-objetivos-desarrollo-sostenible\/#primaryimage\"},\"thumbnailUrl\":\"https:\/\/downgalicia.org\/wp-content\/uploads\/2024\/07\/ods_cadro-768x373-1.jpg\",\"datePublished\":\"2024-07-01T09:58:12+00:00\",\"dateModified\":\"2025-07-23T12:54:27+00:00\",\"description\":\"Descubre el s\u00edndrome de Down y los Objetivos de Desarollo Sostenible que apoya Down Galicia. Te contamos c\u00f3mo contribu\u00edmos y que objetivos compartimos.\",\"breadcrumb\":{\"@id\":\"https:\/\/downgalicia.org\/es\/sindrome-de-down-objetivos-desarrollo-sostenible\/#breadcrumb\"},\"inLanguage\":\"es\",\"potentialAction\":[{\"@type\":\"ReadAction\",\"target\":[\"https:\/\/downgalicia.org\/es\/sindrome-de-down-objetivos-desarrollo-sostenible\/\"]}]},{\"@type\":\"ImageObject\",\"inLanguage\":\"es\",\"@id\":\"https:\/\/downgalicia.org\/es\/sindrome-de-down-objetivos-desarrollo-sostenible\/#primaryimage\",\"url\":\"https:\/\/downgalicia.org\/wp-content\/uploads\/2024\/07\/ods_cadro-768x373-1.jpg\",\"contentUrl\":\"https:\/\/downgalicia.org\/wp-content\/uploads\/2024\/07\/ods_cadro-768x373-1.jpg\"},{\"@type\":\"BreadcrumbList\",\"@id\":\"https:\/\/downgalicia.org\/es\/sindrome-de-down-objetivos-desarrollo-sostenible\/#breadcrumb\",\"itemListElement\":[{\"@type\":\"ListItem\",\"position\":1,\"name\":\"Portada\",\"item\":\"https:\/\/downgalicia.org\/es\/\"},{\"@type\":\"ListItem\",\"position\":2,\"name\":\"Los Objetivos Desarrollo Sostenible y el s\u00edndrome de Down\"}]},{\"@type\":\"WebSite\",\"@id\":\"https:\/\/downgalicia.org\/es\/#website\",\"url\":\"https:\/\/downgalicia.org\/es\/\",\"name\":\"Federaci\u00f3n Down Galicia\",\"description\":\"Apoio a persoas con S\u00edndrome de Down\",\"publisher\":{\"@id\":\"https:\/\/downgalicia.org\/es\/#organization\"},\"potentialAction\":[{\"@type\":\"SearchAction\",\"target\":{\"@type\":\"EntryPoint\",\"urlTemplate\":\"https:\/\/downgalicia.org\/es\/?s={search_term_string}\"},\"query-input\":{\"@type\":\"PropertyValueSpecification\",\"valueRequired\":true,\"valueName\":\"search_term_string\"}}],\"inLanguage\":\"es\"},{\"@type\":\"Organization\",\"@id\":\"https:\/\/downgalicia.org\/es\/#organization\",\"name\":\"Federaci\u00f3n Down Galicia\",\"url\":\"https:\/\/downgalicia.org\/es\/\",\"logo\":{\"@type\":\"ImageObject\",\"inLanguage\":\"es\",\"@id\":\"https:\/\/downgalicia.org\/es\/#\/schema\/logo\/image\/\",\"url\":\"https:\/\/downgalicia.org\/wp-content\/uploads\/2024\/07\/logo-sindrome-down-color.svg\",\"contentUrl\":\"https:\/\/downgalicia.org\/wp-content\/uploads\/2024\/07\/logo-sindrome-down-color.svg\",\"width\":271,\"height\":88,\"caption\":\"Federaci\u00f3n Down Galicia\"},\"image\":{\"@id\":\"https:\/\/downgalicia.org\/es\/#\/schema\/logo\/image\/\"}}]}<\/script>\n<!-- \/ Yoast SEO plugin. -->","yoast_head_json":{"title":"S\u00edndrome de Down Objetivos Desarollo Sostenible &#8226; Down Galicia","description":"Descubre el s\u00edndrome de Down y los Objetivos de Desarollo Sostenible que apoya Down Galicia. Te contamos c\u00f3mo contribu\u00edmos y que objetivos compartimos.","robots":{"index":"index","follow":"follow","max-snippet":"max-snippet:-1","max-image-preview":"max-image-preview:large","max-video-preview":"max-video-preview:-1"},"canonical":"https:\/\/downgalicia.org\/es\/sindrome-de-down-objetivos-desarrollo-sostenible\/","og_locale":"es_ES","og_type":"article","og_title":"S\u00edndrome de Down Objetivos Desarollo Sostenible &#8226; Down Galicia","og_description":"Descubre el s\u00edndrome de Down y los Objetivos de Desarollo Sostenible que apoya Down Galicia. Te contamos c\u00f3mo contribu\u00edmos y que objetivos compartimos.","og_url":"https:\/\/downgalicia.org\/es\/sindrome-de-down-objetivos-desarrollo-sostenible\/","og_site_name":"Federaci\u00f3n Down Galicia","article_modified_time":"2025-07-23T12:54:27+00:00","og_image":[{"width":768,"height":373,"url":"https:\/\/downgalicia.org\/wp-content\/uploads\/2024\/07\/ods_cadro-768x373-1.jpg","type":"image\/jpeg"}],"twitter_card":"summary_large_image","twitter_misc":{"Tiempo de lectura":"4 minutos"},"schema":{"@context":"https:\/\/schema.org","@graph":[{"@type":"WebPage","@id":"https:\/\/downgalicia.org\/es\/sindrome-de-down-objetivos-desarrollo-sostenible\/","url":"https:\/\/downgalicia.org\/es\/sindrome-de-down-objetivos-desarrollo-sostenible\/","name":"S\u00edndrome de Down Objetivos Desarollo Sostenible &#8226; Down Galicia","isPartOf":{"@id":"https:\/\/downgalicia.org\/es\/#website"},"primaryImageOfPage":{"@id":"https:\/\/downgalicia.org\/es\/sindrome-de-down-objetivos-desarrollo-sostenible\/#primaryimage"},"image":{"@id":"https:\/\/downgalicia.org\/es\/sindrome-de-down-objetivos-desarrollo-sostenible\/#primaryimage"},"thumbnailUrl":"https:\/\/downgalicia.org\/wp-content\/uploads\/2024\/07\/ods_cadro-768x373-1.jpg","datePublished":"2024-07-01T09:58:12+00:00","dateModified":"2025-07-23T12:54:27+00:00","description":"Descubre el s\u00edndrome de Down y los Objetivos de Desarollo Sostenible que apoya Down Galicia. Te contamos c\u00f3mo contribu\u00edmos y que objetivos compartimos.","breadcrumb":{"@id":"https:\/\/downgalicia.org\/es\/sindrome-de-down-objetivos-desarrollo-sostenible\/#breadcrumb"},"inLanguage":"es","potentialAction":[{"@type":"ReadAction","target":["https:\/\/downgalicia.org\/es\/sindrome-de-down-objetivos-desarrollo-sostenible\/"]}]},{"@type":"ImageObject","inLanguage":"es","@id":"https:\/\/downgalicia.org\/es\/sindrome-de-down-objetivos-desarrollo-sostenible\/#primaryimage","url":"https:\/\/downgalicia.org\/wp-content\/uploads\/2024\/07\/ods_cadro-768x373-1.jpg","contentUrl":"https:\/\/downgalicia.org\/wp-content\/uploads\/2024\/07\/ods_cadro-768x373-1.jpg"},{"@type":"BreadcrumbList","@id":"https:\/\/downgalicia.org\/es\/sindrome-de-down-objetivos-desarrollo-sostenible\/#breadcrumb","itemListElement":[{"@type":"ListItem","position":1,"name":"Portada","item":"https:\/\/downgalicia.org\/es\/"},{"@type":"ListItem","position":2,"name":"Los Objetivos Desarrollo Sostenible y el s\u00edndrome de Down"}]},{"@type":"WebSite","@id":"https:\/\/downgalicia.org\/es\/#website","url":"https:\/\/downgalicia.org\/es\/","name":"Federaci\u00f3n Down Galicia","description":"Apoio a persoas con S\u00edndrome de Down","publisher":{"@id":"https:\/\/downgalicia.org\/es\/#organization"},"potentialAction":[{"@type":"SearchAction","target":{"@type":"EntryPoint","urlTemplate":"https:\/\/downgalicia.org\/es\/?s={search_term_string}"},"query-input":{"@type":"PropertyValueSpecification","valueRequired":true,"valueName":"search_term_string"}}],"inLanguage":"es"},{"@type":"Organization","@id":"https:\/\/downgalicia.org\/es\/#organization","name":"Federaci\u00f3n Down Galicia","url":"https:\/\/downgalicia.org\/es\/","logo":{"@type":"ImageObject","inLanguage":"es","@id":"https:\/\/downgalicia.org\/es\/#\/schema\/logo\/image\/","url":"https:\/\/downgalicia.org\/wp-content\/uploads\/2024\/07\/logo-sindrome-down-color.svg","contentUrl":"https:\/\/downgalicia.org\/wp-content\/uploads\/2024\/07\/logo-sindrome-down-color.svg","width":271,"height":88,"caption":"Federaci\u00f3n Down Galicia"},"image":{"@id":"https:\/\/downgalicia.org\/es\/#\/schema\/logo\/image\/"}}]}},"campaignId":"","_links":{"self":[{"href":"https:\/\/downgalicia.org\/es\/wp-json\/wp\/v2\/pages\/3263","targetHints":{"allow":["GET"]}}],"collection":[{"href":"https:\/\/downgalicia.org\/es\/wp-json\/wp\/v2\/pages"}],"about":[{"href":"https:\/\/downgalicia.org\/es\/wp-json\/wp\/v2\/types\/page"}],"author":[{"embeddable":true,"href":"https:\/\/downgalicia.org\/es\/wp-json\/wp\/v2\/users\/1"}],"replies":[{"embeddable":true,"href":"https:\/\/downgalicia.org\/es\/wp-json\/wp\/v2\/comments?post=3263"}],"version-history":[{"count":26,"href":"https:\/\/downgalicia.org\/es\/wp-json\/wp\/v2\/pages\/3263\/revisions"}],"predecessor-version":[{"id":9973,"href":"https:\/\/downgalicia.org\/es\/wp-json\/wp\/v2\/pages\/3263\/revisions\/9973"}],"wp:attachment":[{"href":"https:\/\/downgalicia.org\/es\/wp-json\/wp\/v2\/media?parent=3263"}],"curies":[{"name":"wp","href":"https:\/\/api.w.org\/{rel}","templated":true}]}}