{"id":3265,"date":"2024-07-01T11:57:44","date_gmt":"2024-07-01T09:57:44","guid":{"rendered":"http:\/\/downgalicia.org.136-144-253-96.136-144-253-96.visualpublinet.com\/federacion-sindrome-de-down\/"},"modified":"2026-03-26T14:24:59","modified_gmt":"2026-03-26T13:24:59","slug":"federacion-sindrome-de-down","status":"publish","type":"page","link":"https:\/\/downgalicia.org\/es\/federacion-sindrome-de-down\/","title":{"rendered":"Federaci\u00f3n S\u00edndrome de Down en Galicia"},"content":{"rendered":"\t\t<div data-elementor-type=\"wp-page\" data-elementor-id=\"3265\" class=\"elementor elementor-3265 elementor-35\" data-elementor-post-type=\"page\">\n\t\t\t\t<div class=\"elementor-element elementor-element-592f2a8 e-con-full e-flex e-con e-parent\" data-id=\"592f2a8\" data-element_type=\"container\">\n\t\t\t\t<div class=\"elementor-element elementor-element-98fa714 elementor-widget elementor-widget-template\" data-id=\"98fa714\" data-element_type=\"widget\" data-widget_type=\"template.default\">\n\t\t\t\t<div class=\"elementor-widget-container\">\n\t\t\t\t\t\t\t<div class=\"elementor-template\">\n\t\t\t\t\t<div data-elementor-type=\"section\" data-elementor-id=\"3274\" class=\"elementor elementor-3274 elementor-371\" data-elementor-post-type=\"elementor_library\">\n\t\t\t<div class=\"elementor-element elementor-element-5573fbc e-flex e-con-boxed e-con e-parent\" data-id=\"5573fbc\" data-element_type=\"container\" data-settings=\"{&quot;background_background&quot;:&quot;classic&quot;}\">\n\t\t\t\t\t<div class=\"e-con-inner\">\n\t\t\t\t<div class=\"elementor-element elementor-element-cf91f8f elementor-align-left elementor-hidden-mobile_extra elementor-hidden-mobile elementor-widget elementor-widget-breadcrumbs\" data-id=\"cf91f8f\" data-element_type=\"widget\" data-widget_type=\"breadcrumbs.default\">\n\t\t\t\t<div class=\"elementor-widget-container\">\n\t\t\t\t\t<p id=\"breadcrumbs\"><span><span><a href=\"https:\/\/downgalicia.org\/es\/\">Portada<\/a><\/span><\/span><\/p>\t\t\t\t<\/div>\n\t\t\t\t<\/div>\n\t\t\t\t\t<\/div>\n\t\t\t\t<\/div>\n\t\t\t\t<\/div>\n\t\t\t\t<\/div>\n\t\t\t\t\t\t<\/div>\n\t\t\t\t<\/div>\n\t\t\t\t<\/div>\n\t\t<div class=\"elementor-element elementor-element-42c1c37 e-flex e-con-boxed e-con e-parent\" data-id=\"42c1c37\" data-element_type=\"container\">\n\t\t\t\t\t<div class=\"e-con-inner\">\n\t\t<div class=\"elementor-element elementor-element-18d32a0 e-con-full e-flex e-con e-child\" data-id=\"18d32a0\" data-element_type=\"container\">\n\t\t\t\t<div class=\"elementor-element elementor-element-1a0fc34 elementor-widget elementor-widget-image\" data-id=\"1a0fc34\" data-element_type=\"widget\" data-widget_type=\"image.default\">\n\t\t\t\t<div class=\"elementor-widget-container\">\n\t\t\t\t\t\t\t\t\t\t\t\t\t\t\t<img fetchpriority=\"high\" decoding=\"async\" width=\"768\" height=\"761\" src=\"https:\/\/downgalicia.org\/wp-content\/uploads\/2024\/07\/Mapa-Down-Galicia.jpg\" class=\"attachment-large size-large wp-image-2745\" alt=\"\" srcset=\"https:\/\/downgalicia.org\/wp-content\/uploads\/2024\/07\/Mapa-Down-Galicia.jpg 768w, https:\/\/downgalicia.org\/wp-content\/uploads\/2024\/07\/Mapa-Down-Galicia-300x297.jpg 300w, https:\/\/downgalicia.org\/wp-content\/uploads\/2024\/07\/Mapa-Down-Galicia-150x150.jpg 150w\" sizes=\"(max-width: 768px) 100vw, 768px\" \/>\t\t\t\t\t\t\t\t\t\t\t\t\t\t\t<\/div>\n\t\t\t\t<\/div>\n\t\t\t\t<\/div>\n\t\t<div class=\"elementor-element elementor-element-087c17b e-con-full e-flex e-con e-child\" data-id=\"087c17b\" data-element_type=\"container\">\n\t\t\t\t<div class=\"elementor-element elementor-element-4a2e9fb elementor-widget elementor-widget-heading\" data-id=\"4a2e9fb\" data-element_type=\"widget\" data-widget_type=\"heading.default\">\n\t\t\t\t<div class=\"elementor-widget-container\">\n\t\t\t\t\t<h2 class=\"elementor-heading-title elementor-size-default\">\u00bfD\u00f3nde est\u00e1n nuestras asociaciones? <\/h2>\t\t\t\t<\/div>\n\t\t\t\t<\/div>\n\t\t\t\t<div class=\"elementor-element elementor-element-003c526 elementor-widget elementor-widget-text-editor\" data-id=\"003c526\" data-element_type=\"widget\" data-widget_type=\"text-editor.default\">\n\t\t\t\t<div class=\"elementor-widget-container\">\n\t\t\t\t\t\t\t\t\t<p>Down Galicia y sus entidades miembro conforman el llamado Movimiento Down Galicia. En total son siete entidades sin \u00e1nimo de lucro que trabajan en un modelo de intervenci\u00f3n basado en la prestaci\u00f3n de apoyos totalmente individualizados y personalizados a personas con el s\u00edndrome de Down y discapacidad intelectual a lo largo de todas las etapas de su vida.<\/p><p>Todas las entidades del Movimiento Down Galicia est\u00e1n declaradas de utilidad p\u00fablica y acogidas a la Ley de Mecenazgo.<\/p>\t\t\t\t\t\t\t\t<\/div>\n\t\t\t\t<\/div>\n\t\t\t\t<div class=\"elementor-element elementor-element-6ce7f95 elementor-widget elementor-widget-heading\" data-id=\"6ce7f95\" data-element_type=\"widget\" data-widget_type=\"heading.default\">\n\t\t\t\t<div class=\"elementor-widget-container\">\n\t\t\t\t\t<h2 class=\"elementor-heading-title elementor-size-default\">Contacta con tu entidad m\u00e1s cercana<\/h2>\t\t\t\t<\/div>\n\t\t\t\t<\/div>\n\t\t\t\t<div class=\"elementor-element elementor-element-cbbba74 elementor-widget elementor-widget-n-accordion\" data-id=\"cbbba74\" data-element_type=\"widget\" data-settings=\"{&quot;default_state&quot;:&quot;all_collapsed&quot;,&quot;max_items_expended&quot;:&quot;one&quot;,&quot;n_accordion_animation_duration&quot;:{&quot;unit&quot;:&quot;ms&quot;,&quot;size&quot;:400,&quot;sizes&quot;:[]}}\" data-widget_type=\"nested-accordion.default\">\n\t\t\t\t<div class=\"elementor-widget-container\">\n\t\t\t\t\t\t\t<div class=\"e-n-accordion\" aria-label=\"Accordion. Open links with Enter or Space, close with Escape, and navigate with Arrow Keys\">\n\t\t\t\t\t\t<details id=\"e-n-accordion-item-2130\" class=\"e-n-accordion-item\" >\n\t\t\t\t<summary class=\"e-n-accordion-item-title\" data-accordion-index=\"1\" tabindex=\"0\" aria-expanded=\"false\" aria-controls=\"e-n-accordion-item-2130\" >\n\t\t\t\t\t<span class='e-n-accordion-item-title-header'><div class=\"e-n-accordion-item-title-text\"> DOWN VIGO <\/div><\/span>\n\t\t\t\t\t\t\t<span class='e-n-accordion-item-title-icon'>\n\t\t\t<span class='e-opened' ><svg aria-hidden=\"true\" class=\"e-font-icon-svg e-fas-arrow-up\" viewBox=\"0 0 448 512\" xmlns=\"http:\/\/www.w3.org\/2000\/svg\"><path d=\"M34.9 289.5l-22.2-22.2c-9.4-9.4-9.4-24.6 0-33.9L207 39c9.4-9.4 24.6-9.4 33.9 0l194.3 194.3c9.4 9.4 9.4 24.6 0 33.9L413 289.4c-9.5 9.5-25 9.3-34.3-.4L264 168.6V456c0 13.3-10.7 24-24 24h-32c-13.3 0-24-10.7-24-24V168.6L69.2 289.1c-9.3 9.8-24.8 10-34.3.4z\"><\/path><\/svg><\/span>\n\t\t\t<span class='e-closed'><svg aria-hidden=\"true\" class=\"e-font-icon-svg e-fas-arrow-down\" viewBox=\"0 0 448 512\" xmlns=\"http:\/\/www.w3.org\/2000\/svg\"><path d=\"M413.1 222.5l22.2 22.2c9.4 9.4 9.4 24.6 0 33.9L241 473c-9.4 9.4-24.6 9.4-33.9 0L12.7 278.6c-9.4-9.4-9.4-24.6 0-33.9l22.2-22.2c9.5-9.5 25-9.3 34.3.4L184 343.4V56c0-13.3 10.7-24 24-24h32c13.3 0 24 10.7 24 24v287.4l114.8-120.5c9.3-9.8 24.8-10 34.3-.4z\"><\/path><\/svg><\/span>\n\t\t<\/span>\n\n\t\t\t\t\t\t<\/summary>\n\t\t\t\t<div role=\"region\" aria-labelledby=\"e-n-accordion-item-2130\" class=\"elementor-element elementor-element-766d7b7 e-con-full e-flex e-con e-child\" data-id=\"766d7b7\" data-element_type=\"container\">\n\t\t<div role=\"region\" aria-labelledby=\"e-n-accordion-item-2130\" class=\"elementor-element elementor-element-08b0087 e-flex e-con-boxed e-con e-child\" data-id=\"08b0087\" data-element_type=\"container\">\n\t\t\t\t\t<div class=\"e-con-inner\">\n\t\t\t\t<div class=\"elementor-element elementor-element-ca9337d elementor-widget elementor-widget-text-editor\" data-id=\"ca9337d\" data-element_type=\"widget\" data-widget_type=\"text-editor.default\">\n\t\t\t\t<div class=\"elementor-widget-container\">\n\t\t\t\t\t\t\t\t\t<p>Telf: 986201656<br>R\/ Real, n\u00ba 27<br>36202 \u2013 Vigo<br><a title=\"Down Vigo\" href=\"http:\/\/www.downvigo.org\" target=\"_blank\" rel=\"noopener noreferrer\">www.downvigo.org <\/a><a href=\"mailto:downvigo@downvigo.org\"><br>downvigo@downvigo.org<\/a><br><a href=\"https:\/\/maps.google.es\/maps?f=q&amp;source=s_q&amp;hl=es&amp;geocode=&amp;q=down+vigo&amp;aq=&amp;sll=42.68104,-8.554934&amp;sspn=0.009118,0.019634&amp;t=h&amp;g=Portela,++pontevedra&amp;ie=UTF8&amp;cid=13635277547746218533&amp;hq=down+vigo&amp;hnear=&amp;ll=42.228644,-8.697996&amp;spn=0.012711,0.025835&amp;z=14&amp;iwloc=A\" target=\"_blank\" rel=\"noopener\"><strong>C\u00f3mo llegar<\/strong><\/a><\/p>\t\t\t\t\t\t\t\t<\/div>\n\t\t\t\t<\/div>\n\t\t\t\t\t<\/div>\n\t\t\t\t<\/div>\n\t\t\t\t<\/div>\n\t\t\t\t\t<\/details>\n\t\t\t\t\t\t<details id=\"e-n-accordion-item-2131\" class=\"e-n-accordion-item\" >\n\t\t\t\t<summary class=\"e-n-accordion-item-title\" data-accordion-index=\"2\" tabindex=\"-1\" aria-expanded=\"false\" aria-controls=\"e-n-accordion-item-2131\" >\n\t\t\t\t\t<span class='e-n-accordion-item-title-header'><div class=\"e-n-accordion-item-title-text\"> DOWN PONTEVEDRA \u201cXUNTOS\u201d <\/div><\/span>\n\t\t\t\t\t\t\t<span class='e-n-accordion-item-title-icon'>\n\t\t\t<span class='e-opened' ><svg aria-hidden=\"true\" class=\"e-font-icon-svg e-fas-arrow-up\" viewBox=\"0 0 448 512\" xmlns=\"http:\/\/www.w3.org\/2000\/svg\"><path d=\"M34.9 289.5l-22.2-22.2c-9.4-9.4-9.4-24.6 0-33.9L207 39c9.4-9.4 24.6-9.4 33.9 0l194.3 194.3c9.4 9.4 9.4 24.6 0 33.9L413 289.4c-9.5 9.5-25 9.3-34.3-.4L264 168.6V456c0 13.3-10.7 24-24 24h-32c-13.3 0-24-10.7-24-24V168.6L69.2 289.1c-9.3 9.8-24.8 10-34.3.4z\"><\/path><\/svg><\/span>\n\t\t\t<span class='e-closed'><svg aria-hidden=\"true\" class=\"e-font-icon-svg e-fas-arrow-down\" viewBox=\"0 0 448 512\" xmlns=\"http:\/\/www.w3.org\/2000\/svg\"><path d=\"M413.1 222.5l22.2 22.2c9.4 9.4 9.4 24.6 0 33.9L241 473c-9.4 9.4-24.6 9.4-33.9 0L12.7 278.6c-9.4-9.4-9.4-24.6 0-33.9l22.2-22.2c9.5-9.5 25-9.3 34.3.4L184 343.4V56c0-13.3 10.7-24 24-24h32c13.3 0 24 10.7 24 24v287.4l114.8-120.5c9.3-9.8 24.8-10 34.3-.4z\"><\/path><\/svg><\/span>\n\t\t<\/span>\n\n\t\t\t\t\t\t<\/summary>\n\t\t\t\t<div role=\"region\" aria-labelledby=\"e-n-accordion-item-2131\" class=\"elementor-element elementor-element-a523bef e-con-full e-flex e-con e-child\" data-id=\"a523bef\" data-element_type=\"container\">\n\t\t<div role=\"region\" aria-labelledby=\"e-n-accordion-item-2131\" class=\"elementor-element elementor-element-7aad997 e-flex e-con-boxed e-con e-child\" data-id=\"7aad997\" data-element_type=\"container\">\n\t\t\t\t\t<div class=\"e-con-inner\">\n\t\t\t\t<div class=\"elementor-element elementor-element-5d9f4f7 elementor-widget elementor-widget-text-editor\" data-id=\"5d9f4f7\" data-element_type=\"widget\" data-widget_type=\"text-editor.default\">\n\t\t\t\t<div class=\"elementor-widget-container\">\n\t\t\t\t\t\t\t\t\t<p>Telf: 986865538<br \/>R\/ Gorgull\u00f3n, n\u00ba 41<br \/>36003 \u2013 Pontevedra<br \/><a title=\"Down Pontevedra\" href=\"http:\/\/www.downxuntos.org\" target=\"_blank\" rel=\"noopener noreferrer\">www.downxuntos.org<br \/><\/a><a href=\"mailto:xuntos@downgalicia.org\">xuntos@downgalicia.org<\/a><br \/><a href=\"https:\/\/www.google.com\/maps\/place\/R%C3%BAa+do+Gorgull%C3%B3n,+41,+36003+Pontevedra\/@42.424744,-8.636904,3181m\/data=!3m1!1e3!4m5!3m4!1s0xd2f71b592c8ef59:0xfcc0c8135357336e!8m2!3d42.4247438!4d-8.6369035?hl=es-ES\" target=\"_blank\" rel=\"noopener\"><strong>C\u00f3mo llegar<\/strong><\/a><\/p>\t\t\t\t\t\t\t\t<\/div>\n\t\t\t\t<\/div>\n\t\t\t\t\t<\/div>\n\t\t\t\t<\/div>\n\t\t\t\t<\/div>\n\t\t\t\t\t<\/details>\n\t\t\t\t\t\t<details id=\"e-n-accordion-item-2132\" class=\"e-n-accordion-item\" >\n\t\t\t\t<summary class=\"e-n-accordion-item-title\" data-accordion-index=\"3\" tabindex=\"-1\" aria-expanded=\"false\" aria-controls=\"e-n-accordion-item-2132\" >\n\t\t\t\t\t<span class='e-n-accordion-item-title-header'><div class=\"e-n-accordion-item-title-text\">  \u201cTEIMA\u201d DOWN FERROL <\/div><\/span>\n\t\t\t\t\t\t\t<span class='e-n-accordion-item-title-icon'>\n\t\t\t<span class='e-opened' ><svg aria-hidden=\"true\" class=\"e-font-icon-svg e-fas-arrow-up\" viewBox=\"0 0 448 512\" xmlns=\"http:\/\/www.w3.org\/2000\/svg\"><path d=\"M34.9 289.5l-22.2-22.2c-9.4-9.4-9.4-24.6 0-33.9L207 39c9.4-9.4 24.6-9.4 33.9 0l194.3 194.3c9.4 9.4 9.4 24.6 0 33.9L413 289.4c-9.5 9.5-25 9.3-34.3-.4L264 168.6V456c0 13.3-10.7 24-24 24h-32c-13.3 0-24-10.7-24-24V168.6L69.2 289.1c-9.3 9.8-24.8 10-34.3.4z\"><\/path><\/svg><\/span>\n\t\t\t<span class='e-closed'><svg aria-hidden=\"true\" class=\"e-font-icon-svg e-fas-arrow-down\" viewBox=\"0 0 448 512\" xmlns=\"http:\/\/www.w3.org\/2000\/svg\"><path d=\"M413.1 222.5l22.2 22.2c9.4 9.4 9.4 24.6 0 33.9L241 473c-9.4 9.4-24.6 9.4-33.9 0L12.7 278.6c-9.4-9.4-9.4-24.6 0-33.9l22.2-22.2c9.5-9.5 25-9.3 34.3.4L184 343.4V56c0-13.3 10.7-24 24-24h32c13.3 0 24 10.7 24 24v287.4l114.8-120.5c9.3-9.8 24.8-10 34.3-.4z\"><\/path><\/svg><\/span>\n\t\t<\/span>\n\n\t\t\t\t\t\t<\/summary>\n\t\t\t\t<div role=\"region\" aria-labelledby=\"e-n-accordion-item-2132\" class=\"elementor-element elementor-element-5fc46ee e-con-full e-flex e-con e-child\" data-id=\"5fc46ee\" data-element_type=\"container\">\n\t\t<div role=\"region\" aria-labelledby=\"e-n-accordion-item-2132\" class=\"elementor-element elementor-element-d9618bc e-flex e-con-boxed e-con e-child\" data-id=\"d9618bc\" data-element_type=\"container\">\n\t\t\t\t\t<div class=\"e-con-inner\">\n\t\t\t\t<div class=\"elementor-element elementor-element-04b7f13 elementor-widget elementor-widget-text-editor\" data-id=\"04b7f13\" data-element_type=\"widget\" data-widget_type=\"text-editor.default\">\n\t\t\t\t<div class=\"elementor-widget-container\">\n\t\t\t\t\t\t\t\t\t<p>Telf. 981322230<br \/>R\/ \u00c1lvaro Cunqueiro, n\u00ba 1, entresuelo<br \/>15403 \u2013 Ferrol<br \/><a title=\"Down Ferrol\" href=\"http:\/\/www.teimadownferrol.org\" target=\"_blank\" rel=\"noopener noreferrer\">www.teimadownferrol.org <em id=\"__mceDel2\"><\/em><\/a><a href=\"mailto:teimadownferrol@teimadownferrol.org\"><br \/>teimadownferrol@teimadownferrol.org<\/a><br \/><a href=\"https:\/\/maps.google.es\/maps?f=q&amp;source=s_q&amp;hl=es&amp;geocode=&amp;q=R%C3%BAa+%C3%81lvaro+Cunqueiro,+11,+Ferrol&amp;aq=2&amp;oq=%C3%81lvaro+Cunqueiro,+1&amp;sll=43.345517,-8.403096&amp;sspn=0.01239,0.016587&amp;t=h&amp;ie=UTF8&amp;hq=&amp;hnear=R%C3%BAa+%C3%81lvaro+Cunqueiro,+11,+15403+Ferrol,+A+Coru%C3%B1a&amp;ll=43.484003,-8.226871&amp;spn=0.012455,0.025663&amp;z=14&amp;iwloc=A\" target=\"_blank\" rel=\"noopener\"><strong>C\u00f3mo llegar<\/strong><\/a><\/p>\t\t\t\t\t\t\t\t<\/div>\n\t\t\t\t<\/div>\n\t\t\t\t\t<\/div>\n\t\t\t\t<\/div>\n\t\t\t\t<\/div>\n\t\t\t\t\t<\/details>\n\t\t\t\t\t\t<details id=\"e-n-accordion-item-2133\" class=\"e-n-accordion-item\" >\n\t\t\t\t<summary class=\"e-n-accordion-item-title\" data-accordion-index=\"4\" tabindex=\"-1\" aria-expanded=\"false\" aria-controls=\"e-n-accordion-item-2133\" >\n\t\t\t\t\t<span class='e-n-accordion-item-title-header'><div class=\"e-n-accordion-item-title-text\"> DOWN LUGO <\/div><\/span>\n\t\t\t\t\t\t\t<span class='e-n-accordion-item-title-icon'>\n\t\t\t<span class='e-opened' ><svg aria-hidden=\"true\" class=\"e-font-icon-svg e-fas-arrow-up\" viewBox=\"0 0 448 512\" xmlns=\"http:\/\/www.w3.org\/2000\/svg\"><path d=\"M34.9 289.5l-22.2-22.2c-9.4-9.4-9.4-24.6 0-33.9L207 39c9.4-9.4 24.6-9.4 33.9 0l194.3 194.3c9.4 9.4 9.4 24.6 0 33.9L413 289.4c-9.5 9.5-25 9.3-34.3-.4L264 168.6V456c0 13.3-10.7 24-24 24h-32c-13.3 0-24-10.7-24-24V168.6L69.2 289.1c-9.3 9.8-24.8 10-34.3.4z\"><\/path><\/svg><\/span>\n\t\t\t<span class='e-closed'><svg aria-hidden=\"true\" class=\"e-font-icon-svg e-fas-arrow-down\" viewBox=\"0 0 448 512\" xmlns=\"http:\/\/www.w3.org\/2000\/svg\"><path d=\"M413.1 222.5l22.2 22.2c9.4 9.4 9.4 24.6 0 33.9L241 473c-9.4 9.4-24.6 9.4-33.9 0L12.7 278.6c-9.4-9.4-9.4-24.6 0-33.9l22.2-22.2c9.5-9.5 25-9.3 34.3.4L184 343.4V56c0-13.3 10.7-24 24-24h32c13.3 0 24 10.7 24 24v287.4l114.8-120.5c9.3-9.8 24.8-10 34.3-.4z\"><\/path><\/svg><\/span>\n\t\t<\/span>\n\n\t\t\t\t\t\t<\/summary>\n\t\t\t\t<div role=\"region\" aria-labelledby=\"e-n-accordion-item-2133\" class=\"elementor-element elementor-element-ca75771 e-con-full e-flex e-con e-child\" data-id=\"ca75771\" data-element_type=\"container\">\n\t\t<div role=\"region\" aria-labelledby=\"e-n-accordion-item-2133\" class=\"elementor-element elementor-element-59223ed e-flex e-con-boxed e-con e-child\" data-id=\"59223ed\" data-element_type=\"container\">\n\t\t\t\t\t<div class=\"e-con-inner\">\n\t\t\t\t<div class=\"elementor-element elementor-element-1a29e3e elementor-widget elementor-widget-text-editor\" data-id=\"1a29e3e\" data-element_type=\"widget\" data-widget_type=\"text-editor.default\">\n\t\t\t\t<div class=\"elementor-widget-container\">\n\t\t\t\t\t\t\t\t\t<p>Telf: 982240921<br \/>R\/ Miguel de Cervantes, n\u00ba 34, bajo<br \/>27003 \u2013 Lugo<br \/><a title=\"Down Lugo\" href=\"http:\/\/www.downlugo.org\/\" target=\"_blank\" rel=\"noopener noreferrer\">www.downlugo.org<br \/><\/a><a href=\"mailto:downlugo@downlugo.org\">downlugo@downlugo.org<\/a><br \/><a href=\"https:\/\/maps.google.es\/maps?f=q&amp;source=s_q&amp;hl=es&amp;geocode=&amp;q=R%C3%BAa+Miguel+de+Cervantes,+34,+Lugo&amp;aq=0&amp;oq=Miguel+de+Cervantes,+34+&amp;sll=42.431772,-8.642241&amp;sspn=0.006287,0.008293&amp;t=h&amp;ie=UTF8&amp;hq=&amp;hnear=R%C3%BAa+Miguel+de+Cervantes,+34,+27297+Lugo&amp;ll=43.013873,-7.55765&amp;spn=0.012552,0.025663&amp;z=14&amp;iwloc=A\" target=\"_blank\" rel=\"noopener\"><strong>C\u00f3mo llegar<\/strong><\/a><\/p>\t\t\t\t\t\t\t\t<\/div>\n\t\t\t\t<\/div>\n\t\t\t\t\t<\/div>\n\t\t\t\t<\/div>\n\t\t\t\t<\/div>\n\t\t\t\t\t<\/details>\n\t\t\t\t\t\t<details id=\"e-n-accordion-item-2134\" class=\"e-n-accordion-item\" >\n\t\t\t\t<summary class=\"e-n-accordion-item-title\" data-accordion-index=\"5\" tabindex=\"-1\" aria-expanded=\"false\" aria-controls=\"e-n-accordion-item-2134\" >\n\t\t\t\t\t<span class='e-n-accordion-item-title-header'><div class=\"e-n-accordion-item-title-text\"> DOWN COMPOSTELA <\/div><\/span>\n\t\t\t\t\t\t\t<span class='e-n-accordion-item-title-icon'>\n\t\t\t<span class='e-opened' ><svg aria-hidden=\"true\" class=\"e-font-icon-svg e-fas-arrow-up\" viewBox=\"0 0 448 512\" xmlns=\"http:\/\/www.w3.org\/2000\/svg\"><path d=\"M34.9 289.5l-22.2-22.2c-9.4-9.4-9.4-24.6 0-33.9L207 39c9.4-9.4 24.6-9.4 33.9 0l194.3 194.3c9.4 9.4 9.4 24.6 0 33.9L413 289.4c-9.5 9.5-25 9.3-34.3-.4L264 168.6V456c0 13.3-10.7 24-24 24h-32c-13.3 0-24-10.7-24-24V168.6L69.2 289.1c-9.3 9.8-24.8 10-34.3.4z\"><\/path><\/svg><\/span>\n\t\t\t<span class='e-closed'><svg aria-hidden=\"true\" class=\"e-font-icon-svg e-fas-arrow-down\" viewBox=\"0 0 448 512\" xmlns=\"http:\/\/www.w3.org\/2000\/svg\"><path d=\"M413.1 222.5l22.2 22.2c9.4 9.4 9.4 24.6 0 33.9L241 473c-9.4 9.4-24.6 9.4-33.9 0L12.7 278.6c-9.4-9.4-9.4-24.6 0-33.9l22.2-22.2c9.5-9.5 25-9.3 34.3.4L184 343.4V56c0-13.3 10.7-24 24-24h32c13.3 0 24 10.7 24 24v287.4l114.8-120.5c9.3-9.8 24.8-10 34.3-.4z\"><\/path><\/svg><\/span>\n\t\t<\/span>\n\n\t\t\t\t\t\t<\/summary>\n\t\t\t\t<div role=\"region\" aria-labelledby=\"e-n-accordion-item-2134\" class=\"elementor-element elementor-element-27a68e4 e-con-full e-flex e-con e-child\" data-id=\"27a68e4\" data-element_type=\"container\">\n\t\t<div role=\"region\" aria-labelledby=\"e-n-accordion-item-2134\" class=\"elementor-element elementor-element-e172436 e-flex e-con-boxed e-con e-child\" data-id=\"e172436\" data-element_type=\"container\">\n\t\t\t\t\t<div class=\"e-con-inner\">\n\t\t\t\t<div class=\"elementor-element elementor-element-931c9f7 elementor-widget elementor-widget-text-editor\" data-id=\"931c9f7\" data-element_type=\"widget\" data-widget_type=\"text-editor.default\">\n\t\t\t\t<div class=\"elementor-widget-container\">\n\t\t\t\t\t\t\t\t\t<p>Telf: 981563434<br \/>R\/ Alejandro Novo Gonz\u00e1lez, n\u00ba 1<br \/>15706 \u2013 Santiago de Compostela<em id=\"__mceDel\"><br \/><\/em><a title=\"Down Compostela\" href=\"http:\/\/www.downcompostela.org\/\" target=\"_blank\" rel=\"noopener noreferrer\">www.downcompostela.org <em id=\"__mceDel\"><\/em><\/a><a href=\"mailto:downcompostela@downcompostela.org\"><br \/>downcompostela@downcompostela.org<\/a><br \/><a href=\"https:\/\/maps.google.es\/maps?f=q&amp;source=s_q&amp;hl=es&amp;geocode=&amp;q=R%C3%BAa+de+Alejandro+Novo+Gonz%C3%A1lez,+N%C2%BA+1,+Santiago+de+Compostela&amp;aq=0&amp;oq=Alejandro+Novo+Gonz%C3%A1lez,+N%C2%BA+1&amp;sll=43.483981,-8.221438&amp;sspn=0.012362,0.016587&amp;t=h&amp;ie=UTF8&amp;hq=&amp;hnear=R%C3%BAa+de+Alejandro+Novo+Gonz%C3%A1lez,+15706+Santiago+de+Compostela,+A+Coru%C3%B1a&amp;ll=42.86722,-8.56144&amp;spn=0.012582,0.025663&amp;z=14&amp;iwloc=A\"><strong>C\u00f3mo llegar<\/strong><\/a><\/p>\t\t\t\t\t\t\t\t<\/div>\n\t\t\t\t<\/div>\n\t\t\t\t\t<\/div>\n\t\t\t\t<\/div>\n\t\t\t\t<\/div>\n\t\t\t\t\t<\/details>\n\t\t\t\t\t\t<details id=\"e-n-accordion-item-2135\" class=\"e-n-accordion-item\" >\n\t\t\t\t<summary class=\"e-n-accordion-item-title\" data-accordion-index=\"6\" tabindex=\"-1\" aria-expanded=\"false\" aria-controls=\"e-n-accordion-item-2135\" >\n\t\t\t\t\t<span class='e-n-accordion-item-title-header'><div class=\"e-n-accordion-item-title-text\"> DOWN CORU\u00d1A <\/div><\/span>\n\t\t\t\t\t\t\t<span class='e-n-accordion-item-title-icon'>\n\t\t\t<span class='e-opened' ><svg aria-hidden=\"true\" class=\"e-font-icon-svg e-fas-arrow-up\" viewBox=\"0 0 448 512\" xmlns=\"http:\/\/www.w3.org\/2000\/svg\"><path d=\"M34.9 289.5l-22.2-22.2c-9.4-9.4-9.4-24.6 0-33.9L207 39c9.4-9.4 24.6-9.4 33.9 0l194.3 194.3c9.4 9.4 9.4 24.6 0 33.9L413 289.4c-9.5 9.5-25 9.3-34.3-.4L264 168.6V456c0 13.3-10.7 24-24 24h-32c-13.3 0-24-10.7-24-24V168.6L69.2 289.1c-9.3 9.8-24.8 10-34.3.4z\"><\/path><\/svg><\/span>\n\t\t\t<span class='e-closed'><svg aria-hidden=\"true\" class=\"e-font-icon-svg e-fas-arrow-down\" viewBox=\"0 0 448 512\" xmlns=\"http:\/\/www.w3.org\/2000\/svg\"><path d=\"M413.1 222.5l22.2 22.2c9.4 9.4 9.4 24.6 0 33.9L241 473c-9.4 9.4-24.6 9.4-33.9 0L12.7 278.6c-9.4-9.4-9.4-24.6 0-33.9l22.2-22.2c9.5-9.5 25-9.3 34.3.4L184 343.4V56c0-13.3 10.7-24 24-24h32c13.3 0 24 10.7 24 24v287.4l114.8-120.5c9.3-9.8 24.8-10 34.3-.4z\"><\/path><\/svg><\/span>\n\t\t<\/span>\n\n\t\t\t\t\t\t<\/summary>\n\t\t\t\t<div role=\"region\" aria-labelledby=\"e-n-accordion-item-2135\" class=\"elementor-element elementor-element-852fd29 e-con-full e-flex e-con e-child\" data-id=\"852fd29\" data-element_type=\"container\">\n\t\t<div role=\"region\" aria-labelledby=\"e-n-accordion-item-2135\" class=\"elementor-element elementor-element-9c05117 e-flex e-con-boxed e-con e-child\" data-id=\"9c05117\" data-element_type=\"container\">\n\t\t\t\t\t<div class=\"e-con-inner\">\n\t\t\t\t<div class=\"elementor-element elementor-element-80bd2f0 elementor-widget elementor-widget-text-editor\" data-id=\"80bd2f0\" data-element_type=\"widget\" data-widget_type=\"text-editor.default\">\n\t\t\t\t<div class=\"elementor-widget-container\">\n\t\t\t\t\t\t\t\t\t<p>Telf: 981263388<br \/>Avenida de Pedralonga, s\/n<br \/>15009 \u2013 A Coru\u00f1a<br \/><a title=\"Down Coruna\" href=\"http:\/\/www.downcoruna.org\" target=\"_blank\" rel=\"noopener noreferrer\">www.downcoruna.org <\/a><a href=\"mailto:asociacion@downcoruna.org\"><br \/>asociacion@downcoruna.org<\/a><br \/><a href=\"https:\/\/www.google.es\/maps\/place\/Asociacion+Down+Coru%C3%B1a\/@43.3331173,-8.39378,788m\/data=!3m1!1e3!4m5!3m4!1s0xd2e7ca3b5f0b95b:0x420e88127cbcff13!8m2!3d43.3331134!4d-8.3915913?hl=gl\" target=\"_blank\" rel=\"noopener\"><strong>C\u00f3mo llegar<\/strong><\/a><\/p>\t\t\t\t\t\t\t\t<\/div>\n\t\t\t\t<\/div>\n\t\t\t\t\t<\/div>\n\t\t\t\t<\/div>\n\t\t\t\t<\/div>\n\t\t\t\t\t<\/details>\n\t\t\t\t\t\t<details id=\"e-n-accordion-item-2136\" class=\"e-n-accordion-item\" >\n\t\t\t\t<summary class=\"e-n-accordion-item-title\" data-accordion-index=\"7\" tabindex=\"-1\" aria-expanded=\"false\" aria-controls=\"e-n-accordion-item-2136\" >\n\t\t\t\t\t<span class='e-n-accordion-item-title-header'><div class=\"e-n-accordion-item-title-text\"> DOWN OURENSE <\/div><\/span>\n\t\t\t\t\t\t\t<span class='e-n-accordion-item-title-icon'>\n\t\t\t<span class='e-opened' ><svg aria-hidden=\"true\" class=\"e-font-icon-svg e-fas-arrow-up\" viewBox=\"0 0 448 512\" xmlns=\"http:\/\/www.w3.org\/2000\/svg\"><path d=\"M34.9 289.5l-22.2-22.2c-9.4-9.4-9.4-24.6 0-33.9L207 39c9.4-9.4 24.6-9.4 33.9 0l194.3 194.3c9.4 9.4 9.4 24.6 0 33.9L413 289.4c-9.5 9.5-25 9.3-34.3-.4L264 168.6V456c0 13.3-10.7 24-24 24h-32c-13.3 0-24-10.7-24-24V168.6L69.2 289.1c-9.3 9.8-24.8 10-34.3.4z\"><\/path><\/svg><\/span>\n\t\t\t<span class='e-closed'><svg aria-hidden=\"true\" class=\"e-font-icon-svg e-fas-arrow-down\" viewBox=\"0 0 448 512\" xmlns=\"http:\/\/www.w3.org\/2000\/svg\"><path d=\"M413.1 222.5l22.2 22.2c9.4 9.4 9.4 24.6 0 33.9L241 473c-9.4 9.4-24.6 9.4-33.9 0L12.7 278.6c-9.4-9.4-9.4-24.6 0-33.9l22.2-22.2c9.5-9.5 25-9.3 34.3.4L184 343.4V56c0-13.3 10.7-24 24-24h32c13.3 0 24 10.7 24 24v287.4l114.8-120.5c9.3-9.8 24.8-10 34.3-.4z\"><\/path><\/svg><\/span>\n\t\t<\/span>\n\n\t\t\t\t\t\t<\/summary>\n\t\t\t\t<div role=\"region\" aria-labelledby=\"e-n-accordion-item-2136\" class=\"elementor-element elementor-element-96694b6 e-con-full e-flex e-con e-child\" data-id=\"96694b6\" data-element_type=\"container\">\n\t\t<div role=\"region\" aria-labelledby=\"e-n-accordion-item-2136\" class=\"elementor-element elementor-element-ba24b93 e-flex e-con-boxed e-con e-child\" data-id=\"ba24b93\" data-element_type=\"container\">\n\t\t\t\t\t<div class=\"e-con-inner\">\n\t\t\t\t<div class=\"elementor-element elementor-element-79b76af elementor-widget elementor-widget-text-editor\" data-id=\"79b76af\" data-element_type=\"widget\" data-widget_type=\"text-editor.default\">\n\t\t\t\t<div class=\"elementor-widget-container\">\n\t\t\t\t\t\t\t\t\t<p>Telf: 988370313<br \/>R\/ R\u00edo Camba, n\u00ba6<br \/>32001 \u2013 Ourense <a title=\"Down Ourense\" href=\"http:\/\/www.downourense.org\" target=\"_blank\" rel=\"noopener noreferrer\"><br \/>www.downourense.org <\/a><a href=\"mailto:downourense@downgalicia.org\"><br \/>downourense@downgalicia.org<\/a><br \/><a href=\"https:\/\/www.google.es\/maps\/place\/Down+Ourense\/@42.343004,-7.8648963,800m\/data=!3m1!1e3!4m8!1m2!2m1!1sDown+Ourense!3m4!1s0xd2ffeba18f31f51:0xf61df662a7a4f78f!8m2!3d42.3457196!4d-7.8600069?hl=gl\" target=\"_blank\" rel=\"noopener\"><strong>C\u00f3mo llegar<\/strong><\/a><\/p>\t\t\t\t\t\t\t\t<\/div>\n\t\t\t\t<\/div>\n\t\t\t\t\t<\/div>\n\t\t\t\t<\/div>\n\t\t\t\t<\/div>\n\t\t\t\t\t<\/details>\n\t\t\t\t\t<\/div>\n\t\t\t\t\t\t<\/div>\n\t\t\t\t<\/div>\n\t\t\t\t<div class=\"elementor-element elementor-element-1f5d840 elementor-widget elementor-widget-button\" data-id=\"1f5d840\" data-element_type=\"widget\" data-widget_type=\"button.default\">\n\t\t\t\t<div class=\"elementor-widget-container\">\n\t\t\t\t\t\t\t\t\t<div class=\"elementor-button-wrapper\">\n\t\t\t\t\t<a class=\"elementor-button elementor-button-link elementor-size-sm\" href=\"https:\/\/downgalicia.org\/es\/contacto\/\" target=\"_blank\">\n\t\t\t\t\t\t<span class=\"elementor-button-content-wrapper\">\n\t\t\t\t\t\t\t\t\t<span class=\"elementor-button-text\">\u00bfNecesitas ayuda? Contacta con nosotros<\/span>\n\t\t\t\t\t<\/span>\n\t\t\t\t\t<\/a>\n\t\t\t\t<\/div>\n\t\t\t\t\t\t\t\t<\/div>\n\t\t\t\t<\/div>\n\t\t\t\t<\/div>\n\t\t\t\t\t<\/div>\n\t\t\t\t<\/div>\n\t\t\t\t<\/div>\n\t\t","protected":false},"excerpt":{"rendered":"<p>\u00bfD\u00f3nde est\u00e1n nuestras asociaciones? Down Galicia y sus entidades miembro conforman el llamado Movimiento Down Galicia. En total son siete entidades sin \u00e1nimo de lucro que trabajan en un modelo [&hellip;]<\/p>\n","protected":false},"author":1,"featured_media":0,"parent":0,"menu_order":0,"comment_status":"closed","ping_status":"closed","template":"","meta":{"_acf_changed":false,"give_campaign_id":0,"footnotes":""},"class_list":["post-3265","page","type-page","status-publish","hentry"],"acf":[],"yoast_head":"<!-- This site is optimized with the Yoast SEO plugin v25.3.1 - https:\/\/yoast.com\/wordpress\/plugins\/seo\/ -->\n<title>Federaci\u00f3n S\u00edndrome de Down &#8226; Las 7 Entidades<\/title>\n<meta name=\"description\" content=\"La Federaci\u00f3n S\u00edndrome de Down tiene siete entidades en las principales ciudades gallegas. Trabajamos para apoyar a las personas con s\u00edndrome de Down.\" \/>\n<meta name=\"robots\" content=\"index, follow, max-snippet:-1, max-image-preview:large, max-video-preview:-1\" \/>\n<link rel=\"canonical\" href=\"https:\/\/downgalicia.org\/es\/federacion-sindrome-de-down\/\" \/>\n<meta property=\"og:locale\" content=\"es_ES\" \/>\n<meta property=\"og:type\" content=\"article\" \/>\n<meta property=\"og:title\" content=\"Federaci\u00f3n S\u00edndrome de Down &#8226; Las 7 Entidades\" \/>\n<meta property=\"og:description\" content=\"La Federaci\u00f3n S\u00edndrome de Down tiene siete entidades en las principales ciudades gallegas. Trabajamos para apoyar a las personas con s\u00edndrome de Down.\" \/>\n<meta property=\"og:url\" content=\"https:\/\/downgalicia.org\/es\/federacion-sindrome-de-down\/\" \/>\n<meta property=\"og:site_name\" content=\"Federaci\u00f3n Down Galicia\" \/>\n<meta property=\"article:modified_time\" content=\"2026-03-26T13:24:59+00:00\" \/>\n<meta property=\"og:image\" content=\"https:\/\/downgalicia.org\/wp-content\/uploads\/2024\/07\/Mapa-Down-Galicia.jpg\" \/>\n\t<meta property=\"og:image:width\" content=\"768\" \/>\n\t<meta property=\"og:image:height\" content=\"761\" \/>\n\t<meta property=\"og:image:type\" content=\"image\/jpeg\" \/>\n<meta name=\"twitter:card\" content=\"summary_large_image\" \/>\n<meta name=\"twitter:label1\" content=\"Tiempo de lectura\" \/>\n\t<meta name=\"twitter:data1\" content=\"2 minutos\" \/>\n<script type=\"application\/ld+json\" class=\"yoast-schema-graph\">{\"@context\":\"https:\/\/schema.org\",\"@graph\":[{\"@type\":\"WebPage\",\"@id\":\"https:\/\/downgalicia.org\/es\/federacion-sindrome-de-down\/\",\"url\":\"https:\/\/downgalicia.org\/es\/federacion-sindrome-de-down\/\",\"name\":\"Federaci\u00f3n S\u00edndrome de Down &#8226; Las 7 Entidades\",\"isPartOf\":{\"@id\":\"https:\/\/downgalicia.org\/es\/#website\"},\"primaryImageOfPage\":{\"@id\":\"https:\/\/downgalicia.org\/es\/federacion-sindrome-de-down\/#primaryimage\"},\"image\":{\"@id\":\"https:\/\/downgalicia.org\/es\/federacion-sindrome-de-down\/#primaryimage\"},\"thumbnailUrl\":\"https:\/\/downgalicia.org\/wp-content\/uploads\/2024\/07\/Mapa-Down-Galicia.jpg\",\"datePublished\":\"2024-07-01T09:57:44+00:00\",\"dateModified\":\"2026-03-26T13:24:59+00:00\",\"description\":\"La Federaci\u00f3n S\u00edndrome de Down tiene siete entidades en las principales ciudades gallegas. Trabajamos para apoyar a las personas con s\u00edndrome de Down.\",\"breadcrumb\":{\"@id\":\"https:\/\/downgalicia.org\/es\/federacion-sindrome-de-down\/#breadcrumb\"},\"inLanguage\":\"es\",\"potentialAction\":[{\"@type\":\"ReadAction\",\"target\":[\"https:\/\/downgalicia.org\/es\/federacion-sindrome-de-down\/\"]}]},{\"@type\":\"ImageObject\",\"inLanguage\":\"es\",\"@id\":\"https:\/\/downgalicia.org\/es\/federacion-sindrome-de-down\/#primaryimage\",\"url\":\"https:\/\/downgalicia.org\/wp-content\/uploads\/2024\/07\/Mapa-Down-Galicia.jpg\",\"contentUrl\":\"https:\/\/downgalicia.org\/wp-content\/uploads\/2024\/07\/Mapa-Down-Galicia.jpg\"},{\"@type\":\"BreadcrumbList\",\"@id\":\"https:\/\/downgalicia.org\/es\/federacion-sindrome-de-down\/#breadcrumb\",\"itemListElement\":[{\"@type\":\"ListItem\",\"position\":1,\"name\":\"Portada\",\"item\":\"https:\/\/downgalicia.org\/es\/\"},{\"@type\":\"ListItem\",\"position\":2,\"name\":\"Federaci\u00f3n S\u00edndrome de Down en Galicia\"}]},{\"@type\":\"WebSite\",\"@id\":\"https:\/\/downgalicia.org\/es\/#website\",\"url\":\"https:\/\/downgalicia.org\/es\/\",\"name\":\"Federaci\u00f3n Down Galicia\",\"description\":\"Apoio a persoas con S\u00edndrome de Down\",\"publisher\":{\"@id\":\"https:\/\/downgalicia.org\/es\/#organization\"},\"potentialAction\":[{\"@type\":\"SearchAction\",\"target\":{\"@type\":\"EntryPoint\",\"urlTemplate\":\"https:\/\/downgalicia.org\/es\/?s={search_term_string}\"},\"query-input\":{\"@type\":\"PropertyValueSpecification\",\"valueRequired\":true,\"valueName\":\"search_term_string\"}}],\"inLanguage\":\"es\"},{\"@type\":\"Organization\",\"@id\":\"https:\/\/downgalicia.org\/es\/#organization\",\"name\":\"Federaci\u00f3n Down Galicia\",\"url\":\"https:\/\/downgalicia.org\/es\/\",\"logo\":{\"@type\":\"ImageObject\",\"inLanguage\":\"es\",\"@id\":\"https:\/\/downgalicia.org\/es\/#\/schema\/logo\/image\/\",\"url\":\"https:\/\/downgalicia.org\/wp-content\/uploads\/2024\/07\/logo-sindrome-down-color.svg\",\"contentUrl\":\"https:\/\/downgalicia.org\/wp-content\/uploads\/2024\/07\/logo-sindrome-down-color.svg\",\"width\":271,\"height\":88,\"caption\":\"Federaci\u00f3n Down Galicia\"},\"image\":{\"@id\":\"https:\/\/downgalicia.org\/es\/#\/schema\/logo\/image\/\"}}]}<\/script>\n<!-- \/ Yoast SEO plugin. -->","yoast_head_json":{"title":"Federaci\u00f3n S\u00edndrome de Down &#8226; Las 7 Entidades","description":"La Federaci\u00f3n S\u00edndrome de Down tiene siete entidades en las principales ciudades gallegas. Trabajamos para apoyar a las personas con s\u00edndrome de Down.","robots":{"index":"index","follow":"follow","max-snippet":"max-snippet:-1","max-image-preview":"max-image-preview:large","max-video-preview":"max-video-preview:-1"},"canonical":"https:\/\/downgalicia.org\/es\/federacion-sindrome-de-down\/","og_locale":"es_ES","og_type":"article","og_title":"Federaci\u00f3n S\u00edndrome de Down &#8226; Las 7 Entidades","og_description":"La Federaci\u00f3n S\u00edndrome de Down tiene siete entidades en las principales ciudades gallegas. Trabajamos para apoyar a las personas con s\u00edndrome de Down.","og_url":"https:\/\/downgalicia.org\/es\/federacion-sindrome-de-down\/","og_site_name":"Federaci\u00f3n Down Galicia","article_modified_time":"2026-03-26T13:24:59+00:00","og_image":[{"width":768,"height":761,"url":"https:\/\/downgalicia.org\/wp-content\/uploads\/2024\/07\/Mapa-Down-Galicia.jpg","type":"image\/jpeg"}],"twitter_card":"summary_large_image","twitter_misc":{"Tiempo de lectura":"2 minutos"},"schema":{"@context":"https:\/\/schema.org","@graph":[{"@type":"WebPage","@id":"https:\/\/downgalicia.org\/es\/federacion-sindrome-de-down\/","url":"https:\/\/downgalicia.org\/es\/federacion-sindrome-de-down\/","name":"Federaci\u00f3n S\u00edndrome de Down &#8226; Las 7 Entidades","isPartOf":{"@id":"https:\/\/downgalicia.org\/es\/#website"},"primaryImageOfPage":{"@id":"https:\/\/downgalicia.org\/es\/federacion-sindrome-de-down\/#primaryimage"},"image":{"@id":"https:\/\/downgalicia.org\/es\/federacion-sindrome-de-down\/#primaryimage"},"thumbnailUrl":"https:\/\/downgalicia.org\/wp-content\/uploads\/2024\/07\/Mapa-Down-Galicia.jpg","datePublished":"2024-07-01T09:57:44+00:00","dateModified":"2026-03-26T13:24:59+00:00","description":"La Federaci\u00f3n S\u00edndrome de Down tiene siete entidades en las principales ciudades gallegas. Trabajamos para apoyar a las personas con s\u00edndrome de Down.","breadcrumb":{"@id":"https:\/\/downgalicia.org\/es\/federacion-sindrome-de-down\/#breadcrumb"},"inLanguage":"es","potentialAction":[{"@type":"ReadAction","target":["https:\/\/downgalicia.org\/es\/federacion-sindrome-de-down\/"]}]},{"@type":"ImageObject","inLanguage":"es","@id":"https:\/\/downgalicia.org\/es\/federacion-sindrome-de-down\/#primaryimage","url":"https:\/\/downgalicia.org\/wp-content\/uploads\/2024\/07\/Mapa-Down-Galicia.jpg","contentUrl":"https:\/\/downgalicia.org\/wp-content\/uploads\/2024\/07\/Mapa-Down-Galicia.jpg"},{"@type":"BreadcrumbList","@id":"https:\/\/downgalicia.org\/es\/federacion-sindrome-de-down\/#breadcrumb","itemListElement":[{"@type":"ListItem","position":1,"name":"Portada","item":"https:\/\/downgalicia.org\/es\/"},{"@type":"ListItem","position":2,"name":"Federaci\u00f3n S\u00edndrome de Down en Galicia"}]},{"@type":"WebSite","@id":"https:\/\/downgalicia.org\/es\/#website","url":"https:\/\/downgalicia.org\/es\/","name":"Federaci\u00f3n Down Galicia","description":"Apoio a persoas con S\u00edndrome de Down","publisher":{"@id":"https:\/\/downgalicia.org\/es\/#organization"},"potentialAction":[{"@type":"SearchAction","target":{"@type":"EntryPoint","urlTemplate":"https:\/\/downgalicia.org\/es\/?s={search_term_string}"},"query-input":{"@type":"PropertyValueSpecification","valueRequired":true,"valueName":"search_term_string"}}],"inLanguage":"es"},{"@type":"Organization","@id":"https:\/\/downgalicia.org\/es\/#organization","name":"Federaci\u00f3n Down Galicia","url":"https:\/\/downgalicia.org\/es\/","logo":{"@type":"ImageObject","inLanguage":"es","@id":"https:\/\/downgalicia.org\/es\/#\/schema\/logo\/image\/","url":"https:\/\/downgalicia.org\/wp-content\/uploads\/2024\/07\/logo-sindrome-down-color.svg","contentUrl":"https:\/\/downgalicia.org\/wp-content\/uploads\/2024\/07\/logo-sindrome-down-color.svg","width":271,"height":88,"caption":"Federaci\u00f3n Down Galicia"},"image":{"@id":"https:\/\/downgalicia.org\/es\/#\/schema\/logo\/image\/"}}]}},"campaignId":"","_links":{"self":[{"href":"https:\/\/downgalicia.org\/es\/wp-json\/wp\/v2\/pages\/3265","targetHints":{"allow":["GET"]}}],"collection":[{"href":"https:\/\/downgalicia.org\/es\/wp-json\/wp\/v2\/pages"}],"about":[{"href":"https:\/\/downgalicia.org\/es\/wp-json\/wp\/v2\/types\/page"}],"author":[{"embeddable":true,"href":"https:\/\/downgalicia.org\/es\/wp-json\/wp\/v2\/users\/1"}],"replies":[{"embeddable":true,"href":"https:\/\/downgalicia.org\/es\/wp-json\/wp\/v2\/comments?post=3265"}],"version-history":[{"count":19,"href":"https:\/\/downgalicia.org\/es\/wp-json\/wp\/v2\/pages\/3265\/revisions"}],"predecessor-version":[{"id":11062,"href":"https:\/\/downgalicia.org\/es\/wp-json\/wp\/v2\/pages\/3265\/revisions\/11062"}],"wp:attachment":[{"href":"https:\/\/downgalicia.org\/es\/wp-json\/wp\/v2\/media?parent=3265"}],"curies":[{"name":"wp","href":"https:\/\/api.w.org\/{rel}","templated":true}]}}